{"version":"1.0","provider_name":"Casal dels Infants","provider_url":"https:\/\/www.casaldelsinfants.org\/es\/","title":"Irene Ramos: \u201cNos hemos acercado mucho a las familias, y ellas dedican m\u00e1s espacios a las actividades con sus hijos e hijas - Casal dels Infants","type":"rich","width":600,"height":338,"html":"<blockquote class=\"wp-embedded-content\" data-secret=\"NOBOFsOp3W\"><a href=\"https:\/\/www.casaldelsinfants.org\/es\/actualidad\/irene-ramos-acercamiento-familias-actividades-hijos\/\">Irene Ramos: \u201cNos hemos acercado mucho a las familias, y ellas dedican m\u00e1s espacios a las actividades con sus hijos e hijas<\/a><\/blockquote><iframe sandbox=\"allow-scripts\" security=\"restricted\" src=\"https:\/\/www.casaldelsinfants.org\/es\/actualidad\/irene-ramos-acercamiento-familias-actividades-hijos\/embed\/#?secret=NOBOFsOp3W\" width=\"600\" height=\"338\" title=\"\u00abIrene Ramos: \u201cNos hemos acercado mucho a las familias, y ellas dedican m\u00e1s espacios a las actividades con sus hijos e hijas\u00bb \u2014 Casal dels Infants\" data-secret=\"NOBOFsOp3W\" frameborder=\"0\" marginwidth=\"0\" marginheight=\"0\" scrolling=\"no\" class=\"wp-embedded-content\"><\/iframe><script type=\"text\/javascript\">\n\/* <![CDATA[ *\/\n\/*! This file is auto-generated *\/\n!function(d,l){\"use strict\";l.querySelector&&d.addEventListener&&\"undefined\"!=typeof URL&&(d.wp=d.wp||{},d.wp.receiveEmbedMessage||(d.wp.receiveEmbedMessage=function(e){var t=e.data;if((t||t.secret||t.message||t.value)&&!\/[^a-zA-Z0-9]\/.test(t.secret)){for(var s,r,n,a=l.querySelectorAll('iframe[data-secret=\"'+t.secret+'\"]'),o=l.querySelectorAll('blockquote[data-secret=\"'+t.secret+'\"]'),c=new RegExp(\"^https?:$\",\"i\"),i=0;i<o.length;i++)o[i].style.display=\"none\";for(i=0;i<a.length;i++)s=a[i],e.source===s.contentWindow&&(s.removeAttribute(\"style\"),\"height\"===t.message?(1e3<(r=parseInt(t.value,10))?r=1e3:~~r<200&&(r=200),s.height=r):\"link\"===t.message&&(r=new URL(s.getAttribute(\"src\")),n=new URL(t.value),c.test(n.protocol))&&n.host===r.host&&l.activeElement===s&&(d.top.location.href=t.value))}},d.addEventListener(\"message\",d.wp.receiveEmbedMessage,!1),l.addEventListener(\"DOMContentLoaded\",function(){for(var e,t,s=l.querySelectorAll(\"iframe.wp-embedded-content\"),r=0;r<s.length;r++)(t=(e=s[r]).getAttribute(\"data-secret\"))||(t=Math.random().toString(36).substring(2,12),e.src+=\"#?secret=\"+t,e.setAttribute(\"data-secret\",t)),e.contentWindow.postMessage({message:\"ready\",secret:t},\"*\")},!1)))}(window,document);\n\/\/# sourceURL=https:\/\/www.casaldelsinfants.org\/wp-includes\/js\/wp-embed.min.js\n\/* ]]> *\/\n<\/script>\n","thumbnail_url":"https:\/\/www.casaldelsinfants.org\/wp-content\/uploads\/irene_ramos_cara.jpg","thumbnail_width":1280,"thumbnail_height":720,"description":"\u00a0 Irene Ramos, educadora de Vincles y del grupo de peque\u00f1os del centro abierto de Llefi\u00e0 \u00a0 El confinamiento ha agravado de manera s\u00fabita la situaci\u00f3n de muchas familias, para las cuales desde el Casal dels Infants tratamos de movilizar todos los apoyos posibles, en coordinaci\u00f3n con las administraciones y las redes de solidaridad. La brecha de las desigualdades estructurales del sistema se hace m\u00e1s grande. A pesar de la angustia, Irene Ramos explica c\u00f3mo las familias est\u00e1n fortaleciendo \u00a0la relaci\u00f3n de apoyo m\u00fatuo entre ellas y generando nuevos espacios de relaci\u00f3n con sus hijos e hijas."}