{"version":"1.0","provider_name":"Casal dels Infants","provider_url":"https:\/\/www.casaldelsinfants.org\/es\/","title":"Participamos en la mesa redonda de ECAS y el Ayuntamiento de Barcelona sobre la implementaci\u00f3n del Ingreso M\u00ednimo Vital - Casal dels Infants","type":"rich","width":600,"height":338,"html":"<blockquote class=\"wp-embedded-content\" data-secret=\"ldJqMFLDXN\"><a href=\"https:\/\/www.casaldelsinfants.org\/es\/actualidad\/mesa-redonda-ecas-ingreso-minimo-vital\/\">Participamos en la mesa redonda de ECAS y el Ayuntamiento de Barcelona sobre la implementaci\u00f3n del Ingreso M\u00ednimo Vital<\/a><\/blockquote><iframe sandbox=\"allow-scripts\" security=\"restricted\" src=\"https:\/\/www.casaldelsinfants.org\/es\/actualidad\/mesa-redonda-ecas-ingreso-minimo-vital\/embed\/#?secret=ldJqMFLDXN\" width=\"600\" height=\"338\" title=\"\u00abParticipamos en la mesa redonda de ECAS y el Ayuntamiento de Barcelona sobre la implementaci\u00f3n del Ingreso M\u00ednimo Vital\u00bb \u2014 Casal dels Infants\" data-secret=\"ldJqMFLDXN\" frameborder=\"0\" marginwidth=\"0\" marginheight=\"0\" scrolling=\"no\" class=\"wp-embedded-content\"><\/iframe><script type=\"text\/javascript\">\n\/* <![CDATA[ *\/\n\/*! This file is auto-generated *\/\n!function(d,l){\"use strict\";l.querySelector&&d.addEventListener&&\"undefined\"!=typeof URL&&(d.wp=d.wp||{},d.wp.receiveEmbedMessage||(d.wp.receiveEmbedMessage=function(e){var t=e.data;if((t||t.secret||t.message||t.value)&&!\/[^a-zA-Z0-9]\/.test(t.secret)){for(var s,r,n,a=l.querySelectorAll('iframe[data-secret=\"'+t.secret+'\"]'),o=l.querySelectorAll('blockquote[data-secret=\"'+t.secret+'\"]'),c=new RegExp(\"^https?:$\",\"i\"),i=0;i<o.length;i++)o[i].style.display=\"none\";for(i=0;i<a.length;i++)s=a[i],e.source===s.contentWindow&&(s.removeAttribute(\"style\"),\"height\"===t.message?(1e3<(r=parseInt(t.value,10))?r=1e3:~~r<200&&(r=200),s.height=r):\"link\"===t.message&&(r=new URL(s.getAttribute(\"src\")),n=new URL(t.value),c.test(n.protocol))&&n.host===r.host&&l.activeElement===s&&(d.top.location.href=t.value))}},d.addEventListener(\"message\",d.wp.receiveEmbedMessage,!1),l.addEventListener(\"DOMContentLoaded\",function(){for(var e,t,s=l.querySelectorAll(\"iframe.wp-embedded-content\"),r=0;r<s.length;r++)(t=(e=s[r]).getAttribute(\"data-secret\"))||(t=Math.random().toString(36).substring(2,12),e.src+=\"#?secret=\"+t,e.setAttribute(\"data-secret\",t)),e.contentWindow.postMessage({message:\"ready\",secret:t},\"*\")},!1)))}(window,document);\n\/\/# sourceURL=https:\/\/www.casaldelsinfants.org\/wp-includes\/js\/wp-embed.min.js\n\/* ]]> *\/\n<\/script>\n","thumbnail_url":"https:\/\/www.casaldelsinfants.org\/wp-content\/uploads\/jornada_implementacio_ingres_minim_vital.png","thumbnail_width":506,"thumbnail_height":256,"description":"\u00a0 El mi\u00e9rcoles 24 de marzo participamos en la mesa redonda sobre la implementaci\u00f3n del Ingreso M\u00ednimo Vital organizada por la Federaci\u00f3 d\u2019Entitats Catalanes d\u2019Acci\u00f3 Social (ECAS) y el Ayuntamiento de Barcelona. El espacio y el informe que se present\u00f3, realizado por un grupo de investigaci\u00f3n del Institut de Govern i Pol\u00edtiques P\u00fabliques (IGOP) de [&hellip;]"}