{"version":"1.0","provider_name":"Casal dels Infants","provider_url":"https:\/\/www.casaldelsinfants.org\/es\/","title":"\u201cLos ni\u00f1os y ni\u00f1as del barrio disfrutan del \u201cCulturnautes\u201d y sienten que el CCCB tambi\u00e9n es suyo\u201d - Casal dels Infants","type":"rich","width":600,"height":338,"html":"<blockquote class=\"wp-embedded-content\" data-secret=\"nIJ2ZBMhPi\"><a href=\"https:\/\/www.casaldelsinfants.org\/es\/actualidad\/ninos-barrio-disfrutan-culturnautes-ccc\/\">\u201cLos ni\u00f1os y ni\u00f1as del barrio disfrutan del \u201cCulturnautes\u201d y sienten que el CCCB tambi\u00e9n es suyo\u201d<\/a><\/blockquote><iframe sandbox=\"allow-scripts\" security=\"restricted\" src=\"https:\/\/www.casaldelsinfants.org\/es\/actualidad\/ninos-barrio-disfrutan-culturnautes-ccc\/embed\/#?secret=nIJ2ZBMhPi\" width=\"600\" height=\"338\" title=\"\u00ab\u201cLos ni\u00f1os y ni\u00f1as del barrio disfrutan del \u201cCulturnautes\u201d y sienten que el CCCB tambi\u00e9n es suyo\u201d\u00bb \u2014 Casal dels Infants\" data-secret=\"nIJ2ZBMhPi\" frameborder=\"0\" marginwidth=\"0\" marginheight=\"0\" scrolling=\"no\" class=\"wp-embedded-content\"><\/iframe><script type=\"text\/javascript\">\n\/* <![CDATA[ *\/\n\/*! This file is auto-generated *\/\n!function(d,l){\"use strict\";l.querySelector&&d.addEventListener&&\"undefined\"!=typeof URL&&(d.wp=d.wp||{},d.wp.receiveEmbedMessage||(d.wp.receiveEmbedMessage=function(e){var t=e.data;if((t||t.secret||t.message||t.value)&&!\/[^a-zA-Z0-9]\/.test(t.secret)){for(var s,r,n,a=l.querySelectorAll('iframe[data-secret=\"'+t.secret+'\"]'),o=l.querySelectorAll('blockquote[data-secret=\"'+t.secret+'\"]'),c=new RegExp(\"^https?:$\",\"i\"),i=0;i<o.length;i++)o[i].style.display=\"none\";for(i=0;i<a.length;i++)s=a[i],e.source===s.contentWindow&&(s.removeAttribute(\"style\"),\"height\"===t.message?(1e3<(r=parseInt(t.value,10))?r=1e3:~~r<200&&(r=200),s.height=r):\"link\"===t.message&&(r=new URL(s.getAttribute(\"src\")),n=new URL(t.value),c.test(n.protocol))&&n.host===r.host&&l.activeElement===s&&(d.top.location.href=t.value))}},d.addEventListener(\"message\",d.wp.receiveEmbedMessage,!1),l.addEventListener(\"DOMContentLoaded\",function(){for(var e,t,s=l.querySelectorAll(\"iframe.wp-embedded-content\"),r=0;r<s.length;r++)(t=(e=s[r]).getAttribute(\"data-secret\"))||(t=Math.random().toString(36).substring(2,12),e.src+=\"#?secret=\"+t,e.setAttribute(\"data-secret\",t)),e.contentWindow.postMessage({message:\"ready\",secret:t},\"*\")},!1)))}(window,document);\n\/\/# sourceURL=https:\/\/www.casaldelsinfants.org\/wp-includes\/js\/wp-embed.min.js\n\/* ]]> *\/\n<\/script>\n","description":"40 ni\u00f1os y ni\u00f1as del Casal dels Infants y otros de la Fundaci\u00f3 de l'Esperan\u00e7a participan este julio en la sexta edici\u00f3n de \u201cCulturnautes\u201d, el casal de verano del CCCB. Hablamos con Susana Arias, jefa de Mediaci\u00f3n del centro, de c\u00f3mo est\u00e1n disfrutando y apropi\u00e1ndose de un universo de propuestas culturales sin salir del barrio.\u00a0"}