{"version":"1.0","provider_name":"Casal dels Infants","provider_url":"https:\/\/www.casaldelsinfants.org\/es\/","title":"Un nuevo huerto comunitario en el barrio del Raval para fortalecer el tejido vecinal y los v\u00ednculos intergeneracionales - Casal dels Infants","type":"rich","width":600,"height":338,"html":"<blockquote class=\"wp-embedded-content\" data-secret=\"dp1E9bEMLZ\"><a href=\"https:\/\/www.casaldelsinfants.org\/es\/actualidad\/nuevo-huerto-comunitario-barrio-raval-vecinos\/\">Un nuevo huerto comunitario en el barrio del Raval para fortalecer el tejido vecinal y los v\u00ednculos intergeneracionales<\/a><\/blockquote><iframe sandbox=\"allow-scripts\" security=\"restricted\" src=\"https:\/\/www.casaldelsinfants.org\/es\/actualidad\/nuevo-huerto-comunitario-barrio-raval-vecinos\/embed\/#?secret=dp1E9bEMLZ\" width=\"600\" height=\"338\" title=\"\u00abUn nuevo huerto comunitario en el barrio del Raval para fortalecer el tejido vecinal y los v\u00ednculos intergeneracionales\u00bb \u2014 Casal dels Infants\" data-secret=\"dp1E9bEMLZ\" frameborder=\"0\" marginwidth=\"0\" marginheight=\"0\" scrolling=\"no\" class=\"wp-embedded-content\"><\/iframe><script type=\"text\/javascript\">\n\/* <![CDATA[ *\/\n\/*! This file is auto-generated *\/\n!function(d,l){\"use strict\";l.querySelector&&d.addEventListener&&\"undefined\"!=typeof URL&&(d.wp=d.wp||{},d.wp.receiveEmbedMessage||(d.wp.receiveEmbedMessage=function(e){var t=e.data;if((t||t.secret||t.message||t.value)&&!\/[^a-zA-Z0-9]\/.test(t.secret)){for(var s,r,n,a=l.querySelectorAll('iframe[data-secret=\"'+t.secret+'\"]'),o=l.querySelectorAll('blockquote[data-secret=\"'+t.secret+'\"]'),c=new RegExp(\"^https?:$\",\"i\"),i=0;i<o.length;i++)o[i].style.display=\"none\";for(i=0;i<a.length;i++)s=a[i],e.source===s.contentWindow&&(s.removeAttribute(\"style\"),\"height\"===t.message?(1e3<(r=parseInt(t.value,10))?r=1e3:~~r<200&&(r=200),s.height=r):\"link\"===t.message&&(r=new URL(s.getAttribute(\"src\")),n=new URL(t.value),c.test(n.protocol))&&n.host===r.host&&l.activeElement===s&&(d.top.location.href=t.value))}},d.addEventListener(\"message\",d.wp.receiveEmbedMessage,!1),l.addEventListener(\"DOMContentLoaded\",function(){for(var e,t,s=l.querySelectorAll(\"iframe.wp-embedded-content\"),r=0;r<s.length;r++)(t=(e=s[r]).getAttribute(\"data-secret\"))||(t=Math.random().toString(36).substring(2,12),e.src+=\"#?secret=\"+t,e.setAttribute(\"data-secret\",t)),e.contentWindow.postMessage({message:\"ready\",secret:t},\"*\")},!1)))}(window,document);\n\/\/# sourceURL=https:\/\/www.casaldelsinfants.org\/wp-includes\/js\/wp-embed.min.js\n\/* ]]> *\/\n<\/script>\n","thumbnail_url":"https:\/\/www.casaldelsinfants.org\/wp-content\/uploads\/img-20190704-wa0025.jpg","thumbnail_width":1600,"thumbnail_height":900,"description":"El barrio del Raval de Barcelona cuenta con un nuevo espacio para el vecindario y sus entidades que fomentar\u00e1 el encuentro entre gente de distinta edad: un huerto comunitario en la terraza del Casal Municipal de Gente Mayor Josep Trueta, ubicado en el n\u00famero 31 de la calle de la Reina Am\u00e0lia. A su inauguraci\u00f3n, [&hellip;]"}