{"version":"1.0","provider_name":"Casal dels Infants","provider_url":"https:\/\/www.casaldelsinfants.org\/es\/","title":"Rassif: defensa de los derechos de ni\u00f1os migrantes - Casal dels Infants","type":"rich","width":600,"height":338,"html":"<blockquote class=\"wp-embedded-content\" data-secret=\"jd0MfJEOmE\"><a href=\"https:\/\/www.casaldelsinfants.org\/es\/actualidad\/presentacionrassif2023\/\">Rassif: seguimos protegiendo los derechos de los ni\u00f1os, ni\u00f1as y j\u00f3venes migrados<\/a><\/blockquote><iframe sandbox=\"allow-scripts\" security=\"restricted\" src=\"https:\/\/www.casaldelsinfants.org\/es\/actualidad\/presentacionrassif2023\/embed\/#?secret=jd0MfJEOmE\" width=\"600\" height=\"338\" title=\"\u00abRassif: seguimos protegiendo los derechos de los ni\u00f1os, ni\u00f1as y j\u00f3venes migrados\u00bb \u2014 Casal dels Infants\" data-secret=\"jd0MfJEOmE\" frameborder=\"0\" marginwidth=\"0\" marginheight=\"0\" scrolling=\"no\" class=\"wp-embedded-content\"><\/iframe><script type=\"text\/javascript\">\n\/* <![CDATA[ *\/\n\/*! This file is auto-generated *\/\n!function(d,l){\"use strict\";l.querySelector&&d.addEventListener&&\"undefined\"!=typeof URL&&(d.wp=d.wp||{},d.wp.receiveEmbedMessage||(d.wp.receiveEmbedMessage=function(e){var t=e.data;if((t||t.secret||t.message||t.value)&&!\/[^a-zA-Z0-9]\/.test(t.secret)){for(var s,r,n,a=l.querySelectorAll('iframe[data-secret=\"'+t.secret+'\"]'),o=l.querySelectorAll('blockquote[data-secret=\"'+t.secret+'\"]'),c=new RegExp(\"^https?:$\",\"i\"),i=0;i<o.length;i++)o[i].style.display=\"none\";for(i=0;i<a.length;i++)s=a[i],e.source===s.contentWindow&&(s.removeAttribute(\"style\"),\"height\"===t.message?(1e3<(r=parseInt(t.value,10))?r=1e3:~~r<200&&(r=200),s.height=r):\"link\"===t.message&&(r=new URL(s.getAttribute(\"src\")),n=new URL(t.value),c.test(n.protocol))&&n.host===r.host&&l.activeElement===s&&(d.top.location.href=t.value))}},d.addEventListener(\"message\",d.wp.receiveEmbedMessage,!1),l.addEventListener(\"DOMContentLoaded\",function(){for(var e,t,s=l.querySelectorAll(\"iframe.wp-embedded-content\"),r=0;r<s.length;r++)(t=(e=s[r]).getAttribute(\"data-secret\"))||(t=Math.random().toString(36).substring(2,12),e.src+=\"#?secret=\"+t,e.setAttribute(\"data-secret\",t)),e.contentWindow.postMessage({message:\"ready\",secret:t},\"*\")},!1)))}(window,document);\n\/\/# sourceURL=https:\/\/www.casaldelsinfants.org\/wp-includes\/js\/wp-embed.min.js\n\/* ]]> *\/\n<\/script>\n","description":"&nbsp; El pasado viernes 16 de junio presentamos la actualizaci\u00f3n de la continuidad del proyecto Rassif en la Universitat Pompeu Fabra (UPF). Fue un a\u00f1o despu\u00e9s de la presentaci\u00f3n del proyecto en la Facultat de Comunicaci\u00f3n de la misma universidad. Los tres d\u00edas anteriores, el equipo vinculado al proyecto de Marruecos y de Catalunya, as\u00ed [&hellip;]","thumbnail_url":"https:\/\/www.casaldelsinfants.org\/wp-content\/uploads\/1340172-1.webp"}