{"version":"1.0","provider_name":"Casal dels Infants","provider_url":"https:\/\/www.casaldelsinfants.org\/es\/","title":"Visita al Museo Mar\u00edtimo de Barcelona","type":"rich","width":600,"height":338,"html":"<blockquote class=\"wp-embedded-content\" data-secret=\"ly4t7BwHmW\"><a href=\"https:\/\/www.casaldelsinfants.org\/es\/actualidad\/visitamuseomaritimo\/\">Un espacio de calor en un entorno hostil: la acogida de j\u00f3venes reci\u00e9n llegados al Casal<\/a><\/blockquote><iframe sandbox=\"allow-scripts\" security=\"restricted\" src=\"https:\/\/www.casaldelsinfants.org\/es\/actualidad\/visitamuseomaritimo\/embed\/#?secret=ly4t7BwHmW\" width=\"600\" height=\"338\" title=\"\u00abUn espacio de calor en un entorno hostil: la acogida de j\u00f3venes reci\u00e9n llegados al Casal\u00bb \u2014 Casal dels Infants\" data-secret=\"ly4t7BwHmW\" frameborder=\"0\" marginwidth=\"0\" marginheight=\"0\" scrolling=\"no\" class=\"wp-embedded-content\"><\/iframe><script type=\"text\/javascript\">\n\/* <![CDATA[ *\/\n\/*! This file is auto-generated *\/\n!function(d,l){\"use strict\";l.querySelector&&d.addEventListener&&\"undefined\"!=typeof URL&&(d.wp=d.wp||{},d.wp.receiveEmbedMessage||(d.wp.receiveEmbedMessage=function(e){var t=e.data;if((t||t.secret||t.message||t.value)&&!\/[^a-zA-Z0-9]\/.test(t.secret)){for(var s,r,n,a=l.querySelectorAll('iframe[data-secret=\"'+t.secret+'\"]'),o=l.querySelectorAll('blockquote[data-secret=\"'+t.secret+'\"]'),c=new RegExp(\"^https?:$\",\"i\"),i=0;i<o.length;i++)o[i].style.display=\"none\";for(i=0;i<a.length;i++)s=a[i],e.source===s.contentWindow&&(s.removeAttribute(\"style\"),\"height\"===t.message?(1e3<(r=parseInt(t.value,10))?r=1e3:~~r<200&&(r=200),s.height=r):\"link\"===t.message&&(r=new URL(s.getAttribute(\"src\")),n=new URL(t.value),c.test(n.protocol))&&n.host===r.host&&l.activeElement===s&&(d.top.location.href=t.value))}},d.addEventListener(\"message\",d.wp.receiveEmbedMessage,!1),l.addEventListener(\"DOMContentLoaded\",function(){for(var e,t,s=l.querySelectorAll(\"iframe.wp-embedded-content\"),r=0;r<s.length;r++)(t=(e=s[r]).getAttribute(\"data-secret\"))||(t=Math.random().toString(36).substring(2,12),e.src+=\"#?secret=\"+t,e.setAttribute(\"data-secret\",t)),e.contentWindow.postMessage({message:\"ready\",secret:t},\"*\")},!1)))}(window,document);\n\/\/# sourceURL=https:\/\/www.casaldelsinfants.org\/wp-includes\/js\/wp-embed.min.js\n\/* ]]> *\/\n<\/script>\n","thumbnail_url":"https:\/\/www.casaldelsinfants.org\/wp-content\/uploads\/1310249-2.webp","thumbnail_width":1920,"thumbnail_height":1080,"description":"&nbsp; El d\u00eda empieza con buenas noticias, abrazos y sonrisas. Cuando Mai, voluntaria del Servicio de Acogida, se encuentra con Redouane\u00a0en el local de Junta de Comer\u00e7 del Casal dels Infants, lo primero\u00a0que le pide es una actualizaci\u00f3n sobre un lugar de trabajo que podr\u00eda conseguir en una peluquer\u00eda. No hace falta que Redouane\u00a0diga demasiado, [&hellip;]"}