{"id":18633,"date":"2024-02-15T17:05:15","date_gmt":"2024-02-15T15:05:15","guid":{"rendered":"https:\/\/www.casaldelsinfants.org\/home-2\/"},"modified":"2026-04-09T11:37:17","modified_gmt":"2026-04-09T09:37:17","slug":"home-2","status":"publish","type":"page","link":"https:\/\/www.casaldelsinfants.org\/es\/","title":{"rendered":"Home"},"content":{"rendered":"<p>[et_pb_section fb_built=\u00bb1&#8243; fullwidth=\u00bbon\u00bb disabled_on=\u00bbon|on|on\u00bb admin_label=\u00bbSection\u00bb _builder_version=\u00bb4.26.0&#8243; _module_preset=\u00bbdefault\u00bb height=\u00bb400px\u00bb max_height=\u00bb400px\u00bb da_disable_devices=\u00bboff|off|off\u00bb disabled=\u00bbon\u00bb collapsed=\u00bbon\u00bb global_colors_info=\u00bb{}\u00bb da_is_popup=\u00bboff\u00bb da_exit_intent=\u00bboff\u00bb da_has_close=\u00bbon\u00bb da_alt_close=\u00bboff\u00bb da_dark_close=\u00bboff\u00bb da_not_modal=\u00bbon\u00bb da_is_singular=\u00bboff\u00bb da_with_loader=\u00bboff\u00bb da_has_shadow=\u00bbon\u00bb][et_pb_fullwidth_image src=\u00bbhttps:\/\/www.casaldelsinfants.org\/wp-content\/uploads\/G9A0308-2-scaled-1.webp\u00bb title_text=\u00bb_G9A0308&#8243; _builder_version=\u00bb4.23.1&#8243; _module_preset=\u00bbdefault\u00bb global_colors_info=\u00bb{}\u00bb][\/et_pb_fullwidth_image][\/et_pb_section][et_pb_section fb_built=\u00bb1&#8243; fullwidth=\u00bbon\u00bb admin_label=\u00bbBanner principal\u00bb _builder_version=\u00bb4.27.3&#8243; _module_preset=\u00bbdefault\u00bb module_alignment=\u00bbcenter\u00bb height=\u00bb550px\u00bb height_tablet=\u00bb550px\u00bb height_phone=\u00bb450px\u00bb height_last_edited=\u00bbon|phone\u00bb max_height=\u00bb550px\u00bb max_height_tablet=\u00bb550px\u00bb max_height_phone=\u00bb\u00bb max_height_last_edited=\u00bbon|phone\u00bb custom_margin=\u00bb||||true|false\u00bb custom_padding=\u00bb||||true\u00bb da_disable_devices=\u00bboff|off|off\u00bb collapsed=\u00bboff\u00bb global_colors_info=\u00bb{}\u00bb da_is_popup=\u00bboff\u00bb da_exit_intent=\u00bboff\u00bb da_has_close=\u00bbon\u00bb da_alt_close=\u00bboff\u00bb da_dark_close=\u00bboff\u00bb da_not_modal=\u00bbon\u00bb da_is_singular=\u00bboff\u00bb da_with_loader=\u00bboff\u00bb da_has_shadow=\u00bbon\u00bb][et_pb_fullwidth_slider use_bg_overlay=\u00bboff\u00bb use_text_overlay=\u00bboff\u00bb arrows_custom_color=\u00bb#FFFFFF\u00bb module_class=\u00bbslider-home\u00bb _builder_version=\u00bb4.27.6&#8243; _module_preset=\u00bbdefault\u00bb body_font=\u00bbMyriadPro Bold||||||||\u00bb body_text_align=\u00bbleft\u00bb body_font_size=\u00bb22px\u00bb body_line_height=\u00bb1em\u00bb module_alignment=\u00bbcenter\u00bb content_width=\u00bb100%\u00bb content_max_width=\u00bb1400px\u00bb height=\u00bb550px\u00bb height_tablet=\u00bb550px\u00bb height_phone=\u00bb450px\u00bb height_last_edited=\u00bbon|phone\u00bb custom_margin=\u00bb||||false|false\u00bb custom_padding=\u00bb||||false|false\u00bb auto=\u00bbon\u00bb hover_enabled=\u00bb0&#8243; custom_css_slide_description=\u00bbfloat:left;||text-align:left !important;\u00bb body_text_shadow_style=\u00bbpreset2&#8243; global_colors_info=\u00bb{}\u00bb sticky_enabled=\u00bb0&#8243;][et_pb_slide heading=\u00bbEste Sant Jordi, ay\u00fadanos a garantizar espacios de lectura\u00bb button_text=\u00bbHaz un donativo\u00bb button_link=\u00bbhttps:\/\/www.casaldelsinfants.org\/es\/reto-espacio-lectura\/\u00bb use_bg_overlay=\u00bboff\u00bb use_text_overlay=\u00bboff\u00bb alignment=\u00bbbottom\u00bb image_last_edited=\u00bboff|phone\u00bb _builder_version=\u00bb4.27.6&#8243; _module_preset=\u00bbdefault\u00bb header_level=\u00bbh1&#8243; header_font=\u00bbMyriadPro Semibold||||||||\u00bb header_text_align=\u00bbleft\u00bb header_font_size=\u00bb51px\u00bb header_line_height=\u00bb1.2em\u00bb body_font=\u00bbMyriadPro Light||||||||\u00bb body_text_color=\u00bb#FFFFFF\u00bb body_font_size=\u00bb35px\u00bb body_line_height=\u00bb1.2em\u00bb background_enable_color=\u00bboff\u00bb background_image=\u00bbhttps:\/\/www.casaldelsinfants.org\/wp-content\/uploads\/imatge-home-santjordi-pc-png.webp\u00bb background_enable_image=\u00bbon\u00bb background_position=\u00bbcenter_left\u00bb background_enable_video_mp4=\u00bboff\u00bb background_enable_video_webm=\u00bboff\u00bb background_video_width=\u00bbfull\u00bb background_video_height=\u00bbfull\u00bb custom_button=\u00bbon\u00bb button_text_size=\u00bb17px\u00bb button_text_color=\u00bb#FFFFFF\u00bb button_bg_color=\u00bb#DB524B\u00bb button_border_width=\u00bb1px\u00bb button_border_color=\u00bb#DB524B\u00bb button_border_radius=\u00bb5px\u00bb button_custom_margin=\u00bb30px||||false|false\u00bb text_orientation=\u00bbleft\u00bb custom_padding=\u00bb|0px||0px|true|true\u00bb custom_padding_tablet=\u00bb|0px||0px|true|true\u00bb custom_padding_phone=\u00bb|20px||20px|true|false\u00bb custom_padding_last_edited=\u00bbon|phone\u00bb child_mix_blend_mode=\u00bbdarken\u00bb link_option_url=\u00bbhttps:\/\/www.casaldelsinfants.org\/es\/reto-espacio-lectura\/\u00bb hover_enabled=\u00bb0&#8243; header_font_size_tablet=\u00bb45px\u00bb header_font_size_phone=\u00bb39px\u00bb header_font_size_last_edited=\u00bbon|phone\u00bb body_font_size_tablet=\u00bb40px\u00bb body_font_size_phone=\u00bb26px\u00bb body_font_size_last_edited=\u00bbon|phone\u00bb background_last_edited=\u00bbon|phone\u00bb background_enable_color_phone=\u00bboff\u00bb background_image_phone=\u00bbhttps:\/\/www.casaldelsinfants.org\/wp-content\/uploads\/image-mobile-santjordi-png.webp\u00bb background_enable_image_phone=\u00bbon\u00bb parallax_phone=\u00bboff\u00bb background_size_phone=\u00bbcover\u00bb background_position_phone=\u00bbbottom_left\u00bb background_repeat_phone=\u00bbno-repeat\u00bb custom_css_slide_container=\u00bbpadding: 0 !important;\u00bb custom_css_slide_description=\u00bbpadding: 0 !important;\u00bb header_text_shadow_style=\u00bbpreset3&#8243; header_text_shadow_blur_strength=\u00bb0em\u00bb body_text_shadow_style=\u00bbpreset3&#8243; body_text_shadow_blur_strength_tablet=\u00bb\u00bb body_text_shadow_blur_strength_phone=\u00bb0.59em\u00bb body_text_shadow_blur_strength_last_edited=\u00bbon|phone\u00bb global_colors_info=\u00bb{}\u00bb button_bg_color__hover_enabled=\u00bboff|hover\u00bb button_bg_color__hover=\u00bbRGBA(255,255,255,0)\u00bb button_bg_enable_color__hover=\u00bbon\u00bb button_border_width__hover_enabled=\u00bbon|hover\u00bb button_border_color__hover_enabled=\u00bbon|hover\u00bb button_border_color__hover=\u00bb#000000&#8243; button_border_width__hover=\u00bb1px\u00bb sticky_transition=\u00bbon\u00bb sticky_enabled=\u00bb0&#8243;]<\/p>\n<p>Reto espacio de lectura<\/p>\n<p>[\/et_pb_slide][et_pb_slide heading=\u00bb\u00a1S\u00famate al cambio!\u00bb button_text=\u00bbHaz voluntariado\u00bb button_link=\u00bbhttps:\/\/www.casaldelsinfants.org\/es\/que-puedes-hacer-tu\/voluntariado\/\u00bb use_bg_overlay=\u00bboff\u00bb use_text_overlay=\u00bboff\u00bb alignment=\u00bbbottom\u00bb image_last_edited=\u00bboff|phone\u00bb _builder_version=\u00bb4.27.3&#8243; _module_preset=\u00bbdefault\u00bb header_level=\u00bbh1&#8243; header_font=\u00bbMyriadPro Semibold||||||||\u00bb header_text_align=\u00bbleft\u00bb header_font_size=\u00bb51px\u00bb header_line_height=\u00bb1.2em\u00bb body_font=\u00bbMyriadPro Light||||||||\u00bb body_text_color=\u00bb#FFFFFF\u00bb body_font_size=\u00bb35px\u00bb body_line_height=\u00bb1.2em\u00bb background_enable_color=\u00bboff\u00bb background_image=\u00bbhttps:\/\/www.casaldelsinfants.org\/wp-content\/uploads\/background-imatge-voluntariat-home.webp\u00bb background_enable_image=\u00bbon\u00bb background_position=\u00bbcenter_left\u00bb background_enable_video_mp4=\u00bboff\u00bb background_enable_video_webm=\u00bboff\u00bb background_video_width=\u00bbfull\u00bb background_video_height=\u00bbfull\u00bb custom_button=\u00bbon\u00bb button_text_size=\u00bb17px\u00bb button_text_color=\u00bb#FFFFFF\u00bb button_bg_color=\u00bb#006450&#8243; button_border_width=\u00bb1px\u00bb button_border_color=\u00bb#006450&#8243; button_border_radius=\u00bb5px\u00bb button_custom_margin=\u00bb30px||||false|false\u00bb text_orientation=\u00bbleft\u00bb custom_padding=\u00bb|0px||0px|true|true\u00bb custom_padding_tablet=\u00bb|0px||0px|true|true\u00bb custom_padding_phone=\u00bb|20px||20px|true|false\u00bb custom_padding_last_edited=\u00bbon|phone\u00bb child_mix_blend_mode=\u00bbdarken\u00bb link_option_url=\u00bbhttps:\/\/www.casaldelsinfants.org\/es\/que-puedes-hacer-tu\/voluntariado\/\u00bb header_font_size_tablet=\u00bb45px\u00bb header_font_size_phone=\u00bb39px\u00bb header_font_size_last_edited=\u00bbon|phone\u00bb body_font_size_tablet=\u00bb40px\u00bb body_font_size_phone=\u00bb26px\u00bb body_font_size_last_edited=\u00bbon|phone\u00bb background_last_edited=\u00bbon|phone\u00bb background_enable_color_phone=\u00bboff\u00bb background_image_phone=\u00bbhttps:\/\/www.casaldelsinfants.org\/wp-content\/uploads\/image-mobile-voluntariat.webp\u00bb background_enable_image_phone=\u00bbon\u00bb parallax_phone=\u00bboff\u00bb background_size_phone=\u00bbcover\u00bb background_position_phone=\u00bbbottom_left\u00bb background_repeat_phone=\u00bbno-repeat\u00bb custom_css_slide_container=\u00bbpadding: 0 !important;\u00bb custom_css_slide_description=\u00bbpadding: 0 !important;\u00bb header_text_shadow_style=\u00bbpreset3&#8243; header_text_shadow_blur_strength=\u00bb0em\u00bb body_text_shadow_style=\u00bbpreset3&#8243; body_text_shadow_blur_strength_tablet=\u00bb\u00bb body_text_shadow_blur_strength_phone=\u00bb0.59em\u00bb body_text_shadow_blur_strength_last_edited=\u00bbon|phone\u00bb global_colors_info=\u00bb{}\u00bb button_bg_color__hover_enabled=\u00bbon|hover\u00bb button_bg_color__hover=\u00bb#005141&#8243; button_bg_enable_color__hover=\u00bbon\u00bb button_border_width__hover_enabled=\u00bbon|hover\u00bb button_border_color__hover_enabled=\u00bbon|hover\u00bb button_border_color__hover=\u00bb#005141&#8243; button_border_width__hover=\u00bb1px\u00bb sticky_transition=\u00bbon\u00bb]<\/p>\n<p>Hay una realidad invisibilizada muy cerca de ti<\/p>\n<p>[\/et_pb_slide][et_pb_slide heading=\u00bbLegados solidarios\u00bb button_text=\u00bbInf\u00f3rmate\u00bb button_link=\u00bbhttps:\/\/www.casaldelsinfants.org\/es\/que-puedes-hacer-tu\/legados-solidarios\/\u00bb use_bg_overlay=\u00bboff\u00bb use_text_overlay=\u00bboff\u00bb alignment=\u00bbbottom\u00bb image_last_edited=\u00bboff|phone\u00bb _builder_version=\u00bb4.27.3&#8243; _module_preset=\u00bbdefault\u00bb header_level=\u00bbh1&#8243; header_font=\u00bbMyriadPro Semibold||||||||\u00bb header_text_align=\u00bbleft\u00bb header_font_size=\u00bb51px\u00bb header_line_height=\u00bb1.2em\u00bb body_font=\u00bbMyriadPro Light||||||||\u00bb body_text_color=\u00bb#FFFFFF\u00bb body_font_size=\u00bb35px\u00bb body_line_height=\u00bb1.2em\u00bb background_color=\u00bbrgba(0,10,8,0)\u00bb background_enable_color=\u00bbon\u00bb background_image=\u00bbhttps:\/\/www.casaldelsinfants.org\/wp-content\/uploads\/IMG_0497_CF17Stcos-png.webp\u00bb background_enable_image=\u00bbon\u00bb background_position=\u00bbcenter_left\u00bb background_blend=\u00bboverlay\u00bb background_enable_video_mp4=\u00bboff\u00bb background_enable_video_webm=\u00bboff\u00bb background_video_width=\u00bbfull\u00bb background_video_height=\u00bbfull\u00bb custom_button=\u00bbon\u00bb button_text_size=\u00bb17px\u00bb button_text_color=\u00bb#FFFFFF\u00bb button_bg_color=\u00bb#FFAE00&#8243; button_border_width=\u00bb1px\u00bb button_border_color=\u00bb#FFAE00&#8243; button_border_radius=\u00bb5px\u00bb button_custom_margin=\u00bb30px||||false|false\u00bb text_orientation=\u00bbleft\u00bb custom_padding=\u00bb|0px||0px|true|true\u00bb custom_padding_tablet=\u00bb|0px||0px|true|true\u00bb custom_padding_phone=\u00bb|20px||20px|true|false\u00bb custom_padding_last_edited=\u00bbon|phone\u00bb child_mix_blend_mode=\u00bbdarken\u00bb link_option_url=\u00bbhttps:\/\/www.casaldelsinfants.org\/es\/que-puedes-hacer-tu\/legados-solidarios\/\u00bb header_font_size_tablet=\u00bb45px\u00bb header_font_size_phone=\u00bb39px\u00bb header_font_size_last_edited=\u00bbon|phone\u00bb body_font_size_tablet=\u00bb40px\u00bb body_font_size_phone=\u00bb26px\u00bb body_font_size_last_edited=\u00bbon|phone\u00bb background_last_edited=\u00bboff|desktop\u00bb background_enable_color_phone=\u00bboff\u00bb background_image_phone=\u00bbhttps:\/\/www.casaldelsinfants.org\/wp-content\/uploads\/image-mobile-voluntariat.webp\u00bb background_enable_image_phone=\u00bbon\u00bb parallax_phone=\u00bboff\u00bb background_size_phone=\u00bbcover\u00bb background_position_phone=\u00bbbottom_left\u00bb background_repeat_phone=\u00bbno-repeat\u00bb custom_css_slide_container=\u00bbpadding: 0 !important;\u00bb custom_css_slide_description=\u00bbpadding: 0 !important;\u00bb header_text_shadow_style=\u00bbpreset3&#8243; header_text_shadow_blur_strength=\u00bb0em\u00bb body_text_shadow_style=\u00bbpreset3&#8243; body_text_shadow_blur_strength_tablet=\u00bb\u00bb body_text_shadow_blur_strength_phone=\u00bb0.59em\u00bb body_text_shadow_blur_strength_last_edited=\u00bbon|phone\u00bb global_colors_info=\u00bb{}\u00bb button_bg_color__hover_enabled=\u00bboff|desktop\u00bb button_bg_color__hover=\u00bbRGBA(255,255,255,0)\u00bb button_bg_enable_color__hover=\u00bbon\u00bb button_border_width__hover_enabled=\u00bbon|hover\u00bb button_border_color__hover_enabled=\u00bbon|hover\u00bb button_border_color__hover=\u00bb#000000&#8243; button_border_width__hover=\u00bb1px\u00bb sticky_transition=\u00bbon\u00bb]<\/p>\n<div class=\"hlcw0c\">\n<div class=\"MjjYud\">\n<div id=\"ixcYae\" class=\"A6K0A\" data-rpos=\"0\">\n<div class=\"g Ww4FFb vt6azd tF2Cxc asEBEc\" lang=\"ca\" data-hveid=\"CCUQAA\" data-ved=\"2ahUKEwi2j5Lnm-iKAxWJVKQEHVUBO8IQFSgAegQIJRAA\">\n<div class=\"N54PNb BToiNc\" data-snc=\"ucMUtd\">\n<div class=\"kb0PBd A9Y9g\" data-snf=\"nke7rc\" data-sncf=\"1\">\n<div class=\"VwiC3b yXK7lf p4wth r025kc hJNv6b Hdw6tb\">Contribuye a favorecer el futuro de ni\u00f1os, ni\u00f1as y j\u00f3venes en situaci\u00f3n de vulnerabilidad<\/div>\n<\/div>\n<\/div>\n<\/div>\n<\/div>\n<\/div>\n<\/div>\n<div class=\"MjjYud\"> <\/div>\n<p>[\/et_pb_slide][et_pb_slide heading=\u00bbApoyamos a la infancia en riesgo en Catalunya\u00bb button_text=\u00bbHaz un donativo\u00bb button_link=\u00bbhttps:\/\/www.casaldelsinfants.org\/es\/que-puedes-hacer-tu\/haz-un-donativo\/dona-ahora\/\u00bb use_bg_overlay=\u00bboff\u00bb use_text_overlay=\u00bboff\u00bb alignment=\u00bbbottom\u00bb image_last_edited=\u00bboff|phone\u00bb _builder_version=\u00bb4.27.3&#8243; _module_preset=\u00bbdefault\u00bb header_level=\u00bbh1&#8243; header_font=\u00bbMyriadPro Semibold||||||||\u00bb header_text_align=\u00bbleft\u00bb header_font_size=\u00bb51px\u00bb header_line_height=\u00bb1.2em\u00bb body_font=\u00bbMyriadPro Light||||||||\u00bb body_text_color=\u00bb#FFFFFF\u00bb body_font_size=\u00bb35px\u00bb body_line_height=\u00bb1.2em\u00bb background_enable_color=\u00bboff\u00bb background_image=\u00bbhttps:\/\/www.casaldelsinfants.org\/wp-content\/uploads\/banner-background-home-generic-png.webp\u00bb background_enable_image=\u00bbon\u00bb background_position=\u00bbcenter_left\u00bb background_enable_video_mp4=\u00bboff\u00bb background_enable_video_webm=\u00bboff\u00bb background_video_width=\u00bbfull\u00bb background_video_height=\u00bbfull\u00bb custom_button=\u00bbon\u00bb button_text_size=\u00bb17px\u00bb button_text_color=\u00bb#FFFFFF\u00bb button_bg_color=\u00bb#DB524B\u00bb button_border_width=\u00bb1px\u00bb button_border_color=\u00bb#DB524B\u00bb button_border_radius=\u00bb5px\u00bb button_custom_margin=\u00bb30px||||false|false\u00bb text_orientation=\u00bbleft\u00bb custom_padding=\u00bb|0px||0px|true|true\u00bb custom_padding_tablet=\u00bb|0px||0px|true|true\u00bb custom_padding_phone=\u00bb|20px||20px|true|false\u00bb custom_padding_last_edited=\u00bbon|phone\u00bb child_mix_blend_mode=\u00bbdarken\u00bb link_option_url=\u00bbhttps:\/\/www.casaldelsinfants.org\/es\/que-puedes-hacer-tu\/haz-un-donativo\/dona-ahora\/\u00bb header_font_size_tablet=\u00bb45px\u00bb header_font_size_phone=\u00bb39px\u00bb header_font_size_last_edited=\u00bbon|phone\u00bb body_font_size_tablet=\u00bb40px\u00bb body_font_size_phone=\u00bb26px\u00bb body_font_size_last_edited=\u00bbon|phone\u00bb background_last_edited=\u00bbon|phone\u00bb background_enable_color_phone=\u00bboff\u00bb background_image_phone=\u00bbhttps:\/\/www.casaldelsinfants.org\/wp-content\/uploads\/banner-background-home-mobile-generic-png.webp\u00bb background_enable_image_phone=\u00bbon\u00bb parallax_phone=\u00bboff\u00bb background_size_phone=\u00bbcover\u00bb background_position_phone=\u00bbbottom_left\u00bb background_repeat_phone=\u00bbno-repeat\u00bb custom_css_slide_container=\u00bbpadding: 0 !important;\u00bb custom_css_slide_description=\u00bbpadding: 0 !important;\u00bb header_text_shadow_style=\u00bbpreset3&#8243; header_text_shadow_blur_strength=\u00bb0em\u00bb body_text_shadow_style=\u00bbpreset3&#8243; body_text_shadow_blur_strength_tablet=\u00bb\u00bb body_text_shadow_blur_strength_phone=\u00bb0.59em\u00bb body_text_shadow_blur_strength_last_edited=\u00bbon|phone\u00bb global_colors_info=\u00bb{}\u00bb button_bg_color__hover_enabled=\u00bboff|hover\u00bb button_bg_color__hover=\u00bbRGBA(255,255,255,0)\u00bb button_bg_enable_color__hover=\u00bbon\u00bb button_border_width__hover_enabled=\u00bbon|hover\u00bb button_border_color__hover_enabled=\u00bbon|hover\u00bb button_border_color__hover=\u00bb#000000&#8243; button_border_width__hover=\u00bb1px\u00bb sticky_transition=\u00bbon\u00bb]<\/p>\n<p>Casal dels Infants<\/p>\n<p>[\/et_pb_slide][\/et_pb_fullwidth_slider][\/et_pb_section][et_pb_section fb_built=\u00bb1&#8243; disabled_on=\u00bboff|off|off\u00bb admin_label=\u00bbA Catalunya 1 de cada 3 infants viuen en&#8230;\u00bb _builder_version=\u00bb4.27.3&#8243; _module_preset=\u00bbdefault\u00bb module_alignment=\u00bbcenter\u00bb custom_padding=\u00bb49px||49px||true|false\u00bb da_disable_devices=\u00bboff|off|off\u00bb locked=\u00bboff\u00bb collapsed=\u00bbon\u00bb global_colors_info=\u00bb{}\u00bb da_is_popup=\u00bboff\u00bb da_exit_intent=\u00bboff\u00bb da_has_close=\u00bbon\u00bb da_alt_close=\u00bboff\u00bb da_dark_close=\u00bboff\u00bb da_not_modal=\u00bbon\u00bb da_is_singular=\u00bboff\u00bb da_with_loader=\u00bboff\u00bb da_has_shadow=\u00bbon\u00bb][et_pb_row column_structure=\u00bb1_2,1_2&#8243; use_custom_gutter=\u00bbon\u00bb gutter_width=\u00bb2&#8243; make_equal=\u00bbon\u00bb custom_padding_last_edited=\u00bbon|phone\u00bb _builder_version=\u00bb4.27.3&#8243; _module_preset=\u00bbdefault\u00bb width=\u00bb100%\u00bb module_alignment=\u00bbcenter\u00bb custom_padding=\u00bb||41px||false|false\u00bb custom_padding_tablet=\u00bb||41px||false|false\u00bb custom_padding_phone=\u00bb|40px|41px|40px|false|true\u00bb global_colors_info=\u00bb{}\u00bb][et_pb_column type=\u00bb1_2&#8243; _builder_version=\u00bb4.23.1&#8243; _module_preset=\u00bbdefault\u00bb global_colors_info=\u00bb{}\u00bb][et_pb_text _builder_version=\u00bb4.27.3&#8243; _module_preset=\u00bbdefault\u00bb text_font=\u00bbMyriadPro Bold||||||||\u00bb text_font_size=\u00bb31px\u00bb text_line_height=\u00bb1.2em\u00bb text_orientation=\u00bbright\u00bb text_font_size_tablet=\u00bb31px\u00bb text_font_size_phone=\u00bb29px\u00bb text_font_size_last_edited=\u00bbon|phone\u00bb text_orientation_tablet=\u00bbright\u00bb text_orientation_phone=\u00bbcenter\u00bb text_orientation_last_edited=\u00bbon|desktop\u00bb global_colors_info=\u00bb{}\u00bb]<\/p>\n<p>En Catalunya, <span style=\"color: #db524b;\">1 de cada 3<\/span> ni\u00f1os vive en riesgo de pobreza o exclusi\u00f3n social<\/p>\n<p>[\/et_pb_text][et_pb_text content_tablet=\u00bb<\/p>\n<h3 style=%22text-align: right;%22><strong><span style=%22color: #000000;%22><span class=%22OYPEnA text-decoration-none text-strikethrough-none%22>En los barrios m<span class=%22ql-cursor%22><\/span>\u00e1s desfavorecidos,<\/span><\/span><\/strong><\/h3>\n<h3 style=%22text-align: right;%22><strong><span style=%22color: #000000;%22><span class=%22OYPEnA text-decoration-none text-strikethrough-none%22 style=%22color: #db524b;%22>1 de cada 2 <\/span><\/span><\/strong><span class=%22OYPEnA text-decoration-none text-strikethrough-none%22><span style=%22color: #000000;%22><strong>ni\u00f1os y ni\u00f1as<\/strong><\/span><\/span><strong><span style=%22color: #000000;%22><span class=%22OYPEnA text-decoration-none text-strikethrough-none%22> sufre la pobreza<\/span><\/span><\/strong><\/h3>\n<p>\u00bb content_phone=\u00bb<\/p>\n<h3 style=%22text-align: center;%22><strong><span style=%22color: #000000;%22>En los barrios m\u00e1s desfavorecidos, 1 de cada 2 ni\u00f1os y ni\u00f1as sufre la pobreza<\/span><\/strong><\/h3>\n<p>\u00bb content_last_edited=\u00bbon|phone\u00bb _builder_version=\u00bb4.27.3&#8243; _module_preset=\u00bbdefault\u00bb text_font=\u00bbMyriadPro Regular||||||||\u00bb text_font_size=\u00bb25px\u00bb text_line_height=\u00bb1.2em\u00bb header_font=\u00bbMyriadPro Regular||||||||\u00bb custom_margin=\u00bb||2px|||\u00bb custom_margin_tablet=\u00bb||2px|||\u00bb custom_margin_phone=\u00bb10px|0px|10px|0px|true|true\u00bb custom_margin_last_edited=\u00bbon|phone\u00bb custom_padding=\u00bb|||114px|false|false\u00bb custom_padding_tablet=\u00bb|||114px|false|false\u00bb custom_padding_phone=\u00bb|0px||0px|false|true\u00bb custom_padding_last_edited=\u00bbon|phone\u00bb header_text_align_tablet=\u00bb\u00bb header_text_align_phone=\u00bbcenter\u00bb header_text_align_last_edited=\u00bbon|phone\u00bb text_orientation_tablet=\u00bb\u00bb text_orientation_phone=\u00bbcenter\u00bb text_orientation_last_edited=\u00bbon|phone\u00bb global_colors_info=\u00bb{}\u00bb]<\/p>\n<p style=\"text-align: right;\"><span style=\"color: #000000;\"><span class=\"OYPEnA text-decoration-none text-strikethrough-none\">En los barrios m<span class=\"ql-cursor\"><\/span> es desfavorecidos,<\/span><\/span> <strong><span style=\"color: #000000;\"><span class=\"OYPEnA text-decoration-none text-strikethrough-none\" style=\"color: #db524b;\">1 de cada 2<\/span><\/span><\/strong> <span style=\"color: #000000;\"><span class=\"OYPEnA text-decoration-none text-strikethrough-none\">ni\u00f1os y ni\u00f1as<\/span><\/span> <span style=\"color: #000000;\"><span class=\"OYPEnA text-decoration-none text-strikethrough-none\">sufre la pobreza<\/span><\/span><\/p>\n<p>[\/et_pb_text][et_pb_text content_tablet=\u00bb<\/p>\n<p style=%22text-align: right;%22>(Fuente: <a href=%22https:\/\/www.ine.es\/jaxiT3\/Tabla.htm?t=30902&amp;L=0%22><span style=%22text-decoration: underline;%22>Atlas de Distribuci\u00f3n de la Renta de los Hogares del Instituto Nacional de Estad\u00edstica<\/span><\/a>)<\/p>\n<p>\u00bb content_phone=\u00bb<\/p>\n<p style=%22text-align: center;%22>(Fuente: <a href=%22https:\/\/www.ine.es\/jaxiT3\/Tabla.htm?t=30902&amp;L=0%22><span style=%22text-decoration: underline;%22>Atlas de Distribuci\u00f3n de la Renta de los Hogares del Instituto Nacional de Estad\u00edstica<\/span><\/a>)<\/p>\n<p>\u00bb content_last_edited=\u00bbon|phone\u00bb disabled_on=\u00bbon|off|off\u00bb _builder_version=\u00bb4.27.3&#8243; _module_preset=\u00bbdefault\u00bb text_font=\u00bbMyriadPro Light||||||||\u00bb text_text_color=\u00bb#000000&#8243; text_font_size=\u00bb16px\u00bb text_line_height=\u00bb1.1em\u00bb custom_margin=\u00bb||||false|false\u00bb custom_padding=\u00bb21px|||237px|false|false\u00bb custom_padding_tablet=\u00bb21px|||237px|false|false\u00bb custom_padding_phone=\u00bb0px|||0px|false|false\u00bb custom_padding_last_edited=\u00bbon|phone\u00bb global_colors_info=\u00bb{}\u00bb]<\/p>\n<p style=\"text-align: right;\">Font: <span style=\"text-decoration: underline;\"><a href=\"https:\/\/www.idescat.cat\/pub\/?id=ecv\">Enquesta de Condicions de Vida<\/a><\/span> (Idescat) i <a href=\"https:\/\/www.ine.es\/jaxiT3\/Tabla.htm?t=30902&amp;L=0\"><span style=\"text-decoration: underline;\">Atles de Distribuci\u00f3 de la Renda de les Llars<\/span><\/a> (INE)<\/p>\n<p>[\/et_pb_text][\/et_pb_column][et_pb_column type=\u00bb1_2&#8243; _builder_version=\u00bb4.23.1&#8243; _module_preset=\u00bbdefault\u00bb global_colors_info=\u00bb{}\u00bb][et_pb_image src=\u00bbhttps:\/\/www.casaldelsinfants.org\/wp-content\/uploads\/Nens_icona-1.webp\u00bb title_text=\u00bbNens_icona\u00bb show_bottom_space=\u00bboff\u00bb align=\u00bbcenter\u00bb align_tablet=\u00bb\u00bb align_phone=\u00bbcenter\u00bb align_last_edited=\u00bbon|phone\u00bb _builder_version=\u00bb4.27.3&#8243; _module_preset=\u00bbdefault\u00bb width=\u00bb67%\u00bb module_alignment=\u00bbcenter\u00bb custom_margin=\u00bb0px||0px||true|false\u00bb custom_padding=\u00bb3px||0px||false|false\u00bb global_colors_info=\u00bb{}\u00bb][\/et_pb_image][\/et_pb_column][\/et_pb_row][\/et_pb_section][et_pb_section fb_built=\u00bb1&#8243; disabled_on=\u00bboff|off|off\u00bb admin_label=\u00bbQu\u00e8 fem per defensar els seus drets?\u00bb _builder_version=\u00bb4.27.3&#8243; _module_preset=\u00bbdefault\u00bb background_color=\u00bb#FFFFFF\u00bb custom_padding=\u00bb43px||43px||false|false\u00bb da_disable_devices=\u00bboff|off|off\u00bb locked=\u00bboff\u00bb collapsed=\u00bbon\u00bb global_colors_info=\u00bb{}\u00bb da_is_popup=\u00bboff\u00bb da_exit_intent=\u00bboff\u00bb da_has_close=\u00bbon\u00bb da_alt_close=\u00bboff\u00bb da_dark_close=\u00bboff\u00bb da_not_modal=\u00bbon\u00bb da_is_singular=\u00bboff\u00bb da_with_loader=\u00bboff\u00bb da_has_shadow=\u00bbon\u00bb][et_pb_row _builder_version=\u00bb4.27.3&#8243; _module_preset=\u00bbdefault\u00bb module_alignment=\u00bbcenter\u00bb custom_padding=\u00bb20px||20px||true|false\u00bb global_colors_info=\u00bb{}\u00bb][et_pb_column type=\u00bb4_4&#8243; _builder_version=\u00bb4.23.1&#8243; _module_preset=\u00bbdefault\u00bb global_colors_info=\u00bb{}\u00bb][et_pb_text _builder_version=\u00bb4.27.3&#8243; _module_preset=\u00bbdefault\u00bb text_font=\u00bbMyriadPro Semibold|700|||||||\u00bb text_font_size=\u00bb30px\u00bb text_line_height=\u00bb1.1em\u00bb text_orientation=\u00bbcenter\u00bb custom_padding=\u00bb10px||10px||true|true\u00bb global_colors_info=\u00bb{}\u00bb]<\/p>\n<p>\u00bfQu\u00e9 hacemos para defender sus derechos y garantizarles oportunidades?<\/p>\n<p>[\/et_pb_text][\/et_pb_column][\/et_pb_row][et_pb_row column_structure=\u00bb1_3,1_3,1_3&#8243; use_custom_gutter=\u00bbon\u00bb gutter_width=\u00bb4&#8243; make_equal=\u00bbon\u00bb _builder_version=\u00bb4.27.3&#8243; _module_preset=\u00bbdefault\u00bb background_enable_color=\u00bboff\u00bb custom_padding=\u00bb35px||35px||true|false\u00bb collapsed=\u00bbon\u00bb global_colors_info=\u00bb{%22gcid-3eb736dd-664e-410d-a075-54b047aa24aa%22:%91%22background_color%22%93}\u00bb][et_pb_column type=\u00bb1_3&#8243; _builder_version=\u00bb4.27.3&#8243; _module_preset=\u00bbdefault\u00bb background_color=\u00bb#FFFFFF\u00bb custom_padding=\u00bb40px|20px|40px|20px|true|true\u00bb border_radii=\u00bbon|8px|8px|8px|8px\u00bb box_shadow_style=\u00bbpreset1&#8243; box_shadow_color=\u00bbrgba(0,0,0,0.06)\u00bb global_colors_info=\u00bb{}\u00bb][et_pb_icon font_icon=\u00bb&#xf256;||fa||400&#8243; _builder_version=\u00bb4.27.3&#8243; _module_preset=\u00bbdefault\u00bb global_colors_info=\u00bb{}\u00bb][\/et_pb_icon][et_pb_text _builder_version=\u00bb4.27.3&#8243; _module_preset=\u00bbdefault\u00bb text_font=\u00bbMyriadPro Semibold||||||||\u00bb text_text_color=\u00bb#FFAE00&#8243; text_font_size=\u00bb26px\u00bb text_line_height=\u00bb1.1em\u00bb header_font=\u00bbMyriadPro Bold||||||||\u00bb header_text_align=\u00bbcenter\u00bb header_text_color=\u00bb#FFAE00&#8243; header_font_size=\u00bb33px\u00bb text_orientation=\u00bbcenter\u00bb min_height=\u00bb41px\u00bb custom_margin=\u00bb0px||0px||true|false\u00bb custom_padding=\u00bb0px|14px|0px|14px|true|true\u00bb global_colors_info=\u00bb{}\u00bb]<\/p>\n<p>Acompa\u00f1amos a ni\u00f1os, ni\u00f1as, j\u00f3venes y familias<\/p>\n<p>[\/et_pb_text][\/et_pb_column][et_pb_column type=\u00bb1_3&#8243; _builder_version=\u00bb4.23.1&#8243; _module_preset=\u00bbdefault\u00bb background_color=\u00bb#FFFFFF\u00bb custom_padding=\u00bb40px|20px|40px|20px|true|true\u00bb border_radii=\u00bbon|8px|8px|8px|8px\u00bb box_shadow_style=\u00bbpreset1&#8243; box_shadow_color=\u00bbrgba(0,0,0,0.06)\u00bb global_colors_info=\u00bb{%22gcid-3eb736dd-664e-410d-a075-54b047aa24aa%22:%91%22background_color%22,%22background_color%22%93}\u00bb][et_pb_icon font_icon=\u00bb&#xf4be;||fa||900&#8243; _builder_version=\u00bb4.27.3&#8243; _module_preset=\u00bbdefault\u00bb global_colors_info=\u00bb{}\u00bb][\/et_pb_icon][et_pb_text _builder_version=\u00bb4.27.3&#8243; _module_preset=\u00bbdefault\u00bb text_font=\u00bbMyriadPro Semibold||||||||\u00bb text_text_color=\u00bb#FFAE00&#8243; text_font_size=\u00bb26px\u00bb text_line_height=\u00bb1.1em\u00bb header_font=\u00bbMyriadPro Bold||||||||\u00bb header_text_align=\u00bbcenter\u00bb header_text_color=\u00bb#FFAE00&#8243; header_font_size=\u00bb33px\u00bb text_orientation=\u00bbcenter\u00bb min_height=\u00bb41px\u00bb custom_margin=\u00bb0px||0px||true|false\u00bb custom_padding=\u00bb2px||2px||true|false\u00bb global_colors_info=\u00bb{}\u00bb]<\/p>\n<p>Garantizamos acompa\u00f1amiento educativo, emocional y social<\/p>\n<p>[\/et_pb_text][\/et_pb_column][et_pb_column type=\u00bb1_3&#8243; _builder_version=\u00bb4.23.1&#8243; _module_preset=\u00bbdefault\u00bb background_color=\u00bb#FFFFFF\u00bb custom_padding=\u00bb40px|20px|40px|20px|true|true\u00bb border_radii=\u00bbon|8px|8px|8px|8px\u00bb box_shadow_style=\u00bbpreset1&#8243; box_shadow_color=\u00bbrgba(0,0,0,0.06)\u00bb global_colors_info=\u00bb{%22gcid-3eb736dd-664e-410d-a075-54b047aa24aa%22:%91%22background_color%22,%22background_color%22%93}\u00bb][et_pb_icon font_icon=\u00bb&#xf0c0;||fa||900&#8243; _builder_version=\u00bb4.27.3&#8243; _module_preset=\u00bbdefault\u00bb background_color=\u00bbRGBA(255,255,255,0)\u00bb global_colors_info=\u00bb{}\u00bb][\/et_pb_icon][et_pb_text _builder_version=\u00bb4.27.3&#8243; _module_preset=\u00bbdefault\u00bb text_font=\u00bbMyriadPro Semibold||||||||\u00bb text_text_color=\u00bb#FFAE00&#8243; text_font_size=\u00bb26px\u00bb text_line_height=\u00bb1.1em\u00bb text_orientation=\u00bbcenter\u00bb min_height=\u00bb41px\u00bb custom_margin=\u00bb||1px||false|false\u00bb custom_padding=\u00bb|15px||15px|false|true\u00bb global_colors_info=\u00bb{}\u00bb]<\/p>\n<p>Tejemos trabajo en comunidad en los barrios<\/p>\n<p>[\/et_pb_text][\/et_pb_column][\/et_pb_row][et_pb_row _builder_version=\u00bb4.23.1&#8243; _module_preset=\u00bbdefault\u00bb custom_padding=\u00bb0px||0px||false|false\u00bb collapsed=\u00bboff\u00bb global_colors_info=\u00bb{}\u00bb][et_pb_column type=\u00bb4_4&#8243; _builder_version=\u00bb4.23.1&#8243; _module_preset=\u00bbdefault\u00bb global_colors_info=\u00bb{}\u00bb][et_pb_button button_url=\u00bbhttps:\/\/www.casaldelsinfants.org\/es\/que-hacemos\/\u00bb button_text=\u00bbQuiero saber m\u00e1s\u00bb button_alignment=\u00bbcenter\u00bb disabled_on=\u00bbon|on|on\u00bb _builder_version=\u00bb4.27.3&#8243; _module_preset=\u00bbdefault\u00bb custom_button=\u00bbon\u00bb button_text_size=\u00bb18px\u00bb button_text_color=\u00bb#FFFFFF\u00bb button_bg_color=\u00bb#006450&#8243; button_border_width=\u00bb1px\u00bb button_border_color=\u00bb#006450&#8243; button_border_radius=\u00bb5px\u00bb custom_margin=\u00bb15px||||false|false\u00bb custom_padding=\u00bb5px|25px||25px|false|true\u00bb disabled=\u00bbon\u00bb global_colors_info=\u00bb{}\u00bb button_bg_color__hover_enabled=\u00bbon|hover\u00bb button_bg_color__hover=\u00bb#006450&#8243; button_bg_enable_color__hover=\u00bbon\u00bb button_border_color__hover_enabled=\u00bbon|desktop\u00bb button_border_color__hover=\u00bb#005141&#8243;][\/et_pb_button][et_pb_text _builder_version=\u00bb4.27.3&#8243; _module_preset=\u00bbdefault\u00bb text_font=\u00bb&#8211;et_global_body_font||||||||\u00bb text_font_size=\u00bb19px\u00bb text_orientation=\u00bbcenter\u00bb global_colors_info=\u00bb{}\u00bb content__hover_enabled=\u00bbon|hover\u00bb content__hover=\u00bb<\/p>\n<p><span style=%22text-decoration: underline;%22>Quiero saber m\u00e1s<\/span><\/p>\n<p>\u00ab]<\/p>\n<p>Quiero saber m\u00e1s<\/p>\n<p>[\/et_pb_text][\/et_pb_column][\/et_pb_row][\/et_pb_section][et_pb_section fb_built=\u00bb1&#8243; admin_label=\u00bbA peu de carrer, persistents, all\u00e0 on cal\u2026\u00bb _builder_version=\u00bb4.23.1&#8243; _module_preset=\u00bbdefault\u00bb custom_padding=\u00bb100px||||false|false\u00bb da_disable_devices=\u00bboff|off|off\u00bb locked=\u00bboff\u00bb collapsed=\u00bbon\u00bb global_colors_info=\u00bb{}\u00bb da_is_popup=\u00bboff\u00bb da_exit_intent=\u00bboff\u00bb da_has_close=\u00bbon\u00bb da_alt_close=\u00bboff\u00bb da_dark_close=\u00bboff\u00bb da_not_modal=\u00bbon\u00bb da_is_singular=\u00bboff\u00bb da_with_loader=\u00bboff\u00bb da_has_shadow=\u00bbon\u00bb][et_pb_row column_structure=\u00bb2_5,3_5&#8243; _builder_version=\u00bb4.23.1&#8243; _module_preset=\u00bbdefault\u00bb custom_margin=\u00bb0px||0px||true|false\u00bb custom_padding=\u00bb0px||0px||true|false\u00bb global_colors_info=\u00bb{}\u00bb][et_pb_column type=\u00bb2_5&#8243; _builder_version=\u00bb4.23.1&#8243; _module_preset=\u00bbdefault\u00bb global_colors_info=\u00bb{}\u00bb][et_pb_text content_tablet=\u00bb<\/p>\n<p style=%22text-align: left;%22>A pie de calle, persistentes, ah\u00ed donde haga falta&#8230;<\/p>\n<p>\u00bb content_phone=\u00bb<\/p>\n<p style=%22text-align: center;%22>A pie de calle, persistentes, ah\u00ed donde haga falta&#8230;<\/p>\n<p>\u00bb content_last_edited=\u00bbon|phone\u00bb _builder_version=\u00bb4.27.3&#8243; _module_preset=\u00bbdefault\u00bb text_font=\u00bbMyriadPro Bold||||||||\u00bb text_font_size=\u00bb37px\u00bb text_line_height=\u00bb1.1em\u00bb header_font=\u00bbMyriadPro Bold||||||||\u00bb custom_padding_tablet=\u00bb\u00bb custom_padding_phone=\u00bb|31px||31px|false|true\u00bb custom_padding_last_edited=\u00bbon|phone\u00bb text_font_size_tablet=\u00bb37px\u00bb text_font_size_phone=\u00bb34px\u00bb text_font_size_last_edited=\u00bbon|phone\u00bb global_colors_info=\u00bb{}\u00bb]<\/p>\n<p style=\"text-align: left;\">A pie de calle, persistentes, ah\u00ed donde haga falta&#8230;<\/p>\n<p>[\/et_pb_text][\/et_pb_column][et_pb_column type=\u00bb3_5&#8243; _builder_version=\u00bb4.23.1&#8243; _module_preset=\u00bbdefault\u00bb global_colors_info=\u00bb{}\u00bb][et_pb_text content_tablet=\u00bb<\/p>\n<p style=%22text-align: justify;%22>Desde 1978 trabajando en los <strong><span style=%22color: #000000;%22>barrios en situaci\u00f3n de exclusi\u00f3n social<\/span><\/strong> por la igualdad de oportunidades de ni\u00f1os, j\u00f3venes y familias.<\/p>\n<p>\u00bb content_phone=\u00bb<\/p>\n<p style=%22text-align: center;%22>Desde 1978 trabajando en los <strong><span style=%22color: #000000;%22>barrios en situaci\u00f3n de exclusi\u00f3n social<\/span><\/strong> por la igualdad de oportunidades de ni\u00f1os, j\u00f3venes y familias.<\/p>\n<p>\u00bb content_last_edited=\u00bbon|phone\u00bb _builder_version=\u00bb4.27.3&#8243; _module_preset=\u00bbdefault\u00bb text_font=\u00bb&#8211;et_global_body_font||||||||\u00bb text_font_size=\u00bb24px\u00bb text_line_height=\u00bb1.5em\u00bb header_font=\u00bbMyriadPro Light||||||||\u00bb custom_margin=\u00bb0px||0px||true|false\u00bb custom_padding=\u00bb0px||0px||true|false\u00bb text_font_size_tablet=\u00bb25px\u00bb text_font_size_phone=\u00bb19px\u00bb text_font_size_last_edited=\u00bbon|phone\u00bb global_colors_info=\u00bb{}\u00bb]<\/p>\n<p style=\"text-align: left;\">Desde 1978 trabajando en los <strong><span style=\"color: #000000;\">barrios en situaci\u00f3n de exclusi\u00f3n social<\/span><\/strong> por la igualdad de oportunidades de ni\u00f1os, j\u00f3venes y familias.<\/p>\n<p>[\/et_pb_text][\/et_pb_column][\/et_pb_row][\/et_pb_section][et_pb_section fb_built=\u00bb1&#8243; admin_label=\u00bbMapa\u00bb _builder_version=\u00bb4.27.3&#8243; _module_preset=\u00bbdefault\u00bb custom_margin=\u00bb0px||0px||true|false\u00bb custom_padding=\u00bb0px||0px||true|false\u00bb da_disable_devices=\u00bboff|off|off\u00bb locked=\u00bboff\u00bb collapsed=\u00bbon\u00bb global_colors_info=\u00bb{}\u00bb da_is_popup=\u00bboff\u00bb da_exit_intent=\u00bboff\u00bb da_has_close=\u00bbon\u00bb da_alt_close=\u00bboff\u00bb da_dark_close=\u00bboff\u00bb da_not_modal=\u00bbon\u00bb da_is_singular=\u00bboff\u00bb da_with_loader=\u00bboff\u00bb da_has_shadow=\u00bbon\u00bb][et_pb_row _builder_version=\u00bb4.27.3&#8243; _module_preset=\u00bbdefault\u00bb global_colors_info=\u00bb{}\u00bb][et_pb_column type=\u00bb4_4&#8243; _builder_version=\u00bb4.23.1&#8243; _module_preset=\u00bbdefault\u00bb global_colors_info=\u00bb{}\u00bb][et_pb_code _builder_version=\u00bb4.23.1&#8243; _module_preset=\u00bbdefault\u00bb global_colors_info=\u00bb{}\u00bb]<div class=\"map-container\"><div id=\"casal-map\" class=\"map-view\"><\/div><aside class=\"map-aside\"><div class=\"seu-description\" data-lat=\"41.4341239\" data-lng=\"2.2154987\" data-name=\"El Casal dels Infants de Badalona\" data-description=\"&lt;p class=&quot;verd&quot;&gt;c. de les Monges, 2-6\r\n08913 Badalona\r\n&lt;a class=&quot;groc&quot; href=&quot;tel:+34 931990390&quot;&gt;Tel. 931 990 390&lt;\/a&gt;&lt;\/p&gt;\r\n&lt;p class=&quot;verd&quot;&gt;&lt;a class=&quot;groc&quot; href=&quot;mailto:badalona@casaldelsinfants.org&quot;&gt;badalona@casaldelsinfants.org&lt;\/a&gt;&lt;\/p&gt;\"><h3>El Casal dels Infants de Badalona<\/h3><\/div><div class=\"seu-description\" data-lat=\"35.7463983\" data-lng=\"-5.8382833\" data-name=\"El Casal dels Infants de Marruecos\" data-description=\"Florencia Lot N\u00ba09, Etg. N\u00ba2\r\nAppt. N\u00ba4 Route de Rabat\r\nAv du FAR\r\nTanger\r\n&lt;a class=&quot;groc&quot; href=&quot;tel:+12 539318275&quot;&gt;Tel. +12 539 318 275&lt;\/a&gt;\r\n&lt;a class=&quot;groc&quot; href=&quot;mailto:infomaroc@casaldelsinfants.org&quot;&gt;infomaroc@casaldelsinfants.org&lt;\/a&gt;\"><h3>El Casal dels Infants de Marruecos<\/h3><\/div><div class=\"seu-description\" data-lat=\"41.976275\" data-lng=\"2.7989246\" data-name=\"El Casal dels Infants de Salt\" data-description=\"c. Major, 30\r\n17190 Salt\r\n&lt;a class=&quot;groc&quot; href=&quot;tel:+34 933170013&quot;&gt;Tel.\u00a0&lt;\/a&gt;&lt;a class=&quot;groc&quot; href=&quot;tel:+34872552412&quot; target=&quot;_blank&quot; rel=&quot;noopener&quot;&gt;872552412&lt;\/a&gt;\r\n&lt;p class=&quot;groc&quot;&gt;&lt;a class=&quot;groc&quot; href=&quot;mailto:salt@casaldelsinfants.org&quot;&gt;salt@casaldelsinfants.org&lt;\/a&gt;&lt;\/p&gt;\"><h3>El Casal dels Infants de Salt<\/h3><\/div><div class=\"seu-description\" data-lat=\"41.4446537\" data-lng=\"2.2156899\" data-name=\"El Casal dels Infants de Santa Coloma de Gramenet\" data-description=\"c. Pirineus, 32\r\n08923 Santa Coloma de Gramenet\r\n&lt;a class=&quot;groc&quot; href=&quot;tel:+34 931980716&quot;&gt;Tel. 931 980 716&lt;\/a&gt;\r\n&lt;p class=&quot;groc&quot;&gt;&lt;a class=&quot;groc&quot; href=&quot;mailto:santacolomag@casaldelsinfants.org&quot;&gt;santacolomag@casaldelsinfants.org&lt;\/a&gt;&lt;\/p&gt;\"><h3>El Casal dels Infants de Santa Coloma de Gramenet<\/h3><\/div><div class=\"seu-description\" data-lat=\"41.4182\" data-lng=\"2.22051\" data-name=\"El Casal dels Infants del Bes\u00f2s y La Mina\" data-description=\"Rambla de la Mina, 32\n08930 Sant Adri\u00e0 del Bes\u00f2s\n&lt;a href=&quot;tel:+34%20931990740&quot;&gt;Tel. 931990745&lt;\/a&gt;\"><h3>El Casal dels Infants del Bes\u00f2s y La Mina<\/h3><\/div><div class=\"seu-description\" data-lat=\"41.3796551\" data-lng=\"2.1719847\" data-name=\"El Casal dels Infants del Raval\" data-description=\"&lt;p class=&quot;groc&quot;&gt;CASAL OBERT INFANTIL&lt;\/p&gt;\r\nc.\u00a0Reina Am\u00e0lia, 22\r\n08001 Barcelona\r\n&lt;a class=&quot;groc&quot; href=&quot;tel:+34 931990801&quot;&gt;Tel. 931 990 801&lt;\/a&gt;\r\n&lt;p class=&quot;verd&quot;&gt;elraval_bcn@casaldelsinfants.org&lt;\/p&gt;\r\n&lt;p class=&quot;groc&quot;&gt;CASAL OBERT ADOLESCENT&lt;\/p&gt;\r\nc.\u00a0Reina Am\u00e0lia, 29\r\n08001 Barcelona\r\n&lt;a class=&quot;groc&quot; href=&quot;tel:+34 931990802&quot;&gt;Tel. 931 990 802&lt;\/a&gt;\r\n&lt;p class=&quot;groc&quot;&gt;CASAL JOVE&lt;\/p&gt;\r\nc.\u00a0Doctor Dou, 3\r\n08001 Barcelona\r\n&lt;a class=&quot;groc&quot; href=&quot;tel:+34 931990750&quot;&gt;Tel. 931 990 750&lt;\/a&gt;\r\n&lt;p class=&quot;groc&quot;&gt;CENTRE DE FORMACI\u00d3 I INSERCI\u00d3&lt;\/p&gt;\r\nc.\u00a0Junta de Comer\u00e7, 21\r\n08001 Barcelona\r\n&lt;a class=&quot;groc&quot; href=&quot;tel:+34 931980698&quot;&gt;Tel. 931 980 698&lt;\/a&gt;\"><h3>El Casal dels Infants del Raval<\/h3><\/div><\/aside><\/div><script type='text\/javascript'>\n        var casalMapLocations = [{\"name\":\"El Casal dels Infants de Badalona\",\"lat\":\"41.4341239\",\"lng\":\"2.2154987\",\"id\":155,\"description\":\"<p class=\\\"verd\\\">c. de les Monges, 2-6\\r\\n08913 Badalona\\r\\n<a class=\\\"groc\\\" href=\\\"tel:+34 931990390\\\">Tel. 931 990 390<\\\/a><\\\/p>\\r\\n<p class=\\\"verd\\\"><a class=\\\"groc\\\" href=\\\"mailto:badalona@casaldelsinfants.org\\\">badalona@casaldelsinfants.org<\\\/a><\\\/p>\"},{\"name\":\"El Casal dels Infants de Marruecos\",\"lat\":\"35.7463983\",\"lng\":\"-5.8382833\",\"id\":158,\"description\":\"Florencia Lot N\\u00ba09, Etg. N\\u00ba2\\r\\nAppt. N\\u00ba4 Route de Rabat\\r\\nAv du FAR\\r\\nTanger\\r\\n<a class=\\\"groc\\\" href=\\\"tel:+12 539318275\\\">Tel. +12 539 318 275<\\\/a>\\r\\n<a class=\\\"groc\\\" href=\\\"mailto:infomaroc@casaldelsinfants.org\\\">infomaroc@casaldelsinfants.org<\\\/a>\"},{\"name\":\"El Casal dels Infants de Salt\",\"lat\":\"41.976275\",\"lng\":\"2.7989246\",\"id\":159,\"description\":\"c. Major, 30\\r\\n17190 Salt\\r\\n<a class=\\\"groc\\\" href=\\\"tel:+34 933170013\\\">Tel.\\u00a0<\\\/a><a class=\\\"groc\\\" href=\\\"tel:+34872552412\\\" target=\\\"_blank\\\" rel=\\\"noopener\\\">872552412<\\\/a>\\r\\n<p class=\\\"groc\\\"><a class=\\\"groc\\\" href=\\\"mailto:salt@casaldelsinfants.org\\\">salt@casaldelsinfants.org<\\\/a><\\\/p>\"},{\"name\":\"El Casal dels Infants de Santa Coloma de Gramenet\",\"lat\":\"41.4446537\",\"lng\":\"2.2156899\",\"id\":160,\"description\":\"c. Pirineus, 32\\r\\n08923 Santa Coloma de Gramenet\\r\\n<a class=\\\"groc\\\" href=\\\"tel:+34 931980716\\\">Tel. 931 980 716<\\\/a>\\r\\n<p class=\\\"groc\\\"><a class=\\\"groc\\\" href=\\\"mailto:santacolomag@casaldelsinfants.org\\\">santacolomag@casaldelsinfants.org<\\\/a><\\\/p>\"},{\"name\":\"El Casal dels Infants del Bes\\u00f2s y La Mina\",\"lat\":\"41.4182\",\"lng\":\"2.22051\",\"id\":208,\"description\":\"Rambla de la Mina, 32\\n08930 Sant Adri\\u00e0 del Bes\\u00f2s\\n<a href=\\\"tel:+34%20931990740\\\">Tel. 931990745<\\\/a>\"},{\"name\":\"El Casal dels Infants del Raval\",\"lat\":\"41.3796551\",\"lng\":\"2.1719847\",\"id\":157,\"description\":\"<p class=\\\"groc\\\">CASAL OBERT INFANTIL<\\\/p>\\r\\nc.\\u00a0Reina Am\\u00e0lia, 22\\r\\n08001 Barcelona\\r\\n<a class=\\\"groc\\\" href=\\\"tel:+34 931990801\\\">Tel. 931 990 801<\\\/a>\\r\\n<p class=\\\"verd\\\">elraval_bcn@casaldelsinfants.org<\\\/p>\\r\\n<p class=\\\"groc\\\">CASAL OBERT ADOLESCENT<\\\/p>\\r\\nc.\\u00a0Reina Am\\u00e0lia, 29\\r\\n08001 Barcelona\\r\\n<a class=\\\"groc\\\" href=\\\"tel:+34 931990802\\\">Tel. 931 990 802<\\\/a>\\r\\n<p class=\\\"groc\\\">CASAL JOVE<\\\/p>\\r\\nc.\\u00a0Doctor Dou, 3\\r\\n08001 Barcelona\\r\\n<a class=\\\"groc\\\" href=\\\"tel:+34 931990750\\\">Tel. 931 990 750<\\\/a>\\r\\n<p class=\\\"groc\\\">CENTRE DE FORMACI\\u00d3 I INSERCI\\u00d3<\\\/p>\\r\\nc.\\u00a0Junta de Comer\\u00e7, 21\\r\\n08001 Barcelona\\r\\n<a class=\\\"groc\\\" href=\\\"tel:+34 931980698\\\">Tel. 931 980 698<\\\/a>\"}];\n        console.log(casalMapLocations);\n    <\/script>[\/et_pb_code][\/et_pb_column][\/et_pb_row][\/et_pb_section][et_pb_section fb_built=\u00bb1&#8243; disabled_on=\u00bbon|off|off\u00bb admin_label=\u00bbDades casal\u00bb _builder_version=\u00bb4.27.3&#8243; _module_preset=\u00bbdefault\u00bb custom_margin=\u00bb||-11px||false|false\u00bb custom_padding=\u00bb9px||0px||false|false\u00bb da_disable_devices=\u00bboff|off|off\u00bb locked=\u00bboff\u00bb collapsed=\u00bbon\u00bb global_colors_info=\u00bb{}\u00bb da_is_popup=\u00bboff\u00bb da_exit_intent=\u00bboff\u00bb da_has_close=\u00bbon\u00bb da_alt_close=\u00bboff\u00bb da_dark_close=\u00bboff\u00bb da_not_modal=\u00bbon\u00bb da_is_singular=\u00bboff\u00bb da_with_loader=\u00bboff\u00bb da_has_shadow=\u00bbon\u00bb][et_pb_row column_structure=\u00bb1_2,1_2&#8243; _builder_version=\u00bb4.23.1&#8243; _module_preset=\u00bbdefault\u00bb global_colors_info=\u00bb{}\u00bb][et_pb_column type=\u00bb1_2&#8243; _builder_version=\u00bb4.23.1&#8243; _module_preset=\u00bbdefault\u00bb global_colors_info=\u00bb{}\u00bb][et_pb_number_counter title=\u00bbni\u00f1os, ni\u00f1as, j\u00f3venes y familias participantes\u00bb number=\u00bb+8.000&#8243; percent_sign=\u00bboff\u00bb _builder_version=\u00bb4.27.3&#8243; _module_preset=\u00bbdefault\u00bb title_font=\u00bbMyriadPro Regular||||||||\u00bb title_text_color=\u00bb#006450&#8243; title_font_size=\u00bb20px\u00bb number_font=\u00bbMyriadPro Semibold||||||||\u00bb number_text_color=\u00bb#000000&#8243; number_font_size=\u00bb73px\u00bb background_color=\u00bb#FFFFFF\u00bb custom_padding=\u00bb22px||22px||true|false\u00bb number_font_size_tablet=\u00bb73px\u00bb number_font_size_phone=\u00bb58px\u00bb number_font_size_last_edited=\u00bbon|phone\u00bb border_color_right=\u00bb#006450&#8243; global_colors_info=\u00bb{}\u00bb][\/et_pb_number_counter][\/et_pb_column][et_pb_column type=\u00bb1_2&#8243; _builder_version=\u00bb4.23.1&#8243; _module_preset=\u00bbdefault\u00bb global_colors_info=\u00bb{}\u00bb][et_pb_number_counter title=\u00bbServicios socioeducativos\u00bb number=\u00bb59&#8243; percent_sign=\u00bboff\u00bb _builder_version=\u00bb4.27.3&#8243; _module_preset=\u00bbdefault\u00bb title_font=\u00bbMyriadPro Regular||||||||\u00bb title_text_align=\u00bbcenter\u00bb title_text_color=\u00bb#006450&#8243; title_font_size=\u00bb20px\u00bb number_font=\u00bbMyriadPro Semibold||||||||\u00bb number_text_color=\u00bb#000000&#8243; number_font_size=\u00bb73px\u00bb background_color=\u00bb#FFFFFF\u00bb max_width=\u00bb100%\u00bb module_alignment=\u00bbcenter\u00bb max_height=\u00bb1000px\u00bb custom_padding=\u00bb22px||22px||true|false\u00bb link_option_url=\u00bbhttps:\/\/www.casaldelsinfants.org\/que-fem\/\u00bb number_font_size_tablet=\u00bb73px\u00bb number_font_size_phone=\u00bb58px\u00bb number_font_size_last_edited=\u00bbon|phone\u00bb border_width_left=\u00bb2px\u00bb border_color_left=\u00bb#006450&#8243; global_colors_info=\u00bb{}\u00bb][\/et_pb_number_counter][\/et_pb_column][\/et_pb_row][\/et_pb_section][et_pb_section fb_built=\u00bb1&#8243; disabled_on=\u00bboff|off|off\u00bb admin_label=\u00bbFormes de col\u00b7laborar\u00bb _builder_version=\u00bb4.23.1&#8243; _module_preset=\u00bbdefault\u00bb custom_margin=\u00bb|0px||0px|false|true\u00bb custom_padding=\u00bb||22px|||\u00bb da_disable_devices=\u00bboff|off|off\u00bb locked=\u00bboff\u00bb collapsed=\u00bbon\u00bb global_colors_info=\u00bb{}\u00bb da_is_popup=\u00bboff\u00bb da_exit_intent=\u00bboff\u00bb da_has_close=\u00bbon\u00bb da_alt_close=\u00bboff\u00bb da_dark_close=\u00bboff\u00bb da_not_modal=\u00bbon\u00bb da_is_singular=\u00bboff\u00bb da_with_loader=\u00bboff\u00bb da_has_shadow=\u00bbon\u00bb][et_pb_row _builder_version=\u00bb4.23.1&#8243; _module_preset=\u00bbdefault\u00bb background_color=\u00bb#FFFFFF\u00bb custom_padding=\u00bb0px||0px||false|false\u00bb global_colors_info=\u00bb{}\u00bb][et_pb_column type=\u00bb4_4&#8243; _builder_version=\u00bb4.23.1&#8243; _module_preset=\u00bbdefault\u00bb global_colors_info=\u00bb{}\u00bb][et_pb_text content_tablet=\u00bb<\/p>\n<h1>Ay\u00fadanos a hacerlo posible<\/h1>\n<p>\u00bb content_phone=\u00bb<\/p>\n<h1 style=%22text-align: center;%22>Ay\u00fadanos a hacerlo posible<\/h1>\n<p>\u00bb content_last_edited=\u00bbon|phone\u00bb _builder_version=\u00bb4.27.3&#8243; _module_preset=\u00bbdefault\u00bb text_font=\u00bbMyriadPro Bold||||||||\u00bb text_text_color=\u00bb#F8AC00&#8243; header_font=\u00bbMyriadPro Semibold|600|||||||\u00bb header_text_align=\u00bbleft\u00bb header_text_color=\u00bb#F8AC00&#8243; header_font_size=\u00bb32px\u00bb background_color=\u00bbRGBA(255,255,255,0)\u00bb custom_margin=\u00bb0px||||false|false\u00bb custom_padding=\u00bb12px||0px||false|false\u00bb global_colors_info=\u00bb{}\u00bb]<\/p>\n<h1>Ay\u00fadanos a hacerlo posible<\/h1>\n<p>[\/et_pb_text][\/et_pb_column][\/et_pb_row][et_pb_row column_structure=\u00bb1_4,1_4,1_4,1_4&#8243; use_custom_gutter=\u00bbon\u00bb gutter_width=\u00bb2&#8243; custom_padding_last_edited=\u00bbon|phone\u00bb _builder_version=\u00bb4.27.3&#8243; _module_preset=\u00bbdefault\u00bb custom_padding_tablet=\u00bb\u00bb custom_padding_phone=\u00bb|5px||5px|false|true\u00bb global_colors_info=\u00bb{}\u00bb][et_pb_column type=\u00bb1_4&#8243; _builder_version=\u00bb4.23.1&#8243; _module_preset=\u00bbdefault\u00bb global_colors_info=\u00bb{}\u00bb custom_css_main_element__hover_enabled=\u00bboff|hover\u00bb][et_pb_blurb title=\u00bbDona ahora\u00bb url=\u00bbhttps:\/\/www.casaldelsinfants.org\/es\/que-puedes-hacer-tu\/haz-un-donativo\/dona-ahora\/\u00bb content_max_width=\u00bb552px\u00bb content_tablet=\u00bb<\/p>\n<p style=%22text-align: left;%22>Ay\u00fadanos a seguir apoyando a ni\u00f1os, j\u00f3venes y familias en riesgo<\/p>\n<p>\u00bb content_phone=\u00bb<\/p>\n<p style=%22text-align: left;%22>Ay\u00fadanos a seguir apoyando a ni\u00f1os, j\u00f3venes y familias en riesgo<\/p>\n<p>\u00bb content_last_edited=\u00bbon|desktop\u00bb admin_label=\u00bbDona Ara\u00bb module_class=\u00bbbkground-hover\u00bb _builder_version=\u00bb4.27.4&#8243; _module_preset=\u00bbdefault\u00bb header_level=\u00bbh3&#8243; header_font=\u00bbMyriadPro Bold||||||||\u00bb header_text_align=\u00bbleft\u00bb header_text_color=\u00bb#FFFFFF\u00bb header_font_size=\u00bb22px\u00bb body_font=\u00bbMyriadPro Light||||||||\u00bb body_text_align=\u00bbleft\u00bb body_text_color=\u00bb#FFFFFF\u00bb body_font_size=\u00bb15px\u00bb body_line_height=\u00bb1.3em\u00bb use_background_color_gradient=\u00bbon\u00bb background_color_gradient_direction=\u00bb0deg\u00bb background_color_gradient_stops=\u00bbrgba(0,0,0,0.65) 0%|rgba(255,255,255,0) 100%\u00bb background_color_gradient_overlays_image=\u00bbon\u00bb background_image=\u00bbhttps:\/\/www.casaldelsinfants.org\/wp-content\/uploads\/G9A0308-2-scaled-1.webp\u00bb module_alignment=\u00bbleft\u00bb height=\u00bb350px\u00bb max_height=\u00bb587px\u00bb custom_margin=\u00bb|4px||0px|false|false\u00bb custom_padding=\u00bb|21px||21px|false|true\u00bb link_option_url=\u00bbhttps:\/\/www.casaldelsinfants.org\/es\/que-puedes-hacer-tu\/haz-un-donativo\/dona-ahora\/\u00bb custom_css_blurb_content=\u00bbposition:absolute;||bottom:20px;\u00bb global_colors_info=\u00bb{}\u00bb custom_css_main_element__hover_enabled=\u00bboff|hover\u00bb]<\/p>\n<p style=\"text-align: left;\">Ay\u00fadanos a seguir apoyando a ni\u00f1os, j\u00f3venes y familias en riesgo<\/p>\n<p>[\/et_pb_blurb][\/et_pb_column][et_pb_column type=\u00bb1_4&#8243; _builder_version=\u00bb4.23.1&#8243; _module_preset=\u00bbdefault\u00bb global_colors_info=\u00bb{}\u00bb][et_pb_blurb title=\u00bbHAZ VOLUNTARIADO\u00bb admin_label=\u00bbVoluntariat\u00bb module_class=\u00bbbkground-hover\u00bb _builder_version=\u00bb4.27.3&#8243; _dynamic_attributes=\u00bblink_option_url\u00bb _module_preset=\u00bbdefault\u00bb header_level=\u00bbh3&#8243; header_font=\u00bbMyriadPro Bold||||||||\u00bb header_text_align=\u00bbleft\u00bb header_text_color=\u00bb#FFFFFF\u00bb body_font=\u00bbMyriadPro Light||||||||\u00bb body_text_align=\u00bbleft\u00bb body_text_color=\u00bb#FFFFFF\u00bb body_font_size=\u00bb15px\u00bb body_line_height=\u00bb1.3em\u00bb use_background_color_gradient=\u00bbon\u00bb background_color_gradient_direction=\u00bb0deg\u00bb background_color_gradient_stops=\u00bbrgba(0,0,0,0.65) 0%|rgba(255,255,255,0) 100%\u00bb background_color_gradient_overlays_image=\u00bbon\u00bb background_image=\u00bbhttps:\/\/www.casaldelsinfants.org\/wp-content\/uploads\/DSC04484-1-scaled-1.webp\u00bb module_alignment=\u00bbcenter\u00bb height=\u00bb350px\u00bb max_height=\u00bb350px\u00bb custom_padding=\u00bb|20px||20px|false|true\u00bb link_option_url=\u00bb@ET-DC@eyJkeW5hbWljIjp0cnVlLCJjb250ZW50IjoicG9zdF9saW5rX3VybF9wYWdlIiwic2V0dGluZ3MiOnsicG9zdF9pZCI6IjE1MDAifX0=@\u00bb custom_css_blurb_content=\u00bbposition:absolute;||bottom:20px;\u00bb global_colors_info=\u00bb{}\u00bb]<\/p>\n<p>Haz realidad la acci\u00f3n social del Casal dels Infants<\/p>\n<p>[\/et_pb_blurb][\/et_pb_column][et_pb_column type=\u00bb1_4&#8243; _builder_version=\u00bb4.23.1&#8243; _module_preset=\u00bbdefault\u00bb global_colors_info=\u00bb{}\u00bb][et_pb_blurb title=\u00bbLEGADO SOLIDARIO\u00bb admin_label=\u00bbLlegat Solidari\u00bb module_class=\u00bbbkground-hover\u00bb _builder_version=\u00bb4.27.3&#8243; _dynamic_attributes=\u00bblink_option_url\u00bb _module_preset=\u00bbdefault\u00bb header_level=\u00bbh3&#8243; header_font=\u00bbMyriadPro Bold||||||||\u00bb header_text_align=\u00bbleft\u00bb header_text_color=\u00bb#FFFFFF\u00bb body_font=\u00bbMyriadPro Light||||||||\u00bb body_text_color=\u00bb#FFFFFF\u00bb body_font_size=\u00bb15px\u00bb body_line_height=\u00bb1.3em\u00bb use_background_color_gradient=\u00bbon\u00bb background_color_gradient_direction=\u00bb0deg\u00bb background_color_gradient_stops=\u00bbrgba(0,0,0,0.65) 0%|rgba(255,255,255,0) 100%\u00bb background_color_gradient_overlays_image=\u00bbon\u00bb background_image=\u00bbhttps:\/\/www.casaldelsinfants.org\/wp-content\/uploads\/1050323-scaled-1.webp\u00bb background_position=\u00bbcenter_left\u00bb module_alignment=\u00bbcenter\u00bb height=\u00bb350px\u00bb max_height=\u00bb350px\u00bb custom_padding=\u00bb|20px||20px|false|true\u00bb link_option_url=\u00bb@ET-DC@eyJkeW5hbWljIjp0cnVlLCJjb250ZW50IjoicG9zdF9saW5rX3VybF9wYWdlIiwic2V0dGluZ3MiOnsicG9zdF9pZCI6IjE0NTcifX0=@\u00bb custom_css_blurb_content=\u00bbposition:absolute;||bottom:20px;\u00bb global_colors_info=\u00bb{}\u00bb]<\/p>\n<p>Tu compromiso puede continuar en el tiempo.<\/p>\n<p>[\/et_pb_blurb][\/et_pb_column][et_pb_column type=\u00bb1_4&#8243; _builder_version=\u00bb4.23.1&#8243; _module_preset=\u00bbdefault\u00bb global_colors_info=\u00bb{}\u00bb][et_pb_blurb title=\u00bbFIRMA AQU\u00cd\u00bb content_tablet=\u00bb<\/p>\n<p>Sumamos esfuerzos para las campa\u00f1as de movilizaci\u00f3n social<\/p>\n<p>\u00bb content_phone=\u00bb<\/p>\n<p>Sumamos esfuerzos para las campa\u00f1as de movilizaci\u00f3n social<\/p>\n<p>\u00bb content_last_edited=\u00bbon|phone\u00bb admin_label=\u00bbSigna aqui\u00bb module_class=\u00bbbkground-hover\u00bb _builder_version=\u00bb4.27.3&#8243; _dynamic_attributes=\u00bblink_option_url\u00bb _module_preset=\u00bbdefault\u00bb header_level=\u00bbh3&#8243; header_font=\u00bbMyriadPro Bold||||||||\u00bb header_text_align=\u00bbleft\u00bb header_text_color=\u00bb#FFFFFF\u00bb body_font=\u00bbMyriadPro Light||||||||\u00bb body_text_color=\u00bb#FFFFFF\u00bb body_font_size=\u00bb15px\u00bb body_line_height=\u00bb1.3em\u00bb use_background_color_gradient=\u00bbon\u00bb background_color_gradient_direction=\u00bb0deg\u00bb background_color_gradient_stops=\u00bbrgba(0,0,0,0.65) 0%|rgba(255,255,255,0) 100%\u00bb background_color_gradient_overlays_image=\u00bbon\u00bb background_image=\u00bbhttps:\/\/www.casaldelsinfants.org\/wp-content\/uploads\/MG_7448_C18Rav-scaled-1.webp\u00bb module_alignment=\u00bbcenter\u00bb height=\u00bb350px\u00bb max_height=\u00bb350px\u00bb custom_margin=\u00bb||||false|false\u00bb custom_padding=\u00bb|20px||20px|false|true\u00bb link_option_url=\u00bb@ET-DC@eyJkeW5hbWljIjp0cnVlLCJjb250ZW50IjoicG9zdF9saW5rX3VybF9wYWdlIiwic2V0dGluZ3MiOnsicG9zdF9pZCI6IjIwNzEifX0=@\u00bb custom_css_blurb_content=\u00bbposition:absolute;||bottom:20px;\u00bb global_colors_info=\u00bb{}\u00bb]<\/p>\n<p>Sumamos esfuerzos para las campa\u00f1as de movilizaci\u00f3n social<\/p>\n<p>[\/et_pb_blurb][\/et_pb_column][\/et_pb_row][\/et_pb_section][et_pb_section fb_built=\u00bb1&#8243; admin_label=\u00bb\u00daltimes not\u00edcies\u00bb _builder_version=\u00bb4.27.3&#8243; _module_preset=\u00bbdefault\u00bb custom_margin=\u00bb0px||0px||false|false\u00bb custom_padding=\u00bb86px||100px||false|false\u00bb da_disable_devices=\u00bboff|off|off\u00bb locked=\u00bboff\u00bb collapsed=\u00bbon\u00bb global_colors_info=\u00bb{}\u00bb da_is_popup=\u00bboff\u00bb da_exit_intent=\u00bboff\u00bb da_has_close=\u00bbon\u00bb da_alt_close=\u00bboff\u00bb da_dark_close=\u00bboff\u00bb da_not_modal=\u00bbon\u00bb da_is_singular=\u00bboff\u00bb da_with_loader=\u00bboff\u00bb da_has_shadow=\u00bbon\u00bb][et_pb_row custom_padding_last_edited=\u00bbon|phone\u00bb admin_label=\u00bbEL CASAL DELS INFANTS EN MOVIMIENTO\u00bb _builder_version=\u00bb4.27.3&#8243; _module_preset=\u00bbdefault\u00bb module_alignment=\u00bbcenter\u00bb custom_margin=\u00bb0px||0px||false|false\u00bb custom_margin_tablet=\u00bb0px||0px||false|false\u00bb custom_margin_phone=\u00bb0px|15px|0px|15px|false|false\u00bb custom_margin_last_edited=\u00bbon|phone\u00bb custom_padding=\u00bb0px||0px||false|false\u00bb custom_padding_tablet=\u00bb0px||0px||false|false\u00bb custom_padding_phone=\u00bb0px||0px||false|false\u00bb module_alignment_tablet=\u00bbleft\u00bb module_alignment_phone=\u00bbcenter\u00bb module_alignment_last_edited=\u00bbon|phone\u00bb border_color_bottom=\u00bbRGBA(255,255,255,0)\u00bb collapsed=\u00bboff\u00bb global_colors_info=\u00bb{}\u00bb][et_pb_column type=\u00bb4_4&#8243; _builder_version=\u00bb4.23.1&#8243; _module_preset=\u00bbdefault\u00bb global_colors_info=\u00bb{}\u00bb][et_pb_text content_tablet=\u00bb<\/p>\n<h1>\u00daltimas noticias<\/h1>\n<p>\u00bb content_phone=\u00bb<\/p>\n<h1 style=%22text-align: center;%22>\u00daltimas noticias<\/h1>\n<p>\u00bb content_last_edited=\u00bbon|phone\u00bb admin_label=\u00bbEL CASAL DELS INFANTS EN MOVIMENT\u00bb _builder_version=\u00bb4.27.3&#8243; _module_preset=\u00bbdefault\u00bb header_font=\u00bbMyriadPro Light|300||on|||||\u00bb header_text_align=\u00bbleft\u00bb header_font_size=\u00bb35px\u00bb background_enable_color=\u00bboff\u00bb module_alignment=\u00bbcenter\u00bb custom_padding=\u00bb||||false|false\u00bb custom_padding_tablet=\u00bb|||15px|false|false\u00bb custom_padding_phone=\u00bb|22px||22px|false|true\u00bb custom_padding_last_edited=\u00bbon|phone\u00bb header_font_size_tablet=\u00bb36px\u00bb header_font_size_phone=\u00bb24px\u00bb header_font_size_last_edited=\u00bbon|phone\u00bb module_alignment_tablet=\u00bbcenter\u00bb module_alignment_phone=\u00bbcenter\u00bb module_alignment_last_edited=\u00bbon|desktop\u00bb border_color_bottom=\u00bbRGBA(255,255,255,0)\u00bb global_colors_info=\u00bb{}\u00bb]<\/p>\n<h1>\u00daltimas noticias<\/h1>\n<p>[\/et_pb_text][et_pb_divider color=\u00bb#F8AC00&#8243; divider_weight=\u00bb2px\u00bb _builder_version=\u00bb4.27.0&#8243; _module_preset=\u00bbdefault\u00bb custom_margin=\u00bb-9px||-13px||false|false\u00bb custom_padding=\u00bb||||false|false\u00bb module_alignment_tablet=\u00bb\u00bb module_alignment_phone=\u00bbcenter\u00bb module_alignment_last_edited=\u00bbon|phone\u00bb global_colors_info=\u00bb{}\u00bb][\/et_pb_divider][\/et_pb_column][\/et_pb_row][et_pb_row use_custom_gutter=\u00bbon\u00bb gutter_width=\u00bb1&#8243; custom_padding_last_edited=\u00bbon|tablet\u00bb admin_label=\u00bbShortcodes Actualitat\u00bb _builder_version=\u00bb4.23.1&#8243; _module_preset=\u00bbdefault\u00bb width=\u00bb90%\u00bb custom_margin=\u00bb||0px||false|false\u00bb custom_margin_tablet=\u00bb||0px||false|false\u00bb custom_margin_phone=\u00bb0px||0px||false|false\u00bb custom_margin_last_edited=\u00bboff|desktop\u00bb custom_padding=\u00bb13px||0px||false|false\u00bb custom_padding_tablet=\u00bb||0px||false|false\u00bb custom_padding_phone=\u00bb0px||0px||false|false\u00bb border_color_top=\u00bbRGBA(255,255,255,0)\u00bb collapsed=\u00bbon\u00bb global_colors_info=\u00bb{}\u00bb][et_pb_column type=\u00bb4_4&#8243; _builder_version=\u00bb4.17.4&#8243; _module_preset=\u00bbdefault\u00bb global_colors_info=\u00bb{}\u00bb][et_pb_code admin_label=\u00bbSC Petita inf\u00e0ncia i fam\u00edlies\u00bb module_class=\u00bbnoticies-home\u00bb _builder_version=\u00bb4.23.1&#8243; _module_preset=\u00bbdefault\u00bb max_width_tablet=\u00bb50%\u00bb max_width_last_edited=\u00bboff|phone\u00bb module_alignment=\u00bbcenter\u00bb global_colors_info=\u00bb{}\u00bb]<div class=\"entrades-container\"><div class=\"entrades-item\"><div class=\"entrades-taxonomy\">Infancia y adolescencia<\/div><div class=\"entrades-foto\"><a href=\"https:\/\/www.casaldelsinfants.org\/es\/actualidad\/fomentlectura-adolescentes\/\"><\/a><\/div><div class=\"peu-foto\"><div class=\"data\">21 abril 2026<\/div><div class=\"titol\"><h3><a href=\"https:\/\/www.casaldelsinfants.org\/es\/actualidad\/fomentlectura-adolescentes\/\">Comics para reforzar la lectura y la lengua catalana entre adolescentes<\/a><\/h3><\/div><\/div><\/div><!--entrades-item--><div class=\"entrades-item\"><div class=\"entrades-taxonomy\">Infancia y adolescencia<\/div><div class=\"entrades-foto\"><a href=\"https:\/\/www.casaldelsinfants.org\/es\/actualidad\/comunicacion-no-violenta\/\"><\/a><\/div><div class=\"peu-foto\"><div class=\"data\">25 marzo 2026<\/div><div class=\"titol\"><h3><a href=\"https:\/\/www.casaldelsinfants.org\/es\/actualidad\/comunicacion-no-violenta\/\">Hablamos y escuchamos: trabajamos la gesti\u00f3n emocional y la comunicaci\u00f3n no violenta con ni\u00f1os y ni\u00f1as<\/a><\/h3><\/div><\/div><\/div><!--entrades-item--><div class=\"entrades-item\"><div class=\"entrades-foto\"><a href=\"https:\/\/www.casaldelsinfants.org\/es\/actualidad\/recomendaciones-libros-infantiles\/\"><img decoding=\"async\" width=\"1650\" height=\"866\" src=\"https:\/\/www.casaldelsinfants.org\/wp-content\/uploads\/banner-portada-leads-llibres-infantils-2026.webp\" class=\"attachment-post-thumbnail size-post-thumbnail wp-post-image\" alt=\"\" srcset=\"https:\/\/www.casaldelsinfants.org\/wp-content\/uploads\/banner-portada-leads-llibres-infantils-2026.webp 1650w, https:\/\/www.casaldelsinfants.org\/wp-content\/uploads\/banner-portada-leads-llibres-infantils-2026-1280x672.webp 1280w, https:\/\/www.casaldelsinfants.org\/wp-content\/uploads\/banner-portada-leads-llibres-infantils-2026-980x514.webp 980w, https:\/\/www.casaldelsinfants.org\/wp-content\/uploads\/banner-portada-leads-llibres-infantils-2026-480x252.webp 480w\" sizes=\"(min-width: 0px) and (max-width: 480px) 480px, (min-width: 481px) and (max-width: 980px) 980px, (min-width: 981px) and (max-width: 1280px) 1280px, (min-width: 1281px) 1650px, 100vw\" \/><\/a><\/div><div class=\"peu-foto\"><div class=\"data\">11 marzo 2026<\/div><div class=\"titol\"><h3><a href=\"https:\/\/www.casaldelsinfants.org\/es\/actualidad\/recomendaciones-libros-infantiles\/\">18 libros infantiles para hablar de emociones y valores<\/a><\/h3><\/div><\/div><\/div><!--entrades-item--><\/div><!--entrades-container-->[\/et_pb_code][\/et_pb_column][\/et_pb_row][et_pb_row _builder_version=\u00bb4.23.1&#8243; _module_preset=\u00bbdefault\u00bb custom_margin=\u00bb||0px||false|false\u00bb custom_padding=\u00bb||0px||false|false\u00bb collapsed=\u00bbon\u00bb global_colors_info=\u00bb{}\u00bb][et_pb_column type=\u00bb4_4&#8243; _builder_version=\u00bb4.23.1&#8243; _module_preset=\u00bbdefault\u00bb global_colors_info=\u00bb{}\u00bb][et_pb_button button_url=\u00bbhttps:\/\/www.casaldelsinfants.org\/es\/actualidad\/\u00bb button_text=\u00bbVer m\u00e1s\u00bb button_alignment=\u00bbcenter\u00bb _builder_version=\u00bb4.23.1&#8243; _module_preset=\u00bbdefault\u00bb global_colors_info=\u00bb{}\u00bb][\/et_pb_button][\/et_pb_column][\/et_pb_row][\/et_pb_section][et_pb_section fb_built=\u00bb1&#8243; custom_padding_last_edited=\u00bbon|phone\u00bb disabled_on=\u00bbon|on|on\u00bb admin_label=\u00bbBANNER POPUP &#8211; RASSIF ESCENA\u00bb module_id=\u00bbpopup-rassif\u00bb module_class=\u00bbpopup dark\u00bb _builder_version=\u00bb4.27.4&#8243; _module_preset=\u00bbdefault\u00bb background_color=\u00bbgcid-9e7a754c-e3eb-450e-b623-0bfcd0ba0c85&#8243; background_image=\u00bbhttps:\/\/www.casaldelsinfants.org\/wp-content\/uploads\/background-banner-rassif-png.webp\u00bb positioning=\u00bbnone\u00bb position_origin_a=\u00bbbottom_right\u00bb width=\u00bb400px\u00bb width_tablet=\u00bb300px\u00bb width_phone=\u00bb\u00bb width_last_edited=\u00bbon|phone\u00bb module_alignment=\u00bbcenter\u00bb height_tablet=\u00bb247px\u00bb height_phone=\u00bb420px\u00bb height_last_edited=\u00bbon|phone\u00bb custom_margin=\u00bb||||false|false\u00bb custom_margin_tablet=\u00bb||||false|false\u00bb custom_margin_phone=\u00bb||||false|false\u00bb custom_margin_last_edited=\u00bboff|phone\u00bb custom_padding=\u00bb8px||8px||true|false\u00bb custom_padding_tablet=\u00bb8px||8px||true|false\u00bb custom_padding_phone=\u00bb4px||4px||true|false\u00bb animation_style=\u00bbzoom\u00bb background_color_phone=\u00bbgcid-9e7a754c-e3eb-450e-b623-0bfcd0ba0c85&#8243; background_last_edited=\u00bbon|phone\u00bb background_enable_color_phone=\u00bbon\u00bb background_enable_image_phone=\u00bboff\u00bb custom_css_main_element=\u00bbmargin:0 auto;\u00bb da_is_popup=\u00bbon\u00bb da_popup_slug=\u00bbpopup-rassif\u00bb da_dark_close=\u00bbon\u00bb da_disable_devices=\u00bboff|off|off\u00bb border_radii=\u00bbon|16px|16px|16px|16px\u00bb disabled=\u00bbon\u00bb collapsed=\u00bbon\u00bb global_colors_info=\u00bb{%22gcid-9e7a754c-e3eb-450e-b623-0bfcd0ba0c85%22:%91%22background_color%22%93}\u00bb da_exit_intent=\u00bboff\u00bb da_has_close=\u00bbon\u00bb da_alt_close=\u00bboff\u00bb da_not_modal=\u00bbon\u00bb da_is_singular=\u00bboff\u00bb da_with_loader=\u00bboff\u00bb da_has_shadow=\u00bbon\u00bb][et_pb_row custom_padding_last_edited=\u00bbon|phone\u00bb _builder_version=\u00bb4.27.4&#8243; _module_preset=\u00bbdefault\u00bb module_alignment=\u00bbcenter\u00bb custom_margin_phone=\u00bb||||false|false\u00bb custom_margin_last_edited=\u00bboff|phone\u00bb custom_padding=\u00bb21px||21px||true|false\u00bb custom_padding_tablet=\u00bb21px||21px||true|false\u00bb custom_padding_phone=\u00bb12px||5px||false|false\u00bb global_colors_info=\u00bb{}\u00bb][et_pb_column type=\u00bb4_4&#8243; _builder_version=\u00bb4.27.3&#8243; _module_preset=\u00bbdefault\u00bb global_colors_info=\u00bb{}\u00bb][et_pb_image src=\u00bbhttps:\/\/www.casaldelsinfants.org\/wp-content\/uploads\/logo-rassif-escena-png.webp\u00bb title_text=\u00bblogo-rassif-escena\u00bb align=\u00bbcenter\u00bb _builder_version=\u00bb4.27.3&#8243; _module_preset=\u00bbdefault\u00bb width=\u00bb35%\u00bb width_tablet=\u00bb35%\u00bb width_phone=\u00bb40%\u00bb width_last_edited=\u00bbon|phone\u00bb custom_margin=\u00bb9px||9px||true|false\u00bb custom_padding=\u00bb||15px||false|false\u00bb global_colors_info=\u00bb{}\u00bb][\/et_pb_image][et_pb_text _builder_version=\u00bb4.27.4&#8243; _module_preset=\u00bbdefault\u00bb text_font=\u00bbMyriadPro Bold||||||||\u00bb text_text_color=\u00bb#FFFFFF\u00bb text_font_size=\u00bb24px\u00bb text_line_height=\u00bb1.2em\u00bb text_orientation=\u00bbcenter\u00bb custom_margin=\u00bb|31px||31px|false|true\u00bb custom_margin_tablet=\u00bb|31px||31px|false|true\u00bb custom_margin_phone=\u00bb10px|0px|10px|0px|true|true\u00bb custom_margin_last_edited=\u00bbon|desktop\u00bb custom_padding=\u00bb|0px||0px|false|true\u00bb custom_padding_tablet=\u00bb|0px||0px|false|true\u00bb custom_padding_phone=\u00bb|0px||0px|false|false\u00bb custom_padding_last_edited=\u00bbon|phone\u00bb text_font_size_tablet=\u00bb24px\u00bb text_font_size_phone=\u00bb22px\u00bb text_font_size_last_edited=\u00bbon|phone\u00bb global_colors_info=\u00bb{}\u00bb]<\/p>\n<div>Ven al estreno de la nueva obra de teatro<\/div>\n<div><\/div>\n<p>[\/et_pb_text][et_pb_text _builder_version=\u00bb4.27.4&#8243; _module_preset=\u00bbdefault\u00bb text_font=\u00bbMyriadPro Light||||||||\u00bb text_text_color=\u00bb#FFFFFF\u00bb text_line_height=\u00bb1.2em\u00bb text_orientation=\u00bbcenter\u00bb custom_margin=\u00bb10px||10px||true|false\u00bb custom_padding=\u00bb||||false|false\u00bb custom_padding_tablet=\u00bb|40px||40px|false|true\u00bb custom_padding_phone=\u00bb|0px||0px|false|true\u00bb custom_padding_last_edited=\u00bbon|desktop\u00bb text_font_size_tablet=\u00bb\u00bb text_font_size_phone=\u00bb16px\u00bb text_font_size_last_edited=\u00bbon|phone\u00bb global_colors_info=\u00bb{}\u00bb]<\/p>\n<p>Creada e interpretada por j\u00f3venes migrantes<\/p>\n<p>[\/et_pb_text][et_pb_text _builder_version=\u00bb4.27.4&#8243; _module_preset=\u00bbdefault\u00bb text_font=\u00bbMyriadPro Regular||||||||\u00bb text_text_color=\u00bb#FFFFFF\u00bb text_font_size=\u00bb18px\u00bb text_orientation=\u00bbcenter\u00bb custom_margin=\u00bb||||false|false\u00bb custom_margin_tablet=\u00bb||||false|false\u00bb custom_margin_phone=\u00bb||9px||false|false\u00bb custom_margin_last_edited=\u00bbon|desktop\u00bb custom_padding=\u00bb6px||6px||true|false\u00bb text_font_size_tablet=\u00bb18px\u00bb text_font_size_phone=\u00bb17px\u00bb text_font_size_last_edited=\u00bbon|phone\u00bb global_colors_info=\u00bb{}\u00bb]<\/p>\n<p><strong>S\u00e1bado 7 de febrero<\/strong><br \/>de 12:00h a 13:00h en el <span>CCCB<\/span><\/p>\n<p>[\/et_pb_text][et_pb_button button_url=\u00bbhttps:\/\/us6.list-manage.com\/survey?u=5a86124d0d68cfd1982da12ce&amp;id=c14fdd568b&amp;attribution=false\u00bb url_new_window=\u00bbon\u00bb button_text=\u00bbReserva entrada gratuita\u00bb button_alignment=\u00bbcenter\u00bb _builder_version=\u00bb4.27.4&#8243; _module_preset=\u00bbdefault\u00bb custom_button=\u00bbon\u00bb button_text_size=\u00bb18px\u00bb button_bg_color=\u00bb#ae1031&#8243; button_border_width=\u00bb0px\u00bb button_border_radius=\u00bb100px\u00bb button_font=\u00bbMyriadPro Bold Condensed||||||||\u00bb button_use_icon=\u00bboff\u00bb custom_margin=\u00bb18px||18px||true|false\u00bb custom_margin_tablet=\u00bb18px||18px||true|false\u00bb custom_margin_phone=\u00bb||||false|false\u00bb custom_margin_last_edited=\u00bbon|phone\u00bb custom_padding=\u00bb7px||7px||false|false\u00bb button_text_size_tablet=\u00bb18px\u00bb button_text_size_phone=\u00bb17px\u00bb button_text_size_last_edited=\u00bbon|phone\u00bb box_shadow_style=\u00bbpreset3&#8243; box_shadow_blur=\u00bb12px\u00bb box_shadow_spread=\u00bb-32px\u00bb global_colors_info=\u00bb{}\u00bb][\/et_pb_button][\/et_pb_column][\/et_pb_row][\/et_pb_section][et_pb_section fb_built=\u00bb1&#8243; disabled_on=\u00bbon|on|on\u00bb admin_label=\u00bbBANNER POPUP &#8211; DESGRAVACI\u00d3 (PC)\u00bb module_id=\u00bbpopup-desgravacio\u00bb _builder_version=\u00bb4.27.3&#8243; _module_preset=\u00bbdefault\u00bb background_color=\u00bb#FFAE00&#8243; positioning=\u00bbnone\u00bb position_origin_a=\u00bbbottom_right\u00bb width=\u00bb300px\u00bb width_tablet=\u00bb300px\u00bb width_phone=\u00bb150px\u00bb width_last_edited=\u00bbon|phone\u00bb module_alignment=\u00bbright\u00bb height=\u00bb247px\u00bb height_tablet=\u00bb247px\u00bb height_phone=\u00bb150px\u00bb height_last_edited=\u00bbon|phone\u00bb custom_margin=\u00bb|0px||auto|false|false\u00bb custom_padding=\u00bb8px||8px||true|false\u00bb animation_style=\u00bbzoom\u00bb custom_css_main_element=\u00bbmargin-right: 0px !important;||margin-left: auto;\u00bb da_popup_slug=\u00bbpopup-desgravacio\u00bb da_disable_devices=\u00bboff|off|off\u00bb border_radii=\u00bbon|8px|8px|8px|8px\u00bb disabled=\u00bbon\u00bb locked=\u00bboff\u00bb collapsed=\u00bbon\u00bb global_colors_info=\u00bb{}\u00bb da_is_popup=\u00bboff\u00bb da_exit_intent=\u00bboff\u00bb da_has_close=\u00bbon\u00bb da_alt_close=\u00bboff\u00bb da_dark_close=\u00bboff\u00bb da_not_modal=\u00bbon\u00bb da_is_singular=\u00bboff\u00bb da_with_loader=\u00bboff\u00bb da_has_shadow=\u00bbon\u00bb][et_pb_row _builder_version=\u00bb4.27.3&#8243; _module_preset=\u00bbdefault\u00bb custom_padding=\u00bb21px||21px||true|false\u00bb global_colors_info=\u00bb{}\u00bb][et_pb_column type=\u00bb4_4&#8243; _builder_version=\u00bb4.27.3&#8243; _module_preset=\u00bbdefault\u00bb global_colors_info=\u00bb{}\u00bb][et_pb_icon font_icon=\u00bb&#xf0f3;||fa||400&#8243; icon_color=\u00bb#FFFFFF\u00bb icon_width=\u00bb50px\u00bb icon_width_tablet=\u00bb50px\u00bb icon_width_phone=\u00bb32px\u00bb icon_width_last_edited=\u00bbon|phone\u00bb _builder_version=\u00bb4.27.3&#8243; _module_preset=\u00bbdefault\u00bb custom_margin=\u00bb0px||0px||true|false\u00bb custom_padding=\u00bb||5px||false|false\u00bb custom_padding_tablet=\u00bb||5px||false|false\u00bb custom_padding_phone=\u00bb0px|0px|0px|0px|true|true\u00bb custom_padding_last_edited=\u00bbon|phone\u00bb global_colors_info=\u00bb{}\u00bb][\/et_pb_icon][et_pb_text disabled_on=\u00bboff|off|off\u00bb _builder_version=\u00bb4.27.3&#8243; _module_preset=\u00bbdefault\u00bb text_font=\u00bbMyriadPro Light||||||||\u00bb text_font_size=\u00bb19px\u00bb custom_padding=\u00bb||2px||false|false\u00bb global_colors_info=\u00bb{}\u00bb]<\/p>\n<p style=\"text-align: center;\">\u00a1Ey, recuerda!<\/p>\n<p>[\/et_pb_text][et_pb_text _builder_version=\u00bb4.27.3&#8243; _module_preset=\u00bbdefault\u00bb text_font=\u00bbMyriadPro Semibold||||||||\u00bb text_font_size=\u00bb24px\u00bb custom_margin=\u00bb||||false|false\u00bb custom_padding=\u00bb||5px||false|false\u00bb text_font_size_tablet=\u00bb24px\u00bb text_font_size_phone=\u00bb18px\u00bb text_font_size_last_edited=\u00bbon|phone\u00bb text_line_height_tablet=\u00bb\u00bb text_line_height_phone=\u00bb1em\u00bb text_line_height_last_edited=\u00bbon|phone\u00bb global_colors_info=\u00bb{}\u00bb]<\/p>\n<p style=\"text-align: center;\">Donar 250\u20ac solo<br \/>te cuesta 12,5\u20ac<\/p>\n<p>[\/et_pb_text][et_pb_button button_url=\u00bbhttps:\/\/www.casaldelsinfants.org\/es\/que-puedes-hacer-tu\/ventajas-fiscales\/\u00bb url_new_window=\u00bbon\u00bb button_text=\u00bbM\u00e1s informaci\u00f3n\u00bb button_alignment=\u00bbcenter\u00bb _builder_version=\u00bb4.27.3&#8243; _module_preset=\u00bbdefault\u00bb custom_button=\u00bbon\u00bb button_text_size=\u00bb15px\u00bb button_text_color=\u00bb#000000&#8243; button_bg_color=\u00bb#FFFFFF\u00bb button_border_width=\u00bb0px\u00bb button_border_radius=\u00bb100px\u00bb global_colors_info=\u00bb{}\u00bb][\/et_pb_button][\/et_pb_column][\/et_pb_row][\/et_pb_section][et_pb_section fb_built=\u00bb1&#8243; disabled_on=\u00bbon|on|on\u00bb admin_label=\u00bbBANNER POPUP &#8211; DESGRAVACI\u00d3 (MOBILE)\u00bb module_id=\u00bbpopup-desgravacio\u00bb _builder_version=\u00bb4.27.3&#8243; _module_preset=\u00bbdefault\u00bb background_color=\u00bb#FFAE00&#8243; transform_translate=\u00bb0px|-9px\u00bb positioning=\u00bbnone\u00bb position_origin_a=\u00bbbottom_right\u00bb width=\u00bb300px\u00bb width_tablet=\u00bb300px\u00bb width_phone=\u00bb100px\u00bb width_last_edited=\u00bbon|phone\u00bb module_alignment=\u00bbright\u00bb height=\u00bb247px\u00bb height_tablet=\u00bb247px\u00bb height_phone=\u00bb100px\u00bb height_last_edited=\u00bbon|phone\u00bb custom_margin=\u00bb|0px||auto|false|false\u00bb custom_padding=\u00bb8px||8px||true|false\u00bb animation_style=\u00bbzoom\u00bb link_option_url=\u00bbhttps:\/\/www.casaldelsinfants.org\/que-pots-fer-tu\/avantatges-fiscals\/\u00bb link_option_url_new_window=\u00bbon\u00bb custom_css_main_element=\u00bbmargin-right: 0px !important;||margin-left: auto;\u00bb da_popup_slug=\u00bbpopup-desgravacio\u00bb da_disable_devices=\u00bboff|off|off\u00bb border_radii=\u00bbon|9999999999px|9999999999px|9999999999px|9999999999px\u00bb border_width_all=\u00bb1px\u00bb border_color_all=\u00bb#FFAE00&#8243; box_shadow_style=\u00bbpreset1&#8243; box_shadow_color=\u00bbrgba(0,0,0,0.13)\u00bb disabled=\u00bbon\u00bb locked=\u00bboff\u00bb collapsed=\u00bbon\u00bb global_colors_info=\u00bb{}\u00bb border_color_all__hover_enabled=\u00bbon|desktop\u00bb border_color_all__hover=\u00bb#FFAE00&#8243; da_is_popup=\u00bboff\u00bb da_exit_intent=\u00bboff\u00bb da_has_close=\u00bbon\u00bb da_alt_close=\u00bboff\u00bb da_dark_close=\u00bboff\u00bb da_not_modal=\u00bbon\u00bb da_is_singular=\u00bboff\u00bb da_with_loader=\u00bboff\u00bb da_has_shadow=\u00bbon\u00bb][et_pb_row _builder_version=\u00bb4.27.3&#8243; _module_preset=\u00bbdefault\u00bb custom_padding=\u00bb14px||14px||true|false\u00bb global_colors_info=\u00bb{}\u00bb][et_pb_column type=\u00bb4_4&#8243; _builder_version=\u00bb4.27.3&#8243; _module_preset=\u00bbdefault\u00bb global_colors_info=\u00bb{}\u00bb][et_pb_text _builder_version=\u00bb4.27.3&#8243; _module_preset=\u00bbdefault\u00bb text_font=\u00bbMyriadPro Semibold||||||||\u00bb text_font_size=\u00bb12px\u00bb text_orientation=\u00bbcenter\u00bb custom_margin=\u00bb0px||0px||true|false\u00bb custom_padding=\u00bb0px||0px||true|false\u00bb global_colors_info=\u00bb{}\u00bb]<\/p>\n<p>Desgr\u00e1vate un<\/p>\n<p>[\/et_pb_text][et_pb_text _builder_version=\u00bb4.27.3&#8243; _module_preset=\u00bbdefault\u00bb text_font=\u00bbMyriadPro Bold||||||||\u00bb text_font_size=\u00bb24px\u00bb text_letter_spacing=\u00bb-1px\u00bb custom_margin=\u00bb0px||0px||true|false\u00bb custom_padding=\u00bb0px||0px||true|false\u00bb text_font_size_tablet=\u00bb24px\u00bb text_font_size_phone=\u00bb36px\u00bb text_font_size_last_edited=\u00bbon|phone\u00bb text_line_height_tablet=\u00bb\u00bb text_line_height_phone=\u00bb1em\u00bb text_line_height_last_edited=\u00bbon|phone\u00bb global_colors_info=\u00bb{}\u00bb]<\/p>\n<p style=\"text-align: center;\">95%<\/p>\n<p>[\/et_pb_text][\/et_pb_column][\/et_pb_row][\/et_pb_section][et_pb_section fb_built=\u00bb1&#8243; disabled_on=\u00bbon|on|on\u00bb admin_label=\u00bbTRIGGER BTN POPUP\u00bb _builder_version=\u00bb4.27.3&#8243; _module_preset=\u00bbdefault\u00bb custom_margin=\u00bb0px||0px||true|false\u00bb custom_padding=\u00bb0px||0px||true|false\u00bb da_disable_devices=\u00bboff|off|off\u00bb disabled=\u00bbon\u00bb locked=\u00bboff\u00bb collapsed=\u00bbon\u00bb global_colors_info=\u00bb{}\u00bb da_is_popup=\u00bboff\u00bb da_exit_intent=\u00bboff\u00bb da_has_close=\u00bbon\u00bb da_alt_close=\u00bboff\u00bb da_dark_close=\u00bboff\u00bb da_not_modal=\u00bbon\u00bb da_is_singular=\u00bboff\u00bb da_with_loader=\u00bboff\u00bb da_has_shadow=\u00bbon\u00bb][et_pb_row _builder_version=\u00bb4.23.1&#8243; _module_preset=\u00bbdefault\u00bb custom_margin=\u00bb0px||0px||true|false\u00bb custom_padding=\u00bb0px||0px||true|false\u00bb global_colors_info=\u00bb{}\u00bb][et_pb_column type=\u00bb4_4&#8243; _builder_version=\u00bb4.23.1&#8243; _module_preset=\u00bbdefault\u00bb global_colors_info=\u00bb{}\u00bb][et_pb_button button_url=\u00bb#popup-rassif\u00bb button_text=\u00bbShow popup\u00bb disabled_on=\u00bboff|off|off\u00bb admin_label=\u00bbTRIGGER BTN OPACITY 0&#8243; module_class=\u00bbpopup-trigger\u00bb _builder_version=\u00bb4.27.3&#8243; _module_preset=\u00bbdefault\u00bb custom_css_main_element=\u00bbopacity:0;\u00bb global_colors_info=\u00bb{}\u00bb][\/et_pb_button][\/et_pb_column][\/et_pb_row][\/et_pb_section][et_pb_section fb_built=\u00bb1&#8243; disabled_on=\u00bbon|on|on\u00bb admin_label=\u00bbPOPUP\u00bb module_id=\u00bbpopup-home\u00bb module_class=\u00bbpopup close-alt\u00bb _builder_version=\u00bb4.27.3&#8243; _module_preset=\u00bbdefault\u00bb background_color=\u00bb#FFFFFF\u00bb background_image=\u00bbhttps:\/\/www.casaldelsinfants.org\/wp-content\/uploads\/Illustracio_Banner150-convertido-de-png.webp\u00bb background_size=\u00bbcontain\u00bb background_position=\u00bbbottom_center\u00bb width=\u00bb35%\u00bb width_tablet=\u00bb80%\u00bb width_phone=\u00bb95%\u00bb width_last_edited=\u00bbon|phone\u00bb module_alignment=\u00bbcenter\u00bb height=\u00bb70vh\u00bb display_conditions=\u00bbW10=\u00bb custom_margin=\u00bb50px||50px||true|false\u00bb custom_padding=\u00bb30px||30px||true|false\u00bb da_is_popup=\u00bbon\u00bb da_popup_slug=\u00bbpopup-home\u00bb da_alt_close=\u00bbon\u00bb da_disable_devices=\u00bboff|off|off\u00bb border_radii=\u00bbon|20px|20px|20px|20px\u00bb disabled=\u00bbon\u00bb locked=\u00bboff\u00bb collapsed=\u00bbon\u00bb global_colors_info=\u00bb{}\u00bb da_exit_intent=\u00bboff\u00bb da_has_close=\u00bbon\u00bb da_dark_close=\u00bboff\u00bb da_not_modal=\u00bbon\u00bb da_is_singular=\u00bboff\u00bb da_with_loader=\u00bboff\u00bb da_has_shadow=\u00bbon\u00bb][et_pb_row _builder_version=\u00bb4.23.1&#8243; _module_preset=\u00bbdefault\u00bb module_alignment=\u00bbcenter\u00bb custom_padding=\u00bb50px||50px||true|false\u00bb global_colors_info=\u00bb{}\u00bb][et_pb_column type=\u00bb4_4&#8243; _builder_version=\u00bb4.23.1&#8243; _module_preset=\u00bbdefault\u00bb global_colors_info=\u00bb{}\u00bb][et_pb_text _builder_version=\u00bb4.27.3&#8243; _module_preset=\u00bbdefault\u00bb text_font=\u00bbMyriadPro Bold|700|||||||\u00bb text_text_color=\u00bb#006450&#8243; text_font_size=\u00bb36px\u00bb text_line_height=\u00bb1.1em\u00bb text_orientation=\u00bbcenter\u00bb text_font_size_tablet=\u00bb36px\u00bb text_font_size_phone=\u00bb30px\u00bb text_font_size_last_edited=\u00bbon|phone\u00bb global_colors_info=\u00bb{}\u00bb]<\/p>\n<p>Ayudarnos MUCHO<br \/>te costar\u00e1 muy poco<\/p>\n<p>[\/et_pb_text][et_pb_text _builder_version=\u00bb4.27.3&#8243; _module_preset=\u00bbdefault\u00bb text_font=\u00bbMyriadPro Semibold|700|||||||\u00bb text_text_color=\u00bb#000000&#8243; text_font_size=\u00bb24px\u00bb text_line_height=\u00bb1.3em\u00bb text_orientation=\u00bbcenter\u00bb text_font_size_tablet=\u00bb24px\u00bb text_font_size_phone=\u00bb20px\u00bb text_font_size_last_edited=\u00bbon|desktop\u00bb global_colors_info=\u00bb{}\u00bb]<\/p>\n<p>\u00a1La solidaridad desgrava!<\/p>\n<p>[\/et_pb_text][et_pb_text _builder_version=\u00bb4.27.3&#8243; _module_preset=\u00bbdefault\u00bb text_font=\u00bbMyriadPro Light|300|||||||\u00bb text_text_color=\u00bb#000000&#8243; text_font_size=\u00bb19px\u00bb text_line_height=\u00bb1.2em\u00bb text_orientation=\u00bbcenter\u00bb custom_margin=\u00bb40px||40px||true|false\u00bb custom_padding=\u00bb|30px||30px|false|true\u00bb global_colors_info=\u00bb{}\u00bb]<\/p>\n<p>Los primeros 150\u20ac anuales desgravan el 95% de la donaci\u00f3n en la declaraci\u00f3n de la renta.<br \/>Es decir, acabas pagando solo 7&#8217;5\u20ac<\/p>\n<p>[\/et_pb_text][et_pb_button button_url=\u00bb@ET-DC@eyJkeW5hbWljIjp0cnVlLCJjb250ZW50IjoicG9zdF9saW5rX3VybF9wYWdlIiwic2V0dGluZ3MiOnsicG9zdF9pZCI6IjEzNzgifX0=@\u00bb button_text=\u00bb\u00a1Te explicamos c\u00f3mo hacerlo!\u00bb button_alignment=\u00bbcenter\u00bb disabled_on=\u00bboff|off|off\u00bb _builder_version=\u00bb4.23.1&#8243; _dynamic_attributes=\u00bbbutton_url\u00bb _module_preset=\u00bbdefault\u00bb custom_button=\u00bbon\u00bb button_text_size=\u00bb18px\u00bb button_font=\u00bbMyriadPro Light|300|||||||\u00bb button_use_icon=\u00bboff\u00bb custom_css_main_element=\u00bbtext-transform: inherit !important;\u00bb global_colors_info=\u00bb{}\u00bb][\/et_pb_button][\/et_pb_column][\/et_pb_row][\/et_pb_section][et_pb_section fb_built=\u00bb1&#8243; disabled_on=\u00bbon|on|on\u00bb admin_label=\u00bbPOPUP &#8211; Obre els ulls\u00bb module_id=\u00bbleads-home\u00bb module_class=\u00bbpopup close-alt\u00bb _builder_version=\u00bb4.23.1&#8243; _module_preset=\u00bbdefault\u00bb background_color=\u00bb#FFFFFF\u00bb background_enable_image=\u00bboff\u00bb background_size=\u00bbcontain\u00bb background_position=\u00bbbottom_center\u00bb width=\u00bb61%\u00bb width_tablet=\u00bb80%\u00bb width_phone=\u00bb95%\u00bb width_last_edited=\u00bbon|phone\u00bb module_alignment=\u00bbcenter\u00bb display_conditions=\u00bbW10=\u00bb custom_margin=\u00bb0px|-6px|0px|-6px|true|true\u00bb custom_padding=\u00bb0px|0px|0px|0px|true|true\u00bb animation_style=\u00bbzoom\u00bb animation_duration=\u00bb500ms\u00bb da_is_popup=\u00bbon\u00bb da_popup_slug=\u00bbleads-home\u00bb da_alt_close=\u00bbon\u00bb da_disable_devices=\u00bboff|off|off\u00bb border_color_all=\u00bb#FFFFFF\u00bb box_shadow_style=\u00bbpreset1&#8243; disabled=\u00bbon\u00bb locked=\u00bboff\u00bb collapsed=\u00bbon\u00bb global_colors_info=\u00bb{}\u00bb da_exit_intent=\u00bboff\u00bb da_has_close=\u00bbon\u00bb da_dark_close=\u00bboff\u00bb da_not_modal=\u00bbon\u00bb da_is_singular=\u00bboff\u00bb da_with_loader=\u00bboff\u00bb da_has_shadow=\u00bbon\u00bb][et_pb_row column_structure=\u00bb1_2,1_2&#8243; use_custom_gutter=\u00bbon\u00bb gutter_width=\u00bb1&#8243; make_equal=\u00bbon\u00bb custom_padding_last_edited=\u00bboff|desktop\u00bb _builder_version=\u00bb4.23.1&#8243; _module_preset=\u00bbdefault\u00bb width=\u00bb100%\u00bb module_alignment=\u00bbcenter\u00bb overflow-y=\u00bbhidden\u00bb custom_margin=\u00bb0px|-7px||-80px|false|false\u00bb custom_padding=\u00bb0px|0px|0px|0px|true|true\u00bb collapsed=\u00bboff\u00bb global_colors_info=\u00bb{}\u00bb][et_pb_column type=\u00bb1_2&#8243; _builder_version=\u00bb4.23.1&#8243; _module_preset=\u00bbdefault\u00bb background_color=\u00bbRGBA(255,255,255,0)\u00bb background_image=\u00bbhttps:\/\/www.casaldelsinfants.org\/wp-content\/uploads\/10_A18Rav-1-scaled.webp\u00bb custom_padding=\u00bb15px|0px||0px|false|false\u00bb global_colors_info=\u00bb{}\u00bb][\/et_pb_column][et_pb_column type=\u00bb1_2&#8243; _builder_version=\u00bb4.23.1&#8243; _module_preset=\u00bbdefault\u00bb background_color=\u00bb#FFFFFF\u00bb custom_padding=\u00bb40px|30px|0px|30px|false|true\u00bb global_colors_info=\u00bb{}\u00bb][et_pb_text _builder_version=\u00bb4.23.1&#8243; _module_preset=\u00bbdefault\u00bb text_font=\u00bbMyriadPro Bold|700|||||||\u00bb text_text_color=\u00bb#006450&#8243; text_font_size=\u00bb36px\u00bb text_line_height=\u00bb1.1em\u00bb text_orientation=\u00bbcenter\u00bb custom_margin=\u00bb-25px||||false|false\u00bb custom_padding=\u00bb10px||0px||false|false\u00bb text_font_size_tablet=\u00bb36px\u00bb text_font_size_phone=\u00bb30px\u00bb text_font_size_last_edited=\u00bbon|phone\u00bb global_colors_info=\u00bb{}\u00bb]<\/p>\n<p>Abre los ojos<\/p>\n<p>[\/et_pb_text][et_pb_text _builder_version=\u00bb4.23.1&#8243; _module_preset=\u00bbdefault\u00bb text_font=\u00bbMyriadPro Regular|300|||||||\u00bb text_text_color=\u00bb#000000&#8243; text_font_size=\u00bb21px\u00bb text_line_height=\u00bb1.2em\u00bb text_orientation=\u00bbcenter\u00bb custom_margin=\u00bb15px||20px||false|false\u00bb custom_padding=\u00bb|24px||24px|false|true\u00bb global_colors_info=\u00bb{}\u00bb]<\/p>\n<p style=\"text-align: center;\"><span style=\"color: #000000;\"><strong>D\u00e9janos contarte las historias que <\/strong><\/span><span style=\"color: #000000;\"><strong>tambi\u00e9n pasan a tu alrededor<\/strong><\/span><\/p>\n<p>[\/et_pb_text][et_pb_code admin_label=\u00bb%91ninja_form id=43%93&#8243; _builder_version=\u00bb4.23.1&#8243; _module_preset=\u00bbdefault\u00bb background_color=\u00bb#FFFFFF\u00bb custom_margin=\u00bb||-9px|||\u00bb custom_padding=\u00bb||0px|||\u00bb global_colors_info=\u00bb{}\u00bb]<noscript class=\"ninja-forms-noscript-message\">\n\tAviso: Se requiere JavaScript para este contenido.<\/noscript>\n<style>\n\n        \/* PLUGIN WIDE STYLES *\/\n    \n        .nf-form-content .nf-field-element .ninja-forms-field:not(select) {\n                                    accent-color: #f8ac00;                    }\n    <\/style><style>\n\n        \/* FIELDS STYLES *\/\n    \n        .nf-form-content .nf-field-container #nf-field-1813-wrap .nf-field-element .ninja-forms-field {\n                    }\n        .nf-form-content .nf-field-container #nf-field-1814-wrap {\n                                    margin:0px auto;\n                                            display:block;\n                    }\n        .nf-form-content .nf-field-container #nf-field-1815-wrap {\n                                    display:block;\n                    }\n        .nf-form-content .nf-field-container #nf-field-1815-wrap .nf-field-element .ninja-forms-field {\n                                    display:block;\n                                                    margin: auto;\ndisplay: block;                    }\n        .nf-form-content .nf-field-container #nf-field-1815-wrap .nf-field-element .ninja-forms-field:hover {\n                                    margin:auto;\n                                            display:block;\n                    }\n    <\/style><div id=\"nf-form-43-cont\" class=\"nf-form-cont\" aria-live=\"polite\" aria-labelledby=\"nf-form-title-43\" aria-describedby=\"nf-form-errors-43\" role=\"form\">\n\n    <div class=\"nf-loading-spinner\"><\/div>\n\n<\/div>\n        <!-- That data is being printed as a workaround to page builders reordering the order of the scripts loaded-->\n        <script>var formDisplay=1;var nfForms=nfForms||[];var form=[];form.id='43';form.settings={\"objectType\":\"Form Setting\",\"editActive\":true,\"title\":\"Nuevos Leads Home\",\"created_at\":\"2024-02-08 12:49:22\",\"default_label_pos\":\"above\",\"show_title\":\"0\",\"clear_complete\":\"1\",\"hide_complete\":\"1\",\"logged_in\":\"\",\"wrapper_class\":\"\",\"element_class\":\"\",\"key\":\"\",\"add_submit\":\"0\",\"changeEmailErrorMsg\":\"Introduce una direcci\\u00f3n de correo electr\\u00f3nico v\\u00e1lida.\",\"changeDateErrorMsg\":\"\\u00a1Introduce una fecha v\\u00e1lida!\",\"confirmFieldErrorMsg\":\"Estos campos deben coincidir.\",\"fieldNumberNumMinError\":\"Error de n\\u00famero m\\u00ednimo\",\"fieldNumberNumMaxError\":\"Error de n\\u00famero m\\u00e1ximo\",\"fieldNumberIncrementBy\":\"Increm\\u00e9ntalo por \",\"formErrorsCorrectErrors\":\"Corrige los errores antes de enviar este formulario.\",\"validateRequiredField\":\"Esto es un campo obligatorio.\",\"honeypotHoneypotError\":\"Error de Honeypot\",\"fieldsMarkedRequired\":\"Los campos marcados con <span class=\\\"ninja-forms-req-symbol\\\">*<\\\/span> son obligatorios\",\"currency\":\"\",\"unique_field_error\":\"A form with this value has already been submitted.\",\"not_logged_in_msg\":\"\",\"sub_limit_msg\":\"The form has reached its submission limit.\",\"calculations\":[],\"container_styles_show_advanced_css\":\"0\",\"title_styles_show_advanced_css\":\"0\",\"row_styles_show_advanced_css\":\"0\",\"row-odd_styles_show_advanced_css\":\"0\",\"success-msg_styles_show_advanced_css\":\"0\",\"error_msg_styles_show_advanced_css\":\"0\",\"conditions\":[],\"formContentData\":[{\"formContentData\":[{\"order\":1,\"cells\":[{\"order\":0,\"fields\":[\"name\"],\"width\":50},{\"order\":1,\"fields\":[\"lastname\"],\"width\":50}]},{\"order\":2,\"cells\":[{\"order\":0,\"fields\":[\"email\"],\"width\":\"100\"}]},{\"order\":4,\"cells\":[{\"order\":0,\"fields\":[\"idioma_comunicacions\"],\"width\":\"100\"}]},{\"order\":5,\"cells\":[{\"order\":0,\"fields\":[\"accepto_politica_de_privacitat\"],\"width\":8},{\"order\":1,\"fields\":[\"html_1658244655209\"],\"width\":92}]},{\"order\":6,\"cells\":[{\"order\":0,\"fields\":[\"enviar_1707738104139\"],\"width\":\"100\"}]}],\"order\":0,\"type\":\"part\",\"clean\":true,\"title\":\"Part Title\",\"key\":\"ggwntjzn\"}],\"drawerDisabled\":false,\"form_title_heading_level\":\"3\",\"mp_breadcrumb\":\"1\",\"mp_progress_bar\":\"1\",\"mp_display_titles\":\"0\",\"breadcrumb_container_styles_show_advanced_css\":\"0\",\"breadcrumb_buttons_styles_show_advanced_css\":\"0\",\"breadcrumb_button_hover_styles_show_advanced_css\":\"0\",\"breadcrumb_active_button_styles_show_advanced_css\":\"0\",\"progress_bar_container_styles_show_advanced_css\":\"0\",\"progress_bar_fill_styles_show_advanced_css\":\"0\",\"part_titles_styles_show_advanced_css\":\"0\",\"navigation_container_styles_show_advanced_css\":\"0\",\"previous_button_styles_show_advanced_css\":\"0\",\"next_button_styles_show_advanced_css\":\"0\",\"navigation_hover_styles_show_advanced_css\":\"0\",\"allow_public_link\":0,\"embed_form\":\"\",\"container_styles_border\":\"\",\"container_styles_height\":\"\",\"container_styles_margin\":\"\",\"container_styles_padding\":\"\",\"container_styles_float\":\"\",\"title_styles_border\":\"\",\"title_styles_height\":\"\",\"title_styles_width\":\"\",\"title_styles_font-size\":\"\",\"title_styles_margin\":\"\",\"title_styles_padding\":\"\",\"title_styles_float\":\"\",\"row_styles_border\":\"\",\"row_styles_width\":\"\",\"row_styles_font-size\":\"\",\"row_styles_margin\":\"\",\"row_styles_padding\":\"\",\"row-odd_styles_border\":\"\",\"row-odd_styles_height\":\"\",\"row-odd_styles_width\":\"\",\"row-odd_styles_font-size\":\"\",\"row-odd_styles_margin\":\"\",\"row-odd_styles_padding\":\"\",\"success-msg_styles_border\":\"\",\"success-msg_styles_height\":\"\",\"success-msg_styles_width\":\"\",\"success-msg_styles_font-size\":\"\",\"success-msg_styles_margin\":\"\",\"success-msg_styles_padding\":\"\",\"error_msg_styles_border\":\"\",\"error_msg_styles_width\":\"\",\"error_msg_styles_font-size\":\"\",\"error_msg_styles_margin\":\"\",\"error_msg_styles_padding\":\"\",\"ninjaForms\":\"Ninja Forms\",\"fieldTextareaRTEInsertLink\":\"Insertar enlace\",\"fieldTextareaRTEInsertMedia\":\"Insertar medios\",\"fieldTextareaRTESelectAFile\":\"Seleccione un archivo\",\"formHoneypot\":\"Si eres un ser humano y est\\u00e1s viendo este campo, por favor d\\u00e9jalo vac\\u00edo.\",\"fileUploadOldCodeFileUploadInProgress\":\"Subida de archivo en curso.\",\"fileUploadOldCodeFileUpload\":\"SUBIDA DE ARCHIVO\",\"currencySymbol\":\"&euro;\",\"thousands_sep\":\".\",\"decimal_point\":\",\",\"siteLocale\":\"es_ES\",\"dateFormat\":\"d\\\/m\\\/Y\",\"startOfWeek\":\"1\",\"of\":\"de\",\"previousMonth\":\"Mes anterior\",\"nextMonth\":\"Pr\\u00f3ximo mes\",\"months\":[\"Enero\",\"Febrero\",\"Marzo\",\"Abril\",\"Mayo\",\"Junio\",\"Julio\",\"Agosto\",\"Septiembre\",\"Octubre\",\"Noviembre\",\"Diciembre\"],\"monthsShort\":[\"Ene\",\"Feb\",\"Mar\",\"Abr\",\"Mayo\",\"Jun\",\"Jul\",\"Ago\",\"Sep\",\"Oct\",\"Nov\",\"Dic\"],\"weekdays\":[\"Domingo\",\"Lunes\",\"Martes\",\"Mi\\u00e9rcoles\",\"Jueves\",\"Viernes\",\"S\\u00e1bado\"],\"weekdaysShort\":[\"Dom\",\"Lun\",\"Jue\",\"Mi\\u00e9\",\"Jue\",\"Vie\",\"Sab\"],\"weekdaysMin\":[\"Do\",\"Lu\",\"Ma\",\"Mi\",\"Ju\",\"Vi\",\"S\\u00e1\"],\"recaptchaConsentMissing\":\"reCaptcha validation couldn&#039;t load.\",\"recaptchaMissingCookie\":\"reCaptcha v3 validation couldn&#039;t load the cookie needed to submit the form.\",\"recaptchaConsentEvent\":\"Accept reCaptcha cookies before sending the form.\",\"paypalCheckout\":{\"countrySelectError\":\"Please select a country\",\"invalidNameError\":\"Invalid Name\",\"cardTypeError\":\"Card Type Not Accepted\",\"invalidCardError\":\"Invalid Card Number\",\"invalidExpiryError\":\"Invalid Expiry Date\",\"invalidCvvError\":\"Invalid Security Code\"},\"currency_symbol\":\"\",\"beforeForm\":\"\",\"beforeFields\":\"\",\"afterFields\":\"\",\"afterForm\":\"\"};form.fields=[{\"objectType\":\"Field\",\"objectDomain\":\"fields\",\"editActive\":false,\"order\":1,\"idAttribute\":\"id\",\"type\":\"firstname\",\"label\":\"Nombre\",\"key\":\"name\",\"label_pos\":\"hidden\",\"required\":1,\"default\":\"\",\"placeholder\":\"Nombre*\",\"container_class\":\"nom\",\"element_class\":\"\",\"admin_label\":\"\",\"help_text\":\"\",\"custom_name_attribute\":\"fname\",\"personally_identifiable\":1,\"wrap_styles_border\":\"\",\"wrap_styles_width\":\"\",\"wrap_styles_margin\":\"\",\"wrap_styles_padding\":\"\",\"wrap_styles_float\":\"\",\"wrap_styles_show_advanced_css\":0,\"label_styles_border\":\"\",\"label_styles_width\":\"\",\"label_styles_font-size\":\"\",\"label_styles_margin\":\"\",\"label_styles_padding\":\"\",\"label_styles_float\":\"\",\"label_styles_show_advanced_css\":0,\"element_styles_border\":\"\",\"element_styles_width\":\"\",\"element_styles_font-size\":\"\",\"element_styles_margin\":\"\",\"element_styles_padding\":\"\",\"element_styles_float\":\"\",\"element_styles_show_advanced_css\":0,\"cellcid\":\"c4216\",\"value\":\"\",\"drawerDisabled\":false,\"wrap_styles_display\":\"\",\"element_styles_advanced\":\"\",\"field_label\":\"Nom\",\"field_key\":\"name\",\"manual_key\":1,\"id\":1810,\"beforeField\":\"\",\"afterField\":\"\",\"parentType\":\"firstname\",\"element_templates\":[\"firstname\",\"input\"],\"old_classname\":\"\",\"wrap_template\":\"wrap\"},{\"objectType\":\"Field\",\"objectDomain\":\"fields\",\"editActive\":false,\"order\":2,\"idAttribute\":\"id\",\"type\":\"lastname\",\"label\":\"Apellidos\",\"key\":\"lastname\",\"label_pos\":\"hidden\",\"required\":1,\"default\":\"\",\"placeholder\":\"Apellidos\",\"container_class\":\"\",\"element_class\":\"\",\"admin_label\":\"\",\"help_text\":\"\",\"custom_name_attribute\":\"lname\",\"personally_identifiable\":1,\"wrap_styles_border\":\"\",\"wrap_styles_width\":\"\",\"wrap_styles_margin\":\"\",\"wrap_styles_padding\":\"\",\"wrap_styles_float\":\"\",\"wrap_styles_show_advanced_css\":0,\"label_styles_border\":\"\",\"label_styles_width\":\"\",\"label_styles_font-size\":\"\",\"label_styles_margin\":\"\",\"label_styles_padding\":\"\",\"label_styles_float\":\"\",\"label_styles_show_advanced_css\":0,\"element_styles_border\":\"\",\"element_styles_width\":\"\",\"element_styles_font-size\":\"\",\"element_styles_margin\":\"\",\"element_styles_padding\":\"\",\"element_styles_float\":\"\",\"element_styles_show_advanced_css\":0,\"cellcid\":\"c4219\",\"value\":\"\",\"drawerDisabled\":\"\",\"wrap_styles_display\":\"\",\"element_styles_advanced\":\"\",\"field_label\":\"Cognoms\",\"field_key\":\"lastname\",\"manual_key\":1,\"id\":1811,\"beforeField\":\"\",\"afterField\":\"\",\"parentType\":\"lastname\",\"element_templates\":[\"lastname\",\"input\"],\"old_classname\":\"\",\"wrap_template\":\"wrap\"},{\"objectType\":\"Field\",\"objectDomain\":\"fields\",\"editActive\":false,\"order\":4,\"idAttribute\":\"id\",\"type\":\"email\",\"label\":\"Correo electr\\u00f3nico\",\"key\":\"email\",\"label_pos\":\"hidden\",\"required\":1,\"default\":\"\",\"placeholder\":\"Correo electr\\u00f3nico\",\"container_class\":\"\",\"element_class\":\"\",\"admin_label\":\"\",\"help_text\":\"\",\"custom_name_attribute\":\"email\",\"personally_identifiable\":1,\"wrap_styles_border\":\"\",\"wrap_styles_width\":\"\",\"wrap_styles_margin\":\"\",\"wrap_styles_padding\":\"\",\"wrap_styles_float\":\"\",\"wrap_styles_show_advanced_css\":0,\"label_styles_border\":\"\",\"label_styles_width\":\"\",\"label_styles_font-size\":\"\",\"label_styles_margin\":\"\",\"label_styles_padding\":\"\",\"label_styles_float\":\"\",\"label_styles_show_advanced_css\":0,\"element_styles_border\":\"\",\"element_styles_width\":\"\",\"element_styles_font-size\":\"\",\"element_styles_margin\":\"\",\"element_styles_padding\":\"\",\"element_styles_float\":\"\",\"element_styles_show_advanced_css\":1,\"cellcid\":\"c4222\",\"value\":\"\",\"drawerDisabled\":false,\"wrap_styles_display\":\"\",\"element_styles_advanced\":\"\",\"field_label\":\"Correu electr\\u00f2nic\",\"field_key\":\"email\",\"manual_key\":1,\"id\":1813,\"beforeField\":\"\",\"afterField\":\"\",\"parentType\":\"email\",\"element_templates\":[\"email\",\"input\"],\"old_classname\":\"\",\"wrap_template\":\"wrap\"},{\"objectType\":\"Field\",\"objectDomain\":\"fields\",\"editActive\":false,\"order\":6,\"idAttribute\":\"id\",\"type\":\"listcheckbox\",\"label\":\"\\u00bfEn qu\\u00e9 idioma prefieres recibir las comunicaciones?\",\"key\":\"idioma_comunicacions\",\"label_pos\":\"above\",\"required\":1,\"options\":[{\"errors\":[],\"max_options\":0,\"label\":\"Catal\\u00e1n\",\"value\":\"Catala\",\"calc\":\"\",\"selected\":0,\"order\":0,\"settingModel\":{\"settings\":false,\"hide_merge_tags\":false,\"error\":false,\"name\":\"options\",\"type\":\"option-repeater\",\"label\":\"Options <a href=\\\"#\\\" class=\\\"nf-add-new\\\">Add New<\\\/a> <a href=\\\"#\\\" class=\\\"extra nf-open-import-tooltip\\\"><i class=\\\"fa fa-sign-in\\\" aria-hidden=\\\"true\\\"><\\\/i> Import<\\\/a>\",\"width\":\"full\",\"group\":\"\",\"value\":[{\"label\":\"One\",\"value\":\"one\",\"calc\":\"\",\"selected\":0,\"order\":0},{\"label\":\"Two\",\"value\":\"two\",\"calc\":\"\",\"selected\":0,\"order\":1},{\"label\":\"Three\",\"value\":\"three\",\"calc\":\"\",\"selected\":0,\"order\":2}],\"columns\":{\"label\":{\"header\":\"Label\",\"default\":\"\"},\"value\":{\"header\":\"Value\",\"default\":\"\"},\"calc\":{\"header\":\"Calc Value\",\"default\":\"\"},\"selected\":{\"header\":\"<span class=\\\"dashicons dashicons-yes\\\"><\\\/span>\",\"default\":0}}},\"manual_value\":true},{\"errors\":[],\"max_options\":0,\"label\":\"Castellano\",\"value\":\"Castella\",\"calc\":\"\",\"selected\":0,\"order\":1,\"settingModel\":{\"settings\":false,\"hide_merge_tags\":false,\"error\":false,\"name\":\"options\",\"type\":\"option-repeater\",\"label\":\"Options <a href=\\\"#\\\" class=\\\"nf-add-new\\\">Add New<\\\/a> <a href=\\\"#\\\" class=\\\"extra nf-open-import-tooltip\\\"><i class=\\\"fa fa-sign-in\\\" aria-hidden=\\\"true\\\"><\\\/i> Import<\\\/a>\",\"width\":\"full\",\"group\":\"\",\"value\":[{\"label\":\"One\",\"value\":\"one\",\"calc\":\"\",\"selected\":0,\"order\":0},{\"label\":\"Two\",\"value\":\"two\",\"calc\":\"\",\"selected\":0,\"order\":1},{\"label\":\"Three\",\"value\":\"three\",\"calc\":\"\",\"selected\":0,\"order\":2}],\"columns\":{\"label\":{\"header\":\"Label\",\"default\":\"\"},\"value\":{\"header\":\"Value\",\"default\":\"\"},\"calc\":{\"header\":\"Calc Value\",\"default\":\"\"},\"selected\":{\"header\":\"<span class=\\\"dashicons dashicons-yes\\\"><\\\/span>\",\"default\":0}}},\"manual_value\":true}],\"container_class\":\"\",\"element_class\":\"\",\"admin_label\":\"\",\"help_text\":\"\",\"wrap_styles_border\":\"\",\"wrap_styles_width\":\"\",\"wrap_styles_margin\":\"\",\"wrap_styles_padding\":\"\",\"wrap_styles_float\":\"\",\"wrap_styles_show_advanced_css\":0,\"label_styles_border\":\"\",\"label_styles_width\":\"\",\"label_styles_font-size\":\"\",\"label_styles_margin\":\"\",\"label_styles_padding\":\"\",\"label_styles_float\":\"\",\"label_styles_show_advanced_css\":0,\"element_styles_border\":\"\",\"element_styles_width\":\"\",\"element_styles_font-size\":\"\",\"element_styles_margin\":\"\",\"element_styles_padding\":\"\",\"element_styles_float\":\"\",\"element_styles_show_advanced_css\":0,\"list_item_row_styles_border\":\"\",\"list_item_row_styles_height\":\"\",\"list_item_row_styles_width\":\"\",\"list_item_row_styles_font-size\":\"\",\"list_item_row_styles_margin\":\"\",\"list_item_row_styles_padding\":\"\",\"list_item_row_styles_float\":\"\",\"list_item_row_styles_show_advanced_css\":0,\"list_item_label_styles_border\":\"\",\"list_item_label_styles_height\":\"\",\"list_item_label_styles_width\":\"\",\"list_item_label_styles_font-size\":\"\",\"list_item_label_styles_margin\":\"\",\"list_item_label_styles_padding\":\"\",\"list_item_label_styles_float\":\"\",\"list_item_label_styles_show_advanced_css\":0,\"list_item_element_styles_border\":\"\",\"list_item_element_styles_height\":\"\",\"list_item_element_styles_width\":\"\",\"list_item_element_styles_font-size\":\"\",\"list_item_element_styles_margin\":\"\",\"list_item_element_styles_padding\":\"\",\"list_item_element_styles_float\":\"\",\"list_item_element_styles_show_advanced_css\":0,\"cellcid\":\"c4225\",\"drawerDisabled\":false,\"manual_key\":true,\"id\":1818,\"beforeField\":\"\",\"afterField\":\"\",\"value\":\"\",\"parentType\":\"list\",\"element_templates\":[\"listcheckbox\",\"input\"],\"old_classname\":\"list-checkbox\",\"wrap_template\":\"wrap\"},{\"objectType\":\"Field\",\"objectDomain\":\"fields\",\"editActive\":false,\"order\":7,\"idAttribute\":\"id\",\"type\":\"checkbox\",\"label\":\"Acepto la pol\\u00edtica de privacidad de datos\",\"key\":\"accepto_politica_de_privacitat\",\"label_pos\":\"hidden\",\"required\":\"\",\"container_class\":\"\",\"element_class\":\"\",\"manual_key\":1,\"admin_label\":\"\",\"help_text\":\"\",\"default_value\":\"unchecked\",\"checked_value\":\"Si\",\"unchecked_value\":\"No\",\"checked_calc_value\":\"\",\"unchecked_calc_value\":\"\",\"wrap_styles_border\":\"\",\"wrap_styles_width\":\"\",\"wrap_styles_margin\":\"0px auto\",\"wrap_styles_padding\":\"\",\"wrap_styles_float\":\"\",\"wrap_styles_show_advanced_css\":0,\"label_styles_border\":\"\",\"label_styles_width\":\"\",\"label_styles_font-size\":\"\",\"label_styles_margin\":\"\",\"label_styles_padding\":\"\",\"label_styles_float\":\"\",\"label_styles_show_advanced_css\":0,\"element_styles_border\":\"\",\"element_styles_width\":\"\",\"element_styles_font-size\":\"\",\"element_styles_margin\":\"\",\"element_styles_padding\":\"\",\"element_styles_float\":\"\",\"element_styles_show_advanced_css\":0,\"cellcid\":\"c4228\",\"drawerDisabled\":false,\"wrap_styles_display\":\"block\",\"field_label\":\"Accepto la pol\\u00edtica de privacitat de dades\",\"field_key\":\"accepto_politica_de_privacitat\",\"id\":1814,\"beforeField\":\"\",\"afterField\":\"\",\"value\":\"\",\"parentType\":\"checkbox\",\"element_templates\":[\"checkbox\",\"input\"],\"old_classname\":\"\",\"wrap_template\":\"wrap\"},{\"objectType\":\"Field\",\"objectDomain\":\"fields\",\"editActive\":false,\"order\":8,\"idAttribute\":\"id\",\"label\":\"\",\"key\":\"html_1658244655209\",\"type\":\"html\",\"field_label\":\"\",\"field_key\":\"html_1658244655209\",\"default\":\"He le\\u00eddo y acepto la <a href=\\\"https:\\\/\\\/www.casaldelsinfants.org\\\/es\\\/es-politica-de-privacidad-de-datos-de-caracter-personal\\\/\\\" class=\\\"verd\\\" target=\\\"_blank\\\">pol\\u00edtica de privacidad de datos<\\\/a> y <a href=\\\"https:\\\/\\\/www.casaldelsinfants.org\\\/es\\\/condiciones-de-uso\\\/\\\">condiciones de \\u00faso<span class=\\\"red\\\">*<\\\/span><\\\/a>\",\"container_class\":\"\",\"element_class\":\"\",\"wrap_styles_show_advanced_css\":0,\"label_styles_show_advanced_css\":0,\"element_styles_show_advanced_css\":0,\"cellcid\":\"c4230\",\"wrap_styles_border\":\"\",\"wrap_styles_width\":\"\",\"wrap_styles_margin\":\"\",\"wrap_styles_padding\":\"\",\"wrap_styles_float\":\"\",\"label_styles_border\":\"\",\"label_styles_width\":\"\",\"label_styles_font-size\":\"\",\"label_styles_margin\":\"\",\"label_styles_padding\":\"\",\"label_styles_float\":\"\",\"element_styles_border\":\"\",\"element_styles_width\":\"\",\"element_styles_font-size\":\"\",\"element_styles_margin\":\"\",\"element_styles_padding\":\"\",\"element_styles_float\":\"\",\"drawerDisabled\":false,\"admin_label\":\"\",\"id\":1817,\"beforeField\":\"\",\"afterField\":\"\",\"value\":\"He le\\u00eddo y acepto la <a href=\\\"https:\\\/\\\/www.casaldelsinfants.org\\\/es\\\/es-politica-de-privacidad-de-datos-de-caracter-personal\\\/\\\" class=\\\"verd\\\" target=\\\"_blank\\\">pol\\u00edtica de privacidad de datos<\\\/a> y <a href=\\\"https:\\\/\\\/www.casaldelsinfants.org\\\/es\\\/condiciones-de-uso\\\/\\\">condiciones de \\u00faso<span class=\\\"red\\\">*<\\\/span><\\\/a>\",\"label_pos\":\"above\",\"parentType\":\"html\",\"element_templates\":[\"html\",\"input\"],\"old_classname\":\"\",\"wrap_template\":\"wrap\"},{\"objectType\":\"Field\",\"objectDomain\":\"fields\",\"editActive\":false,\"order\":9,\"idAttribute\":\"id\",\"type\":\"submit\",\"label\":\"Enviar\",\"processing_label\":\"Enviando...\",\"container_class\":\"\",\"element_class\":\"\",\"key\":\"enviar_1707738104139\",\"wrap_styles_border\":\"\",\"wrap_styles_width\":\"\",\"wrap_styles_margin\":\"\",\"wrap_styles_padding\":\"\",\"wrap_styles_float\":\"\",\"wrap_styles_show_advanced_css\":0,\"element_styles_border\":\"\",\"element_styles_width\":\"\",\"element_styles_font-size\":\"\",\"element_styles_margin\":\"\",\"element_styles_padding\":\"\",\"element_styles_float\":\"\",\"element_styles_show_advanced_css\":1,\"submit_element_hover_styles_border\":\"\",\"submit_element_hover_styles_width\":\"\",\"submit_element_hover_styles_font-size\":\"\",\"submit_element_hover_styles_margin\":\"auto\",\"submit_element_hover_styles_padding\":\"\",\"submit_element_hover_styles_float\":\"\",\"submit_element_hover_styles_show_advanced_css\":0,\"cellcid\":\"c4233\",\"drawerDisabled\":false,\"wrap_styles_display\":\"block\",\"field_label\":\"SIGNA\",\"field_key\":\"signa_1658308524470\",\"wrap_styles_advanced\":\"\",\"element_styles_advanced\":\"margin: auto;\\ndisplay: block;\",\"submit_element_hover_styles_advanced\":\"\",\"element_styles_display\":\"block\",\"submit_element_hover_styles_display\":\"block\",\"admin_label\":\"\",\"id\":1815,\"beforeField\":\"\",\"afterField\":\"\",\"value\":\"\",\"label_pos\":\"above\",\"parentType\":\"textbox\",\"element_templates\":[\"submit\",\"button\",\"input\"],\"old_classname\":\"\",\"wrap_template\":\"wrap-no-label\"},{\"objectType\":\"Field\",\"objectDomain\":\"fields\",\"editActive\":false,\"order\":\"8.0\",\"type\":\"recaptcha_v3\",\"label\":\"Hidden\",\"key\":\"recaptcha_v3\",\"default\":\"\",\"admin_label\":\"\",\"drawerDisabled\":false,\"id\":\"66468\",\"beforeField\":\"\",\"afterField\":\"\",\"value\":\"\",\"label_pos\":\"above\",\"parentType\":\"hidden\",\"element_templates\":[\"recaptcha-v3\",\"hidden\",\"input\"],\"old_classname\":\"\",\"wrap_template\":\"wrap-no-label\",\"site_key\":\"6LdHD64gAAAAAF_lub_rX_3FU55YwTbf2cSTuSoN\"}];nfForms.push(form);<\/script>\n        <script id=\"tmpl-nf-mp-form-content\" type=\"text\/template\">\n\t<div class=\"nf-mp-header\"><\/div>\n\t<div class=\"nf-mp-body\"><\/div>\n\t<div class=\"nf-mp-footer\"><\/div>\n<\/script>\n\n<script id=\"tmpl-nf-mp-header\" type=\"text\/template\">\n\t{{{ data.renderProgressBar() }}}\n\t{{{ data.renderBreadcrumbs() }}}\n\t{{{ data.renderPartTitle() }}}\n<\/script>\n<script id=\"tmpl-nf-mp-part-title\" type=\"text\/template\">\n\t<h3>\n\t\t{{{ data.title }}}\n\t<\/h3>\n<\/script>\n\n<script id=\"tmpl-nf-mp-footer\" type=\"text\/template\">\n\t{{{ data.renderNextPrevious() }}}\n<\/script>\n\n<script id=\"tmpl-nf-mp-next-previous\" type=\"text\/template\">\n\t<ul class=\"nf-next-previous\">\n\t\t<# if ( data.showPrevious ) { #>\n\t\t<li class=\"nf-previous-item\">\n\t\t\t<input type=\"button\" class=\"nf-previous\" value=\"{{{ data.prevLabel }}}\" \/>\n\t\t<\/li>\n\t\t<# } #>\n\n\t\t<# if ( data.showNext ) { #>\n\t\t<li class=\"nf-next-item\">\n\t\t\t<input type=\"button\" class=\"nf-next\" value=\"{{{ data.nextLabel }}}\" \/>\n\t\t<\/li>\n\t\t<# } #>\n\t<\/ul>\n<\/script>\n\n<script id=\"tmpl-nf-mp-breadcrumbs\" type=\"text\/template\">\n\t<ul class=\"nf-breadcrumbs\">\n\t\t<# _.each( data.parts, function( part, index ) { #>\n\t\t<li class=\"{{{ ( data.currentIndex == index ) ? 'active' : '' }}} {{{ ( part.errors ) ? 'errors' : '' }}}\">\n\t\t\t<a href=\"#\" class=\"nf-breadcrumb\" data-index=\"{{{ index }}}\">{{{ ( part.errors ) ? '' : '' }}} {{{ part.title }}}<\/a>\n\t\t<\/li>\n\t\t<# } ); #>\n\t<\/ul>\n<\/script>\n\n<script id=\"tmpl-nf-mp-progress-bar\" type=\"text\/template\">\n    <div class=\"nf-progress-container\">\n        <div class=\"nf-progress\" style=\"width: {{{ data.percent }}}%;\"><\/div>\n    <\/div>\n<\/script>        <script id=\"nf-tmpl-cell\" type=\"text\/template\">\n            <nf-fields><\/nf-fields>\n        <\/script>\n\n        <script id=\"nf-tmpl-row\" type=\"text\/template\">\n            <nf-cells><\/nf-cells>\n        <\/script>\n\n        [\/et_pb_code][\/et_pb_column][\/et_pb_row][\/et_pb_section]<\/p>\n","protected":false},"excerpt":{"rendered":"<p>Reto espacio de lecturaHay una realidad invisibilizada muy cerca de ti Contribuye a favorecer el futuro de ni\u00f1os, ni\u00f1as y j\u00f3venes en situaci\u00f3n de vulnerabilidad Casal dels InfantsEn Catalunya, 1 de cada 3 ni\u00f1os vive en riesgo de pobreza o exclusi\u00f3n socialEn los barrios m es desfavorecidos, 1 de cada 2 ni\u00f1os y ni\u00f1as sufre [&hellip;]<\/p>\n","protected":false},"author":1,"featured_media":44495,"parent":0,"menu_order":0,"comment_status":"closed","ping_status":"closed","template":"","meta":{"_acf_changed":false,"_et_pb_use_builder":"on","_et_pb_old_content":"","_et_gb_content_width":"","inline_featured_image":false,"footnotes":""},"seus":[],"eixos":[],"class_list":["post-18633","page","type-page","status-publish","has-post-thumbnail","hentry"],"acf":[],"yoast_head":"<!-- This site is optimized with the Yoast SEO plugin v27.4 - https:\/\/yoast.com\/product\/yoast-seo-wordpress\/ -->\n<title>Descubre nuestra iniciativa social | Casal dels Infants<\/title>\n<meta name=\"description\" content=\"Desde 1983, trabajando por la igualdad de oportunidades de ni\u00f1os, ni\u00f1as, j\u00f3venes y familias en riesgo de exclusi\u00f3n social.\" \/>\n<meta name=\"robots\" content=\"index, follow, max-snippet:-1, max-image-preview:large, max-video-preview:-1\" \/>\n<link rel=\"canonical\" href=\"https:\/\/www.casaldelsinfants.org\/es\/\" \/>\n<meta property=\"og:locale\" content=\"es_ES\" \/>\n<meta property=\"og:type\" content=\"article\" \/>\n<meta property=\"og:title\" content=\"Descubre nuestra iniciativa social | Casal dels Infants\" \/>\n<meta property=\"og:description\" content=\"Desde 1983, trabajando por la igualdad de oportunidades de ni\u00f1os, ni\u00f1as, j\u00f3venes y familias en riesgo de exclusi\u00f3n social.\" \/>\n<meta property=\"og:url\" content=\"https:\/\/www.casaldelsinfants.org\/es\/\" \/>\n<meta property=\"og:site_name\" content=\"Casal dels Infants\" \/>\n<meta property=\"article:publisher\" content=\"https:\/\/www.facebook.com\/casalinfants\" \/>\n<meta property=\"article:modified_time\" content=\"2026-04-09T09:37:17+00:00\" \/>\n<meta property=\"og:image\" content=\"https:\/\/www.casaldelsinfants.org\/wp-content\/uploads\/imatge-destacada-home-casal-jpg.webp\" \/>\n\t<meta property=\"og:image:width\" content=\"1200\" \/>\n\t<meta property=\"og:image:height\" content=\"630\" \/>\n\t<meta property=\"og:image:type\" content=\"image\/jpeg\" \/>\n<meta name=\"twitter:card\" content=\"summary_large_image\" \/>\n<meta name=\"twitter:site\" content=\"@casalinfants\" \/>\n<meta name=\"twitter:label1\" content=\"Tiempo de lectura\" \/>\n\t<meta name=\"twitter:data1\" content=\"5 minutos\" \/>\n<script type=\"application\/ld+json\" class=\"yoast-schema-graph\">{\"@context\":\"https:\\\/\\\/schema.org\",\"@graph\":[{\"@type\":\"WebPage\",\"@id\":\"https:\\\/\\\/www.casaldelsinfants.org\\\/es\\\/\",\"url\":\"https:\\\/\\\/www.casaldelsinfants.org\\\/es\\\/\",\"name\":\"Descubre nuestra iniciativa social | Casal dels Infants\",\"isPartOf\":{\"@id\":\"https:\\\/\\\/www.casaldelsinfants.org\\\/es\\\/#website\"},\"primaryImageOfPage\":{\"@id\":\"https:\\\/\\\/www.casaldelsinfants.org\\\/es\\\/#primaryimage\"},\"image\":{\"@id\":\"https:\\\/\\\/www.casaldelsinfants.org\\\/es\\\/#primaryimage\"},\"thumbnailUrl\":\"https:\\\/\\\/www.casaldelsinfants.org\\\/wp-content\\\/uploads\\\/imatge-destacada-home-casal-jpg.webp\",\"datePublished\":\"2024-02-15T15:05:15+00:00\",\"dateModified\":\"2026-04-09T09:37:17+00:00\",\"description\":\"Desde 1983, trabajando por la igualdad de oportunidades de ni\u00f1os, ni\u00f1as, j\u00f3venes y familias en riesgo de exclusi\u00f3n social.\",\"breadcrumb\":{\"@id\":\"https:\\\/\\\/www.casaldelsinfants.org\\\/es\\\/#breadcrumb\"},\"inLanguage\":\"es\",\"potentialAction\":[{\"@type\":\"ReadAction\",\"target\":[\"https:\\\/\\\/www.casaldelsinfants.org\\\/es\\\/\"]}]},{\"@type\":\"ImageObject\",\"inLanguage\":\"es\",\"@id\":\"https:\\\/\\\/www.casaldelsinfants.org\\\/es\\\/#primaryimage\",\"url\":\"https:\\\/\\\/www.casaldelsinfants.org\\\/wp-content\\\/uploads\\\/imatge-destacada-home-casal-jpg.webp\",\"contentUrl\":\"https:\\\/\\\/www.casaldelsinfants.org\\\/wp-content\\\/uploads\\\/imatge-destacada-home-casal-jpg.webp\",\"width\":1200,\"height\":630,\"caption\":\"El logo de Casal dels Infants\"},{\"@type\":\"BreadcrumbList\",\"@id\":\"https:\\\/\\\/www.casaldelsinfants.org\\\/es\\\/#breadcrumb\",\"itemListElement\":[{\"@type\":\"ListItem\",\"position\":1,\"name\":\"Inici\",\"item\":\"https:\\\/\\\/www.casaldelsinfants.org\\\/es\\\/\"},{\"@type\":\"ListItem\",\"position\":2,\"name\":\"Home\"}]},{\"@type\":\"WebSite\",\"@id\":\"https:\\\/\\\/www.casaldelsinfants.org\\\/es\\\/#website\",\"url\":\"https:\\\/\\\/www.casaldelsinfants.org\\\/es\\\/\",\"name\":\"Casal dels Infants\",\"description\":\"\",\"publisher\":{\"@id\":\"https:\\\/\\\/www.casaldelsinfants.org\\\/es\\\/#organization\"},\"potentialAction\":[{\"@type\":\"SearchAction\",\"target\":{\"@type\":\"EntryPoint\",\"urlTemplate\":\"https:\\\/\\\/www.casaldelsinfants.org\\\/es\\\/?s={search_term_string}\"},\"query-input\":{\"@type\":\"PropertyValueSpecification\",\"valueRequired\":true,\"valueName\":\"search_term_string\"}}],\"inLanguage\":\"es\"},{\"@type\":\"Organization\",\"@id\":\"https:\\\/\\\/www.casaldelsinfants.org\\\/es\\\/#organization\",\"name\":\"Casal dels Infants\",\"url\":\"https:\\\/\\\/www.casaldelsinfants.org\\\/es\\\/\",\"logo\":{\"@type\":\"ImageObject\",\"inLanguage\":\"es\",\"@id\":\"https:\\\/\\\/www.casaldelsinfants.org\\\/es\\\/#\\\/schema\\\/logo\\\/image\\\/\",\"url\":\"https:\\\/\\\/www.casaldelsinfants.org\\\/wp-content\\\/uploads\\\/logo-mail.png\",\"contentUrl\":\"https:\\\/\\\/www.casaldelsinfants.org\\\/wp-content\\\/uploads\\\/logo-mail.png\",\"width\":380,\"height\":158,\"caption\":\"Casal dels Infants\"},\"image\":{\"@id\":\"https:\\\/\\\/www.casaldelsinfants.org\\\/es\\\/#\\\/schema\\\/logo\\\/image\\\/\"},\"sameAs\":[\"https:\\\/\\\/www.facebook.com\\\/casalinfants\",\"https:\\\/\\\/x.com\\\/casalinfants\",\"https:\\\/\\\/www.youtube.com\\\/user\\\/CasaldelsInfants1\",\"https:\\\/\\\/www.instagram.com\\\/casalinfants\\\/\",\"https:\\\/\\\/www.linkedin.com\\\/company\\\/casaldelsinfants?trk=organization-update_share-update_actor-text\"]}]}<\/script>\n<!-- \/ Yoast SEO plugin. -->","yoast_head_json":{"title":"Descubre nuestra iniciativa social | Casal dels Infants","description":"Desde 1983, trabajando por la igualdad de oportunidades de ni\u00f1os, ni\u00f1as, j\u00f3venes y familias en riesgo de exclusi\u00f3n social.","robots":{"index":"index","follow":"follow","max-snippet":"max-snippet:-1","max-image-preview":"max-image-preview:large","max-video-preview":"max-video-preview:-1"},"canonical":"https:\/\/www.casaldelsinfants.org\/es\/","og_locale":"es_ES","og_type":"article","og_title":"Descubre nuestra iniciativa social | Casal dels Infants","og_description":"Desde 1983, trabajando por la igualdad de oportunidades de ni\u00f1os, ni\u00f1as, j\u00f3venes y familias en riesgo de exclusi\u00f3n social.","og_url":"https:\/\/www.casaldelsinfants.org\/es\/","og_site_name":"Casal dels Infants","article_publisher":"https:\/\/www.facebook.com\/casalinfants","article_modified_time":"2026-04-09T09:37:17+00:00","og_image":[{"width":1200,"height":630,"url":"https:\/\/www.casaldelsinfants.org\/wp-content\/uploads\/imatge-destacada-home-casal-jpg.webp","type":"image\/jpeg"}],"twitter_card":"summary_large_image","twitter_site":"@casalinfants","twitter_misc":{"Tiempo de lectura":"5 minutos"},"schema":{"@context":"https:\/\/schema.org","@graph":[{"@type":"WebPage","@id":"https:\/\/www.casaldelsinfants.org\/es\/","url":"https:\/\/www.casaldelsinfants.org\/es\/","name":"Descubre nuestra iniciativa social | Casal dels Infants","isPartOf":{"@id":"https:\/\/www.casaldelsinfants.org\/es\/#website"},"primaryImageOfPage":{"@id":"https:\/\/www.casaldelsinfants.org\/es\/#primaryimage"},"image":{"@id":"https:\/\/www.casaldelsinfants.org\/es\/#primaryimage"},"thumbnailUrl":"https:\/\/www.casaldelsinfants.org\/wp-content\/uploads\/imatge-destacada-home-casal-jpg.webp","datePublished":"2024-02-15T15:05:15+00:00","dateModified":"2026-04-09T09:37:17+00:00","description":"Desde 1983, trabajando por la igualdad de oportunidades de ni\u00f1os, ni\u00f1as, j\u00f3venes y familias en riesgo de exclusi\u00f3n social.","breadcrumb":{"@id":"https:\/\/www.casaldelsinfants.org\/es\/#breadcrumb"},"inLanguage":"es","potentialAction":[{"@type":"ReadAction","target":["https:\/\/www.casaldelsinfants.org\/es\/"]}]},{"@type":"ImageObject","inLanguage":"es","@id":"https:\/\/www.casaldelsinfants.org\/es\/#primaryimage","url":"https:\/\/www.casaldelsinfants.org\/wp-content\/uploads\/imatge-destacada-home-casal-jpg.webp","contentUrl":"https:\/\/www.casaldelsinfants.org\/wp-content\/uploads\/imatge-destacada-home-casal-jpg.webp","width":1200,"height":630,"caption":"El logo de Casal dels Infants"},{"@type":"BreadcrumbList","@id":"https:\/\/www.casaldelsinfants.org\/es\/#breadcrumb","itemListElement":[{"@type":"ListItem","position":1,"name":"Inici","item":"https:\/\/www.casaldelsinfants.org\/es\/"},{"@type":"ListItem","position":2,"name":"Home"}]},{"@type":"WebSite","@id":"https:\/\/www.casaldelsinfants.org\/es\/#website","url":"https:\/\/www.casaldelsinfants.org\/es\/","name":"Casal dels Infants","description":"","publisher":{"@id":"https:\/\/www.casaldelsinfants.org\/es\/#organization"},"potentialAction":[{"@type":"SearchAction","target":{"@type":"EntryPoint","urlTemplate":"https:\/\/www.casaldelsinfants.org\/es\/?s={search_term_string}"},"query-input":{"@type":"PropertyValueSpecification","valueRequired":true,"valueName":"search_term_string"}}],"inLanguage":"es"},{"@type":"Organization","@id":"https:\/\/www.casaldelsinfants.org\/es\/#organization","name":"Casal dels Infants","url":"https:\/\/www.casaldelsinfants.org\/es\/","logo":{"@type":"ImageObject","inLanguage":"es","@id":"https:\/\/www.casaldelsinfants.org\/es\/#\/schema\/logo\/image\/","url":"https:\/\/www.casaldelsinfants.org\/wp-content\/uploads\/logo-mail.png","contentUrl":"https:\/\/www.casaldelsinfants.org\/wp-content\/uploads\/logo-mail.png","width":380,"height":158,"caption":"Casal dels Infants"},"image":{"@id":"https:\/\/www.casaldelsinfants.org\/es\/#\/schema\/logo\/image\/"},"sameAs":["https:\/\/www.facebook.com\/casalinfants","https:\/\/x.com\/casalinfants","https:\/\/www.youtube.com\/user\/CasaldelsInfants1","https:\/\/www.instagram.com\/casalinfants\/","https:\/\/www.linkedin.com\/company\/casaldelsinfants?trk=organization-update_share-update_actor-text"]}]}},"publishpress_future_action":{"enabled":false,"date":"2026-05-07 03:21:00","action":"change-status","newStatus":"draft","terms":[],"taxonomy":"translation_priority","extraData":[]},"publishpress_future_workflow_manual_trigger":{"enabledWorkflows":[]},"_links":{"self":[{"href":"https:\/\/www.casaldelsinfants.org\/es\/wp-json\/wp\/v2\/pages\/18633","targetHints":{"allow":["GET"]}}],"collection":[{"href":"https:\/\/www.casaldelsinfants.org\/es\/wp-json\/wp\/v2\/pages"}],"about":[{"href":"https:\/\/www.casaldelsinfants.org\/es\/wp-json\/wp\/v2\/types\/page"}],"author":[{"embeddable":true,"href":"https:\/\/www.casaldelsinfants.org\/es\/wp-json\/wp\/v2\/users\/1"}],"replies":[{"embeddable":true,"href":"https:\/\/www.casaldelsinfants.org\/es\/wp-json\/wp\/v2\/comments?post=18633"}],"version-history":[{"count":412,"href":"https:\/\/www.casaldelsinfants.org\/es\/wp-json\/wp\/v2\/pages\/18633\/revisions"}],"predecessor-version":[{"id":48809,"href":"https:\/\/www.casaldelsinfants.org\/es\/wp-json\/wp\/v2\/pages\/18633\/revisions\/48809"}],"wp:featuredmedia":[{"embeddable":true,"href":"https:\/\/www.casaldelsinfants.org\/es\/wp-json\/wp\/v2\/media\/44495"}],"wp:attachment":[{"href":"https:\/\/www.casaldelsinfants.org\/es\/wp-json\/wp\/v2\/media?parent=18633"}],"wp:term":[{"taxonomy":"seus","embeddable":true,"href":"https:\/\/www.casaldelsinfants.org\/es\/wp-json\/wp\/v2\/seus?post=18633"},{"taxonomy":"eixos","embeddable":true,"href":"https:\/\/www.casaldelsinfants.org\/es\/wp-json\/wp\/v2\/eixos?post=18633"}],"curies":[{"name":"wp","href":"https:\/\/api.w.org\/{rel}","templated":true}]}}