{"id":21063,"date":"2024-05-17T13:08:40","date_gmt":"2024-05-17T11:08:40","guid":{"rendered":"https:\/\/www.casaldelsinfants.org\/oferta-voluntariado-verano\/"},"modified":"2026-04-14T11:09:52","modified_gmt":"2026-04-14T09:09:52","slug":"oferta-voluntariado-verano","status":"publish","type":"page","link":"https:\/\/www.casaldelsinfants.org\/es\/que-puedes-hacer-tu\/voluntariado\/oferta-voluntariado-verano\/","title":{"rendered":"Oferta voluntariado verano"},"content":{"rendered":"<p>[et_pb_section fb_built=\u00bb1&#8243; fullwidth=\u00bbon\u00bb disabled_on=\u00bbon|on|on\u00bb admin_label=\u00bbCap\u00e7alera\u00bb _builder_version=\u00bb4.23.1&#8243; _module_preset=\u00bbdefault\u00bb da_disable_devices=\u00bboff|off|off\u00bb disabled=\u00bbon\u00bb collapsed=\u00bbon\u00bb global_colors_info=\u00bb{}\u00bb da_is_popup=\u00bboff\u00bb da_exit_intent=\u00bboff\u00bb da_has_close=\u00bbon\u00bb da_alt_close=\u00bboff\u00bb da_dark_close=\u00bboff\u00bb da_not_modal=\u00bbon\u00bb da_is_singular=\u00bboff\u00bb da_with_loader=\u00bboff\u00bb da_has_shadow=\u00bbon\u00bb][et_pb_fullwidth_header title=\u00bbYour Title Goes Here\u00bb button_one_text=\u00bbClick Here\u00bb _builder_version=\u00bb4.23.1&#8243; _module_preset=\u00bbdefault\u00bb global_colors_info=\u00bb{}\u00bb]<\/p>\n<p>Your content goes here. Edit or remove this text inline or in the module Content settings. You can also style every aspect of this content in the module Design settings and even apply custom CSS to this text in the module Advanced settings.<\/p>\n<p>[\/et_pb_fullwidth_header][\/et_pb_section][et_pb_section fb_built=\u00bb1&#8243; disabled_on=\u00bboff|off|off\u00bb admin_label=\u00bbCap\u00e7alera\u00bb _builder_version=\u00bb4.27.3&#8243; _module_preset=\u00bbdefault\u00bb background_color=\u00bbrgba(0,0,0,0.21)\u00bb background_image=\u00bbhttps:\/\/www.casaldelsinfants.org\/wp-content\/uploads\/summer_background_47_a-scaled.webp\u00bb parallax=\u00bbon\u00bb background_blend=\u00bbmultiply\u00bb width=\u00bb100%\u00bb module_alignment=\u00bbcenter\u00bb custom_margin=\u00bb||||false|false\u00bb custom_padding=\u00bb45px||45px||true|false\u00bb animation_direction=\u00bbtop\u00bb background_last_edited=\u00bboff|desktop\u00bb background_image_phone=\u00bbhttps:\/\/www.casaldelsinfants.org\/wp-content\/uploads\/pizarra-verde-sucia-scaled-3-jpg.webp\u00bb background_enable_image_phone=\u00bbon\u00bb parallax_phone=\u00bboff\u00bb background_size_phone=\u00bbcover\u00bb background_image_width_phone=\u00bb0%\u00bb background_position_phone=\u00bbbottom_right\u00bb background_horizontal_offset_phone=\u00bb94%\u00bb background_repeat_phone=\u00bbno-repeat\u00bb background_blend_phone=\u00bbnormal\u00bb da_disable_devices=\u00bboff|off|off\u00bb locked=\u00bboff\u00bb collapsed=\u00bboff\u00bb global_colors_info=\u00bb{}\u00bb da_is_popup=\u00bboff\u00bb da_exit_intent=\u00bboff\u00bb da_has_close=\u00bbon\u00bb da_alt_close=\u00bboff\u00bb da_dark_close=\u00bboff\u00bb da_not_modal=\u00bbon\u00bb da_is_singular=\u00bboff\u00bb da_with_loader=\u00bboff\u00bb da_has_shadow=\u00bbon\u00bb][et_pb_row column_structure=\u00bb1_2,1_2&#8243; use_custom_gutter=\u00bbon\u00bb gutter_width=\u00bb1&#8243; make_equal=\u00bbon\u00bb _builder_version=\u00bb4.27.3&#8243; _module_preset=\u00bbdefault\u00bb module_alignment=\u00bbcenter\u00bb custom_margin=\u00bb0px|auto||auto|false|false\u00bb custom_margin_tablet=\u00bb0px|auto||auto|false|false\u00bb custom_margin_phone=\u00bb110px|auto|-12px|auto|false|false\u00bb custom_margin_last_edited=\u00bbon|phone\u00bb custom_padding=\u00bb7px||7px||true|false\u00bb custom_width_px=\u00bb1280px\u00bb collapsed=\u00bboff\u00bb global_colors_info=\u00bb{}\u00bb][et_pb_column type=\u00bb1_2&#8243; _builder_version=\u00bb4.23.1&#8243; _module_preset=\u00bbdefault\u00bb custom_padding=\u00bb20px||20px||true|true\u00bb global_colors_info=\u00bb{}\u00bb custom_padding__hover=\u00bb|||\u00bb][et_pb_text content_tablet=\u00bb<\/p>\n<p>Hay <span style=%22color: #f8ac00;%22><strong>realidades<\/strong><\/span> que <strong>necesitan <\/strong><strong><span style=%22color: #f8ac00;%22>cambiar<\/span><\/strong> muy <strong>cerca de ti<\/strong><\/p>\n<p>\u00bb content_phone=\u00bb<\/p>\n<p style=%22text-align: center;%22>Hay <span style=%22color: #f8ac00;%22><strong>realidades<\/strong><\/span> que <strong>necesitan <\/strong><strong><span style=%22color: #f8ac00;%22>cambiar<\/span><\/strong> muy <strong>cerca de ti<\/strong><\/p>\n<p>\u00bb content_last_edited=\u00bboff|desktop\u00bb _builder_version=\u00bb4.27.3&#8243; _module_preset=\u00bb_initial\u00bb text_font=\u00bbMyriadPro Light||||||||\u00bb text_text_color=\u00bb#FFFFFF\u00bb text_font_size=\u00bb28px\u00bb text_line_height=\u00bb1.2em\u00bb header_text_color=\u00bb#FFFFFF\u00bb module_alignment=\u00bbcenter\u00bb custom_margin=\u00bb||||false|false\u00bb custom_padding=\u00bb||17px||false|false\u00bb text_font_size_tablet=\u00bb41px\u00bb text_font_size_phone=\u00bb27px\u00bb text_font_size_last_edited=\u00bbon|phone\u00bb text_orientation_tablet=\u00bb\u00bb text_orientation_phone=\u00bbcenter\u00bb text_orientation_last_edited=\u00bbon|phone\u00bb text_text_shadow_style=\u00bbpreset1&#8243; text_text_shadow_color=\u00bbRGBA(255,255,255,0)\u00bb global_colors_info=\u00bb{}\u00bb]<\/p>\n<p><span style=\"color: #ffffff;\">Voluntariado en el Casal de verano<\/span><\/p>\n<p>[\/et_pb_text][et_pb_text content_tablet=\u00bb<\/p>\n<p>Hay <span style=%22color: #f8ac00;%22><strong>realidades<\/strong><\/span> que <strong>necesitan <\/strong><strong><span style=%22color: #f8ac00;%22>cambiar<\/span><\/strong> muy <strong>cerca de ti<\/strong><\/p>\n<p>\u00bb content_phone=\u00bb<\/p>\n<p style=%22text-align: center;%22>Hay <span style=%22color: #f8ac00;%22><strong>realidades<\/strong><\/span> que <strong>necesitan <\/strong><strong><span style=%22color: #f8ac00;%22>cambiar<\/span><\/strong> muy <strong>cerca de ti<\/strong><\/p>\n<p>\u00bb content_last_edited=\u00bboff|desktop\u00bb _builder_version=\u00bb4.27.3&#8243; _module_preset=\u00bb_initial\u00bb text_font=\u00bbMyriadPro Regular||||||||\u00bb text_text_color=\u00bb#FFFFFF\u00bb text_font_size=\u00bb41px\u00bb text_line_height=\u00bb1.2em\u00bb header_text_color=\u00bb#FFFFFF\u00bb module_alignment=\u00bbcenter\u00bb custom_margin=\u00bb||||false|false\u00bb text_font_size_tablet=\u00bb41px\u00bb text_font_size_phone=\u00bb33px\u00bb text_font_size_last_edited=\u00bbon|phone\u00bb text_orientation_tablet=\u00bb\u00bb text_orientation_phone=\u00bbcenter\u00bb text_orientation_last_edited=\u00bbon|phone\u00bb text_text_shadow_style=\u00bbpreset1&#8243; text_text_shadow_color=\u00bbRGBA(255,255,255,0)\u00bb global_colors_info=\u00bb{}\u00bb]<\/p>\n<p>\u00a1Necesitamos personas voluntarias<strong> para este verano!<\/strong><\/p>\n<p>[\/et_pb_text][\/et_pb_column][et_pb_column type=\u00bb1_2&#8243; _builder_version=\u00bb4.23.1&#8243; _module_preset=\u00bbdefault\u00bb custom_padding=\u00bb20px||20px||true|true\u00bb global_colors_info=\u00bb{}\u00bb custom_padding__hover=\u00bb|||\u00bb][et_pb_button button_url=\u00bb&lt;!&#8211;&#91;CDATA&#91;\/que-pots-fer-tu\/voluntariat#form-campanya-online&#93;&#93;&#8211;&gt;\u00bb url_new_window=\u00bbon\u00bb button_text=\u00bb\u00a1S\u00daMATE AL CAMBIO!\u00bb button_alignment=\u00bbcenter\u00bb module_id=\u00bbboto-sumat-canvi-voluntariat\u00bb _builder_version=\u00bb4.27.6&#8243; _module_preset=\u00bbdefault\u00bb custom_button=\u00bbon\u00bb button_text_size=\u00bb25px\u00bb button_text_color=\u00bb#000000&#8243; button_bg_color=\u00bb#F8AC00&#8243; button_border_width=\u00bb0px\u00bb button_border_color=\u00bbRGBA(255,255,255,0)\u00bb button_border_radius=\u00bb9px\u00bb button_letter_spacing=\u00bb0px\u00bb button_font=\u00bbMyriadPro Bold|600||on|||||\u00bb button_use_icon=\u00bboff\u00bb custom_margin=\u00bb33px||20px||false|false\u00bb custom_margin_tablet=\u00bb16px||20px|||\u00bb custom_margin_phone=\u00bb0px||20px||false|false\u00bb custom_margin_last_edited=\u00bbon|phone\u00bb hover_enabled=\u00bb0&#8243; button_text_size_tablet=\u00bb25px\u00bb button_text_size_phone=\u00bb21px\u00bb button_text_size_last_edited=\u00bbon|phone\u00bb box_shadow_style=\u00bbpreset1&#8243; box_shadow_vertical=\u00bb10px\u00bb box_shadow_blur=\u00bb50px\u00bb box_shadow_spread=\u00bb5px\u00bb box_shadow_color=\u00bbRGBA(255,255,255,0)\u00bb button_letter_spacing_hover=\u00bb2px\u00bb saved_tabs=\u00bball\u00bb locked=\u00bboff\u00bb global_colors_info=\u00bb{}\u00bb button_text_size__hover_enabled=\u00bboff\u00bb button_text_size__hover=\u00bbnull\u00bb button_one_text_size__hover_enabled=\u00bboff\u00bb button_one_text_size__hover=\u00bbnull\u00bb button_two_text_size__hover_enabled=\u00bboff\u00bb button_two_text_size__hover=\u00bbnull\u00bb button_text_color__hover_enabled=\u00bboff\u00bb button_text_color__hover=\u00bbnull\u00bb button_one_text_color__hover_enabled=\u00bboff\u00bb button_one_text_color__hover=\u00bbnull\u00bb button_two_text_color__hover_enabled=\u00bboff\u00bb button_two_text_color__hover=\u00bbnull\u00bb button_border_width__hover_enabled=\u00bboff|desktop\u00bb button_border_width__hover=\u00bbnull\u00bb button_one_border_width__hover_enabled=\u00bboff\u00bb button_one_border_width__hover=\u00bbnull\u00bb button_two_border_width__hover_enabled=\u00bboff\u00bb button_two_border_width__hover=\u00bbnull\u00bb button_border_color__hover_enabled=\u00bbon|desktop\u00bb button_border_color__hover=\u00bbRGBA(255,255,255,0)\u00bb button_one_border_color__hover_enabled=\u00bboff\u00bb button_one_border_color__hover=\u00bbnull\u00bb button_two_border_color__hover_enabled=\u00bboff\u00bb button_two_border_color__hover=\u00bbnull\u00bb button_border_radius__hover_enabled=\u00bboff\u00bb button_border_radius__hover=\u00bbnull\u00bb button_one_border_radius__hover_enabled=\u00bboff\u00bb button_one_border_radius__hover=\u00bbnull\u00bb button_two_border_radius__hover_enabled=\u00bboff\u00bb button_two_border_radius__hover=\u00bbnull\u00bb button_letter_spacing__hover_enabled=\u00bboff|desktop\u00bb button_letter_spacing__hover=\u00bb2px\u00bb button_one_letter_spacing__hover_enabled=\u00bboff\u00bb button_one_letter_spacing__hover=\u00bbnull\u00bb button_two_letter_spacing__hover_enabled=\u00bboff\u00bb button_two_letter_spacing__hover=\u00bbnull\u00bb button_bg_color__hover_enabled=\u00bbon|hover\u00bb button_bg_color__hover=\u00bb#eaa800&#8243; button_one_bg_color__hover_enabled=\u00bboff\u00bb button_one_bg_color__hover=\u00bbnull\u00bb button_two_bg_color__hover_enabled=\u00bboff\u00bb button_two_bg_color__hover=\u00bbnull\u00bb button_bg_enable_color__hover=\u00bbon\u00bb custom_padding=\u00bb||4px||false|false\u00bb sticky_enabled=\u00bb0&#8243;][\/et_pb_button][et_pb_text _builder_version=\u00bb4.27.3&#8243; _module_preset=\u00bb_initial\u00bb text_font=\u00bbMyriadPro Regular||||||||\u00bb text_text_color=\u00bb#FFFFFF\u00bb text_font_size=\u00bb25px\u00bb header_font=\u00bbMyriadPro Regular||||||||\u00bb header_text_align=\u00bbcenter\u00bb text_orientation=\u00bbright\u00bb module_alignment=\u00bbright\u00bb custom_margin=\u00bb||-2px|||\u00bb custom_padding=\u00bb||||false|false\u00bb locked=\u00bboff\u00bb global_colors_info=\u00bb{}\u00bb]<\/p>\n<p style=\"text-align: center;\">Hazte <strong>voluntario\/aria <\/strong><\/p>\n<p>[\/et_pb_text][\/et_pb_column][\/et_pb_row][\/et_pb_section][et_pb_section fb_built=\u00bb1&#8243; _builder_version=\u00bb4.27.3&#8243; _module_preset=\u00bbdefault\u00bb da_disable_devices=\u00bboff|off|off\u00bb global_colors_info=\u00bb{}\u00bb da_is_popup=\u00bboff\u00bb da_exit_intent=\u00bboff\u00bb da_has_close=\u00bbon\u00bb da_alt_close=\u00bboff\u00bb da_dark_close=\u00bboff\u00bb da_not_modal=\u00bbon\u00bb da_is_singular=\u00bboff\u00bb da_with_loader=\u00bboff\u00bb da_has_shadow=\u00bbon\u00bb][et_pb_row column_structure=\u00bb1_2,1_2&#8243; _builder_version=\u00bb4.27.3&#8243; _module_preset=\u00bbdefault\u00bb global_colors_info=\u00bb{}\u00bb][et_pb_column type=\u00bb1_2&#8243; _builder_version=\u00bb4.27.3&#8243; _module_preset=\u00bbdefault\u00bb custom_padding=\u00bb50px||||false|false\u00bb custom_padding_tablet=\u00bb26px||||false|false\u00bb custom_padding_phone=\u00bb0px||||false|false\u00bb custom_padding_last_edited=\u00bbon|desktop\u00bb global_colors_info=\u00bb{}\u00bb][et_pb_text _builder_version=\u00bb4.27.6&#8243; _module_preset=\u00bbdefault\u00bb text_font=\u00bbMyriadPro Regular||||||||\u00bb text_text_color=\u00bb#000000&#8243; text_font_size=\u00bb25px\u00bb custom_margin=\u00bb||13px||false|false\u00bb custom_padding=\u00bb||||false|false\u00bb text_orientation_tablet=\u00bb\u00bb text_orientation_phone=\u00bbcenter\u00bb text_orientation_last_edited=\u00bbon|phone\u00bb global_colors_info=\u00bb{}\u00bb]<\/p>\n<p>En verano, el Casal sigue abierto<\/p>\n<p>[\/et_pb_text][et_pb_text _builder_version=\u00bb4.27.6&#8243; _module_preset=\u00bb_initial\u00bb text_font=\u00bbMyriadPro Light||||||||\u00bb text_font_size=\u00bb19px\u00bb text_line_height=\u00bb1.3em\u00bb custom_margin=\u00bb||37px||false|false\u00bb text_font_size_tablet=\u00bb19px\u00bb text_font_size_phone=\u00bb19px\u00bb text_font_size_last_edited=\u00bbon|desktop\u00bb text_orientation_tablet=\u00bb\u00bb text_orientation_phone=\u00bbcenter\u00bb text_orientation_last_edited=\u00bbon|phone\u00bb global_colors_info=\u00bb{}\u00bb]<\/p>\n<p><strong>Con las escuelas y los institutos cerrados,<\/strong> es imprescindible que ni\u00f1os, ni\u00f1as y adolescentes en situaci\u00f3n de vulnerabilidad social tengan acceso a espacios educativos y de ocio <strong>durante las vacaciones.<\/strong><\/p>\n<p>[\/et_pb_text][et_pb_text _builder_version=\u00bb4.27.6&#8243; _module_preset=\u00bbdefault\u00bb text_font=\u00bbMyriadPro Bold||||||||\u00bb text_text_color=\u00bb#000000&#8243; text_font_size=\u00bb27px\u00bb custom_margin=\u00bb||18px||false|false\u00bb custom_padding=\u00bb||||false|false\u00bb text_font_size_tablet=\u00bb22px\u00bb text_font_size_phone=\u00bb24px\u00bb text_font_size_last_edited=\u00bbon|phone\u00bb text_line_height_tablet=\u00bb\u00bb text_line_height_phone=\u00bb1.2em\u00bb text_line_height_last_edited=\u00bbon|phone\u00bb text_orientation_tablet=\u00bb\u00bb text_orientation_phone=\u00bbcenter\u00bb text_orientation_last_edited=\u00bbon|phone\u00bb global_colors_info=\u00bb{}\u00bb]<\/p>\n<p>\u00a1Te necesitamos para hacerlo posible!<\/p>\n<p>[\/et_pb_text][et_pb_text _builder_version=\u00bb4.27.6&#8243; _module_preset=\u00bb_initial\u00bb text_font=\u00bb&#8211;et_global_body_font||||||||\u00bb text_text_color=\u00bb#000000&#8243; text_font_size=\u00bb19px\u00bb text_font_size_tablet=\u00bb19px\u00bb text_font_size_phone=\u00bb19px\u00bb text_font_size_last_edited=\u00bbon|desktop\u00bb text_orientation_tablet=\u00bb\u00bb text_orientation_phone=\u00bbcenter\u00bb text_orientation_last_edited=\u00bbon|phone\u00bb global_colors_info=\u00bb{}\u00bb]<\/p>\n<p><strong>Las personas voluntarias sois una pieza clave <\/strong>para desarrollar el Casal de verano y, as\u00ed, garantizar a ni\u00f1os, ni\u00f1as y adolescentes un verano lleno de diversi\u00f3n y aprendizajes, con la oportunidad de salir de su entorno, hacer nuevos descubrimientos y <strong>construir vivencias<\/strong> que recordar\u00e1n el resto de sus vidas!<\/p>\n<p>[\/et_pb_text][\/et_pb_column][et_pb_column type=\u00bb1_2&#8243; _builder_version=\u00bb4.27.3&#8243; _module_preset=\u00bbdefault\u00bb global_colors_info=\u00bb{}\u00bb][et_pb_slider show_arrows=\u00bboff\u00bb show_pagination=\u00bboff\u00bb _builder_version=\u00bb4.27.3&#8243; _module_preset=\u00bbdefault\u00bb width=\u00bb520px\u00bb width_tablet=\u00bb520px\u00bb width_phone=\u00bb\u00bb width_last_edited=\u00bbon|phone\u00bb module_alignment=\u00bbcenter\u00bb height=\u00bb360px\u00bb height_tablet=\u00bb360px\u00bb height_phone=\u00bb230px\u00bb height_last_edited=\u00bbon|phone\u00bb animation_style=\u00bbfade\u00bb auto=\u00bbon\u00bb auto_ignore_hover=\u00bbon\u00bb global_colors_info=\u00bb{}\u00bb][et_pb_slide _builder_version=\u00bb4.27.3&#8243; _module_preset=\u00bbdefault\u00bb background_enable_color=\u00bboff\u00bb background_image=\u00bbhttps:\/\/www.casaldelsinfants.org\/wp-content\/uploads\/voluntariat-estiu-2-jpg.webp\u00bb background_enable_image=\u00bbon\u00bb global_colors_info=\u00bb{}\u00bb sticky_transition=\u00bbon\u00bb][\/et_pb_slide][et_pb_slide _builder_version=\u00bb4.27.3&#8243; _module_preset=\u00bbdefault\u00bb background_enable_color=\u00bboff\u00bb background_image=\u00bbhttps:\/\/www.casaldelsinfants.org\/wp-content\/uploads\/foto-voluntariat-estiu-1-1-jpg.webp\u00bb background_enable_image=\u00bbon\u00bb global_colors_info=\u00bb{}\u00bb sticky_transition=\u00bbon\u00bb][\/et_pb_slide][et_pb_slide _builder_version=\u00bb4.27.3&#8243; _module_preset=\u00bbdefault\u00bb background_enable_color=\u00bboff\u00bb background_image=\u00bbhttps:\/\/www.casaldelsinfants.org\/wp-content\/uploads\/foto-voluntariat-estiu-3-jpg.webp\u00bb background_enable_image=\u00bbon\u00bb global_colors_info=\u00bb{}\u00bb sticky_transition=\u00bbon\u00bb][\/et_pb_slide][et_pb_slide _builder_version=\u00bb4.27.3&#8243; _module_preset=\u00bbdefault\u00bb background_enable_color=\u00bboff\u00bb background_image=\u00bbhttps:\/\/www.casaldelsinfants.org\/wp-content\/uploads\/foto-voluntariat-estiu-4-jpg.webp\u00bb background_enable_image=\u00bbon\u00bb global_colors_info=\u00bb{}\u00bb sticky_transition=\u00bbon\u00bb][\/et_pb_slide][et_pb_slide _builder_version=\u00bb4.27.3&#8243; _module_preset=\u00bbdefault\u00bb background_enable_color=\u00bboff\u00bb background_image=\u00bbhttps:\/\/www.casaldelsinfants.org\/wp-content\/uploads\/voluntariat-estiu-4-jpg.webp\u00bb background_enable_image=\u00bbon\u00bb global_colors_info=\u00bb{}\u00bb sticky_transition=\u00bbon\u00bb][\/et_pb_slide][et_pb_slide _builder_version=\u00bb4.27.3&#8243; _module_preset=\u00bbdefault\u00bb background_enable_color=\u00bboff\u00bb background_image=\u00bbhttps:\/\/www.casaldelsinfants.org\/wp-content\/uploads\/voluntariat-estiu-3-jpg.webp\u00bb background_enable_image=\u00bbon\u00bb global_colors_info=\u00bb{}\u00bb sticky_transition=\u00bbon\u00bb][\/et_pb_slide][et_pb_slide _builder_version=\u00bb4.27.3&#8243; _module_preset=\u00bbdefault\u00bb background_enable_color=\u00bboff\u00bb background_image=\u00bbhttps:\/\/www.casaldelsinfants.org\/wp-content\/uploads\/foto-voluntariat-estiu-5-jpg.webp\u00bb background_enable_image=\u00bbon\u00bb global_colors_info=\u00bb{}\u00bb sticky_transition=\u00bbon\u00bb][\/et_pb_slide][\/et_pb_slider][\/et_pb_column][\/et_pb_row][\/et_pb_section][et_pb_section fb_built=\u00bb1&#8243; custom_padding_last_edited=\u00bbon|phone\u00bb disabled_on=\u00bboff|off|off\u00bb _builder_version=\u00bb4.27.3&#8243; _module_preset=\u00bbdefault\u00bb background_color=\u00bbgcid-3eb736dd-664e-410d-a075-54b047aa24aa\u00bb custom_margin_phone=\u00bb||||false|false\u00bb custom_margin_last_edited=\u00bboff|phone\u00bb custom_padding=\u00bb||60px|||\u00bb custom_padding_tablet=\u00bb||60px|||\u00bb custom_padding_phone=\u00bb18px||0px||false|false\u00bb da_disable_devices=\u00bboff|off|off\u00bb global_colors_info=\u00bb{%22gcid-3eb736dd-664e-410d-a075-54b047aa24aa%22:%91%22background_color%22%93}\u00bb da_is_popup=\u00bboff\u00bb da_exit_intent=\u00bboff\u00bb da_has_close=\u00bbon\u00bb da_alt_close=\u00bboff\u00bb da_dark_close=\u00bboff\u00bb da_not_modal=\u00bbon\u00bb da_is_singular=\u00bboff\u00bb da_with_loader=\u00bboff\u00bb da_has_shadow=\u00bbon\u00bb][et_pb_row custom_padding_last_edited=\u00bbon|phone\u00bb disabled_on=\u00bboff|off|off\u00bb _builder_version=\u00bb4.27.3&#8243; _module_preset=\u00bbdefault\u00bb custom_padding_tablet=\u00bb\u00bb custom_padding_phone=\u00bb||0px||false|false\u00bb global_colors_info=\u00bb{}\u00bb][et_pb_column type=\u00bb4_4&#8243; _builder_version=\u00bb4.27.3&#8243; _module_preset=\u00bbdefault\u00bb global_colors_info=\u00bb{}\u00bb][et_pb_text disabled_on=\u00bboff|off|on\u00bb _builder_version=\u00bb4.27.3&#8243; _module_preset=\u00bb_initial\u00bb text_font=\u00bbMyriadPro Regular||||||||\u00bb text_font_size=\u00bb21px\u00bb text_line_height=\u00bb1.5em\u00bb text_orientation=\u00bbcenter\u00bb custom_margin=\u00bb0px||0px||true|false\u00bb custom_padding=\u00bb0px||0px||true|false\u00bb text_line_height_tablet=\u00bb1.5em\u00bb text_line_height_phone=\u00bb1.3em\u00bb text_line_height_last_edited=\u00bbon|phone\u00bb global_colors_info=\u00bb{}\u00bb]<\/p>\n<p>Este verano,<strong> haz voluntariado<\/strong> y acompa\u00f1a un grupo de ni\u00f1os, adolescentes o j\u00f3venes en las <strong>actividades de julio y agosto:<\/strong><\/p>\n<p>[\/et_pb_text][et_pb_image src=\u00bbhttps:\/\/www.casaldelsinfants.org\/wp-content\/uploads\/text-web-voluntariat-estiu.png\u00bb title_text=\u00bbtext-web-voluntariat-estiu\u00bb align=\u00bbcenter\u00bb disabled_on=\u00bbon|on|off\u00bb _builder_version=\u00bb4.27.3&#8243; _module_preset=\u00bbdefault\u00bb width=\u00bb50%\u00bb global_colors_info=\u00bb{}\u00bb][\/et_pb_image][\/et_pb_column][\/et_pb_row][et_pb_row make_equal=\u00bbon\u00bb _builder_version=\u00bb4.27.3&#8243; _module_preset=\u00bbdefault\u00bb module_alignment=\u00bbcenter\u00bb custom_padding=\u00bb35px||48px|||\u00bb locked=\u00bboff\u00bb collapsed=\u00bboff\u00bb global_colors_info=\u00bb{}\u00bb disabled_on=\u00bboff|on|on\u00bb][et_pb_column type=\u00bb4_4&#8243; _builder_version=\u00bb4.26.0&#8243; _module_preset=\u00bbdefault\u00bb global_colors_info=\u00bb{}\u00bb][dica_divi_carousel loop=\u00bbon\u00bb autoplay=\u00bbon\u00bb autoplay_speed=\u00bb2000&#8243; arrow_nav=\u00bbon\u00bb equal_height=\u00bbon\u00bb advanced_effect=\u00bb1&#8243; arrow_nav_color=\u00bb#FFAE00&#8243; arrow_bg_color=\u00bbRGBA(255,255,255,0)\u00bb dots_active_color=\u00bb#FFAE00&#8243; overlay_color_field_bgcolor=\u00bbrgba(255,255,255,0.85)\u00bb title_background=\u00bb#FFFFFF\u00bb arrow_position=\u00bbmiddle-outside\u00bb arrow_alignment=\u00bbcenter\u00bb carousel_container_margin_phone=\u00bb||||false|false\u00bb carousel_container_margin_last_edited=\u00bboff|phone\u00bb carousel_container_padding_tablet=\u00bb\u00bb carousel_container_padding_phone=\u00bb||||false|false\u00bb carousel_container_padding_last_edited=\u00bbon|phone\u00bb image_container_padding=\u00bb||||false|false\u00bb content_container_margin=\u00bb||||false|false\u00bb content_container_padding=\u00bb||||false|false\u00bb module_class=\u00bbcar-premis\u00bb _builder_version=\u00bb4.27.3&#8243; _module_preset=\u00bbdefault\u00bb module_alignment=\u00bbcenter\u00bb custom_padding_phone=\u00bb||0px||false|false\u00bb custom_padding_last_edited=\u00bboff|phone\u00bb global_colors_info=\u00bb{}\u00bb][dica_divi_carouselitem button_url_new_window=\u00bb1&#8243; image=\u00bbhttps:\/\/www.casaldelsinfants.org\/wp-content\/uploads\/Icona-volunt-estiu-5-png.webp\u00bb rating_alignment=\u00bbcenter\u00bb image_padding=\u00bb||||false|false\u00bb content_padding=\u00bb20px|50px|20px|50px|true|true\u00bb content_padding_tablet=\u00bb20px|50px|20px|50px|true|true\u00bb content_padding_phone=\u00bb20px|20px|20px|20px|true|true\u00bb content_padding_last_edited=\u00bbon|phone\u00bb button_margin=\u00bb9px||9px||true|false\u00bb custom_margin=\u00bb||||false|false\u00bb custom_padding=\u00bb10px||10px||true|false\u00bb _builder_version=\u00bb4.27.3&#8243; _module_preset=\u00bbdefault\u00bb header_font=\u00bbMyriadPro Bold||||||||\u00bb header_text_align=\u00bbcenter\u00bb header_text_color=\u00bb#000000&#8243; subtitle_font=\u00bbMyriadPro Light||||||||\u00bb subtitle_text_align=\u00bbcenter\u00bb subtitle_text_color=\u00bb#000000&#8243; subtitle_font_size=\u00bb18px\u00bb subtitle_line_height=\u00bb1em\u00bb body_font=\u00bbMyriadPro Light||||||||\u00bb body_text_align=\u00bbcenter\u00bb body_text_color=\u00bb#FFFFFF\u00bb body_font_size=\u00bb19px\u00bb body_line_height=\u00bb1.3em\u00bb background_color=\u00bbgcid-1b946c4c-ea5f-44a9-b330-0466b214640b\u00bb background_enable_color=\u00bbon\u00bb custom_button=\u00bbon\u00bb button_text_size=\u00bb16px\u00bb button_border_radius=\u00bb8px\u00bb button_font=\u00bbMyriadPro Regular||||||||\u00bb button_use_icon=\u00bbon\u00bb button_icon=\u00bb&#x35;||divi||400&#8243; button_icon_color=\u00bb#FFFFFF\u00bb button_alignment=\u00bbcenter\u00bb link_option_url=\u00bbhttps:\/\/www.casaldelsinfants.org\/es\/que-puedes-hacer-tu\/voluntariado\/\u00bb custom_css_image=\u00bbwidth:70px;||margin:20px auto 10px;\u00bb border_radii_item=\u00bbon|20px|20px|20px|20px\u00bb global_colors_info=\u00bb{%22gcid-1b946c4c-ea5f-44a9-b330-0466b214640b%22:%91%22background_color%22%93}\u00bb]<\/p>\n<p>Ir a la piscina o a la playa<\/p>\n<p>[\/dica_divi_carouselitem][dica_divi_carouselitem button_url_new_window=\u00bb1&#8243; image=\u00bbhttps:\/\/www.casaldelsinfants.org\/wp-content\/uploads\/Icona-volunt-estiu-1-png.webp\u00bb rating_alignment=\u00bbcenter\u00bb image_padding=\u00bb||||false|false\u00bb content_padding=\u00bb20px|50px|20px|50px|true|true\u00bb content_padding_tablet=\u00bb20px|50px|20px|50px|true|true\u00bb content_padding_phone=\u00bb20px|20px|20px|20px|true|true\u00bb content_padding_last_edited=\u00bbon|phone\u00bb button_margin=\u00bb9px||9px||true|false\u00bb custom_padding=\u00bb10px||10px||true|false\u00bb _builder_version=\u00bb4.27.3&#8243; _module_preset=\u00bbdefault\u00bb header_font=\u00bbMyriadPro Bold||||||||\u00bb header_text_align=\u00bbcenter\u00bb header_text_color=\u00bb#000000&#8243; subtitle_font=\u00bbMyriadPro Light||||||||\u00bb subtitle_text_align=\u00bbcenter\u00bb subtitle_text_color=\u00bb#000000&#8243; subtitle_font_size=\u00bb18px\u00bb subtitle_line_height=\u00bb1em\u00bb body_font=\u00bbMyriadPro Light||||||||\u00bb body_text_align=\u00bbcenter\u00bb body_text_color=\u00bb#FFFFFF\u00bb body_font_size=\u00bb19px\u00bb body_line_height=\u00bb1.3em\u00bb background_color=\u00bbgcid-3e935b18-c515-4bec-afec-0a19376fa9b5&#8243; background_enable_color=\u00bbon\u00bb custom_button=\u00bbon\u00bb button_text_size=\u00bb16px\u00bb button_border_radius=\u00bb8px\u00bb button_font=\u00bbMyriadPro Regular||||||||\u00bb button_use_icon=\u00bbon\u00bb button_icon=\u00bb&#x35;||divi||400&#8243; button_icon_color=\u00bb#FFFFFF\u00bb button_alignment=\u00bbcenter\u00bb link_option_url=\u00bbhttps:\/\/www.casaldelsinfants.org\/es\/que-puedes-hacer-tu\/voluntariado\/\u00bb custom_css_image=\u00bbwidth:70px;||margin:20px auto 10px;\u00bb border_radii_item=\u00bbon|20px|20px|20px|20px\u00bb global_colors_info=\u00bb{%22gcid-3e935b18-c515-4bec-afec-0a19376fa9b5%22:%91%22background_color%22%93}\u00bb]<\/p>\n<p>Hacer excursiones o salidas por la ciudad<\/p>\n<p>[\/dica_divi_carouselitem][dica_divi_carouselitem button_url_new_window=\u00bb1&#8243; image=\u00bbhttps:\/\/www.casaldelsinfants.org\/wp-content\/uploads\/Icona-volunt-estiu-7-png.webp\u00bb rating_alignment=\u00bbcenter\u00bb image_padding=\u00bb||||false|false\u00bb content_padding=\u00bb20px|16px|20px|16px|true|true\u00bb content_padding_tablet=\u00bb20px|50px|20px|50px|true|true\u00bb content_padding_phone=\u00bb20px|20px|20px|20px|true|true\u00bb content_padding_last_edited=\u00bbon|desktop\u00bb button_margin=\u00bb9px||9px||true|false\u00bb custom_padding=\u00bb10px||10px||true|false\u00bb _builder_version=\u00bb4.27.3&#8243; _module_preset=\u00bbdefault\u00bb header_font=\u00bbMyriadPro Bold||||||||\u00bb header_text_align=\u00bbcenter\u00bb header_text_color=\u00bb#000000&#8243; subtitle_font=\u00bbMyriadPro Light||||||||\u00bb subtitle_text_align=\u00bbcenter\u00bb subtitle_text_color=\u00bb#000000&#8243; subtitle_font_size=\u00bb18px\u00bb subtitle_line_height=\u00bb1em\u00bb body_font=\u00bbMyriadPro Light||||||||\u00bb body_text_align=\u00bbcenter\u00bb body_text_color=\u00bb#FFFFFF\u00bb body_font_size=\u00bb19px\u00bb body_line_height=\u00bb1.3em\u00bb background_color=\u00bbgcid-24b8c785-334f-4f8a-b9c4-11eaa91ed139&#8243; background_enable_color=\u00bbon\u00bb custom_button=\u00bbon\u00bb button_text_size=\u00bb16px\u00bb button_border_radius=\u00bb8px\u00bb button_font=\u00bbMyriadPro Regular||||||||\u00bb button_use_icon=\u00bbon\u00bb button_icon=\u00bb&#x35;||divi||400&#8243; button_icon_color=\u00bb#FFFFFF\u00bb button_alignment=\u00bbcenter\u00bb link_option_url=\u00bbhttps:\/\/www.casaldelsinfants.org\/es\/que-puedes-hacer-tu\/voluntariado\/\u00bb custom_css_image=\u00bbwidth:70px;||margin:20px auto 10px;\u00bb border_radii_item=\u00bbon|20px|20px|20px|20px\u00bb global_colors_info=\u00bb{%22gcid-24b8c785-334f-4f8a-b9c4-11eaa91ed139%22:%91%22background_color%22%93}\u00bb]<\/p>\n<p>Quedarse en el Casal haciendo actividades, juegos, talleres o deportes<\/p>\n<p>[\/dica_divi_carouselitem][dica_divi_carouselitem button_url_new_window=\u00bb1&#8243; image=\u00bbhttps:\/\/www.casaldelsinfants.org\/wp-content\/uploads\/Icona-volunt-estiu-png.webp\u00bb rating_alignment=\u00bbcenter\u00bb image_padding=\u00bb||||false|false\u00bb content_padding=\u00bb20px|50px|20px|50px|true|true\u00bb content_padding_tablet=\u00bb20px|50px|20px|50px|true|true\u00bb content_padding_phone=\u00bb20px|20px|20px|20px|true|true\u00bb content_padding_last_edited=\u00bbon|phone\u00bb button_margin=\u00bb9px||9px||true|false\u00bb custom_padding=\u00bb10px||10px||true|false\u00bb _builder_version=\u00bb4.27.3&#8243; _module_preset=\u00bbdefault\u00bb header_font=\u00bbMyriadPro Bold||||||||\u00bb header_text_align=\u00bbcenter\u00bb header_text_color=\u00bb#000000&#8243; subtitle_font=\u00bbMyriadPro Light||||||||\u00bb subtitle_text_align=\u00bbcenter\u00bb subtitle_text_color=\u00bb#000000&#8243; subtitle_font_size=\u00bb18px\u00bb subtitle_line_height=\u00bb1em\u00bb body_font=\u00bbMyriadPro Light||||||||\u00bb body_text_align=\u00bbcenter\u00bb body_text_color=\u00bb#FFFFFF\u00bb body_font_size=\u00bb19px\u00bb body_line_height=\u00bb1.3em\u00bb background_color=\u00bbgcid-c389346f-c7fc-4257-bd7f-fcd8e4ff1304&#8243; background_enable_color=\u00bbon\u00bb custom_button=\u00bbon\u00bb button_text_size=\u00bb16px\u00bb button_border_radius=\u00bb8px\u00bb button_font=\u00bbMyriadPro Regular||||||||\u00bb button_use_icon=\u00bbon\u00bb button_icon=\u00bb&#x35;||divi||400&#8243; button_icon_color=\u00bb#FFFFFF\u00bb button_alignment=\u00bbcenter\u00bb link_option_url=\u00bbhttps:\/\/www.casaldelsinfants.org\/es\/que-puedes-hacer-tu\/voluntariado\/\u00bb custom_css_image=\u00bbwidth:70px;||margin:20px auto 10px;\u00bb border_radii_item=\u00bbon|20px|20px|20px|20px\u00bb global_colors_info=\u00bb{%22gcid-c389346f-c7fc-4257-bd7f-fcd8e4ff1304%22:%91%22background_color%22%93}\u00bb]<\/p>\n<p>Ayudar en los espacios de refuerzo educativo<\/p>\n<p>[\/dica_divi_carouselitem][dica_divi_carouselitem button_url_new_window=\u00bb1&#8243; image=\u00bbhttps:\/\/www.casaldelsinfants.org\/wp-content\/uploads\/Icona-volunt-estiu-9-png.webp\u00bb rating_alignment=\u00bbcenter\u00bb image_padding=\u00bb||||false|false\u00bb content_padding=\u00bb20px|50px|20px|50px|true|true\u00bb content_padding_tablet=\u00bb20px|50px|20px|50px|true|true\u00bb content_padding_phone=\u00bb20px|20px|20px|20px|true|true\u00bb content_padding_last_edited=\u00bbon|phone\u00bb button_margin=\u00bb9px||9px||true|false\u00bb custom_padding=\u00bb10px||10px||true|false\u00bb _builder_version=\u00bb4.27.3&#8243; _module_preset=\u00bbdefault\u00bb header_font=\u00bbMyriadPro Bold||||||||\u00bb header_text_align=\u00bbcenter\u00bb header_text_color=\u00bb#000000&#8243; subtitle_font=\u00bbMyriadPro Light||||||||\u00bb subtitle_text_align=\u00bbcenter\u00bb subtitle_text_color=\u00bb#000000&#8243; subtitle_font_size=\u00bb18px\u00bb subtitle_line_height=\u00bb1em\u00bb body_font=\u00bbMyriadPro Light||||||||\u00bb body_text_align=\u00bbcenter\u00bb body_text_color=\u00bb#FFFFFF\u00bb body_font_size=\u00bb19px\u00bb body_line_height=\u00bb1.3em\u00bb background_color=\u00bbgcid-ee89fd9f-afc5-4939-817c-0a17ac90288c\u00bb background_enable_color=\u00bbon\u00bb custom_button=\u00bbon\u00bb button_text_size=\u00bb16px\u00bb button_border_radius=\u00bb8px\u00bb button_font=\u00bbMyriadPro Regular||||||||\u00bb button_use_icon=\u00bbon\u00bb button_icon=\u00bb&#x35;||divi||400&#8243; button_icon_color=\u00bb#FFFFFF\u00bb button_alignment=\u00bbcenter\u00bb link_option_url=\u00bbhttps:\/\/www.casaldelsinfants.org\/es\/que-puedes-hacer-tu\/voluntariado\/\u00bb custom_css_image=\u00bbwidth:70px;||margin:20px auto 10px;\u00bb border_radii_item=\u00bbon|20px|20px|20px|20px\u00bb global_colors_info=\u00bb{%22gcid-ee89fd9f-afc5-4939-817c-0a17ac90288c%22:%91%22background_color%22%93}\u00bb]<\/p>\n<p>Acompa\u00f1arlos en el almuerzo o la comida<\/p>\n<p>[\/dica_divi_carouselitem][dica_divi_carouselitem button_url_new_window=\u00bb1&#8243; image=\u00bbhttps:\/\/www.casaldelsinfants.org\/wp-content\/uploads\/Icona-volunt-estiu-3-png.webp\u00bb rating_alignment=\u00bbcenter\u00bb image_padding=\u00bb||||false|false\u00bb content_padding=\u00bb20px|16px|20px|16px|true|true\u00bb content_padding_tablet=\u00bb20px|50px|20px|50px|true|true\u00bb content_padding_phone=\u00bb20px|20px|20px|20px|true|true\u00bb content_padding_last_edited=\u00bbon|phone\u00bb button_margin=\u00bb9px||9px||true|false\u00bb custom_margin=\u00bb||||false|false\u00bb custom_padding=\u00bb10px||10px||true|false\u00bb _builder_version=\u00bb4.27.3&#8243; _module_preset=\u00bbdefault\u00bb header_font=\u00bbMyriadPro Bold||||||||\u00bb header_text_align=\u00bbcenter\u00bb header_text_color=\u00bb#000000&#8243; subtitle_font=\u00bbMyriadPro Light||||||||\u00bb subtitle_text_align=\u00bbcenter\u00bb subtitle_text_color=\u00bb#000000&#8243; subtitle_font_size=\u00bb18px\u00bb subtitle_line_height=\u00bb1em\u00bb body_font=\u00bbMyriadPro Light||||||||\u00bb body_text_align=\u00bbcenter\u00bb body_text_color=\u00bb#FFFFFF\u00bb body_font_size=\u00bb19px\u00bb body_line_height=\u00bb1.3em\u00bb background_color=\u00bbgcid-f394966f-e0c5-4002-8b16-b25413c49912&#8243; background_enable_color=\u00bbon\u00bb custom_button=\u00bbon\u00bb button_text_size=\u00bb16px\u00bb button_border_radius=\u00bb8px\u00bb button_font=\u00bbMyriadPro Regular||||||||\u00bb button_use_icon=\u00bbon\u00bb button_icon=\u00bb&#x35;||divi||400&#8243; button_icon_color=\u00bb#FFFFFF\u00bb button_alignment=\u00bbcenter\u00bb link_option_url=\u00bbhttps:\/\/www.casaldelsinfants.org\/es\/que-puedes-hacer-tu\/voluntariado\/\u00bb custom_css_image=\u00bbwidth:70px;||margin:20px auto 10px;\u00bb border_radii_item=\u00bbon|20px|20px|20px|20px\u00bb global_colors_info=\u00bb{%22gcid-f394966f-e0c5-4002-8b16-b25413c49912%22:%91%22background_color%22%93}\u00bb]<\/p>\n<p>Una semana de colonias o de campamentos<\/p>\n<p>[\/dica_divi_carouselitem][\/dica_divi_carousel][\/et_pb_column][\/et_pb_row][et_pb_row column_structure=\u00bb1_3,1_3,1_3&#8243; use_custom_gutter=\u00bbon\u00bb make_equal=\u00bbon\u00bb disabled_on=\u00bbon|off|off\u00bb _builder_version=\u00bb4.27.3&#8243; _module_preset=\u00bbdefault\u00bb max_width=\u00bb980px\u00bb module_alignment=\u00bbcenter\u00bb custom_margin=\u00bb0px||||false|false\u00bb custom_padding=\u00bb18px||18px||true|false\u00bb global_colors_info=\u00bb{}\u00bb][et_pb_column type=\u00bb1_3&#8243; _builder_version=\u00bb4.27.3&#8243; _module_preset=\u00bbdefault\u00bb background_color=\u00bbgcid-1b946c4c-ea5f-44a9-b330-0466b214640b\u00bb custom_padding=\u00bb20px|20px|20px|20px|true|true\u00bb border_radii=\u00bbon|7px|7px|7px|7px\u00bb global_colors_info=\u00bb{%22gcid-1b946c4c-ea5f-44a9-b330-0466b214640b%22:%91%22background_color%22%93}\u00bb][et_pb_image src=\u00bbhttps:\/\/www.casaldelsinfants.org\/wp-content\/uploads\/Icona-volunt-estiu-5-png.webp\u00bb title_text=\u00bbIcona-volunt-estiu-5&#8243; _builder_version=\u00bb4.27.3&#8243; _module_preset=\u00bbdefault\u00bb width=\u00bb37%\u00bb global_colors_info=\u00bb{}\u00bb][\/et_pb_image][et_pb_text _builder_version=\u00bb4.27.3&#8243; _module_preset=\u00bb_initial\u00bb text_font=\u00bbMyriadPro Light||||||||\u00bb text_text_color=\u00bb#FFFFFF\u00bb text_font_size=\u00bb20px\u00bb custom_padding=\u00bb|120px|||false|false\u00bb custom_padding_tablet=\u00bb|120px|||false|false\u00bb custom_padding_phone=\u00bb|120px|||false|false\u00bb custom_padding_last_edited=\u00bbon|desktop\u00bb global_colors_info=\u00bb{}\u00bb]<\/p>\n<p>Ir a la piscina o a la playa<\/p>\n<p>[\/et_pb_text][\/et_pb_column][et_pb_column type=\u00bb1_3&#8243; _builder_version=\u00bb4.27.3&#8243; _module_preset=\u00bbdefault\u00bb background_color=\u00bbgcid-3e935b18-c515-4bec-afec-0a19376fa9b5&#8243; custom_padding=\u00bb20px|20px|20px|20px|true|true\u00bb border_radii=\u00bbon|7px|7px|7px|7px\u00bb global_colors_info=\u00bb{%22gcid-3e935b18-c515-4bec-afec-0a19376fa9b5%22:%91%22background_color%22%93}\u00bb][et_pb_image src=\u00bbhttps:\/\/www.casaldelsinfants.org\/wp-content\/uploads\/Icona-volunt-estiu-1-png.webp\u00bb title_text=\u00bbIcona-volunt-estiu-1&#8243; _builder_version=\u00bb4.27.3&#8243; _module_preset=\u00bbdefault\u00bb width=\u00bb44%\u00bb global_colors_info=\u00bb{}\u00bb][\/et_pb_image][et_pb_text _builder_version=\u00bb4.27.3&#8243; _module_preset=\u00bb_initial\u00bb text_font=\u00bbMyriadPro Light||||||||\u00bb text_text_color=\u00bb#FFFFFF\u00bb text_font_size=\u00bb20px\u00bb custom_padding=\u00bb|50px|||false|false\u00bb custom_padding_tablet=\u00bb|50px|||false|false\u00bb custom_padding_phone=\u00bb|50px|||false|false\u00bb custom_padding_last_edited=\u00bbon|desktop\u00bb global_colors_info=\u00bb{}\u00bb]<\/p>\n<p>Hacer excursiones o salidas por la ciudad<\/p>\n<p>[\/et_pb_text][\/et_pb_column][et_pb_column type=\u00bb1_3&#8243; _builder_version=\u00bb4.27.3&#8243; _module_preset=\u00bbdefault\u00bb background_color=\u00bbgcid-24b8c785-334f-4f8a-b9c4-11eaa91ed139&#8243; custom_padding=\u00bb20px|20px|20px|20px|true|true\u00bb border_radii=\u00bbon|7px|7px|7px|7px\u00bb global_colors_info=\u00bb{%22gcid-24b8c785-334f-4f8a-b9c4-11eaa91ed139%22:%91%22background_color%22%93}\u00bb][et_pb_image src=\u00bbhttps:\/\/www.casaldelsinfants.org\/wp-content\/uploads\/Icona-volunt-estiu-7-png.webp\u00bb title_text=\u00bbIcona-volunt-estiu-7&#8243; _builder_version=\u00bb4.27.3&#8243; _module_preset=\u00bbdefault\u00bb width=\u00bb37%\u00bb global_colors_info=\u00bb{}\u00bb][\/et_pb_image][et_pb_text _builder_version=\u00bb4.27.3&#8243; _module_preset=\u00bb_initial\u00bb text_font=\u00bbMyriadPro Light||||||||\u00bb text_text_color=\u00bb#FFFFFF\u00bb text_font_size=\u00bb20px\u00bb global_colors_info=\u00bb{}\u00bb]<\/p>\n<p>Quedarse en el Casal haciendo actividades, juegos, talleres o deportes<\/p>\n<p>[\/et_pb_text][\/et_pb_column][\/et_pb_row][et_pb_row column_structure=\u00bb1_3,1_3,1_3&#8243; use_custom_gutter=\u00bbon\u00bb make_equal=\u00bbon\u00bb disabled_on=\u00bbon|off|off\u00bb _builder_version=\u00bb4.27.3&#8243; _module_preset=\u00bbdefault\u00bb max_width=\u00bb980px\u00bb module_alignment=\u00bbcenter\u00bb custom_margin=\u00bb0px||||false|false\u00bb custom_padding=\u00bb6px||6px||true|false\u00bb hover_enabled=\u00bb0&#8243; global_colors_info=\u00bb{}\u00bb sticky_enabled=\u00bb0&#8243;][et_pb_column type=\u00bb1_3&#8243; _builder_version=\u00bb4.27.3&#8243; _module_preset=\u00bbdefault\u00bb background_color=\u00bbgcid-c389346f-c7fc-4257-bd7f-fcd8e4ff1304&#8243; custom_padding=\u00bb20px|20px|20px|20px|true|true\u00bb border_radii=\u00bbon|7px|7px|7px|7px\u00bb global_colors_info=\u00bb{%22gcid-c389346f-c7fc-4257-bd7f-fcd8e4ff1304%22:%91%22background_color%22%93}\u00bb][et_pb_image src=\u00bbhttps:\/\/www.casaldelsinfants.org\/wp-content\/uploads\/Icona-volunt-estiu-png.webp\u00bb title_text=\u00bbIcona-volunt-estiu\u00bb _builder_version=\u00bb4.27.3&#8243; _module_preset=\u00bbdefault\u00bb width=\u00bb38%\u00bb global_colors_info=\u00bb{}\u00bb][\/et_pb_image][et_pb_text _builder_version=\u00bb4.27.3&#8243; _module_preset=\u00bb_initial\u00bb text_font=\u00bbMyriadPro Light||||||||\u00bb text_text_color=\u00bb#FFFFFF\u00bb text_font_size=\u00bb20px\u00bb custom_padding=\u00bb|20px|||false|false\u00bb custom_padding_tablet=\u00bb|20px|||false|false\u00bb custom_padding_phone=\u00bb|20px|||false|false\u00bb custom_padding_last_edited=\u00bbon|desktop\u00bb global_colors_info=\u00bb{}\u00bb]<\/p>\n<p>Ayudar en los espacios de refuerzo educativo<\/p>\n<p>[\/et_pb_text][\/et_pb_column][et_pb_column type=\u00bb1_3&#8243; _builder_version=\u00bb4.27.3&#8243; _module_preset=\u00bbdefault\u00bb background_color=\u00bbgcid-ee89fd9f-afc5-4939-817c-0a17ac90288c\u00bb custom_padding=\u00bb20px|20px|20px|20px|true|true\u00bb border_radii=\u00bbon|7px|7px|7px|7px\u00bb global_colors_info=\u00bb{%22gcid-ee89fd9f-afc5-4939-817c-0a17ac90288c%22:%91%22background_color%22%93}\u00bb][et_pb_image src=\u00bbhttps:\/\/www.casaldelsinfants.org\/wp-content\/uploads\/Icona-volunt-estiu-9-png.webp\u00bb title_text=\u00bbIcona-volunt-estiu-9&#8243; _builder_version=\u00bb4.27.3&#8243; _module_preset=\u00bbdefault\u00bb width=\u00bb35%\u00bb global_colors_info=\u00bb{}\u00bb][\/et_pb_image][et_pb_text _builder_version=\u00bb4.27.3&#8243; _module_preset=\u00bb_initial\u00bb text_font=\u00bbMyriadPro Light||||||||\u00bb text_text_color=\u00bb#FFFFFF\u00bb text_font_size=\u00bb20px\u00bb custom_padding=\u00bb|50px|||false|false\u00bb custom_padding_tablet=\u00bb|50px|||false|false\u00bb custom_padding_phone=\u00bb|50px|||false|false\u00bb custom_padding_last_edited=\u00bbon|desktop\u00bb global_colors_info=\u00bb{}\u00bb]<\/p>\n<p>Acompa\u00f1arlos en el almuerzo o la comida<\/p>\n<p>[\/et_pb_text][\/et_pb_column][et_pb_column type=\u00bb1_3&#8243; _builder_version=\u00bb4.27.3&#8243; _module_preset=\u00bbdefault\u00bb background_color=\u00bbgcid-f394966f-e0c5-4002-8b16-b25413c49912&#8243; custom_padding=\u00bb20px|20px|20px|20px|true|true\u00bb border_radii=\u00bbon|7px|7px|7px|7px\u00bb global_colors_info=\u00bb{%22gcid-f394966f-e0c5-4002-8b16-b25413c49912%22:%91%22background_color%22%93}\u00bb][et_pb_image src=\u00bbhttps:\/\/www.casaldelsinfants.org\/wp-content\/uploads\/Icona-volunt-estiu-3-png.webp\u00bb title_text=\u00bbIcona-volunt-estiu-3&#8243; _builder_version=\u00bb4.27.3&#8243; _module_preset=\u00bbdefault\u00bb width=\u00bb35%\u00bb global_colors_info=\u00bb{}\u00bb][\/et_pb_image][et_pb_text _builder_version=\u00bb4.27.3&#8243; _module_preset=\u00bb_initial\u00bb text_font=\u00bbMyriadPro Light||||||||\u00bb text_text_color=\u00bb#FFFFFF\u00bb text_font_size=\u00bb20px\u00bb custom_padding=\u00bb|48px|||false|false\u00bb custom_padding_tablet=\u00bb|48px|||false|false\u00bb custom_padding_phone=\u00bb|48px|||false|false\u00bb custom_padding_last_edited=\u00bbon|desktop\u00bb global_colors_info=\u00bb{}\u00bb]<\/p>\n<p>Una semana de colonias o de campamentos<\/p>\n<p>[\/et_pb_text][\/et_pb_column][\/et_pb_row][\/et_pb_section][et_pb_section fb_built=\u00bb1&#8243; custom_padding_last_edited=\u00bbon|phone\u00bb disabled_on=\u00bboff|off|off\u00bb _builder_version=\u00bb4.27.3&#8243; _module_preset=\u00bbdefault\u00bb custom_padding=\u00bb4px||77px|||\u00bb custom_padding_tablet=\u00bb4px||77px|||\u00bb custom_padding_phone=\u00bb4px||33px||false|false\u00bb da_disable_devices=\u00bboff|off|off\u00bb global_colors_info=\u00bb{}\u00bb da_is_popup=\u00bboff\u00bb da_exit_intent=\u00bboff\u00bb da_has_close=\u00bbon\u00bb da_alt_close=\u00bboff\u00bb da_dark_close=\u00bboff\u00bb da_not_modal=\u00bbon\u00bb da_is_singular=\u00bboff\u00bb da_with_loader=\u00bboff\u00bb da_has_shadow=\u00bbon\u00bb][et_pb_row disabled_on=\u00bboff|off|off\u00bb admin_label=\u00bbDescripci\u00f3n\u00bb _builder_version=\u00bb4.27.3&#8243; _module_preset=\u00bbdefault\u00bb custom_padding=\u00bb||22px|||\u00bb locked=\u00bboff\u00bb collapsed=\u00bboff\u00bb global_colors_info=\u00bb{}\u00bb][et_pb_column type=\u00bb4_4&#8243; _builder_version=\u00bb4.25.0&#8243; _module_preset=\u00bbdefault\u00bb global_colors_info=\u00bb{}\u00bb][et_pb_heading title=\u00bb\u00bfQui\u00e9n puede hacer voluntariado?\u00bb admin_label=\u00bbQui pot participar?\u00bb _builder_version=\u00bb4.27.3&#8243; _module_preset=\u00bb_initial\u00bb title_font=\u00bbMyriadPro Semibold|500|||||||\u00bb title_text_align=\u00bbcenter\u00bb title_font_size=\u00bb29px\u00bb title_letter_spacing=\u00bb0em\u00bb custom_margin=\u00bb4px||||false|false\u00bb custom_padding=\u00bb9px||9px||true|false\u00bb global_colors_info=\u00bb{}\u00bb][\/et_pb_heading][et_pb_text _builder_version=\u00bb4.27.3&#8243; _module_preset=\u00bb_initial\u00bb text_font=\u00bbMyriadPro Regular||||||||\u00bb text_font_size=\u00bb21px\u00bb text_line_height=\u00bb1.3em\u00bb header_font=\u00bbMyriadPro Regular|500|||||||\u00bb text_orientation=\u00bbcenter\u00bb text_font_size_tablet=\u00bb21px\u00bb text_font_size_phone=\u00bb19px\u00bb text_font_size_last_edited=\u00bbon|phone\u00bb global_colors_info=\u00bb{%22gcid-a674551e-c023-4666-82b8-b7448e713885%22:%91%22quote_border_color%22%93}\u00bb]<\/p>\n<p>\u00a1Todo el mundo que tenga ganas! Para hacer voluntariado al Casal de verano solo hace falta que tengas ganas de actuar contra las desigualdades y motivaci\u00f3n y energ\u00eda para participar en las actividades de verano.<\/p>\n<p>[\/et_pb_text][\/et_pb_column][\/et_pb_row][et_pb_row column_structure=\u00bb1_4,1_4,1_4,1_4&#8243; _builder_version=\u00bb4.27.3&#8243; _module_preset=\u00bbdefault\u00bb global_colors_info=\u00bb{}\u00bb][et_pb_column type=\u00bb1_4&#8243; _builder_version=\u00bb4.27.3&#8243; _module_preset=\u00bbdefault\u00bb global_colors_info=\u00bb{}\u00bb][et_pb_image src=\u00bbhttps:\/\/www.casaldelsinfants.org\/wp-content\/uploads\/icona-tick-verd-png.webp\u00bb title_text=\u00bbicona-tick-verd\u00bb disabled_on=\u00bboff|off|off\u00bb _builder_version=\u00bb4.27.3&#8243; _module_preset=\u00bbdefault\u00bb width=\u00bb22%\u00bb width_tablet=\u00bb22%\u00bb width_phone=\u00bb21%\u00bb width_last_edited=\u00bbon|phone\u00bb module_alignment=\u00bbleft\u00bb module_alignment_tablet=\u00bbleft\u00bb module_alignment_phone=\u00bbcenter\u00bb module_alignment_last_edited=\u00bbon|phone\u00bb locked=\u00bboff\u00bb global_colors_info=\u00bb{}\u00bb][\/et_pb_image][et_pb_text _builder_version=\u00bb4.27.3&#8243; _module_preset=\u00bb_initial\u00bb text_font_size=\u00bb18px\u00bb custom_margin=\u00bb||20px|||\u00bb global_colors_info=\u00bb{}\u00bb]<\/p>\n<p>Personas de <strong>18 a\u00f1os o m\u00e1s*<\/strong> con ganas de formar parte del equipo educativo del Casal<\/p>\n<p>[\/et_pb_text][et_pb_text _builder_version=\u00bb4.27.3&#8243; _module_preset=\u00bb_initial\u00bb text_font=\u00bbMyriadPro Light||||||||\u00bb text_font_size=\u00bb14px\u00bb text_line_height=\u00bb1.2em\u00bb global_colors_info=\u00bb{}\u00bb]<\/p>\n<p>*Si tienes entre 16-17 y te gustar\u00eda participar, ponte en contacto con nosotros a <a href=\"mailto:voluntariat@casaldelsinfants.org\">voluntariat@casaldelsinfants.org<\/a><\/p>\n<p>[\/et_pb_text][\/et_pb_column][et_pb_column type=\u00bb1_4&#8243; _builder_version=\u00bb4.27.3&#8243; _module_preset=\u00bbdefault\u00bb global_colors_info=\u00bb{}\u00bb][et_pb_image src=\u00bbhttps:\/\/www.casaldelsinfants.org\/wp-content\/uploads\/icona-tick-verd-png.webp\u00bb title_text=\u00bbicona-tick-verd\u00bb _builder_version=\u00bb4.27.3&#8243; _module_preset=\u00bbdefault\u00bb width=\u00bb22%\u00bb width_tablet=\u00bb22%\u00bb width_phone=\u00bb21%\u00bb width_last_edited=\u00bbon|phone\u00bb module_alignment=\u00bbleft\u00bb module_alignment_tablet=\u00bbleft\u00bb module_alignment_phone=\u00bbcenter\u00bb module_alignment_last_edited=\u00bbon|phone\u00bb locked=\u00bboff\u00bb global_colors_info=\u00bb{}\u00bb][\/et_pb_image][et_pb_text _builder_version=\u00bb4.27.3&#8243; _module_preset=\u00bb_initial\u00bb text_font_size=\u00bb18px\u00bb global_colors_info=\u00bb{}\u00bb]<\/p>\n<p>Valoramos tener <strong>herramientas b\u00e1sicas<\/strong> para acompa\u00f1ar ni\u00f1os, adolescentes y j\u00f3venes<\/p>\n<p>[\/et_pb_text][\/et_pb_column][et_pb_column type=\u00bb1_4&#8243; _builder_version=\u00bb4.27.3&#8243; _module_preset=\u00bbdefault\u00bb global_colors_info=\u00bb{}\u00bb][et_pb_image src=\u00bbhttps:\/\/www.casaldelsinfants.org\/wp-content\/uploads\/icona-tick-verd-png.webp\u00bb title_text=\u00bbicona-tick-verd\u00bb _builder_version=\u00bb4.27.3&#8243; _module_preset=\u00bbdefault\u00bb width=\u00bb22%\u00bb width_tablet=\u00bb22%\u00bb width_phone=\u00bb21%\u00bb width_last_edited=\u00bbon|phone\u00bb module_alignment=\u00bbleft\u00bb module_alignment_tablet=\u00bbleft\u00bb module_alignment_phone=\u00bbcenter\u00bb module_alignment_last_edited=\u00bbon|phone\u00bb global_colors_info=\u00bb{}\u00bb][\/et_pb_image][et_pb_text _builder_version=\u00bb4.27.3&#8243; _module_preset=\u00bb_initial\u00bb text_font_size=\u00bb18px\u00bb global_colors_info=\u00bb{}\u00bb]<\/p>\n<p>Compartir y <strong>ayudar en la dinamizaci\u00f3n <\/strong>de espacios de ocio educativo<\/p>\n<p>[\/et_pb_text][\/et_pb_column][et_pb_column type=\u00bb1_4&#8243; _builder_version=\u00bb4.27.3&#8243; _module_preset=\u00bbdefault\u00bb global_colors_info=\u00bb{}\u00bb][et_pb_image src=\u00bbhttps:\/\/www.casaldelsinfants.org\/wp-content\/uploads\/icona-tick-verd-png.webp\u00bb title_text=\u00bbicona-tick-verd\u00bb _builder_version=\u00bb4.27.3&#8243; _module_preset=\u00bbdefault\u00bb width=\u00bb22%\u00bb width_tablet=\u00bb22%\u00bb width_phone=\u00bb21%\u00bb width_last_edited=\u00bbon|phone\u00bb module_alignment=\u00bbleft\u00bb module_alignment_tablet=\u00bbleft\u00bb module_alignment_phone=\u00bbcenter\u00bb module_alignment_last_edited=\u00bbon|phone\u00bb locked=\u00bboff\u00bb global_colors_info=\u00bb{}\u00bb][\/et_pb_image][et_pb_text _builder_version=\u00bb4.27.3&#8243; _module_preset=\u00bb_initial\u00bb text_font_size=\u00bb18px\u00bb global_colors_info=\u00bb{}\u00bb]<\/p>\n<p>Poder ser<strong> referentes positivos<\/strong> para los participantes<\/p>\n<p>[\/et_pb_text][\/et_pb_column][\/et_pb_row][\/et_pb_section][et_pb_section fb_built=\u00bb1&#8243; disabled_on=\u00bboff|off|off\u00bb _builder_version=\u00bb4.27.3&#8243; _module_preset=\u00bbdefault\u00bb background_color=\u00bb#FEEECC\u00bb module_alignment=\u00bbcenter\u00bb custom_margin=\u00bb||||false|false\u00bb custom_padding=\u00bb30px||30px||true|false\u00bb da_disable_devices=\u00bboff|off|off\u00bb locked=\u00bboff\u00bb global_colors_info=\u00bb{}\u00bb da_is_popup=\u00bboff\u00bb da_exit_intent=\u00bboff\u00bb da_has_close=\u00bbon\u00bb da_alt_close=\u00bboff\u00bb da_dark_close=\u00bboff\u00bb da_not_modal=\u00bbon\u00bb da_is_singular=\u00bboff\u00bb da_with_loader=\u00bboff\u00bb da_has_shadow=\u00bbon\u00bb][et_pb_row column_structure=\u00bb3_5,2_5&#8243; _builder_version=\u00bb4.27.3&#8243; _module_preset=\u00bbdefault\u00bb global_colors_info=\u00bb{}\u00bb][et_pb_column type=\u00bb3_5&#8243; _builder_version=\u00bb4.27.3&#8243; _module_preset=\u00bbdefault\u00bb global_colors_info=\u00bb{}\u00bb][et_pb_text _builder_version=\u00bb4.27.3&#8243; _module_preset=\u00bb_initial\u00bb text_font=\u00bbMyriadPro Light||||||||\u00bb text_text_color=\u00bb#000000&#8243; text_font_size=\u00bb35px\u00bb custom_margin_tablet=\u00bb\u00bb custom_margin_phone=\u00bb||22px||false|false\u00bb custom_margin_last_edited=\u00bbon|phone\u00bb custom_padding_phone=\u00bb||||false|false\u00bb custom_padding_last_edited=\u00bboff|phone\u00bb text_font_size_tablet=\u00bb35px\u00bb text_font_size_phone=\u00bb31px\u00bb text_font_size_last_edited=\u00bbon|phone\u00bb text_line_height_tablet=\u00bb\u00bb text_line_height_phone=\u00bb1.1em\u00bb text_line_height_last_edited=\u00bbon|phone\u00bb text_orientation_tablet=\u00bb\u00bb text_orientation_phone=\u00bbcenter\u00bb text_orientation_last_edited=\u00bbon|phone\u00bb global_colors_info=\u00bb{}\u00bb]<\/p>\n<p>\u00bfQuieres formar parte del equipo de voluntariado?<\/p>\n<p>[\/et_pb_text][et_pb_text _builder_version=\u00bb4.27.6&#8243; _module_preset=\u00bb_initial\u00bb text_font=\u00bbMyriadPro Bold||||||||\u00bb text_text_color=\u00bb#000000&#8243; text_font_size=\u00bb20px\u00bb hover_enabled=\u00bb0&#8243; text_line_height_tablet=\u00bb\u00bb text_line_height_phone=\u00bb1.3em\u00bb text_line_height_last_edited=\u00bbon|phone\u00bb text_orientation_tablet=\u00bb\u00bb text_orientation_phone=\u00bbcenter\u00bb text_orientation_last_edited=\u00bbon|phone\u00bb global_colors_info=\u00bb{}\u00bb sticky_enabled=\u00bb0&#8243;]<\/p>\n<p>Accede al formulario de inscripci\u00f3n del programa de voluntariado<\/p>\n<p>[\/et_pb_text][\/et_pb_column][et_pb_column type=\u00bb2_5&#8243; _builder_version=\u00bb4.27.3&#8243; _module_preset=\u00bbdefault\u00bb global_colors_info=\u00bb{}\u00bb][et_pb_button button_url=\u00bb&lt;!&#8211;&#91;CDATA&#91;\/que-pots-fer-tu\/voluntariat#form-campanya-online&#93;&#93;&#8211;&gt;\u00bb url_new_window=\u00bbon\u00bb button_text=\u00bbInscr\u00edbete ahora\u00bb button_alignment=\u00bbleft\u00bb button_alignment_tablet=\u00bbleft\u00bb button_alignment_phone=\u00bbcenter\u00bb button_alignment_last_edited=\u00bbon|phone\u00bb _builder_version=\u00bb4.27.6&#8243; _module_preset=\u00bbdefault\u00bb custom_button=\u00bbon\u00bb button_text_size=\u00bb21px\u00bb button_text_color=\u00bb#FFFFFF\u00bb button_bg_color=\u00bb#F8AC00&#8243; button_border_width=\u00bb0px\u00bb button_border_color=\u00bb#FFAE00&#8243; button_border_radius=\u00bb8px\u00bb button_letter_spacing=\u00bb0px\u00bb button_use_icon=\u00bboff\u00bb custom_margin=\u00bb10px||10px||true|false\u00bb custom_padding=\u00bb||||false|false\u00bb locked=\u00bboff\u00bb global_colors_info=\u00bb{}\u00bb button_bg_color__hover_enabled=\u00bboff|hover\u00bb button_bg_color__hover=\u00bb#FFAE00&#8243; button_bg_enable_color__hover=\u00bbon\u00bb button_border_color__hover_enabled=\u00bbon|hover\u00bb button_border_color__hover=\u00bb#eaa000&#8243;][\/et_pb_button][\/et_pb_column][\/et_pb_row][\/et_pb_section][et_pb_section fb_built=\u00bb1&#8243; custom_padding_last_edited=\u00bbon|phone\u00bb disabled_on=\u00bboff|off|off\u00bb _builder_version=\u00bb4.27.3&#8243; _module_preset=\u00bbdefault\u00bb custom_padding=\u00bb||5px|||\u00bb custom_padding_tablet=\u00bb||5px|||\u00bb custom_padding_phone=\u00bb4px||4px||true|false\u00bb da_disable_devices=\u00bboff|off|off\u00bb global_colors_info=\u00bb{}\u00bb da_is_popup=\u00bboff\u00bb da_exit_intent=\u00bboff\u00bb da_has_close=\u00bbon\u00bb da_alt_close=\u00bboff\u00bb da_dark_close=\u00bboff\u00bb da_not_modal=\u00bbon\u00bb da_is_singular=\u00bboff\u00bb da_with_loader=\u00bboff\u00bb da_has_shadow=\u00bbon\u00bb][et_pb_row use_custom_gutter=\u00bbon\u00bb make_equal=\u00bbon\u00bb disabled_on=\u00bboff|off|off\u00bb admin_label=\u00bbV\u00eddeos\u00bb _builder_version=\u00bb4.27.3&#8243; _module_preset=\u00bbdefault\u00bb width=\u00bb100%\u00bb module_alignment=\u00bbcenter\u00bb custom_margin=\u00bb20px|10px|20px|10px|true|true\u00bb custom_padding=\u00bb||||false|false\u00bb locked=\u00bboff\u00bb collapsed=\u00bboff\u00bb global_colors_info=\u00bb{}\u00bb][et_pb_column type=\u00bb4_4&#8243; _builder_version=\u00bb4.25.0&#8243; _module_preset=\u00bbdefault\u00bb global_colors_info=\u00bb{}\u00bb][et_pb_video_slider play_icon_color=\u00bb#FFFFFF\u00bb font_icon=\u00bb\uf144||fa||400&#8243; disabled_on=\u00bbon|off|off\u00bb _builder_version=\u00bb4.27.3&#8243; _module_preset=\u00bbdefault\u00bb width=\u00bb77%\u00bb module_alignment=\u00bbcenter\u00bb border_radii=\u00bbon|8px|8px|8px|8px\u00bb global_colors_info=\u00bb{}\u00bb][et_pb_video_slider_item src=\u00bbhttps:\/\/www.youtube.com\/watch?v=SAKNdY-YYJA\u00bb _builder_version=\u00bb4.27.3&#8243; _module_preset=\u00bbdefault\u00bb global_colors_info=\u00bb{}\u00bb show_image_overlay=\u00bboff\u00bb][\/et_pb_video_slider_item][et_pb_video_slider_item src=\u00bbhttps:\/\/www.youtube.com\/watch?v=Z50lNJcu-fY\u00bb _builder_version=\u00bb4.27.3&#8243; _module_preset=\u00bbdefault\u00bb global_colors_info=\u00bb{}\u00bb show_image_overlay=\u00bboff\u00bb][\/et_pb_video_slider_item][et_pb_video_slider_item src=\u00bbhttps:\/\/www.youtube.com\/watch?v=DmMZ8XDDCSk\u00bb _builder_version=\u00bb4.27.3&#8243; _module_preset=\u00bbdefault\u00bb global_colors_info=\u00bb{}\u00bb show_image_overlay=\u00bboff\u00bb][\/et_pb_video_slider_item][et_pb_video_slider_item src=\u00bbhttps:\/\/www.youtube.com\/watch?v=Nad5j_kecA8&#8243; _builder_version=\u00bb4.27.3&#8243; _module_preset=\u00bbdefault\u00bb global_colors_info=\u00bb{}\u00bb show_image_overlay=\u00bboff\u00bb][\/et_pb_video_slider_item][\/et_pb_video_slider][et_pb_video src=\u00bbhttps:\/\/www.youtube.com\/watch?v=Z50lNJcu-fY\u00bb disabled_on=\u00bboff|on|on\u00bb _builder_version=\u00bb4.27.3&#8243; _module_preset=\u00bbdefault\u00bb max_width=\u00bb90%\u00bb module_alignment=\u00bbcenter\u00bb border_radii=\u00bbon|8px|8px|8px|8px\u00bb global_colors_info=\u00bb{}\u00bb][\/et_pb_video][\/et_pb_column][\/et_pb_row][\/et_pb_section][et_pb_section fb_built=\u00bb1&#8243; disabled_on=\u00bboff|off|off\u00bb admin_label=\u00bbEspecificacions\u00bb _builder_version=\u00bb4.25.0&#8243; _module_preset=\u00bbdefault\u00bb custom_padding=\u00bb24px||30px|||\u00bb da_disable_devices=\u00bboff|off|off\u00bb locked=\u00bboff\u00bb collapsed=\u00bboff\u00bb global_colors_info=\u00bb{}\u00bb da_is_popup=\u00bboff\u00bb da_exit_intent=\u00bboff\u00bb da_has_close=\u00bbon\u00bb da_alt_close=\u00bboff\u00bb da_dark_close=\u00bboff\u00bb da_not_modal=\u00bbon\u00bb da_is_singular=\u00bboff\u00bb da_with_loader=\u00bboff\u00bb da_has_shadow=\u00bbon\u00bb][et_pb_row admin_label=\u00bbEspecificaciones\u00bb _builder_version=\u00bb4.27.3&#8243; _module_preset=\u00bbdefault\u00bb custom_padding=\u00bb||||false|false\u00bb collapsed=\u00bboff\u00bb global_colors_info=\u00bb{}\u00bb][et_pb_column type=\u00bb4_4&#8243; _builder_version=\u00bb4.25.0&#8243; _module_preset=\u00bbdefault\u00bb global_colors_info=\u00bb{}\u00bb][et_pb_heading title=\u00bbEspecificaciones\u00bb _builder_version=\u00bb4.27.3&#8243; _module_preset=\u00bb_initial\u00bb title_font=\u00bbMyriadPro Semibold|500|||||||\u00bb title_text_align=\u00bbcenter\u00bb title_font_size=\u00bb29px\u00bb title_letter_spacing=\u00bb0em\u00bb custom_margin=\u00bb||||false|false\u00bb custom_padding=\u00bb||||false|false\u00bb title_font_size_last_edited=\u00bboff|desktop\u00bb global_colors_info=\u00bb{}\u00bb][\/et_pb_heading][\/et_pb_column][\/et_pb_row][et_pb_row column_structure=\u00bb1_4,1_4,1_4,1_4&#8243; use_custom_gutter=\u00bbon\u00bb gutter_width=\u00bb2&#8243; make_equal=\u00bbon\u00bb custom_padding_last_edited=\u00bbon|desktop\u00bb admin_label=\u00bbHorario, cuando, donde, con qui\u00e9n&#8230;\u00bb _builder_version=\u00bb4.27.6&#8243; _module_preset=\u00bbdefault\u00bb custom_padding=\u00bb38px|||||\u00bb custom_padding_tablet=\u00bb||0px||false|false\u00bb custom_padding_phone=\u00bb||0px||false|false\u00bb collapsed=\u00bboff\u00bb global_colors_info=\u00bb{}\u00bb][et_pb_column type=\u00bb1_4&#8243; _builder_version=\u00bb4.25.0&#8243; _module_preset=\u00bbdefault\u00bb global_colors_info=\u00bb{}\u00bb][et_pb_heading title=\u00bb\u00bfCon qui\u00e9n?\u00bb admin_label=\u00bbAmb qui?\u00bb _builder_version=\u00bb4.27.3&#8243; _module_preset=\u00bb_initial\u00bb title_font=\u00bbMyriadPro Light|600|||||||\u00bb title_letter_spacing=\u00bb0em\u00bb custom_margin=\u00bb||10px||false|false\u00bb title_text_align_tablet=\u00bb\u00bb title_text_align_phone=\u00bbcenter\u00bb title_text_align_last_edited=\u00bbon|phone\u00bb title_font_size_last_edited=\u00bboff|desktop\u00bb global_colors_info=\u00bb{}\u00bb][\/et_pb_heading][et_pb_blurb use_icon=\u00bbon\u00bb font_icon=\u00bb&#xf00c;||fa||900&#8243; icon_placement=\u00bbleft\u00bb image_icon_width=\u00bb22px\u00bb content_last_edited=\u00bboff|desktop\u00bb admin_label=\u00bbText\u00bb _builder_version=\u00bb4.27.6&#8243; _module_preset=\u00bb_initial\u00bb custom_margin=\u00bb||10px||false|false\u00bb global_colors_info=\u00bb{%22gcid-a674551e-c023-4666-82b8-b7448e713885%22:%91%22link_text_color%22,%22quote_border_color%22,%22link_text_color%22,%22quote_border_color%22,%22link_text_color%22,%22quote_border_color%22,%22link_text_color%22,%22quote_border_color%22,%22link_text_color%22,%22quote_border_color%22,%22link_text_color%22,%22quote_border_color%22,%22link_text_color%22,%22quote_border_color%22,%22link_text_color%22,%22quote_border_color%22,%22link_text_color%22,%22quote_border_color%22,%22link_text_color%22,%22quote_border_color%22,%22link_text_color%22,%22quote_border_color%22,%22link_text_color%22,%22quote_border_color%22,%22link_text_color%22,%22quote_border_color%22,%22link_text_color%22,%22quote_border_color%22%93}\u00bb content__hover_enabled=\u00bboff|desktop\u00bb content__hover=\u00bb<\/p>\n<p><a href=%22https:\/\/www.casaldelsinfants.org\/que-fem\/ajudar-infants-i-adolescents\/%22>Inf\u00e0ncia i adolesc\u00e8ncia<\/a><\/p>\n<p>\u00ab]<\/p>\n<p><a href=\"https:\/\/www.casaldelsinfants.org\/es\/que-hacemos\/ayudar-a-la-infancia-y-adolescencia\/\" target=\"_blank\" rel=\"noopener\">Infancia y adolescencia<\/a><\/p>\n<p>[\/et_pb_blurb][et_pb_blurb use_icon=\u00bbon\u00bb font_icon=\u00bb&#xf00c;||fa||900&#8243; icon_placement=\u00bbleft\u00bb image_icon_width=\u00bb22px\u00bb admin_label=\u00bbText\u00bb _builder_version=\u00bb4.27.6&#8243; _module_preset=\u00bb_initial\u00bb custom_margin=\u00bb||10px||false|false\u00bb global_colors_info=\u00bb{%22gcid-a674551e-c023-4666-82b8-b7448e713885%22:%91%22link_text_color%22,%22quote_border_color%22,%22link_text_color%22,%22quote_border_color%22,%22link_text_color%22,%22quote_border_color%22,%22link_text_color%22,%22quote_border_color%22,%22link_text_color%22,%22quote_border_color%22,%22link_text_color%22,%22quote_border_color%22,%22link_text_color%22,%22quote_border_color%22%93}\u00bb]<\/p>\n<p><a href=\"https:\/\/www.casaldelsinfants.org\/es\/que-hacemos\/ayudar-a-los-jovenes\/\" target=\"_blank\" rel=\"noopener\">J\u00f3venes<\/a><\/p>\n<p>[\/et_pb_blurb][\/et_pb_column][et_pb_column type=\u00bb1_4&#8243; _builder_version=\u00bb4.25.0&#8243; _module_preset=\u00bbdefault\u00bb global_colors_info=\u00bb{}\u00bb][et_pb_heading title=\u00bb\u00bfCu\u00e1ndo?\u00bb admin_label=\u00bbQuan?\u00bb _builder_version=\u00bb4.27.3&#8243; _module_preset=\u00bb_initial\u00bb title_font=\u00bbMyriadPro Light|600|||||||\u00bb title_letter_spacing=\u00bb0em\u00bb custom_margin=\u00bb||10px||false|false\u00bb title_text_align_tablet=\u00bb\u00bb title_text_align_phone=\u00bbcenter\u00bb title_text_align_last_edited=\u00bbon|phone\u00bb global_colors_info=\u00bb{}\u00bb][\/et_pb_heading][et_pb_blurb use_icon=\u00bbon\u00bb font_icon=\u00bb&#xf00c;||fa||900&#8243; icon_placement=\u00bbleft\u00bb image_icon_width=\u00bb22px\u00bb admin_label=\u00bbText\u00bb _builder_version=\u00bb4.27.6&#8243; _module_preset=\u00bb_initial\u00bb custom_margin=\u00bb||10px||false|false\u00bb global_colors_info=\u00bb{%22gcid-a674551e-c023-4666-82b8-b7448e713885%22:%91%22link_text_color%22,%22quote_border_color%22,%22link_text_color%22,%22quote_border_color%22,%22link_text_color%22,%22quote_border_color%22,%22link_text_color%22,%22quote_border_color%22,%22link_text_color%22,%22quote_border_color%22,%22link_text_color%22,%22quote_border_color%22,%22link_text_color%22,%22quote_border_color%22%93}\u00bb]<\/p>\n<p>Inicio: 29\/06\/2026<\/p>\n<p>[\/et_pb_blurb][et_pb_blurb use_icon=\u00bbon\u00bb font_icon=\u00bb&#xf00c;||fa||900&#8243; icon_placement=\u00bbleft\u00bb image_icon_width=\u00bb22px\u00bb admin_label=\u00bbText\u00bb _builder_version=\u00bb4.27.6&#8243; _module_preset=\u00bb_initial\u00bb custom_margin=\u00bb||10px||false|false\u00bb global_colors_info=\u00bb{%22gcid-a674551e-c023-4666-82b8-b7448e713885%22:%91%22link_text_color%22,%22quote_border_color%22,%22link_text_color%22,%22quote_border_color%22,%22link_text_color%22,%22quote_border_color%22,%22link_text_color%22,%22quote_border_color%22,%22link_text_color%22,%22quote_border_color%22,%22link_text_color%22,%22quote_border_color%22,%22link_text_color%22,%22quote_border_color%22%93}\u00bb]<\/p>\n<p>Finalizaci\u00f3n: 21\/08\/2026<\/p>\n<p>[\/et_pb_blurb][et_pb_blurb use_icon=\u00bbon\u00bb font_icon=\u00bb&#xf00c;||fa||900&#8243; icon_placement=\u00bbleft\u00bb image_icon_width=\u00bb22px\u00bb admin_label=\u00bbText\u00bb _builder_version=\u00bb4.27.6&#8243; _module_preset=\u00bb_initial\u00bb custom_margin=\u00bb||10px||false|false\u00bb global_colors_info=\u00bb{%22gcid-a674551e-c023-4666-82b8-b7448e713885%22:%91%22link_text_color%22,%22quote_border_color%22,%22link_text_color%22,%22quote_border_color%22,%22link_text_color%22,%22quote_border_color%22,%22link_text_color%22,%22quote_border_color%22,%22link_text_color%22,%22quote_border_color%22,%22link_text_color%22,%22quote_border_color%22,%22link_text_color%22,%22quote_border_color%22%93}\u00bb]<\/p>\n<p>Compromiso min.1 semana<\/p>\n<p>[\/et_pb_blurb][\/et_pb_column][et_pb_column type=\u00bb1_4&#8243; _builder_version=\u00bb4.25.0&#8243; _module_preset=\u00bbdefault\u00bb global_colors_info=\u00bb{}\u00bb][et_pb_heading title=\u00bbHorarios\u00bb admin_label=\u00bbHoraris\u00bb _builder_version=\u00bb4.27.3&#8243; _module_preset=\u00bb_initial\u00bb title_font=\u00bbMyriadPro Light|600|||||||\u00bb title_letter_spacing=\u00bb0em\u00bb custom_margin=\u00bb||10px||false|false\u00bb title_text_align_tablet=\u00bb\u00bb title_text_align_phone=\u00bbcenter\u00bb title_text_align_last_edited=\u00bbon|phone\u00bb global_colors_info=\u00bb{}\u00bb][\/et_pb_heading][et_pb_blurb use_icon=\u00bbon\u00bb font_icon=\u00bb&#xf00c;||fa||900&#8243; icon_placement=\u00bbleft\u00bb image_icon_width=\u00bb22px\u00bb admin_label=\u00bbText\u00bb _builder_version=\u00bb4.27.3&#8243; _module_preset=\u00bb_initial\u00bb custom_margin=\u00bb||10px||false|false\u00bb global_colors_info=\u00bb{%22gcid-a674551e-c023-4666-82b8-b7448e713885%22:%91%22link_text_color%22,%22quote_border_color%22,%22link_text_color%22,%22quote_border_color%22,%22link_text_color%22,%22quote_border_color%22,%22link_text_color%22,%22quote_border_color%22,%22link_text_color%22,%22quote_border_color%22%93}\u00bb]<\/p>\n<p>Lunes &#8211; Viernes<\/p>\n<p>[\/et_pb_blurb][et_pb_blurb use_icon=\u00bbon\u00bb font_icon=\u00bb&#xf00c;||fa||900&#8243; icon_placement=\u00bbleft\u00bb image_icon_width=\u00bb22px\u00bb admin_label=\u00bbText\u00bb _builder_version=\u00bb4.27.3&#8243; _module_preset=\u00bb_initial\u00bb custom_margin=\u00bb||10px||false|false\u00bb global_colors_info=\u00bb{%22gcid-a674551e-c023-4666-82b8-b7448e713885%22:%91%22link_text_color%22,%22quote_border_color%22,%22link_text_color%22,%22quote_border_color%22,%22link_text_color%22,%22quote_border_color%22,%22link_text_color%22,%22quote_border_color%22,%22link_text_color%22,%22quote_border_color%22,%22link_text_color%22,%22quote_border_color%22,%22link_text_color%22,%22quote_border_color%22%93}\u00bb]<\/p>\n<p>De 9h a 17h<\/p>\n<p>[\/et_pb_blurb][\/et_pb_column][et_pb_column type=\u00bb1_4&#8243; _builder_version=\u00bb4.25.0&#8243; _module_preset=\u00bbdefault\u00bb global_colors_info=\u00bb{}\u00bb][et_pb_heading title=\u00bb\u00bfA d\u00f3nde?\u00bb admin_label=\u00bbA on?\u00bb _builder_version=\u00bb4.27.3&#8243; _module_preset=\u00bb_initial\u00bb title_font=\u00bbMyriadPro Light|600|||||||\u00bb title_letter_spacing=\u00bb0em\u00bb custom_margin=\u00bb||10px||false|false\u00bb title_text_align_tablet=\u00bb\u00bb title_text_align_phone=\u00bbcenter\u00bb title_text_align_last_edited=\u00bbon|phone\u00bb global_colors_info=\u00bb{}\u00bb][\/et_pb_heading][et_pb_blurb use_icon=\u00bbon\u00bb font_icon=\u00bb&#xf00c;||fa||900&#8243; icon_placement=\u00bbleft\u00bb image_icon_width=\u00bb22px\u00bb admin_label=\u00bbText\u00bb _builder_version=\u00bb4.27.3&#8243; _module_preset=\u00bb_initial\u00bb custom_margin=\u00bb||10px||false|false\u00bb global_colors_info=\u00bb{%22gcid-a674551e-c023-4666-82b8-b7448e713885%22:%91%22link_text_color%22,%22quote_border_color%22,%22link_text_color%22,%22quote_border_color%22,%22link_text_color%22,%22quote_border_color%22,%22link_text_color%22,%22quote_border_color%22,%22link_text_color%22,%22quote_border_color%22,%22link_text_color%22,%22quote_border_color%22,%22link_text_color%22,%22quote_border_color%22%93}\u00bb]<\/p>\n<p><a href=\"https:\/\/www.casaldelsinfants.org\/es\/donde-trabajamos\/badalona\/\" target=\"_blank\" rel=\"noopener\">Badalona (Sant Roc y Llefi\u00e0)<\/a><\/p>\n<p>[\/et_pb_blurb][et_pb_blurb use_icon=\u00bbon\u00bb font_icon=\u00bb&#xf00c;||fa||900&#8243; icon_placement=\u00bbleft\u00bb image_icon_width=\u00bb22px\u00bb admin_label=\u00bbText\u00bb _builder_version=\u00bb4.27.3&#8243; _module_preset=\u00bb_initial\u00bb custom_margin=\u00bb||10px||false|false\u00bb global_colors_info=\u00bb{%22gcid-a674551e-c023-4666-82b8-b7448e713885%22:%91%22link_text_color%22,%22quote_border_color%22,%22link_text_color%22,%22quote_border_color%22,%22link_text_color%22,%22quote_border_color%22,%22link_text_color%22,%22quote_border_color%22,%22link_text_color%22,%22quote_border_color%22,%22link_text_color%22,%22quote_border_color%22,%22link_text_color%22,%22quote_border_color%22%93}\u00bb]<\/p>\n<p><a href=\"https:\/\/www.casaldelsinfants.org\/es\/donde-trabajamos\/el-raval\/\" target=\"_blank\" rel=\"noopener\">Barcelona (Raval y Bes\u00f2s)<\/a><\/p>\n<p>[\/et_pb_blurb][et_pb_blurb use_icon=\u00bbon\u00bb font_icon=\u00bb&#xf00c;||fa||900&#8243; icon_placement=\u00bbleft\u00bb image_icon_width=\u00bb22px\u00bb admin_label=\u00bbText\u00bb _builder_version=\u00bb4.27.3&#8243; _module_preset=\u00bb_initial\u00bb custom_margin=\u00bb||10px||false|false\u00bb global_colors_info=\u00bb{%22gcid-a674551e-c023-4666-82b8-b7448e713885%22:%91%22link_text_color%22,%22quote_border_color%22,%22link_text_color%22,%22quote_border_color%22,%22link_text_color%22,%22quote_border_color%22,%22link_text_color%22,%22quote_border_color%22,%22link_text_color%22,%22quote_border_color%22,%22link_text_color%22,%22quote_border_color%22,%22link_text_color%22,%22quote_border_color%22%93}\u00bb]<\/p>\n<p><a href=\"https:\/\/www.casaldelsinfants.org\/es\/donde-trabajamos\/salt\/\" target=\"_blank\" rel=\"noopener\">Salt (Giron\u00e8s)<\/a><\/p>\n<p>[\/et_pb_blurb][et_pb_blurb use_icon=\u00bbon\u00bb font_icon=\u00bb&#xf00c;||fa||900&#8243; icon_placement=\u00bbleft\u00bb image_icon_width=\u00bb22px\u00bb admin_label=\u00bbText\u00bb _builder_version=\u00bb4.27.6&#8243; _module_preset=\u00bb_initial\u00bb custom_margin=\u00bb||10px||false|false\u00bb global_colors_info=\u00bb{%22gcid-a674551e-c023-4666-82b8-b7448e713885%22:%91%22link_text_color%22,%22quote_border_color%22,%22link_text_color%22,%22quote_border_color%22,%22link_text_color%22,%22quote_border_color%22,%22link_text_color%22,%22quote_border_color%22,%22link_text_color%22,%22quote_border_color%22,%22link_text_color%22,%22quote_border_color%22,%22link_text_color%22,%22quote_border_color%22%93}\u00bb]<\/p>\n<p><a href=\"https:\/\/www.casaldelsinfants.org\/es\/donde-trabajamos\/santa-coloma-de-gramenet\/\" target=\"_blank\" rel=\"noopener\">Santa Coloma de Gramenet<\/a><\/p>\n<p>[\/et_pb_blurb][et_pb_blurb use_icon=\u00bbon\u00bb font_icon=\u00bb&#xf00c;||fa||900&#8243; icon_placement=\u00bbleft\u00bb image_icon_width=\u00bb22px\u00bb admin_label=\u00bbText\u00bb _builder_version=\u00bb4.27.6&#8243; _module_preset=\u00bb_initial\u00bb custom_margin=\u00bb||10px||false|false\u00bb global_colors_info=\u00bb{%22gcid-a674551e-c023-4666-82b8-b7448e713885%22:%91%22link_text_color%22,%22quote_border_color%22,%22link_text_color%22,%22quote_border_color%22,%22link_text_color%22,%22quote_border_color%22,%22link_text_color%22,%22quote_border_color%22,%22link_text_color%22,%22quote_border_color%22,%22link_text_color%22,%22quote_border_color%22,%22link_text_color%22,%22quote_border_color%22%93}\u00bb]<\/p>\n<p><a href=\"https:\/\/www.casaldelsinfants.org\/es\/donde-trabajamos\/besos-la-mina\/\" target=\"_blank\" rel=\"noopener\">Sant Adri\u00e0 de Bes\u00f2s (Bes\u00f2s y La Mina)<\/a><\/p>\n<p>[\/et_pb_blurb][\/et_pb_column][\/et_pb_row][\/et_pb_section][et_pb_section fb_built=\u00bb1&#8243; admin_label=\u00bbContacte\u00bb _builder_version=\u00bb4.26.0&#8243; _module_preset=\u00bbdefault\u00bb background_color=\u00bbgcid-1ceede91-71be-464b-930c-ee204c722893&#8243; background_enable_image=\u00bboff\u00bb custom_margin=\u00bb||||false|false\u00bb custom_padding=\u00bb0px||0px||true|false\u00bb da_disable_devices=\u00bboff|off|off\u00bb locked=\u00bboff\u00bb collapsed=\u00bbon\u00bb global_colors_info=\u00bb{%22gcid-1ceede91-71be-464b-930c-ee204c722893%22:%91%22background_color%22%93}\u00bb da_is_popup=\u00bboff\u00bb da_exit_intent=\u00bboff\u00bb da_has_close=\u00bbon\u00bb da_alt_close=\u00bboff\u00bb da_dark_close=\u00bboff\u00bb da_not_modal=\u00bbon\u00bb da_is_singular=\u00bboff\u00bb da_with_loader=\u00bboff\u00bb da_has_shadow=\u00bbon\u00bb][et_pb_row column_structure=\u00bb2_5,3_5&#8243; use_custom_gutter=\u00bbon\u00bb gutter_width=\u00bb1&#8243; make_equal=\u00bbon\u00bb disabled_on=\u00bbon|off|off\u00bb _builder_version=\u00bb4.27.3&#8243; _module_preset=\u00bbdefault\u00bb width=\u00bb100%\u00bb max_width=\u00bb2560px\u00bb module_alignment=\u00bbcenter\u00bb custom_margin=\u00bb0px||0px||true|false\u00bb custom_padding=\u00bb0px||0px||true|false\u00bb global_colors_info=\u00bb{}\u00bb][et_pb_column type=\u00bb2_5&#8243; _builder_version=\u00bb4.27.3&#8243; _module_preset=\u00bbdefault\u00bb background_image=\u00bbhttps:\/\/www.casaldelsinfants.org\/wp-content\/uploads\/foto-voluntariat-estiu-1-png.webp\u00bb global_colors_info=\u00bb{}\u00bb][\/et_pb_column][et_pb_column type=\u00bb3_5&#8243; _builder_version=\u00bb4.26.0&#8243; _module_preset=\u00bbdefault\u00bb background_color=\u00bbgcid-3eb736dd-664e-410d-a075-54b047aa24aa\u00bb custom_padding=\u00bb50px|70px|50px|70px|true|true\u00bb global_colors_info=\u00bb{%22gcid-3eb736dd-664e-410d-a075-54b047aa24aa%22:%91%22background_color%22%93}\u00bb][et_pb_text _builder_version=\u00bb4.27.3&#8243; _module_preset=\u00bb_initial\u00bb text_font=\u00bb&#8211;et_global_heading_font||||||||\u00bb custom_margin=\u00bb16px|30px|8px|30px|false|true\u00bb custom_margin_tablet=\u00bb16px|30px|8px|30px|false|true\u00bb custom_margin_phone=\u00bb16px|0px|8px|0px|false|true\u00bb custom_margin_last_edited=\u00bbon|phone\u00bb text_orientation_tablet=\u00bb\u00bb text_orientation_phone=\u00bbcenter\u00bb text_orientation_last_edited=\u00bbon|phone\u00bb global_colors_info=\u00bb{}\u00bb]<\/p>\n<p>\u00bfTienes dudas?<\/p>\n<p>[\/et_pb_text][et_pb_text _builder_version=\u00bb4.26.0&#8243; _module_preset=\u00bb_initial\u00bb text_font=\u00bbMyriadPro Semibold||||||||\u00bb text_text_color=\u00bb#F8AC00&#8243; text_font_size=\u00bb35px\u00bb text_line_height=\u00bb1.2em\u00bb custom_margin=\u00bb|30px||30px|false|true\u00bb custom_margin_tablet=\u00bb|30px||30px|false|true\u00bb custom_margin_phone=\u00bb|0px||0px|false|true\u00bb custom_margin_last_edited=\u00bbon|phone\u00bb text_orientation_tablet=\u00bb\u00bb text_orientation_phone=\u00bbcenter\u00bb text_orientation_last_edited=\u00bbon|phone\u00bb global_colors_info=\u00bb{}\u00bb]<\/p>\n<p>Contacta con nosotros<\/p>\n<p>[\/et_pb_text][et_pb_text _builder_version=\u00bb4.27.3&#8243; _module_preset=\u00bb_initial\u00bb text_font_size=\u00bb18px\u00bb text_line_height=\u00bb1em\u00bb custom_margin=\u00bb|30px||30px|false|true\u00bb custom_margin_tablet=\u00bb|30px||30px|false|true\u00bb custom_margin_phone=\u00bb|0px||0px|false|true\u00bb custom_margin_last_edited=\u00bbon|phone\u00bb custom_padding=\u00bb30px||||false|false\u00bb text_orientation_tablet=\u00bb\u00bb text_orientation_phone=\u00bbcenter\u00bb text_orientation_last_edited=\u00bbon|phone\u00bb global_colors_info=\u00bb{}\u00bb]<\/p>\n<p><a href=\"mailto:voluntariat@casaldelsinfants.org\">voluntariat@casaldelsinfants.org<\/a><\/p>\n<p>Telf.<span>  682 20 09 11<\/span><\/p>\n<p>[\/et_pb_text][et_pb_social_media_follow use_icon_font_size=\u00bbon\u00bb icon_font_size=\u00bb19px\u00bb _builder_version=\u00bb4.27.3&#8243; _module_preset=\u00bbdefault\u00bb text_orientation=\u00bbleft\u00bb custom_margin=\u00bb|30px||30px|false|true\u00bb custom_margin_tablet=\u00bb|30px||30px|false|true\u00bb custom_margin_phone=\u00bb|0px||0px|false|true\u00bb custom_margin_last_edited=\u00bbon|phone\u00bb custom_padding=\u00bb33px||||false|false\u00bb text_orientation_tablet=\u00bbleft\u00bb text_orientation_phone=\u00bbcenter\u00bb text_orientation_last_edited=\u00bbon|phone\u00bb locked=\u00bboff\u00bb global_colors_info=\u00bb{}\u00bb][et_pb_social_media_follow_network social_network=\u00bbemail\u00bb url=\u00bbmailto:voluntariat@casaldelsinfants.org\u00bb _builder_version=\u00bb4.27.3&#8243; _module_preset=\u00bbdefault\u00bb background_color=\u00bb#0063D1&#8243; global_colors_info=\u00bb{}\u00bb follow_button=\u00bboff\u00bb url_new_window=\u00bbon\u00bb]email[\/et_pb_social_media_follow_network][et_pb_social_media_follow_network social_network=\u00bbwhatsapp\u00bb url=\u00bbhttps:\/\/api.whatsapp.com\/send?phone=34682200911&#8243; _builder_version=\u00bb4.27.3&#8243; _module_preset=\u00bbdefault\u00bb background_color=\u00bb#00E676&#8243; global_colors_info=\u00bb{}\u00bb follow_button=\u00bboff\u00bb url_new_window=\u00bbon\u00bb]whatsapp[\/et_pb_social_media_follow_network][\/et_pb_social_media_follow][\/et_pb_column][\/et_pb_row][et_pb_row use_custom_gutter=\u00bbon\u00bb gutter_width=\u00bb1&#8243; make_equal=\u00bbon\u00bb disabled_on=\u00bboff|on|on\u00bb _builder_version=\u00bb4.26.0&#8243; _module_preset=\u00bbdefault\u00bb width=\u00bb100%\u00bb max_width=\u00bb2560px\u00bb module_alignment=\u00bbcenter\u00bb custom_margin=\u00bb||||false|false\u00bb custom_padding=\u00bb||||false|false\u00bb global_colors_info=\u00bb{}\u00bb][et_pb_column type=\u00bb4_4&#8243; _builder_version=\u00bb4.26.0&#8243; _module_preset=\u00bbdefault\u00bb background_enable_image=\u00bboff\u00bb custom_padding=\u00bb|30px||30px|false|true\u00bb global_colors_info=\u00bb{}\u00bb][et_pb_text _builder_version=\u00bb4.27.3&#8243; _module_preset=\u00bb_initial\u00bb text_font=\u00bb&#8211;et_global_heading_font||||||||\u00bb text_font_size=\u00bb20px\u00bb custom_margin=\u00bb16px|30px|8px|30px|false|true\u00bb custom_margin_tablet=\u00bb16px|30px|8px|30px|false|true\u00bb custom_margin_phone=\u00bb16px|0px|16px|0px|false|true\u00bb custom_margin_last_edited=\u00bbon|phone\u00bb text_orientation_tablet=\u00bb\u00bb text_orientation_phone=\u00bbcenter\u00bb text_orientation_last_edited=\u00bbon|phone\u00bb global_colors_info=\u00bb{}\u00bb]<\/p>\n<p>\u00bfTienes dudas?<\/p>\n<p>[\/et_pb_text][et_pb_text _builder_version=\u00bb4.27.3&#8243; _module_preset=\u00bb_initial\u00bb text_font=\u00bbMyriadPro Semibold||||||||\u00bb text_text_color=\u00bb#F8AC00&#8243; text_font_size=\u00bb38px\u00bb text_line_height=\u00bb1.1em\u00bb custom_margin=\u00bb|30px||30px|false|true\u00bb custom_margin_tablet=\u00bb|30px||30px|false|true\u00bb custom_margin_phone=\u00bb|0px||0px|false|true\u00bb custom_margin_last_edited=\u00bbon|phone\u00bb text_orientation_tablet=\u00bb\u00bb text_orientation_phone=\u00bbcenter\u00bb text_orientation_last_edited=\u00bbon|phone\u00bb global_colors_info=\u00bb{}\u00bb]<\/p>\n<p>Contacta con nosotros<\/p>\n<p>[\/et_pb_text][et_pb_text _builder_version=\u00bb4.27.3&#8243; _module_preset=\u00bb_initial\u00bb text_font_size=\u00bb19px\u00bb text_line_height=\u00bb0.7em\u00bb custom_margin=\u00bb|30px||30px|false|true\u00bb custom_margin_tablet=\u00bb|30px||30px|false|true\u00bb custom_margin_phone=\u00bb|0px||0px|false|true\u00bb custom_margin_last_edited=\u00bbon|phone\u00bb custom_padding=\u00bb30px||||false|false\u00bb text_orientation_tablet=\u00bb\u00bb text_orientation_phone=\u00bbcenter\u00bb text_orientation_last_edited=\u00bbon|phone\u00bb global_colors_info=\u00bb{}\u00bb]<\/p>\n<p><a href=\"mailto:voluntariat@casaldelsinfants.org\">voluntariat@casaldelsinfants.org<\/a><\/p>\n<p>Telf. 682 20 09 11<\/p>\n<p>[\/et_pb_text][et_pb_social_media_follow use_icon_font_size=\u00bbon\u00bb icon_font_size=\u00bb22px\u00bb _builder_version=\u00bb4.27.3&#8243; _module_preset=\u00bbdefault\u00bb text_orientation=\u00bbleft\u00bb custom_margin=\u00bb|30px||30px|false|true\u00bb custom_margin_tablet=\u00bb|30px||30px|false|true\u00bb custom_margin_phone=\u00bb|0px||0px|false|true\u00bb custom_margin_last_edited=\u00bbon|phone\u00bb custom_padding=\u00bb33px||||false|false\u00bb text_orientation_tablet=\u00bbleft\u00bb text_orientation_phone=\u00bbcenter\u00bb text_orientation_last_edited=\u00bbon|phone\u00bb locked=\u00bboff\u00bb global_colors_info=\u00bb{}\u00bb][et_pb_social_media_follow_network social_network=\u00bbemail\u00bb url=\u00bbmailto:voluntariat@casaldelsinfants.org\u00bb _builder_version=\u00bb4.27.3&#8243; _module_preset=\u00bbdefault\u00bb background_color=\u00bb#0063D1&#8243; global_colors_info=\u00bb{}\u00bb follow_button=\u00bboff\u00bb url_new_window=\u00bbon\u00bb]email[\/et_pb_social_media_follow_network][et_pb_social_media_follow_network social_network=\u00bbwhatsapp\u00bb url=\u00bbhttps:\/\/api.whatsapp.com\/send?phone=34682200911&#8243; _builder_version=\u00bb4.27.3&#8243; _module_preset=\u00bbdefault\u00bb background_color=\u00bb#00E676&#8243; global_colors_info=\u00bb{}\u00bb follow_button=\u00bboff\u00bb url_new_window=\u00bbon\u00bb]whatsapp[\/et_pb_social_media_follow_network][\/et_pb_social_media_follow][\/et_pb_column][\/et_pb_row][\/et_pb_section]<\/p>\n","protected":false},"excerpt":{"rendered":"<p>Your content goes here. Edit or remove this text inline or in the module Content settings. You can also style every aspect of this content in the module Design settings and even apply custom CSS to this text in the module Advanced settings.Voluntariado en el Casal de verano\u00a1Necesitamos personas voluntarias para este verano!Hazte voluntario\/aria En [&hellip;]<\/p>\n","protected":false},"author":12,"featured_media":35963,"parent":5839,"menu_order":0,"comment_status":"closed","ping_status":"closed","template":"","meta":{"_acf_changed":false,"_et_pb_use_builder":"on","_et_pb_old_content":"","_et_gb_content_width":"","inline_featured_image":false,"footnotes":""},"seus":[],"eixos":[],"class_list":["post-21063","page","type-page","status-publish","has-post-thumbnail","hentry"],"acf":[],"yoast_head":"<!-- This site is optimized with the Yoast SEO plugin v27.4 - https:\/\/yoast.com\/product\/yoast-seo-wordpress\/ -->\n<title>Haz Voluntariado en Verano | Casal dels Infants<\/title>\n<meta name=\"description\" content=\"\u00a1Buscamos personas voluntarias! Acompa\u00f1a un grupo de ni\u00f1os, adolescentes o j\u00f3venes en las actividades de julio y agosto\" \/>\n<meta name=\"robots\" content=\"index, follow, max-snippet:-1, max-image-preview:large, max-video-preview:-1\" \/>\n<link rel=\"canonical\" href=\"https:\/\/www.casaldelsinfants.org\/es\/que-puedes-hacer-tu\/voluntariado\/oferta-voluntariado-verano\/\" \/>\n<meta property=\"og:locale\" content=\"es_ES\" \/>\n<meta property=\"og:type\" content=\"article\" \/>\n<meta property=\"og:title\" content=\"Haz Voluntariado en Verano | Casal dels Infants\" \/>\n<meta property=\"og:description\" content=\"\u00a1Buscamos personas voluntarias! Acompa\u00f1a un grupo de ni\u00f1os, adolescentes o j\u00f3venes en las actividades de julio y agosto\" \/>\n<meta property=\"og:url\" content=\"https:\/\/www.casaldelsinfants.org\/es\/que-puedes-hacer-tu\/voluntariado\/oferta-voluntariado-verano\/\" \/>\n<meta property=\"og:site_name\" content=\"Casal dels Infants\" \/>\n<meta property=\"article:publisher\" content=\"https:\/\/www.facebook.com\/casalinfants\" \/>\n<meta property=\"article:modified_time\" content=\"2026-04-14T09:09:52+00:00\" \/>\n<meta property=\"og:image\" content=\"https:\/\/www.casaldelsinfants.org\/wp-content\/uploads\/foto-voluntariat-estiu-1-png.webp\" \/>\n\t<meta property=\"og:image:width\" content=\"7499\" \/>\n\t<meta property=\"og:image:height\" content=\"3448\" \/>\n\t<meta property=\"og:image:type\" content=\"image\/png\" \/>\n<meta name=\"twitter:card\" content=\"summary_large_image\" \/>\n<meta name=\"twitter:site\" content=\"@casalinfants\" \/>\n<meta name=\"twitter:label1\" content=\"Tiempo de lectura\" \/>\n\t<meta name=\"twitter:data1\" content=\"5 minutos\" \/>\n<script type=\"application\/ld+json\" class=\"yoast-schema-graph\">{\"@context\":\"https:\\\/\\\/schema.org\",\"@graph\":[{\"@type\":\"WebPage\",\"@id\":\"https:\\\/\\\/www.casaldelsinfants.org\\\/es\\\/que-puedes-hacer-tu\\\/voluntariado\\\/oferta-voluntariado-verano\\\/\",\"url\":\"https:\\\/\\\/www.casaldelsinfants.org\\\/es\\\/que-puedes-hacer-tu\\\/voluntariado\\\/oferta-voluntariado-verano\\\/\",\"name\":\"Haz Voluntariado en Verano | Casal dels Infants\",\"isPartOf\":{\"@id\":\"https:\\\/\\\/www.casaldelsinfants.org\\\/es\\\/#website\"},\"primaryImageOfPage\":{\"@id\":\"https:\\\/\\\/www.casaldelsinfants.org\\\/es\\\/que-puedes-hacer-tu\\\/voluntariado\\\/oferta-voluntariado-verano\\\/#primaryimage\"},\"image\":{\"@id\":\"https:\\\/\\\/www.casaldelsinfants.org\\\/es\\\/que-puedes-hacer-tu\\\/voluntariado\\\/oferta-voluntariado-verano\\\/#primaryimage\"},\"thumbnailUrl\":\"https:\\\/\\\/www.casaldelsinfants.org\\\/wp-content\\\/uploads\\\/foto-voluntariat-estiu-1-png.webp\",\"datePublished\":\"2024-05-17T11:08:40+00:00\",\"dateModified\":\"2026-04-14T09:09:52+00:00\",\"description\":\"\u00a1Buscamos personas voluntarias! Acompa\u00f1a un grupo de ni\u00f1os, adolescentes o j\u00f3venes en las actividades de julio y agosto\",\"breadcrumb\":{\"@id\":\"https:\\\/\\\/www.casaldelsinfants.org\\\/es\\\/que-puedes-hacer-tu\\\/voluntariado\\\/oferta-voluntariado-verano\\\/#breadcrumb\"},\"inLanguage\":\"es\",\"potentialAction\":[{\"@type\":\"ReadAction\",\"target\":[\"https:\\\/\\\/www.casaldelsinfants.org\\\/es\\\/que-puedes-hacer-tu\\\/voluntariado\\\/oferta-voluntariado-verano\\\/\"]}]},{\"@type\":\"ImageObject\",\"inLanguage\":\"es\",\"@id\":\"https:\\\/\\\/www.casaldelsinfants.org\\\/es\\\/que-puedes-hacer-tu\\\/voluntariado\\\/oferta-voluntariado-verano\\\/#primaryimage\",\"url\":\"https:\\\/\\\/www.casaldelsinfants.org\\\/wp-content\\\/uploads\\\/foto-voluntariat-estiu-1-png.webp\",\"contentUrl\":\"https:\\\/\\\/www.casaldelsinfants.org\\\/wp-content\\\/uploads\\\/foto-voluntariat-estiu-1-png.webp\",\"width\":7499,\"height\":3448,\"caption\":\"2 volunt\u00e0ries amb els somriures en la piscina amb 3 nenes\"},{\"@type\":\"BreadcrumbList\",\"@id\":\"https:\\\/\\\/www.casaldelsinfants.org\\\/es\\\/que-puedes-hacer-tu\\\/voluntariado\\\/oferta-voluntariado-verano\\\/#breadcrumb\",\"itemListElement\":[{\"@type\":\"ListItem\",\"position\":1,\"name\":\"Inici\",\"item\":\"https:\\\/\\\/www.casaldelsinfants.org\\\/es\\\/\"},{\"@type\":\"ListItem\",\"position\":2,\"name\":\"Qu\u00e9 puedes hacer t\u00fa\",\"item\":\"https:\\\/\\\/www.casaldelsinfants.org\\\/es\\\/que-puedes-hacer-tu\\\/\"},{\"@type\":\"ListItem\",\"position\":3,\"name\":\"Voluntariado\",\"item\":\"https:\\\/\\\/www.casaldelsinfants.org\\\/es\\\/que-puedes-hacer-tu\\\/voluntariado\\\/\"},{\"@type\":\"ListItem\",\"position\":4,\"name\":\"Oferta voluntariado verano\"}]},{\"@type\":\"WebSite\",\"@id\":\"https:\\\/\\\/www.casaldelsinfants.org\\\/es\\\/#website\",\"url\":\"https:\\\/\\\/www.casaldelsinfants.org\\\/es\\\/\",\"name\":\"Casal dels Infants\",\"description\":\"\",\"publisher\":{\"@id\":\"https:\\\/\\\/www.casaldelsinfants.org\\\/es\\\/#organization\"},\"potentialAction\":[{\"@type\":\"SearchAction\",\"target\":{\"@type\":\"EntryPoint\",\"urlTemplate\":\"https:\\\/\\\/www.casaldelsinfants.org\\\/es\\\/?s={search_term_string}\"},\"query-input\":{\"@type\":\"PropertyValueSpecification\",\"valueRequired\":true,\"valueName\":\"search_term_string\"}}],\"inLanguage\":\"es\"},{\"@type\":\"Organization\",\"@id\":\"https:\\\/\\\/www.casaldelsinfants.org\\\/es\\\/#organization\",\"name\":\"Casal dels Infants\",\"url\":\"https:\\\/\\\/www.casaldelsinfants.org\\\/es\\\/\",\"logo\":{\"@type\":\"ImageObject\",\"inLanguage\":\"es\",\"@id\":\"https:\\\/\\\/www.casaldelsinfants.org\\\/es\\\/#\\\/schema\\\/logo\\\/image\\\/\",\"url\":\"https:\\\/\\\/www.casaldelsinfants.org\\\/wp-content\\\/uploads\\\/logo-mail.png\",\"contentUrl\":\"https:\\\/\\\/www.casaldelsinfants.org\\\/wp-content\\\/uploads\\\/logo-mail.png\",\"width\":380,\"height\":158,\"caption\":\"Casal dels Infants\"},\"image\":{\"@id\":\"https:\\\/\\\/www.casaldelsinfants.org\\\/es\\\/#\\\/schema\\\/logo\\\/image\\\/\"},\"sameAs\":[\"https:\\\/\\\/www.facebook.com\\\/casalinfants\",\"https:\\\/\\\/x.com\\\/casalinfants\",\"https:\\\/\\\/www.youtube.com\\\/user\\\/CasaldelsInfants1\",\"https:\\\/\\\/www.instagram.com\\\/casalinfants\\\/\",\"https:\\\/\\\/www.linkedin.com\\\/company\\\/casaldelsinfants?trk=organization-update_share-update_actor-text\"]}]}<\/script>\n<!-- \/ Yoast SEO plugin. -->","yoast_head_json":{"title":"Haz Voluntariado en Verano | Casal dels Infants","description":"\u00a1Buscamos personas voluntarias! Acompa\u00f1a un grupo de ni\u00f1os, adolescentes o j\u00f3venes en las actividades de julio y agosto","robots":{"index":"index","follow":"follow","max-snippet":"max-snippet:-1","max-image-preview":"max-image-preview:large","max-video-preview":"max-video-preview:-1"},"canonical":"https:\/\/www.casaldelsinfants.org\/es\/que-puedes-hacer-tu\/voluntariado\/oferta-voluntariado-verano\/","og_locale":"es_ES","og_type":"article","og_title":"Haz Voluntariado en Verano | Casal dels Infants","og_description":"\u00a1Buscamos personas voluntarias! Acompa\u00f1a un grupo de ni\u00f1os, adolescentes o j\u00f3venes en las actividades de julio y agosto","og_url":"https:\/\/www.casaldelsinfants.org\/es\/que-puedes-hacer-tu\/voluntariado\/oferta-voluntariado-verano\/","og_site_name":"Casal dels Infants","article_publisher":"https:\/\/www.facebook.com\/casalinfants","article_modified_time":"2026-04-14T09:09:52+00:00","og_image":[{"url":"https:\/\/www.casaldelsinfants.org\/wp-content\/uploads\/foto-voluntariat-estiu-1-png.webp","width":7499,"height":3448,"type":"image\/png"}],"twitter_card":"summary_large_image","twitter_site":"@casalinfants","twitter_misc":{"Tiempo de lectura":"5 minutos"},"schema":{"@context":"https:\/\/schema.org","@graph":[{"@type":"WebPage","@id":"https:\/\/www.casaldelsinfants.org\/es\/que-puedes-hacer-tu\/voluntariado\/oferta-voluntariado-verano\/","url":"https:\/\/www.casaldelsinfants.org\/es\/que-puedes-hacer-tu\/voluntariado\/oferta-voluntariado-verano\/","name":"Haz Voluntariado en Verano | Casal dels Infants","isPartOf":{"@id":"https:\/\/www.casaldelsinfants.org\/es\/#website"},"primaryImageOfPage":{"@id":"https:\/\/www.casaldelsinfants.org\/es\/que-puedes-hacer-tu\/voluntariado\/oferta-voluntariado-verano\/#primaryimage"},"image":{"@id":"https:\/\/www.casaldelsinfants.org\/es\/que-puedes-hacer-tu\/voluntariado\/oferta-voluntariado-verano\/#primaryimage"},"thumbnailUrl":"https:\/\/www.casaldelsinfants.org\/wp-content\/uploads\/foto-voluntariat-estiu-1-png.webp","datePublished":"2024-05-17T11:08:40+00:00","dateModified":"2026-04-14T09:09:52+00:00","description":"\u00a1Buscamos personas voluntarias! Acompa\u00f1a un grupo de ni\u00f1os, adolescentes o j\u00f3venes en las actividades de julio y agosto","breadcrumb":{"@id":"https:\/\/www.casaldelsinfants.org\/es\/que-puedes-hacer-tu\/voluntariado\/oferta-voluntariado-verano\/#breadcrumb"},"inLanguage":"es","potentialAction":[{"@type":"ReadAction","target":["https:\/\/www.casaldelsinfants.org\/es\/que-puedes-hacer-tu\/voluntariado\/oferta-voluntariado-verano\/"]}]},{"@type":"ImageObject","inLanguage":"es","@id":"https:\/\/www.casaldelsinfants.org\/es\/que-puedes-hacer-tu\/voluntariado\/oferta-voluntariado-verano\/#primaryimage","url":"https:\/\/www.casaldelsinfants.org\/wp-content\/uploads\/foto-voluntariat-estiu-1-png.webp","contentUrl":"https:\/\/www.casaldelsinfants.org\/wp-content\/uploads\/foto-voluntariat-estiu-1-png.webp","width":7499,"height":3448,"caption":"2 volunt\u00e0ries amb els somriures en la piscina amb 3 nenes"},{"@type":"BreadcrumbList","@id":"https:\/\/www.casaldelsinfants.org\/es\/que-puedes-hacer-tu\/voluntariado\/oferta-voluntariado-verano\/#breadcrumb","itemListElement":[{"@type":"ListItem","position":1,"name":"Inici","item":"https:\/\/www.casaldelsinfants.org\/es\/"},{"@type":"ListItem","position":2,"name":"Qu\u00e9 puedes hacer t\u00fa","item":"https:\/\/www.casaldelsinfants.org\/es\/que-puedes-hacer-tu\/"},{"@type":"ListItem","position":3,"name":"Voluntariado","item":"https:\/\/www.casaldelsinfants.org\/es\/que-puedes-hacer-tu\/voluntariado\/"},{"@type":"ListItem","position":4,"name":"Oferta voluntariado verano"}]},{"@type":"WebSite","@id":"https:\/\/www.casaldelsinfants.org\/es\/#website","url":"https:\/\/www.casaldelsinfants.org\/es\/","name":"Casal dels Infants","description":"","publisher":{"@id":"https:\/\/www.casaldelsinfants.org\/es\/#organization"},"potentialAction":[{"@type":"SearchAction","target":{"@type":"EntryPoint","urlTemplate":"https:\/\/www.casaldelsinfants.org\/es\/?s={search_term_string}"},"query-input":{"@type":"PropertyValueSpecification","valueRequired":true,"valueName":"search_term_string"}}],"inLanguage":"es"},{"@type":"Organization","@id":"https:\/\/www.casaldelsinfants.org\/es\/#organization","name":"Casal dels Infants","url":"https:\/\/www.casaldelsinfants.org\/es\/","logo":{"@type":"ImageObject","inLanguage":"es","@id":"https:\/\/www.casaldelsinfants.org\/es\/#\/schema\/logo\/image\/","url":"https:\/\/www.casaldelsinfants.org\/wp-content\/uploads\/logo-mail.png","contentUrl":"https:\/\/www.casaldelsinfants.org\/wp-content\/uploads\/logo-mail.png","width":380,"height":158,"caption":"Casal dels Infants"},"image":{"@id":"https:\/\/www.casaldelsinfants.org\/es\/#\/schema\/logo\/image\/"},"sameAs":["https:\/\/www.facebook.com\/casalinfants","https:\/\/x.com\/casalinfants","https:\/\/www.youtube.com\/user\/CasaldelsInfants1","https:\/\/www.instagram.com\/casalinfants\/","https:\/\/www.linkedin.com\/company\/casaldelsinfants?trk=organization-update_share-update_actor-text"]}]}},"publishpress_future_action":{"enabled":false,"date":"2026-05-05 22:01:48","action":"change-status","newStatus":"draft","terms":[],"taxonomy":"translation_priority","extraData":[]},"publishpress_future_workflow_manual_trigger":{"enabledWorkflows":[]},"_links":{"self":[{"href":"https:\/\/www.casaldelsinfants.org\/es\/wp-json\/wp\/v2\/pages\/21063","targetHints":{"allow":["GET"]}}],"collection":[{"href":"https:\/\/www.casaldelsinfants.org\/es\/wp-json\/wp\/v2\/pages"}],"about":[{"href":"https:\/\/www.casaldelsinfants.org\/es\/wp-json\/wp\/v2\/types\/page"}],"author":[{"embeddable":true,"href":"https:\/\/www.casaldelsinfants.org\/es\/wp-json\/wp\/v2\/users\/12"}],"replies":[{"embeddable":true,"href":"https:\/\/www.casaldelsinfants.org\/es\/wp-json\/wp\/v2\/comments?post=21063"}],"version-history":[{"count":60,"href":"https:\/\/www.casaldelsinfants.org\/es\/wp-json\/wp\/v2\/pages\/21063\/revisions"}],"predecessor-version":[{"id":48944,"href":"https:\/\/www.casaldelsinfants.org\/es\/wp-json\/wp\/v2\/pages\/21063\/revisions\/48944"}],"up":[{"embeddable":true,"href":"https:\/\/www.casaldelsinfants.org\/es\/wp-json\/wp\/v2\/pages\/5839"}],"wp:featuredmedia":[{"embeddable":true,"href":"https:\/\/www.casaldelsinfants.org\/es\/wp-json\/wp\/v2\/media\/35963"}],"wp:attachment":[{"href":"https:\/\/www.casaldelsinfants.org\/es\/wp-json\/wp\/v2\/media?parent=21063"}],"wp:term":[{"taxonomy":"seus","embeddable":true,"href":"https:\/\/www.casaldelsinfants.org\/es\/wp-json\/wp\/v2\/seus?post=21063"},{"taxonomy":"eixos","embeddable":true,"href":"https:\/\/www.casaldelsinfants.org\/es\/wp-json\/wp\/v2\/eixos?post=21063"}],"curies":[{"name":"wp","href":"https:\/\/api.w.org\/{rel}","templated":true}]}}