{"id":34331,"date":"2025-03-04T17:23:07","date_gmt":"2025-03-04T15:23:07","guid":{"rendered":"https:\/\/www.casaldelsinfants.org\/?page_id=34331"},"modified":"2025-03-05T10:41:56","modified_gmt":"2025-03-05T08:41:56","slug":"sant-jordi-escoles","status":"publish","type":"page","link":"https:\/\/www.casaldelsinfants.org\/es\/que-puedes-hacer-tu-casal-dels-infants\/escuelas-2\/sant-jordi-escoles\/","title":{"rendered":"Sant Jordi para escuelas"},"content":{"rendered":"<p>[et_pb_section fb_built=\u00bb1&#8243; custom_padding_last_edited=\u00bbon|phone\u00bb disabled_on=\u00bbon|on|on\u00bb admin_label=\u00bbTitol + foto\u00bb _builder_version=\u00bb4.23.1&#8243; _module_preset=\u00bbdefault\u00bb background_color=\u00bbRGBA(255,255,255,0)\u00bb background_image=\u00bbhttps:\/\/www.casaldelsinfants.org\/wp-content\/uploads\/capcalera_final_1-1.webp\u00bb height=\u00bb465px\u00bb height_tablet=\u00bb540px\u00bb height_phone=\u00bb540px\u00bb height_last_edited=\u00bbon|tablet\u00bb custom_margin=\u00bb100px||||false|false\u00bb custom_margin_tablet=\u00bb100px||||false|false\u00bb custom_margin_phone=\u00bb100px||0px||false|false\u00bb custom_margin_last_edited=\u00bbon|phone\u00bb custom_padding=\u00bb||||false|false\u00bb custom_padding_tablet=\u00bb||||false|false\u00bb custom_padding_phone=\u00bb||0px||false|false\u00bb background_color_phone=\u00bb#fcdf99&#8243; background_last_edited=\u00bbon|phone\u00bb background_enable_color_phone=\u00bbon\u00bb background_enable_image_phone=\u00bboff\u00bb da_disable_devices=\u00bboff|off|off\u00bb disabled=\u00bbon\u00bb collapsed=\u00bbon\u00bb global_colors_info=\u00bb{}\u00bb da_is_popup=\u00bboff\u00bb da_exit_intent=\u00bboff\u00bb da_has_close=\u00bbon\u00bb da_alt_close=\u00bboff\u00bb da_dark_close=\u00bboff\u00bb da_not_modal=\u00bbon\u00bb da_is_singular=\u00bboff\u00bb da_with_loader=\u00bboff\u00bb da_has_shadow=\u00bbon\u00bb][et_pb_row _builder_version=\u00bb4.17.4&#8243; _module_preset=\u00bbdefault\u00bb width=\u00bb100%\u00bb width_tablet=\u00bb90%\u00bb width_phone=\u00bb90%\u00bb width_last_edited=\u00bbon|tablet\u00bb global_colors_info=\u00bb{}\u00bb][et_pb_column type=\u00bb4_4&#8243; _builder_version=\u00bb4.17.4&#8243; _module_preset=\u00bbdefault\u00bb global_colors_info=\u00bb{}\u00bb][et_pb_text _builder_version=\u00bb4.23.1&#8243; _module_preset=\u00bbdefault\u00bb text_font=\u00bbMyriadPro Bold||||||||\u00bb text_text_color=\u00bb#FFFFFF\u00bb text_font_size=\u00bb50px\u00bb text_line_height=\u00bb1em\u00bb custom_margin=\u00bb||10px||false|false\u00bb global_colors_info=\u00bb{}\u00bb]<\/p>\n<p style=\"text-align: center;\">Este Sant Jordi,<br \/>os necesitamos<\/p>\n<p>[\/et_pb_text][et_pb_text _builder_version=\u00bb4.23.1&#8243; _module_preset=\u00bbdefault\u00bb text_font=\u00bbMyriadPro Light||||||||\u00bb text_text_color=\u00bb#FFFFFF\u00bb text_font_size=\u00bb29px\u00bb text_line_height=\u00bb32.1px\u00bb custom_margin=\u00bb||23px|||\u00bb custom_padding=\u00bb21px||||false|false\u00bb global_colors_info=\u00bb{}\u00bb]<\/p>\n<p style=\"text-align: center;\">para transformar cada rosa<br \/>en oportunidades educativas y sociales<br \/>para los ni\u00f1os en riesgo.<\/p>\n<p>[\/et_pb_text][et_pb_text module_class=\u00bbdear-joe\u00bb _builder_version=\u00bb4.23.1&#8243; _module_preset=\u00bbdefault\u00bb text_font=\u00bbdear joe|100|||||||\u00bb text_text_color=\u00bb#FFFFFF\u00bb text_font_size=\u00bb36px\u00bb custom_padding=\u00bb34px||||false|false\u00bb custom_css_main_element=\u00bbfont-family: %22DearJoe%22;\u00bb global_colors_info=\u00bb{}\u00bb]<\/p>\n<p style=\"text-align: center;\">Sant Jordi 2024<\/p>\n<p>[\/et_pb_text][\/et_pb_column][\/et_pb_row][\/et_pb_section][et_pb_section fb_built=\u00bb1&#8243; fullwidth=\u00bbon\u00bb admin_label=\u00bbCap\u00e7alera\u00bb _builder_version=\u00bb4.27.3&#8243; _module_preset=\u00bbdefault\u00bb background_enable_color=\u00bboff\u00bb background_image=\u00bbhttps:\/\/www.casaldelsinfants.org\/wp-content\/uploads\/capcalera-web-santjordi.gif\u00bb background_size=\u00bbcontain\u00bb background_repeat=\u00bbrepeat-x\u00bb width=\u00bb2000px\u00bb width_tablet=\u00bb2000px\u00bb width_phone=\u00bb400px\u00bb width_last_edited=\u00bbon|phone\u00bb module_alignment=\u00bbcenter\u00bb height=\u00bb400px\u00bb height_tablet=\u00bb400px\u00bb height_phone=\u00bb200px\u00bb height_last_edited=\u00bbon|phone\u00bb custom_margin_tablet=\u00bb\u00bb custom_margin_phone=\u00bb120px||10px||false|false\u00bb custom_margin_last_edited=\u00bbon|phone\u00bb background_last_edited=\u00bbon|phone\u00bb background_image_phone=\u00bbhttps:\/\/www.casaldelsinfants.org\/wp-content\/uploads\/capcalera-web-santjordi-mobile.gif\u00bb background_enable_image_phone=\u00bbon\u00bb background_size_phone=\u00bbcustom\u00bb background_position_phone=\u00bbcenter\u00bb background_vertical_offset_phone=\u00bb66%\u00bb background_repeat_phone=\u00bbno-repeat\u00bb da_disable_devices=\u00bboff|off|off\u00bb collapsed=\u00bbon\u00bb global_colors_info=\u00bb{}\u00bb da_is_popup=\u00bboff\u00bb da_exit_intent=\u00bboff\u00bb da_has_close=\u00bbon\u00bb da_alt_close=\u00bboff\u00bb da_dark_close=\u00bboff\u00bb da_not_modal=\u00bbon\u00bb da_is_singular=\u00bboff\u00bb da_with_loader=\u00bboff\u00bb da_has_shadow=\u00bbon\u00bb][\/et_pb_section][et_pb_section fb_built=\u00bb1&#8243; custom_padding_last_edited=\u00bbon|phone\u00bb admin_label=\u00bbIntroducci\u00f3\u00bb _builder_version=\u00bb4.27.3&#8243; _module_preset=\u00bbdefault\u00bb background_color=\u00bb#FFFFFF\u00bb custom_padding=\u00bb60px||20px||false|false\u00bb custom_padding_tablet=\u00bb60px||20px||false|false\u00bb custom_padding_phone=\u00bb0px||20px||false|false\u00bb da_disable_devices=\u00bboff|off|off\u00bb collapsed=\u00bbon\u00bb global_colors_info=\u00bb{}\u00bb da_is_popup=\u00bboff\u00bb da_exit_intent=\u00bboff\u00bb da_has_close=\u00bbon\u00bb da_alt_close=\u00bboff\u00bb da_dark_close=\u00bboff\u00bb da_not_modal=\u00bbon\u00bb da_is_singular=\u00bboff\u00bb da_with_loader=\u00bboff\u00bb da_has_shadow=\u00bbon\u00bb][et_pb_row _builder_version=\u00bb4.27.3&#8243; _module_preset=\u00bbdefault\u00bb global_colors_info=\u00bb{}\u00bb][et_pb_column type=\u00bb4_4&#8243; _builder_version=\u00bb4.27.3&#8243; _module_preset=\u00bbdefault\u00bb global_colors_info=\u00bb{}\u00bb][et_pb_text _builder_version=\u00bb4.27.3&#8243; _module_preset=\u00bbdefault\u00bb text_font=\u00bbMyriadPro Light||||||||\u00bb text_text_color=\u00bbgcid-28ee6c14-4dda-4188-8b60-5d7790f11e4d\u00bb text_font_size=\u00bb24px\u00bb text_orientation=\u00bbcenter\u00bb custom_margin=\u00bb0px||60px||false|false\u00bb custom_margin_tablet=\u00bb5px||30px||false|false\u00bb custom_margin_phone=\u00bb5px||4px||false|false\u00bb custom_margin_last_edited=\u00bbon|phone\u00bb custom_padding_tablet=\u00bb\u00bb custom_padding_phone=\u00bb||0px||false|false\u00bb custom_padding_last_edited=\u00bbon|phone\u00bb text_font_size_tablet=\u00bb24px\u00bb text_font_size_phone=\u00bb20px\u00bb text_font_size_last_edited=\u00bbon|phone\u00bb global_colors_info=\u00bb{%22gcid-28ee6c14-4dda-4188-8b60-5d7790f11e4d%22:%91%22text_text_color%22%93}\u00bb]<\/p>\n<p>\u00a1Este Sant Jordi, s\u00e9 escuela solidaria!<\/p>\n<p>[\/et_pb_text][et_pb_text _builder_version=\u00bb4.27.3&#8243; _module_preset=\u00bbdefault\u00bb text_font=\u00bbMyriadPro Bold Condensed||||||||\u00bb text_text_color=\u00bb#b8464b\u00bb text_font_size=\u00bb61px\u00bb text_orientation=\u00bbcenter\u00bb custom_margin=\u00bb30px||40px||false|false\u00bb text_line_height_tablet=\u00bb\u00bb text_line_height_phone=\u00bb1em\u00bb text_line_height_last_edited=\u00bbon|phone\u00bb global_colors_info=\u00bb{}\u00bb]<\/p>\n<p>Rosas con oportunidades<\/p>\n<p>[\/et_pb_text][et_pb_text _builder_version=\u00bb4.27.3&#8243; _module_preset=\u00bbdefault\u00bb text_font=\u00bbMyriadPro Semibold||||||||\u00bb text_text_color=\u00bb#000000&#8243; text_font_size=\u00bb24px\u00bb text_line_height=\u00bb1.2em\u00bb text_orientation=\u00bbcenter\u00bb custom_margin=\u00bb||||false|false\u00bb custom_padding=\u00bb|20px||20px|false|true\u00bb global_colors_info=\u00bb{}\u00bb]<\/p>\n<p>El Casal dels Infants estamos en los entornos m\u00e1s dif\u00edciles, donde los ni\u00f1os, ni\u00f1as y familias viven las situaciones m\u00e1s complicadas y d\u00f3nde a veces cuesta ver luz.<\/p>\n<p>[\/et_pb_text][et_pb_text _builder_version=\u00bb4.27.3&#8243; _module_preset=\u00bbdefault\u00bb text_font=\u00bbMyriadPro Light||||||||\u00bb text_font_size=\u00bb19px\u00bb text_orientation=\u00bbcenter\u00bb custom_padding=\u00bb||||false|false\u00bb global_colors_info=\u00bb{}\u00bb]<\/p>\n<p>Sumando muchos esfuerzos, trabajamos cada d\u00eda para <strong>convertir las dificultades<\/strong> de los ni\u00f1os, ni\u00f1as y j\u00f3venes en <strong>oportunidades de aprender, crecer, disfrutar<\/strong> y continuar adelante con todo el impulso que necesitan.<\/p>\n<p>[\/et_pb_text][et_pb_text _builder_version=\u00bb4.27.3&#8243; _module_preset=\u00bbdefault\u00bb text_font=\u00bbMyriadPro Regular||||||||\u00bb text_font_size=\u00bb19px\u00bb text_line_height=\u00bb1.2em\u00bb text_orientation=\u00bbcenter\u00bb custom_padding=\u00bb|80px||80px|false|true\u00bb global_colors_info=\u00bb{}\u00bb]<\/p>\n<p>Este a\u00f1o, por Sant Jordi os proponemos que nos apoy\u00e9is, para que en los entornos m\u00e1s vulnerables tambi\u00e9n puedan crecer oportunidades y futuros con ilusi\u00f3n.<\/p>\n<p>[\/et_pb_text][\/et_pb_column][\/et_pb_row][\/et_pb_section][et_pb_section fb_built=\u00bb1&#8243; admin_label=\u00bbReserva Aqu\u00ed\u00bb _builder_version=\u00bb4.27.3&#8243; _module_preset=\u00bbdefault\u00bb background_color=\u00bb#FFFFFF\u00bb custom_margin=\u00bb0px||0px||false|false\u00bb custom_padding=\u00bb24px||24px||true|false\u00bb da_disable_devices=\u00bboff|off|off\u00bb collapsed=\u00bboff\u00bb global_colors_info=\u00bb{}\u00bb da_is_popup=\u00bboff\u00bb da_exit_intent=\u00bboff\u00bb da_has_close=\u00bbon\u00bb da_alt_close=\u00bboff\u00bb da_dark_close=\u00bboff\u00bb da_not_modal=\u00bbon\u00bb da_is_singular=\u00bboff\u00bb da_with_loader=\u00bboff\u00bb da_has_shadow=\u00bbon\u00bb][et_pb_row _builder_version=\u00bb4.27.3&#8243; _module_preset=\u00bbdefault\u00bb background_color=\u00bbRGBA(255,255,255,0)\u00bb width_tablet=\u00bb1200px\u00bb width_phone=\u00bb340px\u00bb width_last_edited=\u00bbon|phone\u00bb height_tablet=\u00bb450px\u00bb height_phone=\u00bb\u00bb height_last_edited=\u00bbon|phone\u00bb custom_margin=\u00bb||||false|false\u00bb custom_padding=\u00bb20px||20px||true|false\u00bb border_radii=\u00bbon|16px|16px|16px|16px\u00bb collapsed=\u00bboff\u00bb global_colors_info=\u00bb{}\u00bb width__hover_enabled=\u00bboff|desktop\u00bb][et_pb_column type=\u00bb4_4&#8243; _builder_version=\u00bb4.27.3&#8243; _module_preset=\u00bbdefault\u00bb global_colors_info=\u00bb{}\u00bb][et_pb_text _builder_version=\u00bb4.27.3&#8243; _module_preset=\u00bbdefault\u00bb text_font=\u00bbMyriadPro Bold||||||||\u00bb text_text_color=\u00bb#000000&#8243; text_font_size=\u00bb30px\u00bb text_line_height=\u00bb1.3em\u00bb header_font=\u00bbMyriadPro Regular||||||||\u00bb header_text_color=\u00bb#FFFFFF\u00bb text_orientation=\u00bbcenter\u00bb custom_margin=\u00bb||3px||false|false\u00bb custom_padding=\u00bb|10px||10px|false|true\u00bb custom_padding_tablet=\u00bb|10px||10px|false|true\u00bb custom_padding_phone=\u00bb13px|10px|13px|10px|true|true\u00bb custom_padding_last_edited=\u00bbon|phone\u00bb locked=\u00bboff\u00bb global_colors_info=\u00bb{}\u00bb]<\/p>\n<p>\u00bfC\u00f3mo puede colaborar tu escuela?<\/p>\n<p>[\/et_pb_text][\/et_pb_column][\/et_pb_row][et_pb_row column_structure=\u00bb1_2,1_2&#8243; use_custom_gutter=\u00bbon\u00bb gutter_width=\u00bb4&#8243; make_equal=\u00bbon\u00bb _builder_version=\u00bb4.27.3&#8243; _module_preset=\u00bbdefault\u00bb module_alignment=\u00bbcenter\u00bb height=\u00bb430px\u00bb global_colors_info=\u00bb{}\u00bb][et_pb_column type=\u00bb1_2&#8243; _builder_version=\u00bb4.27.3&#8243; _module_preset=\u00bbdefault\u00bb background_color=\u00bb#ad3440&#8243; custom_padding=\u00bb36px||||false|false\u00bb custom_padding_tablet=\u00bb36px||||false|false\u00bb custom_padding_phone=\u00bb36px||||false|false\u00bb custom_padding_last_edited=\u00bbon|desktop\u00bb border_radii=\u00bbon|9px|9px|9px|9px\u00bb global_colors_info=\u00bb{}\u00bb][et_pb_image src=\u00bbhttps:\/\/www.casaldelsinfants.org\/wp-content\/uploads\/icona-paradeta-santjordi-png.webp\u00bb title_text=\u00bbicona-paradeta-santjordi\u00bb show_bottom_space=\u00bboff\u00bb align=\u00bbcenter\u00bb _builder_version=\u00bb4.27.3&#8243; _module_preset=\u00bbdefault\u00bb width=\u00bb26%\u00bb module_alignment=\u00bbcenter\u00bb custom_margin=\u00bb20px||20px||true|false\u00bb border_radii=\u00bbon|9999999999px|9999999999px|9999999999px|9999999999px\u00bb global_colors_info=\u00bb{}\u00bb][\/et_pb_image][et_pb_text _builder_version=\u00bb4.27.3&#8243; _module_preset=\u00bbdefault\u00bb text_font=\u00bbMyriadPro Semibold||||||||\u00bb text_text_color=\u00bb#FFFFFF\u00bb text_font_size=\u00bb21px\u00bb text_orientation=\u00bbcenter\u00bb custom_margin=\u00bb10px|120px|10px|120px|true|true\u00bb custom_padding=\u00bb||||false|false\u00bb global_colors_info=\u00bb{}\u00bb]<\/p>\n<p>Montad vuestra parada de rosas solidarias<\/p>\n<p>[\/et_pb_text][et_pb_text _builder_version=\u00bb4.27.3&#8243; _module_preset=\u00bbdefault\u00bb text_font=\u00bbMyriadPro Light||||||||\u00bb text_text_color=\u00bb#FFFFFF\u00bb text_orientation=\u00bbcenter\u00bb custom_padding=\u00bb|50px||50px|false|true\u00bb global_colors_info=\u00bb{}\u00bb]<\/p>\n<p>Con lo que recaud\u00e9is, haced un donativo al Casal.<\/p>\n<p>[\/et_pb_text][\/et_pb_column][et_pb_column type=\u00bb1_2&#8243; _builder_version=\u00bb4.27.3&#8243; _module_preset=\u00bbdefault\u00bb background_color=\u00bb#ad3440&#8243; border_radii=\u00bbon|9px|9px|9px|9px\u00bb global_colors_info=\u00bb{}\u00bb][et_pb_image src=\u00bbhttps:\/\/www.casaldelsinfants.org\/wp-content\/uploads\/icona-comanda-santjordi-png.webp\u00bb title_text=\u00bbicona-comanda-santjordi\u00bb show_bottom_space=\u00bboff\u00bb align=\u00bbcenter\u00bb _builder_version=\u00bb4.27.3&#8243; _module_preset=\u00bbdefault\u00bb width=\u00bb26%\u00bb module_alignment=\u00bbcenter\u00bb custom_margin=\u00bb20px||20px||true|false\u00bb border_radii=\u00bbon|9999999999px|9999999999px|9999999999px|9999999999px\u00bb global_colors_info=\u00bb{}\u00bb][\/et_pb_image][et_pb_text _builder_version=\u00bb4.27.3&#8243; _module_preset=\u00bbdefault\u00bb text_font=\u00bbMyriadPro Semibold||||||||\u00bb text_text_color=\u00bb#FFFFFF\u00bb text_font_size=\u00bb21px\u00bb text_orientation=\u00bbcenter\u00bb custom_margin=\u00bb10px|70px|10px|70px|true|true\u00bb custom_padding=\u00bb||||false|false\u00bb hover_enabled=\u00bb0&#8243; global_colors_info=\u00bb{}\u00bb sticky_enabled=\u00bb0&#8243;]<\/p>\n<p>Haced un pedido de rosas a trav\u00e9s del Casal dels Infants<\/p>\n<p>[\/et_pb_text][et_pb_text _builder_version=\u00bb4.27.3&#8243; _module_preset=\u00bbdefault\u00bb text_font=\u00bbMyriadPro Light||||||||\u00bb text_text_color=\u00bb#FFFFFF\u00bb text_orientation=\u00bbcenter\u00bb custom_margin=\u00bb||20px||false|false\u00bb custom_padding=\u00bb|38px||38px|false|true\u00bb hover_enabled=\u00bb0&#8243; global_colors_info=\u00bb{}\u00bb sticky_enabled=\u00bb0&#8243;]<\/p>\n<p>Con cada rosa recibir\u00e9is un punto de libro con el logo de vuestra escuela, haciendo visible la colaboraci\u00f3n.<a href=\"https:\/\/www.casaldelsinfants.org\/wp-content\/uploads\/mockup-puntllibre-escola-png.webp\" target=\"_blank\" rel=\"noopener\"> <span style=\"text-decoration: underline;\"><span style=\"color: #ffffff; text-decoration: underline;\">[Veure disseny]<\/span><\/span><\/a><\/p>\n<p>[\/et_pb_text][et_pb_button button_url=\u00bbhttps:\/\/www.rosessantjordi.com\/ca\/venda\/rosa-casal-dels-infants.html\u00bb url_new_window=\u00bbon\u00bb button_text=\u00bbRESERVA AQU\u00cd\u00bb button_alignment=\u00bbcenter\u00bb _builder_version=\u00bb4.27.3&#8243; _module_preset=\u00bbdefault\u00bb custom_button=\u00bbon\u00bb button_text_size=\u00bb22px\u00bb button_text_color=\u00bb#FFFFFF\u00bb button_bg_color=\u00bb#000000&#8243; button_border_width=\u00bb1px\u00bb button_border_color=\u00bbRGBA(255,255,255,0)\u00bb button_border_radius=\u00bb100px\u00bb button_font=\u00bbMyriadPro Bold Condensed||||||||\u00bb custom_padding=\u00bb2px||2px||true|false\u00bb locked=\u00bboff\u00bb global_colors_info=\u00bb{}\u00bb button_border_width__hover_enabled=\u00bboff|hover\u00bb button_border_width__hover=\u00bb1px\u00bb button_border_color__hover_enabled=\u00bbon|hover\u00bb button_border_color__hover=\u00bb#000000&#8243;][\/et_pb_button][\/et_pb_column][\/et_pb_row][et_pb_row _builder_version=\u00bb4.27.3&#8243; _module_preset=\u00bbdefault\u00bb background_color=\u00bbRGBA(255,255,255,0)\u00bb width_tablet=\u00bb1200px\u00bb width_phone=\u00bb340px\u00bb width_last_edited=\u00bbon|phone\u00bb height_tablet=\u00bb450px\u00bb height_phone=\u00bb\u00bb height_last_edited=\u00bbon|phone\u00bb custom_margin=\u00bb||||false|false\u00bb custom_padding=\u00bb60px||20px||false|false\u00bb border_radii=\u00bbon|16px|16px|16px|16px\u00bb collapsed=\u00bboff\u00bb global_colors_info=\u00bb{}\u00bb width__hover_enabled=\u00bboff|desktop\u00bb][et_pb_column type=\u00bb4_4&#8243; _builder_version=\u00bb4.27.3&#8243; _module_preset=\u00bbdefault\u00bb global_colors_info=\u00bb{}\u00bb][et_pb_text _builder_version=\u00bb4.27.3&#8243; _module_preset=\u00bbdefault\u00bb text_font=\u00bbMyriadPro Regular||||||||\u00bb text_text_color=\u00bb#000000&#8243; text_font_size=\u00bb19px\u00bb text_line_height=\u00bb1.3em\u00bb header_font=\u00bbMyriadPro Regular||||||||\u00bb header_text_color=\u00bb#FFFFFF\u00bb text_orientation=\u00bbcenter\u00bb custom_margin=\u00bb||3px||false|false\u00bb custom_padding=\u00bb|10px||10px|false|true\u00bb custom_padding_tablet=\u00bb|10px||10px|false|true\u00bb custom_padding_phone=\u00bb13px|10px|13px|10px|true|true\u00bb custom_padding_last_edited=\u00bbon|phone\u00bb locked=\u00bboff\u00bb global_colors_info=\u00bb{}\u00bb]<\/p>\n<p>No dejes perder la oportunidad que tu escuela participe en la acci\u00f3n solidaria del Casal dels Infants.<\/p>\n<p>[\/et_pb_text][et_pb_text disabled_on=\u00bbon|off|off\u00bb _builder_version=\u00bb4.27.3&#8243; _module_preset=\u00bbdefault\u00bb text_font=\u00bbMyriadPro Bold||||||||\u00bb text_text_color=\u00bb#b21525&#8243; text_font_size=\u00bb27px\u00bb text_line_height=\u00bb1.3em\u00bb header_font=\u00bbMyriadPro Regular||||||||\u00bb header_text_color=\u00bb#FFFFFF\u00bb text_orientation=\u00bbcenter\u00bb custom_margin=\u00bb17px||||false|false\u00bb custom_padding_tablet=\u00bb\u00bb custom_padding_phone=\u00bb|10px||10px|false|true\u00bb custom_padding_last_edited=\u00bbon|phone\u00bb locked=\u00bboff\u00bb global_colors_info=\u00bb{}\u00bb]<\/p>\n<p>\u00a1Entre todos y todas hacemos crecer rosas de oportunidades!<\/p>\n<p>[\/et_pb_text][\/et_pb_column][\/et_pb_row][\/et_pb_section][et_pb_section fb_built=\u00bb1&#8243; custom_padding_last_edited=\u00bbon|phone\u00bb admin_label=\u00bbInformaci\u00f3\u00bb _builder_version=\u00bb4.27.3&#8243; _module_preset=\u00bbdefault\u00bb background_color=\u00bbRGBA(255,255,255,0)\u00bb custom_padding=\u00bb||90px||false|false\u00bb custom_padding_tablet=\u00bb||90px||false|false\u00bb custom_padding_phone=\u00bb||0px||false|false\u00bb da_disable_devices=\u00bboff|off|off\u00bb collapsed=\u00bbon\u00bb global_colors_info=\u00bb{}\u00bb da_is_popup=\u00bboff\u00bb da_exit_intent=\u00bboff\u00bb da_has_close=\u00bbon\u00bb da_alt_close=\u00bboff\u00bb da_dark_close=\u00bboff\u00bb da_not_modal=\u00bbon\u00bb da_is_singular=\u00bboff\u00bb da_with_loader=\u00bboff\u00bb da_has_shadow=\u00bbon\u00bb][et_pb_row column_structure=\u00bb1_3,1_3,1_3&#8243; disabled_on=\u00bboff|off|off\u00bb _builder_version=\u00bb4.27.3&#8243; _module_preset=\u00bbdefault\u00bb global_colors_info=\u00bb{}\u00bb][et_pb_column type=\u00bb1_3&#8243; _builder_version=\u00bb4.27.3&#8243; _module_preset=\u00bbdefault\u00bb background_color=\u00bbRGBA(255,255,255,0)\u00bb global_colors_info=\u00bb{}\u00bb][et_pb_image src=\u00bbhttps:\/\/www.casaldelsinfants.org\/wp-content\/uploads\/icona-rosa-png.webp\u00bb title_text=\u00bbicona-rosa\u00bb align=\u00bbcenter\u00bb _builder_version=\u00bb4.27.3&#8243; _module_preset=\u00bbdefault\u00bb width=\u00bb45%\u00bb width_tablet=\u00bb60%\u00bb width_phone=\u00bb50%\u00bb width_last_edited=\u00bbon|phone\u00bb filter_hue_rotate=\u00bb184deg\u00bb filter_saturate=\u00bb0%\u00bb filter_brightness=\u00bb0%\u00bb global_colors_info=\u00bb{}\u00bb][\/et_pb_image][et_pb_text _builder_version=\u00bb4.27.3&#8243; _module_preset=\u00bbdefault\u00bb text_font=\u00bbMyriadPro Bold||||||||\u00bb text_text_color=\u00bb#006450&#8243; text_font_size=\u00bb22px\u00bb text_line_height=\u00bb1.3em\u00bb text_orientation=\u00bbcenter\u00bb custom_margin=\u00bb||10px||false|false\u00bb global_colors_info=\u00bb{}\u00bb]<\/p>\n<p>Pedido en packs de 75 unidades<\/p>\n<p>[\/et_pb_text][\/et_pb_column][et_pb_column type=\u00bb1_3&#8243; _builder_version=\u00bb4.27.3&#8243; _module_preset=\u00bbdefault\u00bb global_colors_info=\u00bb{}\u00bb][et_pb_image src=\u00bbhttps:\/\/www.casaldelsinfants.org\/wp-content\/uploads\/icona-comanda-limit-png.webp\u00bb title_text=\u00bbicona-comanda-limit\u00bb align=\u00bbcenter\u00bb _builder_version=\u00bb4.27.3&#8243; _module_preset=\u00bbdefault\u00bb width=\u00bb45%\u00bb width_tablet=\u00bb60%\u00bb width_phone=\u00bb50%\u00bb width_last_edited=\u00bbon|phone\u00bb global_colors_info=\u00bb{}\u00bb][\/et_pb_image][et_pb_text _builder_version=\u00bb4.27.3&#8243; _module_preset=\u00bbdefault\u00bb text_font=\u00bbMyriadPro Bold||||||||\u00bb text_text_color=\u00bb#006450&#8243; text_font_size=\u00bb22px\u00bb text_line_height=\u00bb1.3em\u00bb text_orientation=\u00bbcenter\u00bb custom_margin=\u00bb|10px|10px|10px|false|true\u00bb custom_margin_tablet=\u00bb|10px|10px|10px|false|true\u00bb custom_margin_phone=\u00bb|0px|10px|0px|false|true\u00bb custom_margin_last_edited=\u00bbon|phone\u00bb global_colors_info=\u00bb{}\u00bb custom_margin__hover_enabled=\u00bboff|desktop\u00bb]<\/p>\n<p>Fecha l\u00edmite para reservar: 8 de abril<\/p>\n<p>[\/et_pb_text][et_pb_text _builder_version=\u00bb4.27.3&#8243; _module_preset=\u00bbdefault\u00bb text_font=\u00bbMyriadPro Light||||||||\u00bb text_orientation=\u00bbcenter\u00bb global_colors_info=\u00bb{}\u00bb]<\/p>\n<p>*O hasta agotar existencias<\/p>\n<p>[\/et_pb_text][\/et_pb_column][et_pb_column type=\u00bb1_3&#8243; _builder_version=\u00bb4.27.3&#8243; _module_preset=\u00bbdefault\u00bb global_colors_info=\u00bb{}\u00bb][et_pb_image src=\u00bbhttps:\/\/www.casaldelsinfants.org\/wp-content\/uploads\/icona-entrega-png.webp\u00bb title_text=\u00bbicona-entrega\u00bb align=\u00bbcenter\u00bb _builder_version=\u00bb4.27.3&#8243; _module_preset=\u00bbdefault\u00bb width=\u00bb45%\u00bb width_tablet=\u00bb60%\u00bb width_phone=\u00bb50%\u00bb width_last_edited=\u00bbon|phone\u00bb filter_hue_rotate=\u00bb184deg\u00bb filter_saturate=\u00bb0%\u00bb filter_brightness=\u00bb0%\u00bb global_colors_info=\u00bb{}\u00bb][\/et_pb_image][et_pb_text _builder_version=\u00bb4.27.3&#8243; _module_preset=\u00bbdefault\u00bb text_font=\u00bbMyriadPro Bold||||||||\u00bb text_text_color=\u00bb#006450&#8243; text_font_size=\u00bb22px\u00bb text_line_height=\u00bb1.3em\u00bb text_orientation=\u00bbcenter\u00bb custom_margin=\u00bb|40px|10px|40px|false|true\u00bb custom_margin_tablet=\u00bb|40px|10px|40px|false|true\u00bb custom_margin_phone=\u00bb|0px|10px|0px|false|true\u00bb custom_margin_last_edited=\u00bbon|phone\u00bb hover_enabled=\u00bb0&#8243; global_colors_info=\u00bb{}\u00bb sticky_enabled=\u00bb0&#8243;]<\/p>\n<p>Fecha de entrega: 22 de abril<\/p>\n<p>[\/et_pb_text][et_pb_text _builder_version=\u00bb4.27.3&#8243; _module_preset=\u00bbdefault\u00bb text_font=\u00bbMyriadPro Light||||||||\u00bb text_orientation=\u00bbcenter\u00bb custom_margin=\u00bb||14px||false|false\u00bb custom_margin_tablet=\u00bb||14px||false|false\u00bb custom_margin_phone=\u00bb|50px|14px|50px|false|true\u00bb custom_margin_last_edited=\u00bbon|phone\u00bb global_colors_info=\u00bb{}\u00bb]<\/p>\n<p>Recibir\u00e9is las rosas este mismo d\u00eda de 8h a 15h<\/p>\n<p>[\/et_pb_text][\/et_pb_column][\/et_pb_row][et_pb_row column_structure=\u00bb1_4,1_4,1_4,1_4&#8243; disabled_on=\u00bbon|on|on\u00bb _builder_version=\u00bb4.27.3&#8243; _module_preset=\u00bbdefault\u00bb disabled=\u00bbon\u00bb global_colors_info=\u00bb{}\u00bb][et_pb_column type=\u00bb1_4&#8243; _builder_version=\u00bb4.27.3&#8243; _module_preset=\u00bbdefault\u00bb background_color=\u00bbRGBA(255,255,255,0)\u00bb global_colors_info=\u00bb{}\u00bb][et_pb_image src=\u00bbhttps:\/\/www.casaldelsinfants.org\/wp-content\/uploads\/icona-rosa-png.webp\u00bb title_text=\u00bbicona-rosa\u00bb align=\u00bbcenter\u00bb _builder_version=\u00bb4.27.3&#8243; _module_preset=\u00bbdefault\u00bb width=\u00bb60%\u00bb width_tablet=\u00bb60%\u00bb width_phone=\u00bb50%\u00bb width_last_edited=\u00bbon|phone\u00bb filter_hue_rotate=\u00bb184deg\u00bb filter_saturate=\u00bb0%\u00bb filter_brightness=\u00bb0%\u00bb global_colors_info=\u00bb{}\u00bb][\/et_pb_image][et_pb_text _builder_version=\u00bb4.27.3&#8243; _module_preset=\u00bbdefault\u00bb text_font=\u00bbMyriadPro Bold||||||||\u00bb text_text_color=\u00bb#006450&#8243; text_font_size=\u00bb22px\u00bb text_line_height=\u00bb1.3em\u00bb text_orientation=\u00bbcenter\u00bb custom_margin=\u00bb||10px||false|false\u00bb global_colors_info=\u00bb{}\u00bb]<\/p>\n<p>Pedido en packs de 75 unidades<\/p>\n<p>[\/et_pb_text][\/et_pb_column][et_pb_column type=\u00bb1_4&#8243; _builder_version=\u00bb4.27.3&#8243; _module_preset=\u00bbdefault\u00bb global_colors_info=\u00bb{}\u00bb][et_pb_image src=\u00bbhttps:\/\/www.casaldelsinfants.org\/wp-content\/uploads\/icona-comanda-png.webp\u00bb title_text=\u00bbicona-comanda\u00bb align=\u00bbcenter\u00bb _builder_version=\u00bb4.27.3&#8243; _module_preset=\u00bbdefault\u00bb width=\u00bb60%\u00bb width_tablet=\u00bb60%\u00bb width_phone=\u00bb50%\u00bb width_last_edited=\u00bbon|phone\u00bb filter_hue_rotate=\u00bb184deg\u00bb filter_saturate=\u00bb0%\u00bb filter_brightness=\u00bb0%\u00bb global_colors_info=\u00bb{}\u00bb][\/et_pb_image][et_pb_text _builder_version=\u00bb4.27.3&#8243; _module_preset=\u00bbdefault\u00bb text_font=\u00bbMyriadPro Bold||||||||\u00bb text_text_color=\u00bb#006450&#8243; text_font_size=\u00bb22px\u00bb text_line_height=\u00bb1.3em\u00bb text_orientation=\u00bbcenter\u00bb custom_margin=\u00bb|10px|10px|10px|false|true\u00bb custom_margin_tablet=\u00bb|10px|10px|10px|false|true\u00bb custom_margin_phone=\u00bb|0px|10px|0px|false|true\u00bb custom_margin_last_edited=\u00bbon|phone\u00bb global_colors_info=\u00bb{}\u00bb custom_margin__hover_enabled=\u00bboff|desktop\u00bb]<\/p>\n<p>Fecha l\u00edmite para reservar: 8 de abril<\/p>\n<p>[\/et_pb_text][et_pb_text _builder_version=\u00bb4.27.3&#8243; _module_preset=\u00bbdefault\u00bb text_font=\u00bbMyriadPro Light||||||||\u00bb text_orientation=\u00bbcenter\u00bb global_colors_info=\u00bb{}\u00bb]<\/p>\n<p>*O hasta agotar existencias<\/p>\n<p>[\/et_pb_text][\/et_pb_column][et_pb_column type=\u00bb1_4&#8243; _builder_version=\u00bb4.27.3&#8243; _module_preset=\u00bbdefault\u00bb global_colors_info=\u00bb{}\u00bb][et_pb_image src=\u00bbhttps:\/\/www.casaldelsinfants.org\/wp-content\/uploads\/icona-entrega-png.webp\u00bb title_text=\u00bbicona-entrega\u00bb align=\u00bbcenter\u00bb _builder_version=\u00bb4.27.3&#8243; _module_preset=\u00bbdefault\u00bb width=\u00bb60%\u00bb width_tablet=\u00bb60%\u00bb width_phone=\u00bb50%\u00bb width_last_edited=\u00bbon|phone\u00bb filter_hue_rotate=\u00bb184deg\u00bb filter_saturate=\u00bb0%\u00bb filter_brightness=\u00bb0%\u00bb global_colors_info=\u00bb{}\u00bb][\/et_pb_image][et_pb_text _builder_version=\u00bb4.27.3&#8243; _module_preset=\u00bbdefault\u00bb text_font=\u00bbMyriadPro Bold||||||||\u00bb text_text_color=\u00bb#006450&#8243; text_font_size=\u00bb22px\u00bb text_line_height=\u00bb1.3em\u00bb text_orientation=\u00bbcenter\u00bb custom_margin=\u00bb|40px|10px|40px|false|true\u00bb custom_margin_tablet=\u00bb|40px|10px|40px|false|true\u00bb custom_margin_phone=\u00bb|0px|10px|0px|false|true\u00bb custom_margin_last_edited=\u00bbon|phone\u00bb global_colors_info=\u00bb{}\u00bb]<\/p>\n<p>Fecha de entrega: 22 de abril<\/p>\n<p>[\/et_pb_text][et_pb_text _builder_version=\u00bb4.27.3&#8243; _module_preset=\u00bbdefault\u00bb text_font=\u00bbMyriadPro Light||||||||\u00bb text_orientation=\u00bbcenter\u00bb custom_margin=\u00bb||14px||false|false\u00bb custom_margin_tablet=\u00bb||14px||false|false\u00bb custom_margin_phone=\u00bb|50px|14px|50px|false|true\u00bb custom_margin_last_edited=\u00bbon|phone\u00bb global_colors_info=\u00bb{}\u00bb]<\/p>\n<p>Recibir\u00e9is las rosas este mismo d\u00eda de 8h a 15h<\/p>\n<p>[\/et_pb_text][\/et_pb_column][et_pb_column type=\u00bb1_4&#8243; _builder_version=\u00bb4.27.3&#8243; _module_preset=\u00bbdefault\u00bb global_colors_info=\u00bb{}\u00bb][et_pb_image src=\u00bbhttps:\/\/www.casaldelsinfants.org\/wp-content\/uploads\/mockup-puntllibre-escola-png.webp\u00bb title_text=\u00bbmockup-puntllibre-escola\u00bb url=\u00bbhttps:\/\/www.casaldelsinfants.org\/wp-content\/uploads\/mockup-puntllibre-escola-png.webp\u00bb url_new_window=\u00bbon\u00bb align=\u00bbcenter\u00bb _builder_version=\u00bb4.27.3&#8243; _module_preset=\u00bbdefault\u00bb width=\u00bb45%\u00bb width_tablet=\u00bb45%\u00bb width_phone=\u00bb50%\u00bb width_last_edited=\u00bbon|phone\u00bb global_colors_info=\u00bb{}\u00bb][\/et_pb_image][et_pb_text _builder_version=\u00bb4.27.3&#8243; _module_preset=\u00bbdefault\u00bb text_font=\u00bbMyriadPro Bold||||||||\u00bb text_text_color=\u00bb#006450&#8243; text_font_size=\u00bb22px\u00bb text_line_height=\u00bb1.3em\u00bb text_orientation=\u00bbcenter\u00bb custom_margin=\u00bb||10px||false|false\u00bb global_colors_info=\u00bb{}\u00bb]<\/p>\n<p>Punto de libro de regalo<\/p>\n<p>[\/et_pb_text][et_pb_text _builder_version=\u00bb4.27.3&#8243; _module_preset=\u00bbdefault\u00bb text_font=\u00bbMyriadPro Light||||||||\u00bb text_orientation=\u00bbcenter\u00bb custom_margin=\u00bb|10px|14px|10px|false|true\u00bb global_colors_info=\u00bb{}\u00bb content__hover_enabled=\u00bbon|hover\u00bb content__hover=\u00bb<\/p>\n<p>Por cada rosa, recibir\u00e9is un punto de libro con vuestro logo<\/p>\n<p><strong><span style=%22text-decoration: underline;%22><a href=%22https:\/\/www.casaldelsinfants.org\/wp-content\/uploads\/mockup-puntllibre-escola-png.webp%22 data-et-target-link=%22_blank%22 rel=%22noopener%22>Ver dise\u00f1o<\/a><\/span><\/strong><\/p>\n<p>\u00ab]<\/p>\n<p>Por cada rosa, recibir\u00e9is un punto de libro con vuestro logo<\/p>\n<p><span style=\"text-decoration: underline;\"><a href=\"https:\/\/www.casaldelsinfants.org\/wp-content\/uploads\/mockup-puntllibre-escola-png.webp\" target=\"_blank\" rel=\"noopener\">Ver dise\u00f1o<\/a><\/span><\/p>\n<p>[\/et_pb_text][\/et_pb_column][\/et_pb_row][\/et_pb_section][et_pb_section fb_built=\u00bb1&#8243; admin_label=\u00bbContacte\u00bb module_id=\u00bbform-empreses\u00bb _builder_version=\u00bb4.26.0&#8243; _module_preset=\u00bbdefault\u00bb background_color=\u00bbgcid-1ceede91-71be-464b-930c-ee204c722893&#8243; background_enable_image=\u00bboff\u00bb custom_margin=\u00bb||||false|false\u00bb custom_padding=\u00bb0px||0px||true|false\u00bb da_disable_devices=\u00bboff|off|off\u00bb locked=\u00bboff\u00bb collapsed=\u00bbon\u00bb global_colors_info=\u00bb{%22gcid-1ceede91-71be-464b-930c-ee204c722893%22:%91%22background_color%22%93}\u00bb da_is_popup=\u00bboff\u00bb da_exit_intent=\u00bboff\u00bb da_has_close=\u00bbon\u00bb da_alt_close=\u00bboff\u00bb da_dark_close=\u00bboff\u00bb da_not_modal=\u00bbon\u00bb da_is_singular=\u00bboff\u00bb da_with_loader=\u00bboff\u00bb da_has_shadow=\u00bbon\u00bb][et_pb_row column_structure=\u00bb2_5,3_5&#8243; use_custom_gutter=\u00bbon\u00bb gutter_width=\u00bb1&#8243; make_equal=\u00bbon\u00bb disabled_on=\u00bbon|off|off\u00bb _builder_version=\u00bb4.27.3&#8243; _module_preset=\u00bbdefault\u00bb width=\u00bb100%\u00bb max_width=\u00bb2560px\u00bb module_alignment=\u00bbcenter\u00bb custom_margin=\u00bb0px||0px||true|false\u00bb custom_padding=\u00bb0px||0px||true|false\u00bb global_colors_info=\u00bb{}\u00bb][et_pb_column type=\u00bb2_5&#8243; _builder_version=\u00bb4.27.3&#8243; _module_preset=\u00bbdefault\u00bb background_color=\u00bbgcid-3eb736dd-664e-410d-a075-54b047aa24aa\u00bb background_image=\u00bbhttps:\/\/www.casaldelsinfants.org\/wp-content\/uploads\/foto-miriam-png.webp\u00bb global_colors_info=\u00bb{%22gcid-3eb736dd-664e-410d-a075-54b047aa24aa%22:%91%22background_color%22%93}\u00bb][\/et_pb_column][et_pb_column type=\u00bb3_5&#8243; _builder_version=\u00bb4.27.3&#8243; _module_preset=\u00bbdefault\u00bb background_color=\u00bbgcid-3eb736dd-664e-410d-a075-54b047aa24aa\u00bb custom_padding=\u00bb50px|70px|50px|70px|true|true\u00bb global_colors_info=\u00bb{%22gcid-3eb736dd-664e-410d-a075-54b047aa24aa%22:%91%22background_color%22%93}\u00bb][et_pb_text _builder_version=\u00bb4.27.3&#8243; _module_preset=\u00bbdefault\u00bb text_font=\u00bb&#8211;et_global_heading_font||||||||\u00bb custom_margin=\u00bb16px|30px|8px|30px|false|true\u00bb custom_margin_tablet=\u00bb16px|30px|8px|30px|false|true\u00bb custom_margin_phone=\u00bb16px|0px|8px|0px|false|true\u00bb custom_margin_last_edited=\u00bbon|phone\u00bb text_orientation_tablet=\u00bb\u00bb text_orientation_phone=\u00bbcenter\u00bb text_orientation_last_edited=\u00bbon|phone\u00bb global_colors_info=\u00bb{}\u00bb]<\/p>\n<p>\u00bfTienes dudas?<\/p>\n<p>[\/et_pb_text][et_pb_text _builder_version=\u00bb4.27.3&#8243; _module_preset=\u00bbdefault\u00bb text_font=\u00bbMyriadPro Semibold||||||||\u00bb text_text_color=\u00bb#F8AC00&#8243; text_font_size=\u00bb35px\u00bb text_line_height=\u00bb1.2em\u00bb custom_margin=\u00bb|30px||30px|false|true\u00bb custom_margin_tablet=\u00bb|30px||30px|false|true\u00bb custom_margin_phone=\u00bb|0px||0px|false|true\u00bb custom_margin_last_edited=\u00bbon|phone\u00bb text_orientation_tablet=\u00bb\u00bb text_orientation_phone=\u00bbcenter\u00bb text_orientation_last_edited=\u00bbon|phone\u00bb global_colors_info=\u00bb{}\u00bb]<\/p>\n<p>Contacta con nosotros<\/p>\n<p>[\/et_pb_text][et_pb_text _builder_version=\u00bb4.27.3&#8243; _module_preset=\u00bbdefault\u00bb text_font_size=\u00bb18px\u00bb text_line_height=\u00bb1em\u00bb custom_margin=\u00bb|30px||30px|false|true\u00bb custom_margin_tablet=\u00bb|30px||30px|false|true\u00bb custom_margin_phone=\u00bb|0px||0px|false|true\u00bb custom_margin_last_edited=\u00bbon|phone\u00bb custom_padding=\u00bb30px||||false|false\u00bb text_orientation_tablet=\u00bb\u00bb text_orientation_phone=\u00bbcenter\u00bb text_orientation_last_edited=\u00bbon|phone\u00bb global_colors_info=\u00bb{}\u00bb]<\/p>\n<p><strong>Miriam Munuera<\/strong><\/p>\n<p><em>Escuela Suma<\/em><\/p>\n<p><a href=\"http:\/\/+34689507996\" data-wplink-url-error=\"true\">689 507 996<\/a> | <a href=\"mailto:mmunuera@casaldelsinfans.org\">mmunuera@casaldelsinfans.org<\/a><\/p>\n<p>[\/et_pb_text][et_pb_social_media_follow _builder_version=\u00bb4.27.3&#8243; _module_preset=\u00bbdefault\u00bb text_orientation=\u00bbleft\u00bb custom_margin=\u00bb|30px||30px|false|true\u00bb custom_margin_tablet=\u00bb|30px||30px|false|true\u00bb custom_margin_phone=\u00bb|0px||0px|false|true\u00bb custom_margin_last_edited=\u00bbon|phone\u00bb custom_padding=\u00bb33px||||false|false\u00bb text_orientation_tablet=\u00bbleft\u00bb text_orientation_phone=\u00bbcenter\u00bb text_orientation_last_edited=\u00bbon|phone\u00bb locked=\u00bboff\u00bb global_colors_info=\u00bb{}\u00bb][et_pb_social_media_follow_network social_network=\u00bbemail\u00bb url=\u00bbmailto:mmunuera@casaldelsinfants.org\u00bb _builder_version=\u00bb4.27.3&#8243; _module_preset=\u00bbdefault\u00bb background_color=\u00bb#0063D1&#8243; global_colors_info=\u00bb{}\u00bb]email[\/et_pb_social_media_follow_network][et_pb_social_media_follow_network social_network=\u00bbphone\u00bb url=\u00bbtel:+34689507996&#8243; _builder_version=\u00bb4.27.3&#8243; _module_preset=\u00bbdefault\u00bb background_color=\u00bb#009688&#8243; global_colors_info=\u00bb{}\u00bb]phone[\/et_pb_social_media_follow_network][\/et_pb_social_media_follow][\/et_pb_column][\/et_pb_row][et_pb_row use_custom_gutter=\u00bbon\u00bb gutter_width=\u00bb1&#8243; make_equal=\u00bbon\u00bb disabled_on=\u00bboff|on|on\u00bb _builder_version=\u00bb4.27.3&#8243; _module_preset=\u00bbdefault\u00bb background_color=\u00bbgcid-3eb736dd-664e-410d-a075-54b047aa24aa\u00bb width=\u00bb100%\u00bb max_width=\u00bb2560px\u00bb module_alignment=\u00bbcenter\u00bb custom_margin=\u00bb||||false|false\u00bb custom_padding=\u00bb||||false|false\u00bb global_colors_info=\u00bb{%22gcid-3eb736dd-664e-410d-a075-54b047aa24aa%22:%91%22background_color%22%93}\u00bb][et_pb_column type=\u00bb4_4&#8243; _builder_version=\u00bb4.26.0&#8243; _module_preset=\u00bbdefault\u00bb background_enable_image=\u00bboff\u00bb custom_padding=\u00bb|30px||30px|false|true\u00bb global_colors_info=\u00bb{}\u00bb][et_pb_text _builder_version=\u00bb4.27.3&#8243; _module_preset=\u00bbdefault\u00bb text_font=\u00bb&#8211;et_global_heading_font||||||||\u00bb text_font_size=\u00bb16px\u00bb custom_margin=\u00bb16px|30px|8px|30px|false|true\u00bb custom_margin_tablet=\u00bb16px|30px|8px|30px|false|true\u00bb custom_margin_phone=\u00bb16px|0px|8px|0px|false|true\u00bb custom_margin_last_edited=\u00bbon|phone\u00bb text_orientation_tablet=\u00bb\u00bb text_orientation_phone=\u00bbcenter\u00bb text_orientation_last_edited=\u00bbon|phone\u00bb global_colors_info=\u00bb{}\u00bb]<\/p>\n<p>\u00bfTienes dudas?<\/p>\n<p>[\/et_pb_text][et_pb_text _builder_version=\u00bb4.27.3&#8243; _module_preset=\u00bbdefault\u00bb text_font=\u00bbMyriadPro Semibold||||||||\u00bb text_text_color=\u00bb#F8AC00&#8243; text_font_size=\u00bb35px\u00bb text_line_height=\u00bb1.2em\u00bb custom_margin=\u00bb|30px||30px|false|true\u00bb custom_margin_tablet=\u00bb|30px||30px|false|true\u00bb custom_margin_phone=\u00bb|0px||0px|false|true\u00bb custom_margin_last_edited=\u00bbon|phone\u00bb text_orientation_tablet=\u00bb\u00bb text_orientation_phone=\u00bbcenter\u00bb text_orientation_last_edited=\u00bbon|phone\u00bb global_colors_info=\u00bb{}\u00bb]<\/p>\n<p>Contacta con nosotros<\/p>\n<p>[\/et_pb_text][et_pb_text _builder_version=\u00bb4.27.3&#8243; _module_preset=\u00bbdefault\u00bb text_font_size=\u00bb18px\u00bb text_line_height=\u00bb1em\u00bb custom_margin=\u00bb|30px||30px|false|true\u00bb custom_margin_tablet=\u00bb|30px||30px|false|true\u00bb custom_margin_phone=\u00bb|0px||0px|false|true\u00bb custom_margin_last_edited=\u00bbon|phone\u00bb custom_padding=\u00bb30px||||false|false\u00bb text_orientation_tablet=\u00bb\u00bb text_orientation_phone=\u00bbcenter\u00bb text_orientation_last_edited=\u00bbon|phone\u00bb global_colors_info=\u00bb{}\u00bb]<\/p>\n<p><strong>Miriam Munuera<\/strong><\/p>\n<p><em>Escuela Suma<\/em><\/p>\n<p><a href=\"mailto:mmunuera@casaldelsinfans.org\">mmunuera@casaldelsinfans.org<\/a><\/p>\n<p>[\/et_pb_text][et_pb_social_media_follow _builder_version=\u00bb4.27.3&#8243; _module_preset=\u00bbdefault\u00bb text_orientation=\u00bbleft\u00bb custom_margin=\u00bb|30px||30px|false|true\u00bb custom_margin_tablet=\u00bb|30px||30px|false|true\u00bb custom_margin_phone=\u00bb|0px||0px|false|true\u00bb custom_margin_last_edited=\u00bbon|phone\u00bb custom_padding=\u00bb33px||||false|false\u00bb text_orientation_tablet=\u00bbleft\u00bb text_orientation_phone=\u00bbcenter\u00bb text_orientation_last_edited=\u00bbon|phone\u00bb locked=\u00bboff\u00bb global_colors_info=\u00bb{}\u00bb][et_pb_social_media_follow_network social_network=\u00bbemail\u00bb url=\u00bbmailto:mmunuera@casaldelsinfants.org\u00bb _builder_version=\u00bb4.27.3&#8243; _module_preset=\u00bbdefault\u00bb background_color=\u00bb#0063D1&#8243; global_colors_info=\u00bb{}\u00bb]email[\/et_pb_social_media_follow_network][et_pb_social_media_follow_network social_network=\u00bbphone\u00bb url=\u00bbtel:+34689507996&#8243; _builder_version=\u00bb4.27.3&#8243; _module_preset=\u00bbdefault\u00bb background_color=\u00bb#009688&#8243; global_colors_info=\u00bb{}\u00bb]phone[\/et_pb_social_media_follow_network][\/et_pb_social_media_follow][\/et_pb_column][\/et_pb_row][\/et_pb_section]<\/p>\n","protected":false},"excerpt":{"rendered":"<p>Este Sant Jordi,os necesitamospara transformar cada rosaen oportunidades educativas y socialespara los ni\u00f1os en riesgo.Sant Jordi 2024\u00a1Este Sant Jordi, s\u00e9 escuela solidaria!Rosas con oportunidadesEl Casal dels Infants estamos en los entornos m\u00e1s dif\u00edciles, donde los ni\u00f1os, ni\u00f1as y familias viven las situaciones m\u00e1s complicadas y d\u00f3nde a veces cuesta ver luz.Sumando muchos esfuerzos, trabajamos cada [&hellip;]<\/p>\n","protected":false},"author":12,"featured_media":0,"parent":9029,"menu_order":0,"comment_status":"closed","ping_status":"closed","template":"","meta":{"_acf_changed":false,"_et_pb_use_builder":"on","_et_pb_old_content":"","_et_gb_content_width":"","inline_featured_image":false,"footnotes":""},"seus":[],"eixos":[],"class_list":["post-34331","page","type-page","status-publish","hentry"],"acf":[],"yoast_head":"<!-- This site is optimized with the Yoast SEO plugin v27.4 - https:\/\/yoast.com\/product\/yoast-seo-wordpress\/ -->\n<title>Ay\u00fadanos como escuela en Sant Jordi | Casal dels Infants<\/title>\n<meta name=\"description\" content=\"Colabora con tu escuela. El Casal dels Infants ofrece una acci\u00f3n social para escuelas y universidades a trav\u00e9s de rosas solidarias.\" \/>\n<meta name=\"robots\" content=\"index, follow, max-snippet:-1, max-image-preview:large, max-video-preview:-1\" \/>\n<link rel=\"canonical\" href=\"https:\/\/www.casaldelsinfants.org\/es\/que-puedes-hacer-tu-casal-dels-infants\/escuelas-2\/sant-jordi-escoles\/\" \/>\n<meta property=\"og:locale\" content=\"es_ES\" \/>\n<meta property=\"og:type\" content=\"article\" \/>\n<meta property=\"og:title\" content=\"Ay\u00fadanos como escuela en Sant Jordi | Casal dels Infants\" \/>\n<meta property=\"og:description\" content=\"Colabora con tu escuela. El Casal dels Infants ofrece una acci\u00f3n social para escuelas y universidades a trav\u00e9s de rosas solidarias.\" \/>\n<meta property=\"og:url\" content=\"https:\/\/www.casaldelsinfants.org\/es\/que-puedes-hacer-tu-casal-dels-infants\/escuelas-2\/sant-jordi-escoles\/\" \/>\n<meta property=\"og:site_name\" content=\"Casal dels Infants\" \/>\n<meta property=\"article:publisher\" content=\"https:\/\/www.facebook.com\/casalinfants\" \/>\n<meta property=\"article:modified_time\" content=\"2025-03-05T08:41:56+00:00\" \/>\n<meta name=\"twitter:card\" content=\"summary_large_image\" \/>\n<meta name=\"twitter:site\" content=\"@casalinfants\" \/>\n<meta name=\"twitter:label1\" content=\"Tiempo de lectura\" \/>\n\t<meta name=\"twitter:data1\" content=\"2 minutos\" \/>\n<script type=\"application\/ld+json\" class=\"yoast-schema-graph\">{\"@context\":\"https:\\\/\\\/schema.org\",\"@graph\":[{\"@type\":\"WebPage\",\"@id\":\"https:\\\/\\\/www.casaldelsinfants.org\\\/es\\\/que-puedes-hacer-tu-casal-dels-infants\\\/escuelas-2\\\/sant-jordi-escoles\\\/\",\"url\":\"https:\\\/\\\/www.casaldelsinfants.org\\\/es\\\/que-puedes-hacer-tu-casal-dels-infants\\\/escuelas-2\\\/sant-jordi-escoles\\\/\",\"name\":\"Ay\u00fadanos como escuela en Sant Jordi | Casal dels Infants\",\"isPartOf\":{\"@id\":\"https:\\\/\\\/www.casaldelsinfants.org\\\/es\\\/#website\"},\"datePublished\":\"2025-03-04T15:23:07+00:00\",\"dateModified\":\"2025-03-05T08:41:56+00:00\",\"description\":\"Colabora con tu escuela. El Casal dels Infants ofrece una acci\u00f3n social para escuelas y universidades a trav\u00e9s de rosas solidarias.\",\"breadcrumb\":{\"@id\":\"https:\\\/\\\/www.casaldelsinfants.org\\\/es\\\/que-puedes-hacer-tu-casal-dels-infants\\\/escuelas-2\\\/sant-jordi-escoles\\\/#breadcrumb\"},\"inLanguage\":\"es\",\"potentialAction\":[{\"@type\":\"ReadAction\",\"target\":[\"https:\\\/\\\/www.casaldelsinfants.org\\\/es\\\/que-puedes-hacer-tu-casal-dels-infants\\\/escuelas-2\\\/sant-jordi-escoles\\\/\"]}]},{\"@type\":\"BreadcrumbList\",\"@id\":\"https:\\\/\\\/www.casaldelsinfants.org\\\/es\\\/que-puedes-hacer-tu-casal-dels-infants\\\/escuelas-2\\\/sant-jordi-escoles\\\/#breadcrumb\",\"itemListElement\":[{\"@type\":\"ListItem\",\"position\":1,\"name\":\"Inici\",\"item\":\"https:\\\/\\\/www.casaldelsinfants.org\\\/es\\\/\"},{\"@type\":\"ListItem\",\"position\":2,\"name\":\"Qu\u00e9 puedes hacer t\u00fa\",\"item\":\"https:\\\/\\\/www.casaldelsinfants.org\\\/es\\\/que-puedes-hacer-tu\\\/\"},{\"@type\":\"ListItem\",\"position\":3,\"name\":\"Escuelas\",\"item\":\"https:\\\/\\\/www.casaldelsinfants.org\\\/es\\\/que-puedes-hacer-tu\\\/escuelas\\\/\"},{\"@type\":\"ListItem\",\"position\":4,\"name\":\"Sant Jordi para escuelas\"}]},{\"@type\":\"WebSite\",\"@id\":\"https:\\\/\\\/www.casaldelsinfants.org\\\/es\\\/#website\",\"url\":\"https:\\\/\\\/www.casaldelsinfants.org\\\/es\\\/\",\"name\":\"Casal dels Infants\",\"description\":\"\",\"publisher\":{\"@id\":\"https:\\\/\\\/www.casaldelsinfants.org\\\/es\\\/#organization\"},\"potentialAction\":[{\"@type\":\"SearchAction\",\"target\":{\"@type\":\"EntryPoint\",\"urlTemplate\":\"https:\\\/\\\/www.casaldelsinfants.org\\\/es\\\/?s={search_term_string}\"},\"query-input\":{\"@type\":\"PropertyValueSpecification\",\"valueRequired\":true,\"valueName\":\"search_term_string\"}}],\"inLanguage\":\"es\"},{\"@type\":\"Organization\",\"@id\":\"https:\\\/\\\/www.casaldelsinfants.org\\\/es\\\/#organization\",\"name\":\"Casal dels Infants\",\"url\":\"https:\\\/\\\/www.casaldelsinfants.org\\\/es\\\/\",\"logo\":{\"@type\":\"ImageObject\",\"inLanguage\":\"es\",\"@id\":\"https:\\\/\\\/www.casaldelsinfants.org\\\/es\\\/#\\\/schema\\\/logo\\\/image\\\/\",\"url\":\"https:\\\/\\\/www.casaldelsinfants.org\\\/wp-content\\\/uploads\\\/logo-mail.png\",\"contentUrl\":\"https:\\\/\\\/www.casaldelsinfants.org\\\/wp-content\\\/uploads\\\/logo-mail.png\",\"width\":380,\"height\":158,\"caption\":\"Casal dels Infants\"},\"image\":{\"@id\":\"https:\\\/\\\/www.casaldelsinfants.org\\\/es\\\/#\\\/schema\\\/logo\\\/image\\\/\"},\"sameAs\":[\"https:\\\/\\\/www.facebook.com\\\/casalinfants\",\"https:\\\/\\\/x.com\\\/casalinfants\",\"https:\\\/\\\/www.youtube.com\\\/user\\\/CasaldelsInfants1\",\"https:\\\/\\\/www.instagram.com\\\/casalinfants\\\/\",\"https:\\\/\\\/www.linkedin.com\\\/company\\\/casaldelsinfants?trk=organization-update_share-update_actor-text\"]}]}<\/script>\n<!-- \/ Yoast SEO plugin. -->","yoast_head_json":{"title":"Ay\u00fadanos como escuela en Sant Jordi | Casal dels Infants","description":"Colabora con tu escuela. El Casal dels Infants ofrece una acci\u00f3n social para escuelas y universidades a trav\u00e9s de rosas solidarias.","robots":{"index":"index","follow":"follow","max-snippet":"max-snippet:-1","max-image-preview":"max-image-preview:large","max-video-preview":"max-video-preview:-1"},"canonical":"https:\/\/www.casaldelsinfants.org\/es\/que-puedes-hacer-tu-casal-dels-infants\/escuelas-2\/sant-jordi-escoles\/","og_locale":"es_ES","og_type":"article","og_title":"Ay\u00fadanos como escuela en Sant Jordi | Casal dels Infants","og_description":"Colabora con tu escuela. El Casal dels Infants ofrece una acci\u00f3n social para escuelas y universidades a trav\u00e9s de rosas solidarias.","og_url":"https:\/\/www.casaldelsinfants.org\/es\/que-puedes-hacer-tu-casal-dels-infants\/escuelas-2\/sant-jordi-escoles\/","og_site_name":"Casal dels Infants","article_publisher":"https:\/\/www.facebook.com\/casalinfants","article_modified_time":"2025-03-05T08:41:56+00:00","twitter_card":"summary_large_image","twitter_site":"@casalinfants","twitter_misc":{"Tiempo de lectura":"2 minutos"},"schema":{"@context":"https:\/\/schema.org","@graph":[{"@type":"WebPage","@id":"https:\/\/www.casaldelsinfants.org\/es\/que-puedes-hacer-tu-casal-dels-infants\/escuelas-2\/sant-jordi-escoles\/","url":"https:\/\/www.casaldelsinfants.org\/es\/que-puedes-hacer-tu-casal-dels-infants\/escuelas-2\/sant-jordi-escoles\/","name":"Ay\u00fadanos como escuela en Sant Jordi | Casal dels Infants","isPartOf":{"@id":"https:\/\/www.casaldelsinfants.org\/es\/#website"},"datePublished":"2025-03-04T15:23:07+00:00","dateModified":"2025-03-05T08:41:56+00:00","description":"Colabora con tu escuela. El Casal dels Infants ofrece una acci\u00f3n social para escuelas y universidades a trav\u00e9s de rosas solidarias.","breadcrumb":{"@id":"https:\/\/www.casaldelsinfants.org\/es\/que-puedes-hacer-tu-casal-dels-infants\/escuelas-2\/sant-jordi-escoles\/#breadcrumb"},"inLanguage":"es","potentialAction":[{"@type":"ReadAction","target":["https:\/\/www.casaldelsinfants.org\/es\/que-puedes-hacer-tu-casal-dels-infants\/escuelas-2\/sant-jordi-escoles\/"]}]},{"@type":"BreadcrumbList","@id":"https:\/\/www.casaldelsinfants.org\/es\/que-puedes-hacer-tu-casal-dels-infants\/escuelas-2\/sant-jordi-escoles\/#breadcrumb","itemListElement":[{"@type":"ListItem","position":1,"name":"Inici","item":"https:\/\/www.casaldelsinfants.org\/es\/"},{"@type":"ListItem","position":2,"name":"Qu\u00e9 puedes hacer t\u00fa","item":"https:\/\/www.casaldelsinfants.org\/es\/que-puedes-hacer-tu\/"},{"@type":"ListItem","position":3,"name":"Escuelas","item":"https:\/\/www.casaldelsinfants.org\/es\/que-puedes-hacer-tu\/escuelas\/"},{"@type":"ListItem","position":4,"name":"Sant Jordi para escuelas"}]},{"@type":"WebSite","@id":"https:\/\/www.casaldelsinfants.org\/es\/#website","url":"https:\/\/www.casaldelsinfants.org\/es\/","name":"Casal dels Infants","description":"","publisher":{"@id":"https:\/\/www.casaldelsinfants.org\/es\/#organization"},"potentialAction":[{"@type":"SearchAction","target":{"@type":"EntryPoint","urlTemplate":"https:\/\/www.casaldelsinfants.org\/es\/?s={search_term_string}"},"query-input":{"@type":"PropertyValueSpecification","valueRequired":true,"valueName":"search_term_string"}}],"inLanguage":"es"},{"@type":"Organization","@id":"https:\/\/www.casaldelsinfants.org\/es\/#organization","name":"Casal dels Infants","url":"https:\/\/www.casaldelsinfants.org\/es\/","logo":{"@type":"ImageObject","inLanguage":"es","@id":"https:\/\/www.casaldelsinfants.org\/es\/#\/schema\/logo\/image\/","url":"https:\/\/www.casaldelsinfants.org\/wp-content\/uploads\/logo-mail.png","contentUrl":"https:\/\/www.casaldelsinfants.org\/wp-content\/uploads\/logo-mail.png","width":380,"height":158,"caption":"Casal dels Infants"},"image":{"@id":"https:\/\/www.casaldelsinfants.org\/es\/#\/schema\/logo\/image\/"},"sameAs":["https:\/\/www.facebook.com\/casalinfants","https:\/\/x.com\/casalinfants","https:\/\/www.youtube.com\/user\/CasaldelsInfants1","https:\/\/www.instagram.com\/casalinfants\/","https:\/\/www.linkedin.com\/company\/casaldelsinfants?trk=organization-update_share-update_actor-text"]}]}},"publishpress_future_action":{"enabled":false,"date":"2026-05-09 13:59:50","action":"change-status","newStatus":"draft","terms":[],"taxonomy":"translation_priority","extraData":[]},"publishpress_future_workflow_manual_trigger":{"enabledWorkflows":[]},"_links":{"self":[{"href":"https:\/\/www.casaldelsinfants.org\/es\/wp-json\/wp\/v2\/pages\/34331","targetHints":{"allow":["GET"]}}],"collection":[{"href":"https:\/\/www.casaldelsinfants.org\/es\/wp-json\/wp\/v2\/pages"}],"about":[{"href":"https:\/\/www.casaldelsinfants.org\/es\/wp-json\/wp\/v2\/types\/page"}],"author":[{"embeddable":true,"href":"https:\/\/www.casaldelsinfants.org\/es\/wp-json\/wp\/v2\/users\/12"}],"replies":[{"embeddable":true,"href":"https:\/\/www.casaldelsinfants.org\/es\/wp-json\/wp\/v2\/comments?post=34331"}],"version-history":[{"count":33,"href":"https:\/\/www.casaldelsinfants.org\/es\/wp-json\/wp\/v2\/pages\/34331\/revisions"}],"predecessor-version":[{"id":34424,"href":"https:\/\/www.casaldelsinfants.org\/es\/wp-json\/wp\/v2\/pages\/34331\/revisions\/34424"}],"up":[{"embeddable":true,"href":"https:\/\/www.casaldelsinfants.org\/es\/wp-json\/wp\/v2\/pages\/9029"}],"wp:attachment":[{"href":"https:\/\/www.casaldelsinfants.org\/es\/wp-json\/wp\/v2\/media?parent=34331"}],"wp:term":[{"taxonomy":"seus","embeddable":true,"href":"https:\/\/www.casaldelsinfants.org\/es\/wp-json\/wp\/v2\/seus?post=34331"},{"taxonomy":"eixos","embeddable":true,"href":"https:\/\/www.casaldelsinfants.org\/es\/wp-json\/wp\/v2\/eixos?post=34331"}],"curies":[{"name":"wp","href":"https:\/\/api.w.org\/{rel}","templated":true}]}}