{"id":5750,"date":"2022-08-03T15:24:11","date_gmt":"2022-08-03T13:24:11","guid":{"rendered":"https:\/\/casal.puntzero.cat\/que-hacemos\/pequena-infancia-y-familias\/"},"modified":"2025-06-27T11:30:08","modified_gmt":"2025-06-27T09:30:08","slug":"pequena-infancia-y-familias","status":"publish","type":"page","link":"https:\/\/www.casaldelsinfants.org\/es\/que-hacemos\/ayudar-a-pequena-infancia-y-familias\/","title":{"rendered":"Ayudar en la peque\u00f1a infancia y familias"},"content":{"rendered":"<p>[et_pb_section fb_built=\u00bb1&#8243; admin_label=\u00bbT\u00edtol  i text\u00bb _builder_version=\u00bb4.17.4&#8243; _module_preset=\u00bbdefault\u00bb background_color=\u00bb#FEEECC\u00bb custom_padding=\u00bb0px||49px||false|false\u00bb da_disable_devices=\u00bboff|off|off\u00bb collapsed=\u00bbon\u00bb global_colors_info=\u00bb{}\u00bb da_is_popup=\u00bboff\u00bb da_exit_intent=\u00bboff\u00bb da_has_close=\u00bbon\u00bb da_alt_close=\u00bboff\u00bb da_dark_close=\u00bboff\u00bb da_not_modal=\u00bbon\u00bb da_is_singular=\u00bboff\u00bb da_with_loader=\u00bboff\u00bb da_has_shadow=\u00bbon\u00bb][et_pb_row admin_label=\u00bbT\u00edtol + Subt\u00edtol\u00bb _builder_version=\u00bb4.17.6&#8243; _module_preset=\u00bbdefault\u00bb background_image=\u00bbhttps:\/\/casaldelsinfants.org\/wp-content\/uploads\/titol-petita-infancia-1.webp\u00bb width=\u00bb100%\u00bb width_tablet=\u00bb100%\u00bb width_phone=\u00bb100%\u00bb width_last_edited=\u00bbon|desktop\u00bb max_width=\u00bb1440px\u00bb max_width_tablet=\u00bb2500px\u00bb max_width_phone=\u00bb2500px\u00bb max_width_last_edited=\u00bbon|tablet\u00bb height=\u00bb470px\u00bb height_tablet=\u00bb300px\u00bb height_phone=\u00bb300px\u00bb height_last_edited=\u00bbon|phone\u00bb custom_margin=\u00bb120px||||false|false\u00bb custom_margin_tablet=\u00bb60px||||false|false\u00bb custom_margin_phone=\u00bb40px||0px||false|false\u00bb custom_margin_last_edited=\u00bbon|phone\u00bb custom_padding=\u00bb0px||0px||true|false\u00bb background_last_edited=\u00bbon|phone\u00bb background_size_tablet=\u00bbcontain\u00bb locked=\u00bboff\u00bb collapsed=\u00bboff\u00bb global_colors_info=\u00bb{}\u00bb][et_pb_column type=\u00bb4_4&#8243; _builder_version=\u00bb4.17.4&#8243; _module_preset=\u00bbdefault\u00bb global_colors_info=\u00bb{}\u00bb][et_pb_text disabled_on=\u00bbon|off|off\u00bb admin_label=\u00bbT\u00edtol + Subt\u00edtol\u00bb _builder_version=\u00bb4.19.4&#8243; _module_preset=\u00bbdefault\u00bb text_text_color=\u00bb#FFFFFF\u00bb text_font_size=\u00bb32px\u00bb text_line_height=\u00bb1.2em\u00bb header_font=\u00bbMyriadPro Regular||||||||\u00bb header_text_color=\u00bb#FFFFFF\u00bb header_font_size=\u00bb32px\u00bb header_2_font=\u00bbMyriadPro Regular||||||||\u00bb header_2_text_color=\u00bb#FFFFFF\u00bb header_2_font_size=\u00bb32px\u00bb width=\u00bb60%\u00bb width_tablet=\u00bb60%\u00bb width_phone=\u00bb90%\u00bb width_last_edited=\u00bbon|phone\u00bb module_alignment=\u00bbcenter\u00bb custom_margin=\u00bb150px||||false|false\u00bb custom_margin_tablet=\u00bb90px||||false|false\u00bb custom_margin_phone=\u00bb90px||||false|false\u00bb custom_margin_last_edited=\u00bbon|phone\u00bb text_font_size_tablet=\u00bb20px\u00bb text_font_size_phone=\u00bb20px\u00bb text_font_size_last_edited=\u00bbon|tablet\u00bb global_colors_info=\u00bb{}\u00bb]<\/p>\n<h1 class=\"text-sombra\" style=\"text-align: center;\">Peque\u00f1a infancia y familias<\/h1>\n<h2 class=\"text-sombra\" style=\"text-align: center;\">Trabajamos con las familias para generar entornos de confianza y seguridad<\/h2>\n<p>[\/et_pb_text][et_pb_text disabled_on=\u00bboff|on|on\u00bb admin_label=\u00bbT\u00edtol + Subt\u00edtol\u00bb _builder_version=\u00bb4.17.6&#8243; _module_preset=\u00bbdefault\u00bb text_text_color=\u00bb#FFFFFF\u00bb text_font_size=\u00bb32px\u00bb text_line_height=\u00bb1.2em\u00bb width=\u00bb60%\u00bb width_tablet=\u00bb60%\u00bb width_phone=\u00bb90%\u00bb width_last_edited=\u00bbon|phone\u00bb module_alignment=\u00bbcenter\u00bb custom_margin=\u00bb150px||||false|false\u00bb custom_margin_tablet=\u00bb90px||||false|false\u00bb custom_margin_phone=\u00bb90px||||false|false\u00bb custom_margin_last_edited=\u00bbon|phone\u00bb custom_padding=\u00bb20px||||false|false\u00bb text_font_size_tablet=\u00bb20px\u00bb text_font_size_phone=\u00bb20px\u00bb text_font_size_last_edited=\u00bbon|tablet\u00bb global_colors_info=\u00bb{}\u00bb]<\/p>\n<p class=\"text-sombra\" style=\"text-align: center;\">Peque\u00f1a infancia y familias<\/p>\n<p>[\/et_pb_text][\/et_pb_column][\/et_pb_row][et_pb_row use_custom_gutter=\u00bbon\u00bb gutter_width=\u00bb1&#8243; admin_label=\u00bbText\u00bb module_id=\u00bbrow-width\u00bb _builder_version=\u00bb4.17.6&#8243; _module_preset=\u00bbdefault\u00bb custom_margin=\u00bb49px|auto||auto|false|false\u00bb custom_margin_tablet=\u00bb49px|auto||auto|false|false\u00bb custom_margin_phone=\u00bb0px|auto||auto|false|false\u00bb custom_margin_last_edited=\u00bbon|phone\u00bb custom_padding=\u00bb0px|0px|0px|0px|true|false\u00bb custom_css_main_element=\u00bbdisplay:flex;||align-items:center;\u00bb global_colors_info=\u00bb{}\u00bb][et_pb_column type=\u00bb4_4&#8243; _builder_version=\u00bb4.17.4&#8243; _module_preset=\u00bbdefault\u00bb global_colors_info=\u00bb{}\u00bb][et_pb_text admin_label=\u00bbLa pobresa que viuen\u00bb _builder_version=\u00bb4.17.4&#8243; _module_preset=\u00bbdefault\u00bb text_text_color=\u00bb#006450&#8243; text_font_size=\u00bb18px\u00bb width_tablet=\u00bb100%\u00bb width_phone=\u00bb100%\u00bb width_last_edited=\u00bbon|tablet\u00bb max_width=\u00bb100%\u00bb max_width_tablet=\u00bb100%\u00bb max_width_phone=\u00bb100%\u00bb max_width_last_edited=\u00bbon|tablet\u00bb module_alignment=\u00bbcenter\u00bb global_colors_info=\u00bb{}\u00bb]<\/p>\n<p>La pobreza que viven muchas familias las debilita y no les permite ofrecer el bienestar material ni emocional que necesitan sus hijos e hijas. La angustia que genera la pobreza deja poco margen para disfrutar de la tranquilidad necesaria para centrarse en la educaci\u00f3n y el crecimiento de los ni\u00f1os y ni\u00f1as. Esta situaci\u00f3n l\u00edmite genera din\u00e1micas familiares y sociales que van en detrimento de su desarrollo, empeoran de las relaciones personales y generan situaciones de tensi\u00f3n, desmotivaci\u00f3n y aislamiento.<\/p>\n<p>La familia es el n\u00facleo central de la estabilidad y de las oportunidades de la infancia. El grado de implicaci\u00f3n, inter\u00e9s y acompa\u00f1amiento de las madres y padres en la educaci\u00f3n de sus hijas e hijos tiene efectos decisivos en su desarrollo. Por lo cual, es b\u00e1sico promover la participaci\u00f3n activa de las familias en los procesos educativos de sus hijos e hijas.<\/p>\n<p>[\/et_pb_text][\/et_pb_column][\/et_pb_row][\/et_pb_section][et_pb_section fb_built=\u00bb1&#8243; admin_label=\u00bbESPAI FAMILIAR 0-3&#8243; module_id=\u00bbia-rai-eso\u00bb _builder_version=\u00bb4.27.3&#8243; _module_preset=\u00bbdefault\u00bb custom_padding=\u00bb||28px|||\u00bb da_disable_devices=\u00bboff|off|off\u00bb locked=\u00bboff\u00bb collapsed=\u00bbon\u00bb global_colors_info=\u00bb{}\u00bb da_is_popup=\u00bboff\u00bb da_exit_intent=\u00bboff\u00bb da_has_close=\u00bbon\u00bb da_alt_close=\u00bboff\u00bb da_dark_close=\u00bboff\u00bb da_not_modal=\u00bbon\u00bb da_is_singular=\u00bboff\u00bb da_with_loader=\u00bboff\u00bb da_has_shadow=\u00bbon\u00bb][et_pb_row admin_label=\u00bbT\u00edtulo \u00bb _builder_version=\u00bb4.17.4&#8243; _module_preset=\u00bbdefault\u00bb custom_padding=\u00bb0px||0px|||\u00bb global_colors_info=\u00bb{}\u00bb][et_pb_column type=\u00bb4_4&#8243; _builder_version=\u00bb4.17.4&#8243; _module_preset=\u00bbdefault\u00bb global_colors_info=\u00bb{}\u00bb][et_pb_text admin_label=\u00bbT\u00edtol \u00bb _builder_version=\u00bb4.27.0&#8243; _module_preset=\u00bbdefault\u00bb header_3_font=\u00bbMyriadPro Semibold||||||||\u00bb header_3_text_color=\u00bb#006450&#8243; global_colors_info=\u00bb{}\u00bb]<\/p>\n<h3>ESPAI FAMILIAR 0-3<\/h3>\n<p>[\/et_pb_text][\/et_pb_column][\/et_pb_row][et_pb_row column_structure=\u00bb2_5,3_5&#8243; admin_label=\u00bbIMG + TEXT\u00bb _builder_version=\u00bb4.17.4&#8243; _module_preset=\u00bbdefault\u00bb custom_margin=\u00bb||||false|false\u00bb custom_padding=\u00bb0px||||false|false\u00bb global_colors_info=\u00bb{}\u00bb][et_pb_column type=\u00bb2_5&#8243; _builder_version=\u00bb4.17.4&#8243; _module_preset=\u00bbdefault\u00bb global_colors_info=\u00bb{}\u00bb][et_pb_image src=\u00bbhttps:\/\/www.casaldelsinfants.org\/wp-content\/uploads\/foto-espai-familiar03.webp\u00bb title_text=\u00bbfoto-espai-familiar03&#8243; align=\u00bbcenter\u00bb _builder_version=\u00bb4.27.0&#8243; _module_preset=\u00bbdefault\u00bb width=\u00bb70%\u00bb custom_css_main_element=\u00bbclip-path: circle(170px at center);\u00bb global_colors_info=\u00bb{}\u00bb][\/et_pb_image][\/et_pb_column][et_pb_column type=\u00bb3_5&#8243; _builder_version=\u00bb4.17.4&#8243; _module_preset=\u00bbdefault\u00bb global_colors_info=\u00bb{}\u00bb][et_pb_text _builder_version=\u00bb4.27.3&#8243; _module_preset=\u00bbdefault\u00bb text_font=\u00bbMyriadPro Regular||||||||\u00bb text_line_height=\u00bb1.42em\u00bb header_2_font=\u00bbMyriadPro Regular||||||||\u00bb header_2_text_color=\u00bb#006450&#8243; header_2_font_size=\u00bb28px\u00bb header_2_line_height=\u00bb32px\u00bb hover_enabled=\u00bb0&#8243; global_colors_info=\u00bb{}\u00bb sticky_enabled=\u00bb0&#8243;]<\/p>\n<p class=\"verd\">Espai Familiar 0-3 es un servicio diurno de proximidad que realiza una tarea socioeducativa para prevenir e intervenir en las situaciones de riesgo social poniendo especial atenci\u00f3n a ni\u00f1os y ni\u00f1as de 0-3 a\u00f1os y a sus familias de manera intensiva para reducir aquellas desigualdades educativas que se originan en los primeros a\u00f1os de vida y para fomentar la promoci\u00f3n social de los ni\u00f1os y las familias.<\/p>\n<div class=\"icon-casal\">\n<h4>Badalona<\/h4>\n<\/div>\n<p>[\/et_pb_text][et_pb_text _builder_version=\u00bb4.27.3&#8243; _module_preset=\u00bbdefault\u00bb text_font=\u00bbMyriadPro Regular||||||||\u00bb text_line_height=\u00bb1.42em\u00bb header_2_font=\u00bbMyriadPro Regular||||||||\u00bb header_2_text_color=\u00bb#006450&#8243; header_2_font_size=\u00bb28px\u00bb header_2_line_height=\u00bb32px\u00bb hover_enabled=\u00bb0&#8243; global_colors_info=\u00bb{}\u00bb sticky_enabled=\u00bb0&#8243;]<\/p>\n<div><\/div>\n<h2>\u201cEn 2024 hemos garantizado apoyo en los primeros a\u00f1os de vida a 96 ni\u00f1os, ni\u00f1as y sus madres.\u201d<\/h2>\n<p>[\/et_pb_text][\/et_pb_column][\/et_pb_row][\/et_pb_section][et_pb_section fb_built=\u00bb1&#8243; disabled_on=\u00bbon|on|off\u00bb admin_label=\u00bbFEM FAM\u00cdLIA\u00bb _builder_version=\u00bb4.17.6&#8243; _module_preset=\u00bbdefault\u00bb background_color=\u00bb#F8AC00&#8243; da_disable_devices=\u00bboff|off|off\u00bb locked=\u00bboff\u00bb collapsed=\u00bbon\u00bb global_colors_info=\u00bb{}\u00bb da_is_popup=\u00bboff\u00bb da_exit_intent=\u00bboff\u00bb da_has_close=\u00bbon\u00bb da_alt_close=\u00bboff\u00bb da_dark_close=\u00bboff\u00bb da_not_modal=\u00bbon\u00bb da_is_singular=\u00bboff\u00bb da_with_loader=\u00bboff\u00bb da_has_shadow=\u00bbon\u00bb][et_pb_row admin_label=\u00bbT\u00edtulo \u00bb _builder_version=\u00bb4.17.4&#8243; _module_preset=\u00bbdefault\u00bb custom_padding=\u00bb0px||0px|||\u00bb global_colors_info=\u00bb{}\u00bb][et_pb_column type=\u00bb4_4&#8243; _builder_version=\u00bb4.17.4&#8243; _module_preset=\u00bbdefault\u00bb global_colors_info=\u00bb{}\u00bb][et_pb_text admin_label=\u00bbT\u00edtol \u00bb _builder_version=\u00bb4.27.0&#8243; _module_preset=\u00bbdefault\u00bb header_3_font=\u00bbMyriadPro Semibold||||||||\u00bb header_3_text_color=\u00bb#006450&#8243; global_colors_info=\u00bb{}\u00bb]<\/p>\n<h3>FEM FAM\u00cdLIA<\/h3>\n<p>[\/et_pb_text][\/et_pb_column][\/et_pb_row][et_pb_row column_structure=\u00bb3_5,2_5&#8243; use_custom_gutter=\u00bbon\u00bb gutter_width=\u00bb1&#8243; admin_label=\u00bbIMG + TEXT\u00bb _builder_version=\u00bb4.17.4&#8243; _module_preset=\u00bbdefault\u00bb custom_margin=\u00bb||||false|false\u00bb custom_padding=\u00bb0px||||false|false\u00bb global_colors_info=\u00bb{}\u00bb][et_pb_column type=\u00bb3_5&#8243; _builder_version=\u00bb4.17.4&#8243; _module_preset=\u00bbdefault\u00bb global_colors_info=\u00bb{}\u00bb][et_pb_text _builder_version=\u00bb4.27.0&#8243; _module_preset=\u00bbdefault\u00bb text_font=\u00bbMyriadPro Regular||||||||\u00bb text_line_height=\u00bb1.42em\u00bb header_2_font=\u00bbMyriadPro Regular||||||||\u00bb header_2_text_color=\u00bb#006450&#8243; header_2_font_size=\u00bb28px\u00bb header_2_line_height=\u00bb32px\u00bb custom_padding=\u00bb||||false|false\u00bb global_colors_info=\u00bb{}\u00bb]<\/p>\n<p class=\"verd\">El Servicio comunitario de Orientaci\u00f3n y Acompa\u00f1amiento a Familias \u201cFem Familia\u201d es un servicio de apoyo y promoci\u00f3n dirigido a las familias con <strong>ni\u00f1os y ni\u00f1as de 0 a 6<\/strong> a\u00f1os del <strong>barrio de la Mina<\/strong> y de su entorno m\u00e1s pr\u00f3ximo. El Servicio tiene por objetivo fortalecer las capacidades personales, de crianza y relacionales de las familias a partir de ofrecerles un espacio de referencia y de acompa\u00f1amiento personalizado, con propuestas formativas y de participaci\u00f3n en la comunidad. <\/p>\n<p class=\"verd\">El proyecto piloto Espacios Familiares 0-3 es una iniciativa del Programa CaixaProinfancia.<\/p>\n<div class=\"icon-casal-blanc\">\n<h4><a class=\"blanc\" href=\"https:\/\/www.casaldelsinfants.org\/es\/donde-trabajamos\/besos-la-mina\/\">Bes\u00f2s-Mina<\/a><\/h4>\n<p>&nbsp;<\/p>\n<p>&nbsp;<\/p>\n<\/div>\n<p>[\/et_pb_text][et_pb_text _builder_version=\u00bb4.27.3&#8243; _module_preset=\u00bbdefault\u00bb text_font=\u00bbMyriadPro Regular||||||||\u00bb text_line_height=\u00bb1.42em\u00bb header_2_font=\u00bbMyriadPro Regular||||||||\u00bb header_2_text_color=\u00bb#006450&#8243; header_2_font_size=\u00bb28px\u00bb header_2_line_height=\u00bb32px\u00bb custom_padding=\u00bb||||false|false\u00bb global_colors_info=\u00bb{}\u00bb]<\/p>\n<h2>\u201cGarantizamos apoyo a la crianza y trabajamos las habilidades parentales de 126 familias.\u201d<\/h2>\n<p>[\/et_pb_text][et_pb_image src=\u00bbhttps:\/\/www.casaldelsinfants.org\/wp-content\/uploads\/logo-proinfancia-1.webp\u00bb title_text=\u00bblogo-proinfancia\u00bb _builder_version=\u00bb4.27.0&#8243; _module_preset=\u00bbdefault\u00bb background_color=\u00bb#FFFFFF\u00bb width=\u00bb80%\u00bb custom_margin=\u00bb12px||||false|false\u00bb custom_padding=\u00bb3px|18px|3px|18px|true|true\u00bb global_colors_info=\u00bb{}\u00bb][\/et_pb_image][\/et_pb_column][et_pb_column type=\u00bb2_5&#8243; _builder_version=\u00bb4.17.4&#8243; _module_preset=\u00bbdefault\u00bb global_colors_info=\u00bb{}\u00bb][et_pb_image src=\u00bbhttps:\/\/www.casaldelsinfants.org\/wp-content\/uploads\/foto-fem-familia.webp\u00bb title_text=\u00bbfoto-fem-familia\u00bb align=\u00bbcenter\u00bb _builder_version=\u00bb4.27.0&#8243; _module_preset=\u00bbdefault\u00bb width=\u00bb70%\u00bb global_colors_info=\u00bb{}\u00bb][\/et_pb_image][\/et_pb_column][\/et_pb_row][\/et_pb_section][et_pb_section fb_built=\u00bb1&#8243; admin_label=\u00bbVINCLES\u00bb module_id=\u00bbpi-vincles\u00bb _builder_version=\u00bb4.17.4&#8243; _module_preset=\u00bbdefault\u00bb custom_padding=\u00bb||28px|||\u00bb da_disable_devices=\u00bboff|off|off\u00bb collapsed=\u00bbon\u00bb global_colors_info=\u00bb{}\u00bb da_is_popup=\u00bboff\u00bb da_exit_intent=\u00bboff\u00bb da_has_close=\u00bbon\u00bb da_alt_close=\u00bboff\u00bb da_dark_close=\u00bboff\u00bb da_not_modal=\u00bbon\u00bb da_is_singular=\u00bboff\u00bb da_with_loader=\u00bboff\u00bb da_has_shadow=\u00bbon\u00bb][et_pb_row admin_label=\u00bbT\u00edtulo \u00bb _builder_version=\u00bb4.17.4&#8243; _module_preset=\u00bbdefault\u00bb custom_padding=\u00bb0px||0px|||\u00bb global_colors_info=\u00bb{}\u00bb][et_pb_column type=\u00bb4_4&#8243; _builder_version=\u00bb4.17.4&#8243; _module_preset=\u00bbdefault\u00bb global_colors_info=\u00bb{}\u00bb][et_pb_text admin_label=\u00bbT\u00edtol \u00bb _builder_version=\u00bb4.19.4&#8243; _module_preset=\u00bbdefault\u00bb header_3_font=\u00bbMyriadPro Semibold||||||||\u00bb header_3_text_color=\u00bb#006450&#8243; global_colors_info=\u00bb{}\u00bb]<\/p>\n<h3>ESPACIOS MATERNO-INFANTILES DE CRIANZA Y APOYO<\/h3>\n<p>[\/et_pb_text][\/et_pb_column][\/et_pb_row][et_pb_row column_structure=\u00bb2_5,3_5&#8243; use_custom_gutter=\u00bbon\u00bb gutter_width=\u00bb1&#8243; admin_label=\u00bbIMG + TEXT\u00bb _builder_version=\u00bb4.17.4&#8243; _module_preset=\u00bbdefault\u00bb custom_margin=\u00bb||||false|false\u00bb custom_padding=\u00bb0px||||false|false\u00bb global_colors_info=\u00bb{}\u00bb][et_pb_column type=\u00bb2_5&#8243; _builder_version=\u00bb4.17.4&#8243; _module_preset=\u00bbdefault\u00bb global_colors_info=\u00bb{}\u00bb][et_pb_image src=\u00bbhttps:\/\/www.casaldelsinfants.org\/wp-content\/uploads\/foto-casal-familiar.webp\u00bb title_text=\u00bbfoto-casal-familiar\u00bb align=\u00bbcenter\u00bb _builder_version=\u00bb4.27.0&#8243; _module_preset=\u00bbdefault\u00bb width=\u00bb70%\u00bb border_radii=\u00bbon|200000px|200000px|200000px|200000px\u00bb locked=\u00bboff\u00bb global_colors_info=\u00bb{}\u00bb][\/et_pb_image][\/et_pb_column][et_pb_column type=\u00bb3_5&#8243; _builder_version=\u00bb4.17.4&#8243; _module_preset=\u00bbdefault\u00bb global_colors_info=\u00bb{}\u00bb][et_pb_text _builder_version=\u00bb4.27.3&#8243; _module_preset=\u00bbdefault\u00bb text_font=\u00bbMyriadPro Regular||||||||\u00bb text_line_height=\u00bb1.42em\u00bb header_2_font=\u00bbMyriadPro Regular||||||||\u00bb header_2_text_color=\u00bb#006450&#8243; header_2_font_size=\u00bb28px\u00bb header_2_line_height=\u00bb32px\u00bb hover_enabled=\u00bb0&#8243; global_colors_info=\u00bb{}\u00bb sticky_enabled=\u00bb0&#8243;]<\/p>\n<p class=\"verd\">Los espacios materno-infantiles buscan fortalecer los v\u00ednculos de las madres con sus hijas e hijos hasta los tres a\u00f1os, que atraviesan una situaci\u00f3n de gran vulnerabilidad. As\u00ed como tambi\u00e9n los v\u00ednculos de la familia con la comunidad del barrio, con el objetivo de facilitarles el inicio de esta etapa de la vida, y que lo hagan con seguridad y confianza.<\/p>\n<p class=\"verd\">Les ofrecemos apoyo enfocado principalmente a la crianza saludable, f\u00edsica y emocional, al conocimiento de los recursos p\u00fablicos, sociales, sanitarios y educativos que tienen a su alcance y a reforzar la solidaridad y el compa\u00f1erismo entre las madres que viven situaciones similares. La red de relaciones que pueden tejer entre ellas, les permitir\u00e1 ayudarse durante mucho tiempo.<\/p>\n<div class=\"icon-casal\">\n<h4><a class=\"groc\" href=\"https:\/\/www.casaldelsinfants.org\/es\/donde-trabajamos\/el-raval\/\">El Raval<\/a><\/h4>\n<p>&#8211;<\/p>\n<h4><a class=\"groc\" href=\"https:\/\/www.casaldelsinfants.org\/es\/donde-trabajamos\/badalona\/\">Badalona<\/a><\/h4>\n<p>&#8211;<\/p>\n<h4><a class=\"groc\" href=\"https:\/\/www.casaldelsinfants.org\/es\/donde-trabajamos\/salt\/\">Salt<\/a><\/h4>\n<p>&#8211;<\/p>\n<h4><\/h4>\n<h4><a class=\"groc\" href=\"https:\/\/www.casaldelsinfants.org\/es\/donde-trabajamos\/santa-coloma-de-gramenet\/\">Santa Coloma de Gramenet<\/a><\/h4>\n<\/div>\n<h2><\/h2>\n<h2>\u201cEste 2024, 669 beb\u00e9s y sus madres han fortalecido sus v\u00ednculos dentro de un espacio de apoyo y<br \/>aprendizaje.\u201d<\/h2>\n<p>[\/et_pb_text][\/et_pb_column][\/et_pb_row][\/et_pb_section][et_pb_section fb_built=\u00bb1&#8243; disabled_on=\u00bbon|on|off\u00bb admin_label=\u00bbPROGRAMA PROINF\u00c0NCIA\u00bb _builder_version=\u00bb4.17.4&#8243; _module_preset=\u00bbdefault\u00bb background_color=\u00bb#F8AC00&#8243; custom_padding=\u00bb||28px|||\u00bb da_disable_devices=\u00bboff|off|off\u00bb collapsed=\u00bboff\u00bb global_colors_info=\u00bb{}\u00bb da_is_popup=\u00bboff\u00bb da_exit_intent=\u00bboff\u00bb da_has_close=\u00bbon\u00bb da_alt_close=\u00bboff\u00bb da_dark_close=\u00bboff\u00bb da_not_modal=\u00bbon\u00bb da_is_singular=\u00bboff\u00bb da_with_loader=\u00bboff\u00bb da_has_shadow=\u00bbon\u00bb][et_pb_row admin_label=\u00bbT\u00edtulo \u00bb _builder_version=\u00bb4.17.4&#8243; _module_preset=\u00bbdefault\u00bb custom_padding=\u00bb0px||0px|||\u00bb global_colors_info=\u00bb{}\u00bb][et_pb_column type=\u00bb4_4&#8243; _builder_version=\u00bb4.17.4&#8243; _module_preset=\u00bbdefault\u00bb global_colors_info=\u00bb{}\u00bb][et_pb_text admin_label=\u00bbT\u00edtol \u00bb _builder_version=\u00bb4.19.4&#8243; _module_preset=\u00bbdefault\u00bb header_3_font=\u00bbMyriadPro Semibold||||||||\u00bb header_3_text_color=\u00bb#006450&#8243; global_colors_info=\u00bb{}\u00bb]<\/p>\n<h3>PROGRAMA PROINF\u00c0NCIA DE L&#8217;OBRA SOCIAL DE LA CAIXA<\/h3>\n<p>[\/et_pb_text][\/et_pb_column][\/et_pb_row][et_pb_row column_structure=\u00bb3_5,2_5&#8243; use_custom_gutter=\u00bbon\u00bb gutter_width=\u00bb1&#8243; admin_label=\u00bbIMG + TEXT\u00bb _builder_version=\u00bb4.17.6&#8243; _module_preset=\u00bbdefault\u00bb custom_margin=\u00bb||||false|false\u00bb custom_padding=\u00bb0px||||false|false\u00bb global_colors_info=\u00bb{}\u00bb][et_pb_column type=\u00bb3_5&#8243; _builder_version=\u00bb4.17.4&#8243; _module_preset=\u00bbdefault\u00bb global_colors_info=\u00bb{}\u00bb][et_pb_text _builder_version=\u00bb4.27.3&#8243; _module_preset=\u00bbdefault\u00bb text_font=\u00bbMyriadPro Regular||||||||\u00bb text_line_height=\u00bb1.42em\u00bb header_2_font=\u00bbMyriadPro Regular||||||||\u00bb header_2_text_color=\u00bb#006450&#8243; header_2_font_size=\u00bb28px\u00bb header_2_line_height=\u00bb32px\u00bb custom_padding=\u00bb||||false|false\u00bb global_colors_info=\u00bb{}\u00bb]<\/p>\n<p class=\"verd\">El programa CaixaProinfancia, de la Obra Social de La Caixa, impulsa el desarrollo de los m\u00e1s peque\u00f1os, facilit\u00e1ndoles el acceso a entornos educativos que les aporten referentes s\u00f3lidos para su futuro. Su colaboraci\u00f3n hace posible el refuerzo educativo; plazas en centros abiertos; campamentos y actividades de verano; y los servicios materno-infantiles y talleres de parentalidad positiva.<\/p>\n<p class=\"verd\">As\u00ed tambi\u00e9n, el programa Proinfancia apoya a las familias para que puedan garantizar un nivel de bienestar f\u00edsico y ps\u00edquico \u00f3ptimo para sus hijos e hijas, a trav\u00e9s del refuerzo en temas relacionados con la alimentaci\u00f3n e higiene infantil, apoyo psicol\u00f3gico y proporcionando gafas y aud\u00edfonos, en caso de necesidad. Desde el Casal dels Infants coordinamos las ayudas para una red de entidades beneficiarias del programa Proinfancia, formada por 20 entidades y servicios sociales de 12 municipios.<\/p>\n<p class=\"verd\">\n<h2>\u201cDurante este 2024, hemos gestionado ayudas para 1.399 familias.*\u201d<\/h2>\n<p>&nbsp;<\/p>\n<p>*Estos programas trabajan con participantes otros servicios del Casal dels Infants y por tanto no se contabilizan en el total de personas acompa\u00f1adas.<\/p>\n<p>&nbsp;<\/p>\n<p>[\/et_pb_text][et_pb_image src=\u00bbhttps:\/\/www.casaldelsinfants.org\/wp-content\/uploads\/logo-proinfancia-1.webp\u00bb title_text=\u00bblogo-proinfancia\u00bb _builder_version=\u00bb4.27.0&#8243; _module_preset=\u00bbdefault\u00bb background_color=\u00bb#FFFFFF\u00bb width=\u00bb85%\u00bb custom_margin=\u00bb||||false|false\u00bb custom_padding=\u00bb|10px||10px|false|true\u00bb global_colors_info=\u00bb{}\u00bb][\/et_pb_image][\/et_pb_column][et_pb_column type=\u00bb2_5&#8243; _builder_version=\u00bb4.17.4&#8243; _module_preset=\u00bbdefault\u00bb global_colors_info=\u00bb{}\u00bb][et_pb_image src=\u00bbhttps:\/\/www.casaldelsinfants.org\/wp-content\/uploads\/foto-nens-caixa.webp\u00bb title_text=\u00bbfoto-nens-caixa\u00bb align=\u00bbcenter\u00bb _builder_version=\u00bb4.27.0&#8243; _module_preset=\u00bbdefault\u00bb width=\u00bb70%\u00bb border_radii=\u00bbon|200000px|200000px|200000px|200000px\u00bb locked=\u00bboff\u00bb global_colors_info=\u00bb{}\u00bb][\/et_pb_image][\/et_pb_column][\/et_pb_row][\/et_pb_section][et_pb_section fb_built=\u00bb1&#8243; admin_label=\u00bbCASAL FAMILIAR\u00bb module_id=\u00bbpi-casal-familiar\u00bb _builder_version=\u00bb4.17.4&#8243; _module_preset=\u00bbdefault\u00bb custom_padding=\u00bb||28px|||\u00bb da_disable_devices=\u00bboff|off|off\u00bb collapsed=\u00bbon\u00bb global_colors_info=\u00bb{}\u00bb da_is_popup=\u00bboff\u00bb da_exit_intent=\u00bboff\u00bb da_has_close=\u00bbon\u00bb da_alt_close=\u00bboff\u00bb da_dark_close=\u00bboff\u00bb da_not_modal=\u00bbon\u00bb da_is_singular=\u00bboff\u00bb da_with_loader=\u00bboff\u00bb da_has_shadow=\u00bbon\u00bb][et_pb_row admin_label=\u00bbT\u00edtulo \u00bb _builder_version=\u00bb4.17.4&#8243; _module_preset=\u00bbdefault\u00bb custom_padding=\u00bb0px||0px|||\u00bb global_colors_info=\u00bb{}\u00bb][et_pb_column type=\u00bb4_4&#8243; _builder_version=\u00bb4.17.4&#8243; _module_preset=\u00bbdefault\u00bb global_colors_info=\u00bb{}\u00bb][et_pb_text admin_label=\u00bbT\u00edtol \u00bb _builder_version=\u00bb4.19.4&#8243; _module_preset=\u00bbdefault\u00bb header_3_font=\u00bbMyriadPro Semibold||||||||\u00bb header_3_text_color=\u00bb#006450&#8243; global_colors_info=\u00bb{}\u00bb]<\/p>\n<h3>CASAL FAMILIAR<\/h3>\n<p>[\/et_pb_text][\/et_pb_column][\/et_pb_row][et_pb_row column_structure=\u00bb2_5,3_5&#8243; use_custom_gutter=\u00bbon\u00bb gutter_width=\u00bb1&#8243; admin_label=\u00bbIMG + TEXT\u00bb _builder_version=\u00bb4.17.4&#8243; _module_preset=\u00bbdefault\u00bb custom_margin=\u00bb||||false|false\u00bb custom_padding=\u00bb0px||||false|false\u00bb global_colors_info=\u00bb{}\u00bb][et_pb_column type=\u00bb2_5&#8243; _builder_version=\u00bb4.17.4&#8243; _module_preset=\u00bbdefault\u00bb global_colors_info=\u00bb{}\u00bb][et_pb_image src=\u00bbhttps:\/\/www.casaldelsinfants.org\/wp-content\/uploads\/foto-casal-familiarr.webp\u00bb title_text=\u00bbfoto-casal-familiarr\u00bb align=\u00bbcenter\u00bb _builder_version=\u00bb4.27.0&#8243; _module_preset=\u00bbdefault\u00bb width=\u00bb70%\u00bb border_radii=\u00bbon|200000px|200000px|200000px|200000px\u00bb locked=\u00bboff\u00bb global_colors_info=\u00bb{}\u00bb][\/et_pb_image][\/et_pb_column][et_pb_column type=\u00bb3_5&#8243; _builder_version=\u00bb4.17.4&#8243; _module_preset=\u00bbdefault\u00bb global_colors_info=\u00bb{}\u00bb][et_pb_text _builder_version=\u00bb4.27.3&#8243; _module_preset=\u00bbdefault\u00bb text_font=\u00bbMyriadPro Regular||||||||\u00bb text_line_height=\u00bb1.42em\u00bb header_2_font=\u00bbMyriadPro Regular||||||||\u00bb header_2_text_color=\u00bb#006450&#8243; header_2_font_size=\u00bb28px\u00bb header_2_line_height=\u00bb32px\u00bb hover_enabled=\u00bb0&#8243; global_colors_info=\u00bb{}\u00bb sticky_enabled=\u00bb0&#8243;]<\/p>\n<p class=\"verd\">En el Casal Familiar muchas familias encuentran la orientaci\u00f3n y el apoyo que necesitan en momentos de crisis o fragilidad. Estamos al lado de las madres y los padres para que se fortalezcan y puedan ser referentes en la educaci\u00f3n de sus hijos e hijas.<\/p>\n<p class=\"verd\">En el Casal Familiar encuentran acompa\u00f1amiento y orientaci\u00f3n en todos aquellos aspectos que les facilite mejorar su situaci\u00f3n: en la b\u00fasqueda de trabajo, en la comprensi\u00f3n del sistema educativo, en los tr\u00e1mites diversos y en el asesoramiento legal sobre sus derechos y deberes como ciudadanos y ciudadanas (familia, vivienda, regularizaci\u00f3n, etc). En el Casal Familiar encuentran un espacio de reconocimiento y apoyo, establecen relaciones con otras familias y participan de la vida comunitaria del barrio.<\/p>\n<div class=\"icon-casal\">\n<h4><a class=\"groc\" href=\"https:\/\/www.casaldelsinfants.org\/es\/donde-trabajamos\/el-raval\/\">El Raval<\/a><\/h4>\n<p>&#8211;<\/p>\n<h4><a class=\"groc\" href=\"https:\/\/www.casaldelsinfants.org\/es\/donde-trabajamos\/salt\/\">Salt<\/a><\/h4>\n<p>&#8211;<\/p>\n<h4><a class=\"groc\" href=\"https:\/\/www.casaldelsinfants.org\/es\/donde-trabajamos\/santa-coloma-de-gramenet\/\">Santa Coloma de Gramenet<\/a><\/h4>\n<\/div>\n<h2><\/h2>\n<h2>\u201cEn 2024, 707 ni\u00f1os, ni\u00f1as, madres y padres han recibido acompa\u00f1amiento para fortalecer la familia en los Casales Familiares.\u201d<\/h2>\n<p>[\/et_pb_text][\/et_pb_column][\/et_pb_row][\/et_pb_section][et_pb_section fb_built=\u00bb1&#8243; disabled_on=\u00bbon|on|off\u00bb admin_label=\u00bb+ INF\u00c0NCIA\u00bb _builder_version=\u00bb4.17.4&#8243; _module_preset=\u00bbdefault\u00bb background_color=\u00bb#F8AC00&#8243; custom_padding=\u00bb||28px|||\u00bb da_disable_devices=\u00bboff|off|off\u00bb collapsed=\u00bbon\u00bb global_colors_info=\u00bb{}\u00bb da_is_popup=\u00bboff\u00bb da_exit_intent=\u00bboff\u00bb da_has_close=\u00bbon\u00bb da_alt_close=\u00bboff\u00bb da_dark_close=\u00bboff\u00bb da_not_modal=\u00bbon\u00bb da_is_singular=\u00bboff\u00bb da_with_loader=\u00bboff\u00bb da_has_shadow=\u00bbon\u00bb][et_pb_row admin_label=\u00bbT\u00edtulo \u00bb _builder_version=\u00bb4.27.0&#8243; _module_preset=\u00bbdefault\u00bb module_alignment=\u00bbcenter\u00bb custom_padding=\u00bb0px||0px|||\u00bb global_colors_info=\u00bb{}\u00bb][et_pb_column type=\u00bb4_4&#8243; _builder_version=\u00bb4.17.4&#8243; _module_preset=\u00bbdefault\u00bb global_colors_info=\u00bb{}\u00bb][et_pb_text admin_label=\u00bbT\u00edtol \u00bb _builder_version=\u00bb4.27.0&#8243; _module_preset=\u00bbdefault\u00bb header_3_font=\u00bbMyriadPro Semibold||||||||\u00bb header_3_text_color=\u00bb#006450&#8243; global_colors_info=\u00bb{}\u00bb]<\/p>\n<h3>PROYECTO +INF\u00c0NCIA<\/h3>\n<p>[\/et_pb_text][\/et_pb_column][\/et_pb_row][et_pb_row column_structure=\u00bb3_5,2_5&#8243; use_custom_gutter=\u00bbon\u00bb gutter_width=\u00bb1&#8243; admin_label=\u00bbIMG + TEXT\u00bb _builder_version=\u00bb4.27.0&#8243; _module_preset=\u00bbdefault\u00bb custom_margin=\u00bb||||false|false\u00bb custom_padding=\u00bb0px||||false|false\u00bb global_colors_info=\u00bb{}\u00bb][et_pb_column type=\u00bb3_5&#8243; _builder_version=\u00bb4.17.4&#8243; _module_preset=\u00bbdefault\u00bb global_colors_info=\u00bb{}\u00bb][et_pb_text _builder_version=\u00bb4.27.3&#8243; _module_preset=\u00bbdefault\u00bb header_font=\u00bbMyriadPro Regular||||||||\u00bb header_2_font=\u00bbMyriadPro Regular||||||||\u00bb header_2_text_color=\u00bb#006450&#8243; header_2_font_size=\u00bb28px\u00bb header_3_font=\u00bbMyriadPro Semibold||||||||\u00bb header_3_text_color=\u00bb#006450&#8243; custom_padding=\u00bb||||false|false\u00bb locked=\u00bboff\u00bb global_colors_info=\u00bb{}\u00bb]<\/p>\n<p>El proyecto +Infancia, ubicado en el barrio del Bes\u00f2s y el Maresme, en la ciudad de Barcelona, tiene el objetivo de favorecer la integraci\u00f3n social de ni\u00f1os, ni\u00f1as y familias en riesgo de exclusi\u00f3n social. Se hace con la colaboraci\u00f3n de la Asociaci\u00f3n Invia. <\/p>\n<p>Las diferentes intervenciones socioeducativas pueden incluir acciones de logopedia, apoyo terap\u00e9utico, apoyo psicomotriz, centro abierto con ni\u00f1os y ni\u00f1as, refuerzo educativo, espacio familiares, entre otros.<\/p>\n<div class=\"icon-casal-blanc\">\n<h4><a href=\"https:\/\/www.casaldelsinfants.org\/es\/donde-trabajamos\/besos-la-mina\/\">Bes\u00f2s &#8211; La Mina<\/a><\/h4>\n<h4> <\/h4>\n<\/div>\n<h2>\u00abEl proyecto dura <span class=\"hiddenGreenError\">6<\/span> a\u00f1os y se espera atender este primer a\u00f1o 2024, entre 32 y 36 personas, y entre 96 y 105 personas en el a\u00f1o, a partir del 2025, hasta el 2029. El apoyo econ\u00f3mico de la Uni\u00f3n Europea y la Fundaci\u00f3n La Caixa es de <span class=\"hiddenGrammarError\">46.486\u20ac<\/span> este 2024, y de <span class=\"hiddenGrammarError\">136.833,8\u20ac<\/span> en el a\u00f1o, desde el 2025 hasta el 2029.\u00bb <\/h2>\n<p>[\/et_pb_text][et_pb_image src=\u00bbhttps:\/\/www.casaldelsinfants.org\/wp-content\/uploads\/logos-infancia.webp\u00bb title_text=\u00bblogos-+infancia\u00bb _builder_version=\u00bb4.27.0&#8243; _module_preset=\u00bbdefault\u00bb background_color=\u00bb#FFFFFF\u00bb width=\u00bb100%\u00bb custom_margin=\u00bb16px||||false|false\u00bb global_colors_info=\u00bb{}\u00bb][\/et_pb_image][\/et_pb_column][et_pb_column type=\u00bb2_5&#8243; _builder_version=\u00bb4.27.0&#8243; _module_preset=\u00bbdefault\u00bb global_colors_info=\u00bb{}\u00bb][et_pb_image src=\u00bbhttps:\/\/www.casaldelsinfants.org\/wp-content\/uploads\/foto_infancia.webp\u00bb title_text=\u00bbfoto_+infancia\u00bb align=\u00bbcenter\u00bb _builder_version=\u00bb4.27.0&#8243; _module_preset=\u00bbdefault\u00bb width=\u00bb70%\u00bb border_radii=\u00bbon|200000px|200000px|200000px|200000px\u00bb global_colors_info=\u00bb{}\u00bb][\/et_pb_image][\/et_pb_column][\/et_pb_row][\/et_pb_section][et_pb_section fb_built=\u00bb1&#8243; admin_label=\u00bbWHANAU\u00bb module_id=\u00bbpi-casal-familiar\u00bb _builder_version=\u00bb4.17.4&#8243; _module_preset=\u00bbdefault\u00bb custom_padding=\u00bb||28px|||\u00bb da_disable_devices=\u00bboff|off|off\u00bb collapsed=\u00bbon\u00bb global_colors_info=\u00bb{}\u00bb da_is_popup=\u00bboff\u00bb da_exit_intent=\u00bboff\u00bb da_has_close=\u00bbon\u00bb da_alt_close=\u00bboff\u00bb da_dark_close=\u00bboff\u00bb da_not_modal=\u00bbon\u00bb da_is_singular=\u00bboff\u00bb da_with_loader=\u00bboff\u00bb da_has_shadow=\u00bbon\u00bb][et_pb_row admin_label=\u00bbT\u00edtulo \u00bb _builder_version=\u00bb4.17.4&#8243; _module_preset=\u00bbdefault\u00bb custom_padding=\u00bb0px||0px|||\u00bb global_colors_info=\u00bb{}\u00bb][et_pb_column type=\u00bb4_4&#8243; _builder_version=\u00bb4.17.4&#8243; _module_preset=\u00bbdefault\u00bb global_colors_info=\u00bb{}\u00bb][et_pb_text admin_label=\u00bbT\u00edtol \u00bb _builder_version=\u00bb4.27.0&#8243; _module_preset=\u00bbdefault\u00bb header_3_font=\u00bbMyriadPro Semibold||||||||\u00bb header_3_text_color=\u00bb#006450&#8243; global_colors_info=\u00bb{}\u00bb]<\/p>\n<h3>WHANAU<\/h3>\n<p>[\/et_pb_text][\/et_pb_column][\/et_pb_row][et_pb_row column_structure=\u00bb2_5,3_5&#8243; use_custom_gutter=\u00bbon\u00bb gutter_width=\u00bb1&#8243; admin_label=\u00bbIMG + TEXT\u00bb _builder_version=\u00bb4.17.4&#8243; _module_preset=\u00bbdefault\u00bb custom_margin=\u00bb||||false|false\u00bb custom_padding=\u00bb0px||||false|false\u00bb global_colors_info=\u00bb{}\u00bb][et_pb_column type=\u00bb2_5&#8243; _builder_version=\u00bb4.17.4&#8243; _module_preset=\u00bbdefault\u00bb global_colors_info=\u00bb{}\u00bb][et_pb_image src=\u00bbhttps:\/\/www.casaldelsinfants.org\/wp-content\/uploads\/foto-whanau.webp\u00bb title_text=\u00bbfoto-whanau\u00bb align=\u00bbcenter\u00bb _builder_version=\u00bb4.27.0&#8243; _module_preset=\u00bbdefault\u00bb width=\u00bb70%\u00bb custom_margin=\u00bb30px||||false|false\u00bb border_radii=\u00bbon|200000px|200000px|200000px|200000px\u00bb locked=\u00bboff\u00bb global_colors_info=\u00bb{}\u00bb][\/et_pb_image][\/et_pb_column][et_pb_column type=\u00bb3_5&#8243; _builder_version=\u00bb4.17.4&#8243; _module_preset=\u00bbdefault\u00bb global_colors_info=\u00bb{}\u00bb][et_pb_text _builder_version=\u00bb4.27.3&#8243; _module_preset=\u00bbdefault\u00bb text_font=\u00bbMyriadPro Regular||||||||\u00bb text_line_height=\u00bb1.42em\u00bb header_2_font=\u00bbMyriadPro Regular||||||||\u00bb header_2_text_color=\u00bb#006450&#8243; header_2_font_size=\u00bb28px\u00bb header_2_line_height=\u00bb32px\u00bb global_colors_info=\u00bb{}\u00bb]<\/p>\n<p class=\"verd\">Whanau es un proyecto piloto preventivo, reparador y promotor de las capacidades personales, sociales y parentales de familias en situaci\u00f3n de alta vulnerabilidad, bien por riesgo de retirada de hijo\/s, bien por proceso de retorno de hijo\/s al domicilio familiar.<\/p>\n<p class=\"verd\">Tiene como objetivos prevenir la institucionalizaci\u00f3n de los menores de edad, empoderar a las familias con menores de edad a cargo, fortalecer los v\u00ednculos familiares y desarrollar una red de apoyo para las familias.<\/p>\n<p class=\"verd\">\n<div class=\"icon-casal\">\n<h4><a class=\"groc\" href=\"https:\/\/www.casaldelsinfants.org\/es\/donde-trabajamos\/el-raval\/\">El Raval<\/a><\/h4>\n<p>&nbsp;<\/p>\n<\/div>\n<p>[\/et_pb_text][et_pb_text _builder_version=\u00bb4.27.3&#8243; _module_preset=\u00bbdefault\u00bb text_text_color=\u00bb#006450&#8243; header_font=\u00bbMyriadPro Bold||||||||\u00bb header_text_color=\u00bb#006450&#8243; header_2_font=\u00bbMyriadPro Regular||||||||\u00bb header_2_text_color=\u00bb#006450&#8243; header_2_line_height=\u00bb1.1em\u00bb hover_enabled=\u00bb0&#8243; global_colors_info=\u00bb{}\u00bb sticky_enabled=\u00bb0&#8243;]<\/p>\n<h2>\u201c21 ni\u00f1os, ni\u00f1as, madres y padres han recibido acompa\u00f1amiento para fortalecer los v\u00ednculos familiares durante este 2024.\u00bb<\/h2>\n<p>&nbsp;<\/p>\n<p>[\/et_pb_text][et_pb_image src=\u00bbhttps:\/\/www.casaldelsinfants.org\/wp-content\/uploads\/logohiss-pereclaver-1.webp\u00bb title_text=\u00bblogohiss-pereclaver\u00bb _builder_version=\u00bb4.27.0&#8243; _module_preset=\u00bbdefault\u00bb width=\u00bb86%\u00bb module_alignment=\u00bbleft\u00bb global_colors_info=\u00bb{}\u00bb][\/et_pb_image][\/et_pb_column][\/et_pb_row][\/et_pb_section][et_pb_section fb_built=\u00bb1&#8243; admin_label=\u00bbEntrades relacionades\u00bb _builder_version=\u00bb4.20.1&#8243; _module_preset=\u00bbdefault\u00bb da_disable_devices=\u00bboff|off|off\u00bb collapsed=\u00bbon\u00bb global_colors_info=\u00bb{}\u00bb da_is_popup=\u00bboff\u00bb da_exit_intent=\u00bboff\u00bb da_has_close=\u00bbon\u00bb da_alt_close=\u00bboff\u00bb da_dark_close=\u00bboff\u00bb da_not_modal=\u00bbon\u00bb da_is_singular=\u00bboff\u00bb da_with_loader=\u00bboff\u00bb da_has_shadow=\u00bbon\u00bb][et_pb_row _builder_version=\u00bb4.20.1&#8243; _module_preset=\u00bbdefault\u00bb global_colors_info=\u00bb{}\u00bb][et_pb_column type=\u00bb4_4&#8243; _builder_version=\u00bb4.20.1&#8243; _module_preset=\u00bbdefault\u00bb global_colors_info=\u00bb{}\u00bb][et_pb_text _builder_version=\u00bb4.20.1&#8243; _module_preset=\u00bbdefault\u00bb global_colors_info=\u00bb{}\u00bb]<\/p>\n<h3>Entradas relacionadas<\/h3>\n<p>[\/et_pb_text][et_pb_blog_extras posts_number=\u00bb3&#8243; include_eixos=\u00bb21&#8243; blog_layout=\u00bbblock_extended\u00bb featured_image_size=\u00bbmedium\u00bb excerpt_length=\u00bb200&#8243; use_read_more_button=\u00bbon\u00bb read_more_text=\u00bbLlegir m\u00e9s\u00bb show_author=\u00bboff\u00bb show_comments=\u00bboff\u00bb no_results_text=\u00bbNo hi ha not\u00edcies per a aquesta etiqueta\u00bb module_class=\u00bbnoticies-blog\u00bb _builder_version=\u00bb4.20.2&#8243; _module_preset=\u00bbdefault\u00bb header_font=\u00bbMyriadPro Bold||||||||\u00bb header_text_color=\u00bb#006450&#8243; header_font_size=\u00bb20px\u00bb meta_font=\u00bbMyriadPro Regular||||||||\u00bb meta_text_color=\u00bb#006450&#8243; custom_read_more=\u00bbon\u00bb read_more_bg_color=\u00bb#F8AC00&#8243; read_more_border_color=\u00bb#F8AC00&#8243; border_color_all=\u00bbRGBA(255,255,255,0)\u00bb saved_tabs=\u00bball\u00bb global_colors_info=\u00bb{}\u00bb][\/et_pb_blog_extras][\/et_pb_column][\/et_pb_row][\/et_pb_section]<\/p>\n","protected":false},"excerpt":{"rendered":"<p>Peque\u00f1a infancia y familias Trabajamos con las familias para generar entornos de confianza y seguridadPeque\u00f1a infancia y familiasLa pobreza que viven muchas familias las debilita y no les permite ofrecer el bienestar material ni emocional que necesitan sus hijos e hijas. La angustia que genera la pobreza deja poco margen para disfrutar de la tranquilidad [&hellip;]<\/p>\n","protected":false},"author":3,"featured_media":0,"parent":5710,"menu_order":0,"comment_status":"closed","ping_status":"closed","template":"","meta":{"_acf_changed":false,"_et_pb_use_builder":"on","_et_pb_old_content":"","_et_gb_content_width":"","inline_featured_image":false,"footnotes":""},"seus":[],"eixos":[],"class_list":["post-5750","page","type-page","status-publish","hentry"],"acf":[],"yoast_head":"<!-- This site is optimized with the Yoast SEO plugin v27.4 - https:\/\/yoast.com\/product\/yoast-seo-wordpress\/ -->\n<title>Fundaci\u00f3n para ni\u00f1os, ni\u00f1as y familias | Casal dels Infants<\/title>\n<meta name=\"description\" content=\"Descubre las ayudas que el Casal dels Infants ofrece al menor y a las familias con el fin de generar entornos de seguridad.\" \/>\n<meta name=\"robots\" content=\"index, follow, max-snippet:-1, max-image-preview:large, max-video-preview:-1\" \/>\n<link rel=\"canonical\" href=\"https:\/\/www.casaldelsinfants.org\/es\/que-hacemos\/ayudar-a-pequena-infancia-y-familias\/\" \/>\n<meta property=\"og:locale\" content=\"es_ES\" \/>\n<meta property=\"og:type\" content=\"article\" \/>\n<meta property=\"og:title\" content=\"Fundaci\u00f3n para ni\u00f1os, ni\u00f1as y familias | Casal dels Infants\" \/>\n<meta property=\"og:description\" content=\"Descubre las ayudas que el Casal dels Infants ofrece al menor y a las familias con el fin de generar entornos de seguridad.\" \/>\n<meta property=\"og:url\" content=\"https:\/\/www.casaldelsinfants.org\/es\/que-hacemos\/ayudar-a-pequena-infancia-y-familias\/\" \/>\n<meta property=\"og:site_name\" content=\"Casal dels Infants\" \/>\n<meta property=\"article:publisher\" content=\"https:\/\/www.facebook.com\/casalinfants\" \/>\n<meta property=\"article:modified_time\" content=\"2025-06-27T09:30:08+00:00\" \/>\n<meta name=\"twitter:card\" content=\"summary_large_image\" \/>\n<meta name=\"twitter:site\" content=\"@casalinfants\" \/>\n<meta name=\"twitter:label1\" content=\"Tiempo de lectura\" \/>\n\t<meta name=\"twitter:data1\" content=\"7 minutos\" \/>\n<script type=\"application\/ld+json\" class=\"yoast-schema-graph\">{\"@context\":\"https:\\\/\\\/schema.org\",\"@graph\":[{\"@type\":\"WebPage\",\"@id\":\"https:\\\/\\\/www.casaldelsinfants.org\\\/es\\\/que-hacemos\\\/ayudar-a-pequena-infancia-y-familias\\\/\",\"url\":\"https:\\\/\\\/www.casaldelsinfants.org\\\/es\\\/que-hacemos\\\/ayudar-a-pequena-infancia-y-familias\\\/\",\"name\":\"Fundaci\u00f3n para ni\u00f1os, ni\u00f1as y familias | Casal dels Infants\",\"isPartOf\":{\"@id\":\"https:\\\/\\\/www.casaldelsinfants.org\\\/es\\\/#website\"},\"datePublished\":\"2022-08-03T13:24:11+00:00\",\"dateModified\":\"2025-06-27T09:30:08+00:00\",\"description\":\"Descubre las ayudas que el Casal dels Infants ofrece al menor y a las familias con el fin de generar entornos de seguridad.\",\"breadcrumb\":{\"@id\":\"https:\\\/\\\/www.casaldelsinfants.org\\\/es\\\/que-hacemos\\\/ayudar-a-pequena-infancia-y-familias\\\/#breadcrumb\"},\"inLanguage\":\"es\",\"potentialAction\":[{\"@type\":\"ReadAction\",\"target\":[\"https:\\\/\\\/www.casaldelsinfants.org\\\/es\\\/que-hacemos\\\/ayudar-a-pequena-infancia-y-familias\\\/\"]}]},{\"@type\":\"BreadcrumbList\",\"@id\":\"https:\\\/\\\/www.casaldelsinfants.org\\\/es\\\/que-hacemos\\\/ayudar-a-pequena-infancia-y-familias\\\/#breadcrumb\",\"itemListElement\":[{\"@type\":\"ListItem\",\"position\":1,\"name\":\"Inici\",\"item\":\"https:\\\/\\\/www.casaldelsinfants.org\\\/es\\\/\"},{\"@type\":\"ListItem\",\"position\":2,\"name\":\"Qu\u00e9 hacemos\",\"item\":\"https:\\\/\\\/www.casaldelsinfants.org\\\/es\\\/que-hacemos\\\/\"},{\"@type\":\"ListItem\",\"position\":3,\"name\":\"Ayudar en la peque\u00f1a infancia y familias\"}]},{\"@type\":\"WebSite\",\"@id\":\"https:\\\/\\\/www.casaldelsinfants.org\\\/es\\\/#website\",\"url\":\"https:\\\/\\\/www.casaldelsinfants.org\\\/es\\\/\",\"name\":\"Casal dels Infants\",\"description\":\"\",\"publisher\":{\"@id\":\"https:\\\/\\\/www.casaldelsinfants.org\\\/es\\\/#organization\"},\"potentialAction\":[{\"@type\":\"SearchAction\",\"target\":{\"@type\":\"EntryPoint\",\"urlTemplate\":\"https:\\\/\\\/www.casaldelsinfants.org\\\/es\\\/?s={search_term_string}\"},\"query-input\":{\"@type\":\"PropertyValueSpecification\",\"valueRequired\":true,\"valueName\":\"search_term_string\"}}],\"inLanguage\":\"es\"},{\"@type\":\"Organization\",\"@id\":\"https:\\\/\\\/www.casaldelsinfants.org\\\/es\\\/#organization\",\"name\":\"Casal dels Infants\",\"url\":\"https:\\\/\\\/www.casaldelsinfants.org\\\/es\\\/\",\"logo\":{\"@type\":\"ImageObject\",\"inLanguage\":\"es\",\"@id\":\"https:\\\/\\\/www.casaldelsinfants.org\\\/es\\\/#\\\/schema\\\/logo\\\/image\\\/\",\"url\":\"https:\\\/\\\/www.casaldelsinfants.org\\\/wp-content\\\/uploads\\\/logo-mail.png\",\"contentUrl\":\"https:\\\/\\\/www.casaldelsinfants.org\\\/wp-content\\\/uploads\\\/logo-mail.png\",\"width\":380,\"height\":158,\"caption\":\"Casal dels Infants\"},\"image\":{\"@id\":\"https:\\\/\\\/www.casaldelsinfants.org\\\/es\\\/#\\\/schema\\\/logo\\\/image\\\/\"},\"sameAs\":[\"https:\\\/\\\/www.facebook.com\\\/casalinfants\",\"https:\\\/\\\/x.com\\\/casalinfants\",\"https:\\\/\\\/www.youtube.com\\\/user\\\/CasaldelsInfants1\",\"https:\\\/\\\/www.instagram.com\\\/casalinfants\\\/\",\"https:\\\/\\\/www.linkedin.com\\\/company\\\/casaldelsinfants?trk=organization-update_share-update_actor-text\"]}]}<\/script>\n<!-- \/ Yoast SEO plugin. -->","yoast_head_json":{"title":"Fundaci\u00f3n para ni\u00f1os, ni\u00f1as y familias | Casal dels Infants","description":"Descubre las ayudas que el Casal dels Infants ofrece al menor y a las familias con el fin de generar entornos de seguridad.","robots":{"index":"index","follow":"follow","max-snippet":"max-snippet:-1","max-image-preview":"max-image-preview:large","max-video-preview":"max-video-preview:-1"},"canonical":"https:\/\/www.casaldelsinfants.org\/es\/que-hacemos\/ayudar-a-pequena-infancia-y-familias\/","og_locale":"es_ES","og_type":"article","og_title":"Fundaci\u00f3n para ni\u00f1os, ni\u00f1as y familias | Casal dels Infants","og_description":"Descubre las ayudas que el Casal dels Infants ofrece al menor y a las familias con el fin de generar entornos de seguridad.","og_url":"https:\/\/www.casaldelsinfants.org\/es\/que-hacemos\/ayudar-a-pequena-infancia-y-familias\/","og_site_name":"Casal dels Infants","article_publisher":"https:\/\/www.facebook.com\/casalinfants","article_modified_time":"2025-06-27T09:30:08+00:00","twitter_card":"summary_large_image","twitter_site":"@casalinfants","twitter_misc":{"Tiempo de lectura":"7 minutos"},"schema":{"@context":"https:\/\/schema.org","@graph":[{"@type":"WebPage","@id":"https:\/\/www.casaldelsinfants.org\/es\/que-hacemos\/ayudar-a-pequena-infancia-y-familias\/","url":"https:\/\/www.casaldelsinfants.org\/es\/que-hacemos\/ayudar-a-pequena-infancia-y-familias\/","name":"Fundaci\u00f3n para ni\u00f1os, ni\u00f1as y familias | Casal dels Infants","isPartOf":{"@id":"https:\/\/www.casaldelsinfants.org\/es\/#website"},"datePublished":"2022-08-03T13:24:11+00:00","dateModified":"2025-06-27T09:30:08+00:00","description":"Descubre las ayudas que el Casal dels Infants ofrece al menor y a las familias con el fin de generar entornos de seguridad.","breadcrumb":{"@id":"https:\/\/www.casaldelsinfants.org\/es\/que-hacemos\/ayudar-a-pequena-infancia-y-familias\/#breadcrumb"},"inLanguage":"es","potentialAction":[{"@type":"ReadAction","target":["https:\/\/www.casaldelsinfants.org\/es\/que-hacemos\/ayudar-a-pequena-infancia-y-familias\/"]}]},{"@type":"BreadcrumbList","@id":"https:\/\/www.casaldelsinfants.org\/es\/que-hacemos\/ayudar-a-pequena-infancia-y-familias\/#breadcrumb","itemListElement":[{"@type":"ListItem","position":1,"name":"Inici","item":"https:\/\/www.casaldelsinfants.org\/es\/"},{"@type":"ListItem","position":2,"name":"Qu\u00e9 hacemos","item":"https:\/\/www.casaldelsinfants.org\/es\/que-hacemos\/"},{"@type":"ListItem","position":3,"name":"Ayudar en la peque\u00f1a infancia y familias"}]},{"@type":"WebSite","@id":"https:\/\/www.casaldelsinfants.org\/es\/#website","url":"https:\/\/www.casaldelsinfants.org\/es\/","name":"Casal dels Infants","description":"","publisher":{"@id":"https:\/\/www.casaldelsinfants.org\/es\/#organization"},"potentialAction":[{"@type":"SearchAction","target":{"@type":"EntryPoint","urlTemplate":"https:\/\/www.casaldelsinfants.org\/es\/?s={search_term_string}"},"query-input":{"@type":"PropertyValueSpecification","valueRequired":true,"valueName":"search_term_string"}}],"inLanguage":"es"},{"@type":"Organization","@id":"https:\/\/www.casaldelsinfants.org\/es\/#organization","name":"Casal dels Infants","url":"https:\/\/www.casaldelsinfants.org\/es\/","logo":{"@type":"ImageObject","inLanguage":"es","@id":"https:\/\/www.casaldelsinfants.org\/es\/#\/schema\/logo\/image\/","url":"https:\/\/www.casaldelsinfants.org\/wp-content\/uploads\/logo-mail.png","contentUrl":"https:\/\/www.casaldelsinfants.org\/wp-content\/uploads\/logo-mail.png","width":380,"height":158,"caption":"Casal dels Infants"},"image":{"@id":"https:\/\/www.casaldelsinfants.org\/es\/#\/schema\/logo\/image\/"},"sameAs":["https:\/\/www.facebook.com\/casalinfants","https:\/\/x.com\/casalinfants","https:\/\/www.youtube.com\/user\/CasaldelsInfants1","https:\/\/www.instagram.com\/casalinfants\/","https:\/\/www.linkedin.com\/company\/casaldelsinfants?trk=organization-update_share-update_actor-text"]}]}},"publishpress_future_action":{"enabled":false,"date":"2026-05-08 09:09:35","action":"change-status","newStatus":"draft","terms":[],"taxonomy":"translation_priority","extraData":[]},"publishpress_future_workflow_manual_trigger":{"enabledWorkflows":[]},"_links":{"self":[{"href":"https:\/\/www.casaldelsinfants.org\/es\/wp-json\/wp\/v2\/pages\/5750","targetHints":{"allow":["GET"]}}],"collection":[{"href":"https:\/\/www.casaldelsinfants.org\/es\/wp-json\/wp\/v2\/pages"}],"about":[{"href":"https:\/\/www.casaldelsinfants.org\/es\/wp-json\/wp\/v2\/types\/page"}],"author":[{"embeddable":true,"href":"https:\/\/www.casaldelsinfants.org\/es\/wp-json\/wp\/v2\/users\/3"}],"replies":[{"embeddable":true,"href":"https:\/\/www.casaldelsinfants.org\/es\/wp-json\/wp\/v2\/comments?post=5750"}],"version-history":[{"count":108,"href":"https:\/\/www.casaldelsinfants.org\/es\/wp-json\/wp\/v2\/pages\/5750\/revisions"}],"predecessor-version":[{"id":37998,"href":"https:\/\/www.casaldelsinfants.org\/es\/wp-json\/wp\/v2\/pages\/5750\/revisions\/37998"}],"up":[{"embeddable":true,"href":"https:\/\/www.casaldelsinfants.org\/es\/wp-json\/wp\/v2\/pages\/5710"}],"wp:attachment":[{"href":"https:\/\/www.casaldelsinfants.org\/es\/wp-json\/wp\/v2\/media?parent=5750"}],"wp:term":[{"taxonomy":"seus","embeddable":true,"href":"https:\/\/www.casaldelsinfants.org\/es\/wp-json\/wp\/v2\/seus?post=5750"},{"taxonomy":"eixos","embeddable":true,"href":"https:\/\/www.casaldelsinfants.org\/es\/wp-json\/wp\/v2\/eixos?post=5750"}],"curies":[{"name":"wp","href":"https:\/\/api.w.org\/{rel}","templated":true}]}}