{"id":5754,"date":"2022-08-03T16:10:46","date_gmt":"2022-08-03T14:10:46","guid":{"rendered":"https:\/\/casal.puntzero.cat\/que-hacemos\/infancia-y-adolescencia\/"},"modified":"2025-06-27T11:39:10","modified_gmt":"2025-06-27T09:39:10","slug":"infancia-y-adolescencia","status":"publish","type":"page","link":"https:\/\/www.casaldelsinfants.org\/es\/que-hacemos\/ayudar-a-la-infancia-y-adolescencia\/","title":{"rendered":"Ayudar a ni\u00f1os y adolescentes"},"content":{"rendered":"<p>[et_pb_section fb_built=\u00bb1&#8243; admin_label=\u00bbT\u00edtol  i text\u00bb _builder_version=\u00bb4.17.4&#8243; _module_preset=\u00bbdefault\u00bb background_color=\u00bb#FEEECC\u00bb custom_padding=\u00bb0px||48px||false|false\u00bb da_disable_devices=\u00bboff|off|off\u00bb collapsed=\u00bbon\u00bb global_colors_info=\u00bb{}\u00bb da_is_popup=\u00bboff\u00bb da_exit_intent=\u00bboff\u00bb da_has_close=\u00bbon\u00bb da_alt_close=\u00bboff\u00bb da_dark_close=\u00bboff\u00bb da_not_modal=\u00bbon\u00bb da_is_singular=\u00bboff\u00bb da_with_loader=\u00bboff\u00bb da_has_shadow=\u00bbon\u00bb][et_pb_row admin_label=\u00bbT\u00edtol + Subt\u00edtol\u00bb _builder_version=\u00bb4.17.6&#8243; _module_preset=\u00bbdefault\u00bb background_image=\u00bbhttps:\/\/casaldelsinfants.org\/wp-content\/uploads\/infancia-adolescencia.png\u00bb width=\u00bb100%\u00bb width_tablet=\u00bb100%\u00bb width_phone=\u00bb100%\u00bb width_last_edited=\u00bbon|desktop\u00bb max_width=\u00bb1440px\u00bb max_width_tablet=\u00bb2500px\u00bb max_width_phone=\u00bb2500px\u00bb max_width_last_edited=\u00bbon|tablet\u00bb height=\u00bb470px\u00bb height_tablet=\u00bb300px\u00bb height_phone=\u00bb300px\u00bb height_last_edited=\u00bbon|phone\u00bb custom_margin=\u00bb120px||||false|false\u00bb custom_margin_tablet=\u00bb60px||||false|false\u00bb custom_margin_phone=\u00bb40px||0px||false|false\u00bb custom_margin_last_edited=\u00bbon|phone\u00bb custom_padding=\u00bb0px||0px||true|false\u00bb background_last_edited=\u00bbon|phone\u00bb background_size_tablet=\u00bbcontain\u00bb locked=\u00bboff\u00bb collapsed=\u00bboff\u00bb global_colors_info=\u00bb{}\u00bb][et_pb_column type=\u00bb4_4&#8243; _builder_version=\u00bb4.17.4&#8243; _module_preset=\u00bbdefault\u00bb global_colors_info=\u00bb{}\u00bb][et_pb_text disabled_on=\u00bbon|off|off\u00bb admin_label=\u00bbT\u00edtol + Subt\u00edtol\u00bb _builder_version=\u00bb4.19.4&#8243; _module_preset=\u00bbdefault\u00bb text_text_color=\u00bb#FFFFFF\u00bb text_font_size=\u00bb32px\u00bb text_line_height=\u00bb1.2em\u00bb header_font=\u00bbMyriadPro Regular||||||||\u00bb header_text_color=\u00bb#FFFFFF\u00bb header_font_size=\u00bb32px\u00bb header_2_font=\u00bbMyriadPro Regular||||||||\u00bb header_2_text_color=\u00bb#FFFFFF\u00bb header_2_font_size=\u00bb32px\u00bb width=\u00bb60%\u00bb width_tablet=\u00bb60%\u00bb width_phone=\u00bb90%\u00bb width_last_edited=\u00bbon|phone\u00bb module_alignment=\u00bbcenter\u00bb custom_margin=\u00bb150px||||false|false\u00bb custom_margin_tablet=\u00bb90px||||false|false\u00bb custom_margin_phone=\u00bb90px||||false|false\u00bb custom_margin_last_edited=\u00bbon|phone\u00bb text_font_size_tablet=\u00bb20px\u00bb text_font_size_phone=\u00bb20px\u00bb text_font_size_last_edited=\u00bbon|tablet\u00bb global_colors_info=\u00bb{}\u00bb]<\/p>\n<h1 class=\"text-sombra\" style=\"text-align: center;\"><span>Infancia y adolescencia<\/span><\/h1>\n<h2 class=\"text-sombra\" style=\"text-align: center;\"><span>Acompa\u00f1amiento diario para los ni\u00f1os y ni\u00f1as<\/span><br \/><span>que sufren la desigualdad.<\/span><\/h2>\n<p>[\/et_pb_text][et_pb_text disabled_on=\u00bboff|on|on\u00bb admin_label=\u00bbT\u00edtol + Subt\u00edtol\u00bb _builder_version=\u00bb4.17.6&#8243; _module_preset=\u00bbdefault\u00bb text_text_color=\u00bb#FFFFFF\u00bb text_font_size=\u00bb32px\u00bb text_line_height=\u00bb1.2em\u00bb custom_margin=\u00bb150px||||false|false\u00bb text_font_size_tablet=\u00bb20px\u00bb text_font_size_phone=\u00bb20px\u00bb text_font_size_last_edited=\u00bbon|tablet\u00bb global_colors_info=\u00bb{}\u00bb]<\/p>\n<p class=\"text-sombra\" style=\"text-align: center;\"><span>Infancia y adolescencia<\/span><\/p>\n<p>[\/et_pb_text][\/et_pb_column][\/et_pb_row][et_pb_row use_custom_gutter=\u00bbon\u00bb gutter_width=\u00bb1&#8243; admin_label=\u00bbText-Fem costat als infants&#8230; + T\u00edtol \u00bb module_id=\u00bbrow-width\u00bb _builder_version=\u00bb4.17.4&#8243; _module_preset=\u00bbdefault\u00bb custom_margin=\u00bb49px|auto||auto|false|false\u00bb custom_margin_tablet=\u00bb49px|auto||auto|false|false\u00bb custom_margin_phone=\u00bb0px|auto||auto|false|false\u00bb custom_margin_last_edited=\u00bbon|phone\u00bb custom_padding=\u00bb0px|0px|0px|0px|true|false\u00bb custom_css_main_element=\u00bbdisplay:flex;||align-items:center;\u00bb global_colors_info=\u00bb{}\u00bb][et_pb_column type=\u00bb4_4&#8243; _builder_version=\u00bb4.17.4&#8243; _module_preset=\u00bbdefault\u00bb global_colors_info=\u00bb{}\u00bb][et_pb_text admin_label=\u00bbFem costat als infants&#8230;\u00bb _builder_version=\u00bb4.17.4&#8243; _module_preset=\u00bbdefault\u00bb text_text_color=\u00bb#006450&#8243; text_font_size=\u00bb18px\u00bb width_tablet=\u00bb100%\u00bb width_phone=\u00bb100%\u00bb width_last_edited=\u00bbon|tablet\u00bb max_width=\u00bb100%\u00bb max_width_tablet=\u00bb100%\u00bb max_width_phone=\u00bb100%\u00bb max_width_last_edited=\u00bbon|tablet\u00bb module_alignment=\u00bbcenter\u00bb global_colors_info=\u00bb{}\u00bb]En los barrios que concentran situaciones de desigualdad social, el refuerzo escolar diario, adaptado a cada situaci\u00f3n individual, y combinado con un tiempo de ocio educativo, son la herramienta clave para luchar contra el fracaso escolar y reforzar sus capacidades personales y sociales.<\/p>\n<p>Todos los ni\u00f1os, ni\u00f1as y adolescentes tienen derecho a contar con las atenciones educativas espec\u00edficas y necesarias para lograr seguir el ritmo escolar. El aprendizaje no depende \u00fanicamente de lo que sucede dentro de las aulas, sino de la relaci\u00f3n que se establece tambi\u00e9n con lo que sucede fuera de los centros educativos.<\/p>\n<p>Por las tardes, durante los fines de semana y las vacaciones, construimos espacios de seguridad y confianza para que encuentren referentes positivos y puedan continuar aprendiendo y desarroll\u00e1ndose. Fomentamos la implicaci\u00f3n de las familias en el proceso educativo de sus hijos e hijas, les abrimos las puertas para que descubran sus intereses y potenciamos su desarrollo como personas.[\/et_pb_text][\/et_pb_column][\/et_pb_row][\/et_pb_section][et_pb_section fb_built=\u00bb1&#8243; admin_label=\u00bbCENTRE OBERT INFANTIL\u00bb module_id=\u00bbia-casal-obert-i\u00bb _builder_version=\u00bb4.17.4&#8243; _module_preset=\u00bbdefault\u00bb custom_padding=\u00bb||28px|||\u00bb da_disable_devices=\u00bboff|off|off\u00bb collapsed=\u00bbon\u00bb global_colors_info=\u00bb{}\u00bb da_is_popup=\u00bboff\u00bb da_exit_intent=\u00bboff\u00bb da_has_close=\u00bbon\u00bb da_alt_close=\u00bboff\u00bb da_dark_close=\u00bboff\u00bb da_not_modal=\u00bbon\u00bb da_is_singular=\u00bboff\u00bb da_with_loader=\u00bboff\u00bb da_has_shadow=\u00bbon\u00bb][et_pb_row admin_label=\u00bbT\u00edtulo \u00bb _builder_version=\u00bb4.17.4&#8243; _module_preset=\u00bbdefault\u00bb custom_padding=\u00bb0px||0px|||\u00bb global_colors_info=\u00bb{}\u00bb][et_pb_column type=\u00bb4_4&#8243; _builder_version=\u00bb4.17.4&#8243; _module_preset=\u00bbdefault\u00bb global_colors_info=\u00bb{}\u00bb][et_pb_text admin_label=\u00bbT\u00edtol \u00bb _builder_version=\u00bb4.19.4&#8243; _module_preset=\u00bbdefault\u00bb header_3_font=\u00bbMyriadPro Semibold||||||||\u00bb header_3_text_color=\u00bb#006450&#8243; global_colors_info=\u00bb{}\u00bb]<\/p>\n<h3>CENTRE OBERT INFANTIL<\/h3>\n<p>[\/et_pb_text][\/et_pb_column][\/et_pb_row][et_pb_row column_structure=\u00bb2_5,3_5&#8243; use_custom_gutter=\u00bbon\u00bb gutter_width=\u00bb1&#8243; admin_label=\u00bbIMG + TEXT\u00bb _builder_version=\u00bb4.17.6&#8243; _module_preset=\u00bbdefault\u00bb custom_margin=\u00bb||||false|false\u00bb custom_padding=\u00bb0px||||false|false\u00bb global_colors_info=\u00bb{}\u00bb][et_pb_column type=\u00bb2_5&#8243; _builder_version=\u00bb4.17.4&#8243; _module_preset=\u00bbdefault\u00bb global_colors_info=\u00bb{}\u00bb][et_pb_image src=\u00bbhttps:\/\/casaldelsinfants.org\/wp-content\/uploads\/COI-centreobertinfantil.png\u00bb title_text=\u00bbCOI-centreobertinfantil\u00bb _builder_version=\u00bb4.17.4&#8243; _module_preset=\u00bbdefault\u00bb max_width=\u00bb350px\u00bb module_alignment=\u00bbcenter\u00bb custom_margin=\u00bb30px||||false|false\u00bb custom_css_main_element=\u00bbclip-path: circle(170px at center);\u00bb global_colors_info=\u00bb{}\u00bb][\/et_pb_image][\/et_pb_column][et_pb_column type=\u00bb3_5&#8243; _builder_version=\u00bb4.17.4&#8243; _module_preset=\u00bbdefault\u00bb global_colors_info=\u00bb{}\u00bb][et_pb_text _builder_version=\u00bb4.27.3&#8243; _module_preset=\u00bbdefault\u00bb text_font=\u00bbMyriadPro Regular||||||||\u00bb text_line_height=\u00bb1.42em\u00bb header_2_font=\u00bbMyriadPro Regular||||||||\u00bb header_2_text_color=\u00bb#006450&#8243; header_2_font_size=\u00bb28px\u00bb header_2_line_height=\u00bb32px\u00bb global_colors_info=\u00bb{}\u00bb]<\/p>\n<p class=\"verd\">En el Centre Obert Infantil acompa\u00f1amos de manera integral a ni\u00f1os y ni\u00f1as, entre los tres y los 12 a\u00f1os, en grupos de edad diferenciados, y a sus familias, seg\u00fan las necesidades m\u00e1s acuciantes que se detectan en cada barrio. Orientamos nuestro trabajo hacia la prevenci\u00f3n y la intervenci\u00f3n en situaciones de riesgo.<\/p>\n<p class=\"verd\">Lo hacemos a partir de planes educativos individualizados, con los cuales abordamos situaciones de fragilidad familiar, a trav\u00e9s del acompa\u00f1amiento y el refuerzo escolar, el juego y los h\u00e1bitos saludables. Prestamos especial atenci\u00f3n a la implicaci\u00f3n de las familias durante el proceso, as\u00ed como al trabajo coordinado con las escuelas, los servicios p\u00fablicos y los recursos de los barrios donde actuamos.<\/p>\n<div class=\"icon-casal\">\n<h4><a class=\"groc\" href=\"https:\/\/www.casaldelsinfants.org\/es\/donde-trabajamos\/el-raval\/\">El Raval<\/a><\/h4>\n<p>&#8211;<\/p>\n<h4><a class=\"groc\" href=\"https:\/\/www.casaldelsinfants.org\/es\/donde-trabajamos\/salt\/\">Salt<\/a><\/h4>\n<p>&#8211;<\/p>\n<h4><a class=\"groc\" href=\"https:\/\/www.casaldelsinfants.org\/es\/donde-trabajamos\/badalona\/\">Badalona<\/a><\/h4>\n<p>&#8211;<\/p>\n<h4><a class=\"groc\" href=\"https:\/\/www.casaldelsinfants.org\/es\/donde-trabajamos\/santa-coloma-de-gramenet\/\">Santa Coloma de Gramenet<\/a><\/h4>\n<p>&nbsp;<\/p>\n<\/div>\n<h2> <\/h2>\n<h2>\u201cEste 2024, 1.001 ni\u00f1os, ni\u00f1as y sus familias han recibido un acompa\u00f1amiento integral orientado a reforzar su desarrollo escolar y emocional.\u201d<\/h2>\n<p>[\/et_pb_text][\/et_pb_column][\/et_pb_row][\/et_pb_section][et_pb_section fb_built=\u00bb1&#8243; disabled_on=\u00bbon|on|off\u00bb admin_label=\u00bbCENTRE OBERT ADOLESCENT\u00bb module_id=\u00bbia-casal-obert-a\u00bb _builder_version=\u00bb4.17.4&#8243; _module_preset=\u00bbdefault\u00bb background_color=\u00bb#F8AC00&#8243; custom_padding=\u00bb||28px|||\u00bb da_disable_devices=\u00bboff|off|off\u00bb collapsed=\u00bbon\u00bb global_colors_info=\u00bb{}\u00bb da_is_popup=\u00bboff\u00bb da_exit_intent=\u00bboff\u00bb da_has_close=\u00bbon\u00bb da_alt_close=\u00bboff\u00bb da_dark_close=\u00bboff\u00bb da_not_modal=\u00bbon\u00bb da_is_singular=\u00bboff\u00bb da_with_loader=\u00bboff\u00bb da_has_shadow=\u00bbon\u00bb][et_pb_row admin_label=\u00bbT\u00edtulo \u00bb _builder_version=\u00bb4.17.4&#8243; _module_preset=\u00bbdefault\u00bb custom_padding=\u00bb0px||0px|||\u00bb global_colors_info=\u00bb{}\u00bb][et_pb_column type=\u00bb4_4&#8243; _builder_version=\u00bb4.17.4&#8243; _module_preset=\u00bbdefault\u00bb global_colors_info=\u00bb{}\u00bb][et_pb_text admin_label=\u00bbT\u00edtol \u00bb _builder_version=\u00bb4.19.4&#8243; _module_preset=\u00bbdefault\u00bb header_3_font=\u00bbMyriadPro Semibold||||||||\u00bb header_3_text_color=\u00bb#006450&#8243; global_colors_info=\u00bb{}\u00bb]<\/p>\n<h3>CENTRE OBERT ADOLESCENT<\/h3>\n<p>[\/et_pb_text][\/et_pb_column][\/et_pb_row][et_pb_row column_structure=\u00bb3_5,2_5&#8243; use_custom_gutter=\u00bbon\u00bb gutter_width=\u00bb1&#8243; admin_label=\u00bbIMG + TEXT\u00bb _builder_version=\u00bb4.17.4&#8243; _module_preset=\u00bbdefault\u00bb custom_margin=\u00bb||||false|false\u00bb custom_padding=\u00bb0px||||false|false\u00bb global_colors_info=\u00bb{}\u00bb][et_pb_column type=\u00bb3_5&#8243; _builder_version=\u00bb4.17.4&#8243; _module_preset=\u00bbdefault\u00bb global_colors_info=\u00bb{}\u00bb][et_pb_text _builder_version=\u00bb4.27.3&#8243; _module_preset=\u00bbdefault\u00bb text_font=\u00bbMyriadPro Regular||||||||\u00bb text_line_height=\u00bb1.42em\u00bb header_2_font=\u00bbMyriadPro Regular||||||||\u00bb header_2_text_color=\u00bb#006450&#8243; header_2_font_size=\u00bb28px\u00bb header_2_line_height=\u00bb32px\u00bb custom_padding=\u00bb||||false|false\u00bb global_colors_info=\u00bb{}\u00bb]<\/p>\n<p class=\"verd\">La adolescencia es una etapa vital de gran complejidad, de muchos cambios y relaciones muy intensas. Los chicos y las chicas necesitan un entorno familiar y social estable, que les permita afrontar los cambios con autonom\u00eda, independencia y seguridad.<\/p>\n<p class=\"verd\">En el Casal Obert Adolescente ofrecemos a los chicos y chicas, entre 12 y 16 a\u00f1os, y a sus familias, una atenci\u00f3n socioeducativa individualizada, integral e intensiva, con el objetivo de prevenir e intervenir en las situaciones de riesgo. Donde puedan desarrollar sus habilidades personales, relacionales y de aprendizaje, a partir de su participaci\u00f3n en actividades l\u00fadicas y formativas. Reforzando tambi\u00e9n las capacidades de los padres y madres, a trav\u00e9s de recursos y herramientas educativas, que les permitan dar apoyo a sus hijos e hijas.<\/p>\n<div class=\"icon-casal-blanc\">\n<h4><a class=\"blanc\" href=\"https:\/\/www.casaldelsinfants.org\/es\/donde-trabajamos\/el-raval\/\">El Raval<\/a><\/h4>\n<p>&#8211;<\/p>\n<h4><a class=\"blanc\" href=\"https:\/\/www.casaldelsinfants.org\/es\/donde-trabajamos\/santa-coloma-de-gramenet\/\">Santa Coloma de Gramenet<\/a><\/h4>\n<p>&#8211;<\/p>\n<h4><a class=\"blanc\" href=\"https:\/\/www.casaldelsinfants.org\/es\/donde-trabajamos\/besos-la-mina\/\">Bes\u00f2s-La Mina<\/a><\/h4>\n<p>&#8211;<\/p>\n<h4><a class=\"blanc\" href=\"https:\/\/www.casaldelsinfants.org\/es\/donde-trabajamos\/salt\/\">Salt<\/a><\/h4>\n<p>&#8211;<\/p>\n<h4>Badalona<\/h4>\n<\/div>\n<h2 class=\"verd\">\u201c319 chicos y chicas han recibido atenci\u00f3n desde un enfoque integral y preventivo sobre las situaciones de riesgo este 2024.\u201d<\/h2>\n<p>[\/et_pb_text][\/et_pb_column][et_pb_column type=\u00bb2_5&#8243; _builder_version=\u00bb4.17.4&#8243; _module_preset=\u00bbdefault\u00bb global_colors_info=\u00bb{}\u00bb][et_pb_image src=\u00bbhttps:\/\/casaldelsinfants.org\/wp-content\/uploads\/COA-CasalObertAdolescent-1.webp\u00bb title_text=\u00bbCOA-CasalObertAdolescent\u00bb _builder_version=\u00bb4.17.4&#8243; _module_preset=\u00bbdefault\u00bb max_width=\u00bb350px\u00bb module_alignment=\u00bbcenter\u00bb custom_margin=\u00bb30px||||false|false\u00bb custom_css_main_element=\u00bbclip-path: circle(170px at center);\u00bb global_colors_info=\u00bb{}\u00bb][\/et_pb_image][\/et_pb_column][\/et_pb_row][\/et_pb_section][et_pb_section fb_built=\u00bb1&#8243; admin_label=\u00bbCENTRE SOCIOEDUCATIU\u00bb _builder_version=\u00bb4.17.4&#8243; _module_preset=\u00bbdefault\u00bb custom_padding=\u00bb||28px|||\u00bb da_disable_devices=\u00bboff|off|off\u00bb collapsed=\u00bboff\u00bb global_colors_info=\u00bb{}\u00bb da_is_popup=\u00bboff\u00bb da_exit_intent=\u00bboff\u00bb da_has_close=\u00bbon\u00bb da_alt_close=\u00bboff\u00bb da_dark_close=\u00bboff\u00bb da_not_modal=\u00bbon\u00bb da_is_singular=\u00bboff\u00bb da_with_loader=\u00bboff\u00bb da_has_shadow=\u00bbon\u00bb][et_pb_row admin_label=\u00bbT\u00edtulo \u00bb _builder_version=\u00bb4.17.4&#8243; _module_preset=\u00bbdefault\u00bb custom_padding=\u00bb0px||0px|||\u00bb global_colors_info=\u00bb{}\u00bb][et_pb_column type=\u00bb4_4&#8243; _builder_version=\u00bb4.17.4&#8243; _module_preset=\u00bbdefault\u00bb global_colors_info=\u00bb{}\u00bb][et_pb_text admin_label=\u00bbT\u00edtol \u00bb _builder_version=\u00bb4.17.4&#8243; _module_preset=\u00bbdefault\u00bb header_3_font=\u00bbMyriadPro Semibold||||||||\u00bb header_3_text_color=\u00bb#006450&#8243; global_colors_info=\u00bb{}\u00bb]<\/p>\n<h3>ESPACIO SOCIOEDUCATIVO: REFUERZO ESCOLAR DESPU\u00c9S DE LA ESCUELA<\/h3>\n<p>[\/et_pb_text][\/et_pb_column][\/et_pb_row][et_pb_row column_structure=\u00bb2_5,3_5&#8243; use_custom_gutter=\u00bbon\u00bb gutter_width=\u00bb1&#8243; admin_label=\u00bbIMG + TEXT\u00bb _builder_version=\u00bb4.17.4&#8243; _module_preset=\u00bbdefault\u00bb custom_margin=\u00bb||||false|false\u00bb custom_padding=\u00bb0px||||false|false\u00bb global_colors_info=\u00bb{}\u00bb][et_pb_column type=\u00bb2_5&#8243; _builder_version=\u00bb4.17.4&#8243; _module_preset=\u00bbdefault\u00bb global_colors_info=\u00bb{}\u00bb][et_pb_image src=\u00bbhttps:\/\/casaldelsinfants.org\/wp-content\/uploads\/Caixaproinfancia-1.webp\u00bb title_text=\u00bbCaixaproinfancia\u00bb _builder_version=\u00bb4.17.4&#8243; _module_preset=\u00bbdefault\u00bb max_width=\u00bb350px\u00bb module_alignment=\u00bbcenter\u00bb custom_margin=\u00bb30px||||false|false\u00bb custom_css_main_element=\u00bbclip-path: circle(170px at center);\u00bb global_colors_info=\u00bb{}\u00bb][\/et_pb_image][\/et_pb_column][et_pb_column type=\u00bb3_5&#8243; _builder_version=\u00bb4.17.4&#8243; _module_preset=\u00bbdefault\u00bb global_colors_info=\u00bb{}\u00bb][et_pb_text admin_label=\u00bbText\u00bb _builder_version=\u00bb4.27.3&#8243; _module_preset=\u00bbdefault\u00bb text_font=\u00bbMyriadPro Regular||||||||\u00bb text_line_height=\u00bb1.42em\u00bb header_2_font=\u00bbMyriadPro Regular||||||||\u00bb header_2_text_color=\u00bb#006450&#8243; header_2_font_size=\u00bb28px\u00bb header_2_line_height=\u00bb32px\u00bb hover_enabled=\u00bb0&#8243; global_colors_info=\u00bb{}\u00bb sticky_enabled=\u00bb0&#8243;]<\/p>\n<p class=\"verd\">Acompa\u00f1amos integralmente a ni\u00f1os y adolescentes de 3 a 16 a\u00f1os, en grupos de edad diferenciados, y sus familias, seg\u00fan las necesidades que detectamos en cada barrio, para prevenir e intervenir en situaciones de riesgo.<\/p>\n<p class=\"verd\">Se funciona, como en los centros abiertos, a partir de planes educativos individualizados, con los que abordamos las situaciones de fragilidad familiar a trav\u00e9s del acompa\u00f1amiento y refuerzo escolar, juego, h\u00e1bitos de salud, trabajando especialmente con las madres y padres, con especial atenci\u00f3n a la coordinaci\u00f3n con las escuelas y los servicios p\u00fablicos y recursos de los barrios.<\/p>\n<div class=\"icon-casal\">\n<h4><a class=\"groc\" href=\"https:\/\/www.casaldelsinfants.org\/es\/donde-trabajamos\/badalona\/\">Badalona<\/a><\/h4>\n<p>&#8211;<\/p>\n<h4><a class=\"groc\" href=\"https:\/\/www.casaldelsinfants.org\/es\/donde-trabajamos\/besos-la-mina\/\">Sant Adri\u00e0 de Bes\u00f2s<\/a><\/h4>\n<\/div>\n<h2 class=\"verd\">\u201cLos Centros Socioeducativos no est\u00e1n dotados de los mismos recursos que los centros abiertos pero atienden de forma similar a ni\u00f1os y adolescentes con alto nivel de vulnerabilidad. Luchamos para que puedan convertirse en Centros Abiertos.\u201d<\/h2>\n<p>[\/et_pb_text][\/et_pb_column][\/et_pb_row][\/et_pb_section][et_pb_section fb_built=\u00bb1&#8243; disabled_on=\u00bbon|on|off\u00bb admin_label=\u00bbESPAI SOCIOEDUCATIU\u00bb _builder_version=\u00bb4.17.4&#8243; _module_preset=\u00bbdefault\u00bb background_color=\u00bb#F8AC00&#8243; custom_padding=\u00bb||28px|||\u00bb da_disable_devices=\u00bboff|off|off\u00bb collapsed=\u00bbon\u00bb global_colors_info=\u00bb{}\u00bb da_is_popup=\u00bboff\u00bb da_exit_intent=\u00bboff\u00bb da_has_close=\u00bbon\u00bb da_alt_close=\u00bboff\u00bb da_dark_close=\u00bboff\u00bb da_not_modal=\u00bbon\u00bb da_is_singular=\u00bboff\u00bb da_with_loader=\u00bboff\u00bb da_has_shadow=\u00bbon\u00bb][et_pb_row admin_label=\u00bbT\u00edtulo \u00bb _builder_version=\u00bb4.17.4&#8243; _module_preset=\u00bbdefault\u00bb custom_padding=\u00bb0px||0px|||\u00bb global_colors_info=\u00bb{}\u00bb][et_pb_column type=\u00bb4_4&#8243; _builder_version=\u00bb4.17.4&#8243; _module_preset=\u00bbdefault\u00bb global_colors_info=\u00bb{}\u00bb][et_pb_text admin_label=\u00bbT\u00edtol \u00bb _builder_version=\u00bb4.17.4&#8243; _module_preset=\u00bbdefault\u00bb header_3_font=\u00bbMyriadPro Semibold||||||||\u00bb header_3_text_color=\u00bb#006450&#8243; global_colors_info=\u00bb{}\u00bb]<\/p>\n<h3>ESPACIO SOCIOEDUCATIVO: REFUERZO ESCOLAR DESPU\u00c9S DE LA ESCUELA<\/h3>\n<p>[\/et_pb_text][\/et_pb_column][\/et_pb_row][et_pb_row column_structure=\u00bb3_5,2_5&#8243; use_custom_gutter=\u00bbon\u00bb gutter_width=\u00bb1&#8243; admin_label=\u00bbIMG + TEXT\u00bb _builder_version=\u00bb4.17.6&#8243; _module_preset=\u00bbdefault\u00bb custom_margin=\u00bb||||false|false\u00bb custom_padding=\u00bb0px||||false|false\u00bb global_colors_info=\u00bb{}\u00bb][et_pb_column type=\u00bb3_5&#8243; _builder_version=\u00bb4.17.4&#8243; _module_preset=\u00bbdefault\u00bb global_colors_info=\u00bb{}\u00bb][et_pb_text _builder_version=\u00bb4.27.3&#8243; _module_preset=\u00bbdefault\u00bb text_font=\u00bbMyriadPro Regular||||||||\u00bb text_line_height=\u00bb1.42em\u00bb header_2_font=\u00bbMyriadPro Regular||||||||\u00bb header_2_text_color=\u00bb#006450&#8243; header_2_font_size=\u00bb28px\u00bb header_2_line_height=\u00bb32px\u00bb custom_padding=\u00bb||||false|false\u00bb global_colors_info=\u00bb{}\u00bb]<\/p>\n<p class=\"verd\">La tarea de las escuelas e institutos es esencial para la educaci\u00f3n. Pero a veces, necesita un refuerzo en los casos de ni\u00f1os, ni\u00f1as y adolescentes que, por su situaci\u00f3n personal y familiar, tienen dificultades para seguir con normalidad el ritmo del curso. Muchas escuelas de los barrios en los que actuamos est\u00e1n abiertas a la comunidad y colaboran ofreciendo un espacio abierto al barrio, tambi\u00e9n fuera del horario escolar, convirti\u00e9ndose as\u00ed en un espacio educativo privilegiado.<\/p>\n<p class=\"verd\">Conjuntamente con estas escuelas, conseguimos un espacio para el \u00e9xito escolar de sus alumnos, con los que trabajamos cada d\u00eda cuando acaba la escuela. El proyecto Espacio socioeducativo est\u00e1 dirigido a ni\u00f1os, ni\u00f1as y adolescentes, entre 6 y 16 a\u00f1os. En el caso de los m\u00e1s peque\u00f1os, se trabaja sobre todo a trav\u00e9s de acciones de refuerzo en los aprendizajes y otras actividades de apoyo a la escolarizaci\u00f3n, involucrando siempre a sus las familias. En el caso de los alumnos de secundaria, se trata de prevenir el fracaso escolar, potenciando sus expectativas y reforzando sus habilidades y competencias sociales, para mejorar la convivencia y las redes de apoyo de su entorno.<\/p>\n<div class=\"icon-casal-blanc\">\n<h4><a class=\"blanc\" href=\"https:\/\/www.casaldelsinfants.org\/es\/donde-trabajamos\/badalona\/\">Badalona<\/a><\/h4>\n<p>&#8211;<\/p>\n<h4><a class=\"blanc\" href=\"https:\/\/www.casaldelsinfants.org\/es\/donde-trabajamos\/el-raval\/\">El Raval<\/a><\/h4>\n<p>&#8211;<\/p>\n<h4><a class=\"blanc\" href=\"https:\/\/www.casaldelsinfants.org\/es\/donde-trabajamos\/besos-la-mina\/\">Bes\u00f2s-La Mina<\/a><\/h4>\n<p>&#8211;<\/p>\n<h4><a class=\"blanc\" href=\"https:\/\/www.casaldelsinfants.org\/es\/donde-trabajamos\/santa-coloma-de-gramenet\/\">Santa Coloma de Gramenet<\/a><\/h4>\n<h4> <\/h4>\n<\/div>\n<h2>\u201c659 alumnos de primaria y secundaria y sus familias cuentan con apoyo y refuerzo escolar para seguir el ritmo en la escuela.\u201d<\/h2>\n<p>[\/et_pb_text][et_pb_image src=\u00bbhttps:\/\/www.casaldelsinfants.org\/wp-content\/uploads\/logo-proinfancia-1.webp\u00bb title_text=\u00bblogo-proinfancia\u00bb _builder_version=\u00bb4.27.0&#8243; _module_preset=\u00bbdefault\u00bb background_color=\u00bb#FFFFFF\u00bb width=\u00bb80%\u00bb custom_margin=\u00bb12px||||false|false\u00bb custom_padding=\u00bb3px|18px|3px|18px|true|true\u00bb global_colors_info=\u00bb{}\u00bb][\/et_pb_image][\/et_pb_column][et_pb_column type=\u00bb2_5&#8243; _builder_version=\u00bb4.17.4&#8243; _module_preset=\u00bbdefault\u00bb global_colors_info=\u00bb{}\u00bb][et_pb_image src=\u00bbhttps:\/\/casaldelsinfants.org\/wp-content\/uploads\/entornescolar-1.webp\u00bb title_text=\u00bbentornescolar\u00bb _builder_version=\u00bb4.17.4&#8243; _module_preset=\u00bbdefault\u00bb max_width=\u00bb350px\u00bb module_alignment=\u00bbcenter\u00bb custom_margin=\u00bb30px||||false|false\u00bb custom_css_main_element=\u00bbclip-path: circle(170px at center);\u00bb global_colors_info=\u00bb{}\u00bb][\/et_pb_image][\/et_pb_column][\/et_pb_row][\/et_pb_section][et_pb_section fb_built=\u00bb1&#8243; admin_label=\u00bbUNITAT D&#8217;ESCOLARITZACI\u00d3\u00bb module_id=\u00bbia-eso\u00bb _builder_version=\u00bb4.17.4&#8243; _module_preset=\u00bbdefault\u00bb custom_padding=\u00bb||28px|||\u00bb da_disable_devices=\u00bboff|off|off\u00bb collapsed=\u00bbon\u00bb global_colors_info=\u00bb{}\u00bb da_is_popup=\u00bboff\u00bb da_exit_intent=\u00bboff\u00bb da_has_close=\u00bbon\u00bb da_alt_close=\u00bboff\u00bb da_dark_close=\u00bboff\u00bb da_not_modal=\u00bbon\u00bb da_is_singular=\u00bboff\u00bb da_with_loader=\u00bboff\u00bb da_has_shadow=\u00bbon\u00bb][et_pb_row admin_label=\u00bbT\u00edtulo \u00bb _builder_version=\u00bb4.17.4&#8243; _module_preset=\u00bbdefault\u00bb custom_padding=\u00bb0px||0px|||\u00bb global_colors_info=\u00bb{}\u00bb][et_pb_column type=\u00bb4_4&#8243; _builder_version=\u00bb4.17.4&#8243; _module_preset=\u00bbdefault\u00bb global_colors_info=\u00bb{}\u00bb][et_pb_text admin_label=\u00bbT\u00edtol \u00bb _builder_version=\u00bb4.17.4&#8243; _module_preset=\u00bbdefault\u00bb header_3_font=\u00bbMyriadPro Semibold||||||||\u00bb header_3_text_color=\u00bb#006450&#8243; global_colors_info=\u00bb{}\u00bb]<\/p>\n<h3>LA ESO EN EL CASAL DELS INFANTS<\/h3>\n<p>[\/et_pb_text][\/et_pb_column][\/et_pb_row][et_pb_row column_structure=\u00bb2_5,3_5&#8243; use_custom_gutter=\u00bbon\u00bb gutter_width=\u00bb1&#8243; admin_label=\u00bbIMG + TEXT\u00bb _builder_version=\u00bb4.17.4&#8243; _module_preset=\u00bbdefault\u00bb custom_margin=\u00bb||||false|false\u00bb custom_padding=\u00bb0px||||false|false\u00bb global_colors_info=\u00bb{}\u00bb][et_pb_column type=\u00bb2_5&#8243; _builder_version=\u00bb4.17.4&#8243; _module_preset=\u00bbdefault\u00bb global_colors_info=\u00bb{}\u00bb][et_pb_image src=\u00bbhttps:\/\/casaldelsinfants.org\/wp-content\/uploads\/uec-1.webp\u00bb title_text=\u00bbuec\u00bb _builder_version=\u00bb4.17.4&#8243; _module_preset=\u00bbdefault\u00bb max_width=\u00bb350px\u00bb module_alignment=\u00bbcenter\u00bb custom_margin=\u00bb30px||||false|false\u00bb custom_css_main_element=\u00bbclip-path: circle(170px at center);\u00bb global_colors_info=\u00bb{}\u00bb][\/et_pb_image][\/et_pb_column][et_pb_column type=\u00bb3_5&#8243; _builder_version=\u00bb4.17.4&#8243; _module_preset=\u00bbdefault\u00bb global_colors_info=\u00bb{}\u00bb][et_pb_text _builder_version=\u00bb4.27.3&#8243; _module_preset=\u00bbdefault\u00bb text_font=\u00bbMyriadPro Regular||||||||\u00bb text_line_height=\u00bb1.42em\u00bb header_2_font=\u00bbMyriadPro Regular||||||||\u00bb header_2_text_color=\u00bb#006450&#8243; header_2_font_size=\u00bb28px\u00bb header_2_line_height=\u00bb32px\u00bb global_colors_info=\u00bb{}\u00bb]<\/p>\n<p class=\"verd\">El trabajo del Casal dels Infants en coordinaci\u00f3n con las escuelas es clave, para que muchos chicos y chicas con dificultades de adaptaci\u00f3n al entorno escolar, puedan llegar a tener oportunidades para superar sus dificultades y alcanzar la autonom\u00eda y la madurez que necesitan, para hacer frente a la vida educativa y laboral con garant\u00edas.<\/p>\n<p class=\"verd\">La Unitat d\u2019Escolaritzaci\u00f3 Compartida (UEC) trabaja para mejorar sus competencias acad\u00e9micas, personales y sociales, a partir de una intervenci\u00f3n integral y personalizada que combate el absentismo y el rechazo escolar, E incrementa en los j\u00f3venes las expectativas de \u00e9xito, que los motivan en su proyecto formativo.<\/p>\n<div class=\"icon-casal\">\n<h4><a class=\"groc\" href=\"https:\/\/www.casaldelsinfants.org\/es\/donde-trabajamos\/el-raval\/\">El Raval<\/a><\/h4>\n<\/div>\n<h2> <\/h2>\n<h2>\u201c17 alumnos de diferentes institutos de Barcelona han cursado la ESO a la Unidad de Escolarizaci\u00f3n Compartida del Casal dels Infants.\u201d<\/h2>\n<p>[\/et_pb_text][\/et_pb_column][\/et_pb_row][\/et_pb_section][et_pb_section fb_built=\u00bb1&#8243; admin_label=\u00bbRAI-ESO\u00bb module_id=\u00bbia-rai-eso\u00bb _builder_version=\u00bb4.27.0&#8243; _module_preset=\u00bbdefault\u00bb background_color=\u00bb#FFAE00&#8243; custom_padding=\u00bb||28px|||\u00bb da_disable_devices=\u00bboff|off|off\u00bb collapsed=\u00bbon\u00bb global_colors_info=\u00bb{}\u00bb da_is_popup=\u00bboff\u00bb da_exit_intent=\u00bboff\u00bb da_has_close=\u00bbon\u00bb da_alt_close=\u00bboff\u00bb da_dark_close=\u00bboff\u00bb da_not_modal=\u00bbon\u00bb da_is_singular=\u00bboff\u00bb da_with_loader=\u00bboff\u00bb da_has_shadow=\u00bbon\u00bb][et_pb_row admin_label=\u00bbT\u00edtulo \u00bb _builder_version=\u00bb4.17.4&#8243; _module_preset=\u00bbdefault\u00bb custom_padding=\u00bb0px||0px|||\u00bb global_colors_info=\u00bb{}\u00bb][et_pb_column type=\u00bb4_4&#8243; _builder_version=\u00bb4.17.4&#8243; _module_preset=\u00bbdefault\u00bb global_colors_info=\u00bb{}\u00bb][et_pb_text admin_label=\u00bbT\u00edtol \u00bb _builder_version=\u00bb4.27.3&#8243; _module_preset=\u00bbdefault\u00bb header_3_font=\u00bbMyriadPro Semibold||||||||\u00bb header_3_text_color=\u00bb#006450&#8243; hover_enabled=\u00bb0&#8243; global_colors_info=\u00bb{}\u00bb sticky_enabled=\u00bb0&#8243;]<\/p>\n<h3>RAI ESO &#8211; COMEMOS JUNTOS<\/h3>\n<p>[\/et_pb_text][\/et_pb_column][\/et_pb_row][et_pb_row column_structure=\u00bb3_5,2_5&#8243; admin_label=\u00bbIMG + TEXT\u00bb _builder_version=\u00bb4.17.4&#8243; _module_preset=\u00bbdefault\u00bb custom_margin=\u00bb||||false|false\u00bb custom_padding=\u00bb0px||||false|false\u00bb global_colors_info=\u00bb{}\u00bb][et_pb_column type=\u00bb3_5&#8243; _builder_version=\u00bb4.17.4&#8243; _module_preset=\u00bbdefault\u00bb global_colors_info=\u00bb{}\u00bb][et_pb_text _builder_version=\u00bb4.27.3&#8243; _module_preset=\u00bbdefault\u00bb text_font=\u00bbMyriadPro Regular||||||||\u00bb text_line_height=\u00bb1.42em\u00bb header_2_font=\u00bbMyriadPro Regular||||||||\u00bb header_2_text_color=\u00bb#006450&#8243; header_2_font_size=\u00bb28px\u00bb header_2_line_height=\u00bb32px\u00bb global_colors_info=\u00bb{}\u00bb]<\/p>\n<p class=\"verd\">Al iniciar la ESO, desaparecen las becas comedor debido al horario intensivo de los institutos, y el consecuente cierre de las cantinas escolares. Esta falta de ayudas perjudica gravemente a aquellos alumnos m\u00e1s vulnerables, que hasta elmomento hab\u00edan estado recibiendo la ayuda, y que contin\u00faan en la misma situaci\u00f3n familiar y social.<\/p>\n<p class=\"verd\">Desarrollamos el programa de la <a href=\"http:\/\/www.fundacionprobitas.org\/ca\/web\/probitas\/home\">Fundaci\u00f3n Probitas:<\/a> Refuerzo de Alimentaci\u00f3n Infantil en la ESO (RAI-ESO), cono la finalidad de volver a ofrecer una comida nutritiva al d\u00eda a los ni\u00f1os, ni\u00f1as y j\u00f3venes de secundar\u00eda que lo necesitan, y asegurarles un espacio de protecci\u00f3n cada mediod\u00eda donde realicen actividades socio-*educativas, deporto y refuerzo escolar.<\/p>\n<div class=\"icon-casal\">\n<div class=\"icon-casal-blanc\">\n<p>&nbsp;<\/p>\n<\/div>\n<h4><span style=\"color: #ffffff;\"><a class=\"groc\" style=\"color: #ffffff;\" href=\"https:\/\/www.casaldelsinfants.org\/es\/donde-trabajamos\/salt\/\">Salt<\/a><\/span><\/h4>\n<p><span style=\"color: #ffffff;\">&#8211;<\/span><\/p>\n<h4><span style=\"color: #ffffff;\"><a class=\"groc\" style=\"color: #ffffff;\" href=\"https:\/\/www.casaldelsinfants.org\/es\/donde-trabajamos\/santa-coloma-de-gramenet\/\">Santa Coloma de Gramenet<\/a><\/span><\/h4>\n<\/div>\n<h2>\u201c72 alumnos de los institutos de Salt y Santa Coloma de Gramenet cuentan con un espacio cada mediod\u00eda de comedor y actividades de refuerzo educativo.\u201d<\/h2>\n<p>[\/et_pb_text][\/et_pb_column][et_pb_column type=\u00bb2_5&#8243; _builder_version=\u00bb4.27.0&#8243; _module_preset=\u00bbdefault\u00bb global_colors_info=\u00bb{}\u00bb][et_pb_image src=\u00bbhttps:\/\/casaldelsinfants.org\/wp-content\/uploads\/RAI-ESO-1.webp\u00bb title_text=\u00bbRAI-ESO\u00bb _builder_version=\u00bb4.17.4&#8243; _module_preset=\u00bbdefault\u00bb max_width=\u00bb350px\u00bb module_alignment=\u00bbcenter\u00bb custom_margin=\u00bb30px||||false|false\u00bb custom_css_main_element=\u00bbclip-path: circle(170px at center);\u00bb global_colors_info=\u00bb{}\u00bb][\/et_pb_image][\/et_pb_column][\/et_pb_row][\/et_pb_section][et_pb_section fb_built=\u00bb1&#8243; _builder_version=\u00bb4.20.1&#8243; _module_preset=\u00bbdefault\u00bb da_disable_devices=\u00bboff|off|off\u00bb locked=\u00bboff\u00bb collapsed=\u00bbon\u00bb global_colors_info=\u00bb{}\u00bb da_is_popup=\u00bboff\u00bb da_exit_intent=\u00bboff\u00bb da_has_close=\u00bbon\u00bb da_alt_close=\u00bboff\u00bb da_dark_close=\u00bboff\u00bb da_not_modal=\u00bbon\u00bb da_is_singular=\u00bboff\u00bb da_with_loader=\u00bboff\u00bb da_has_shadow=\u00bbon\u00bb][et_pb_row _builder_version=\u00bb4.20.1&#8243; _module_preset=\u00bbdefault\u00bb global_colors_info=\u00bb{}\u00bb][et_pb_column type=\u00bb4_4&#8243; _builder_version=\u00bb4.20.1&#8243; _module_preset=\u00bbdefault\u00bb global_colors_info=\u00bb{}\u00bb][et_pb_text _builder_version=\u00bb4.20.1&#8243; _module_preset=\u00bbdefault\u00bb global_colors_info=\u00bb{}\u00bb]<\/p>\n<h3>Entradas relacionadas<\/h3>\n<p>[\/et_pb_text][et_pb_blog_extras posts_number=\u00bb3&#8243; include_eixos=\u00bb22&#8243; blog_layout=\u00bbblock_extended\u00bb featured_image_size=\u00bbmedium\u00bb excerpt_length=\u00bb200&#8243; use_read_more_button=\u00bbon\u00bb read_more_text=\u00bbLlegir m\u00e9s\u00bb show_author=\u00bboff\u00bb show_comments=\u00bboff\u00bb no_results_text=\u00bbNo hi ha not\u00edcies per a aquesta etiqueta\u00bb module_class=\u00bbnoticies-blog\u00bb _builder_version=\u00bb4.20.2&#8243; _module_preset=\u00bbdefault\u00bb header_font=\u00bbMyriadPro Bold||||||||\u00bb header_text_color=\u00bb#006450&#8243; header_font_size=\u00bb20px\u00bb meta_font=\u00bbMyriadPro Regular||||||||\u00bb meta_text_color=\u00bb#006450&#8243; custom_read_more=\u00bbon\u00bb read_more_bg_color=\u00bb#F8AC00&#8243; read_more_border_color=\u00bb#F8AC00&#8243; border_color_all=\u00bbRGBA(255,255,255,0)\u00bb saved_tabs=\u00bball\u00bb global_colors_info=\u00bb{}\u00bb][\/et_pb_blog_extras][\/et_pb_column][\/et_pb_row][\/et_pb_section]<\/p>\n","protected":false},"excerpt":{"rendered":"<p>Infancia y adolescencia Acompa\u00f1amiento diario para los ni\u00f1os y ni\u00f1asque sufren la desigualdad.Infancia y adolescenciaEn los barrios que concentran situaciones de desigualdad social, el refuerzo escolar diario, adaptado a cada situaci\u00f3n individual, y combinado con un tiempo de ocio educativo, son la herramienta clave para luchar contra el fracaso escolar y reforzar sus capacidades personales [&hellip;]<\/p>\n","protected":false},"author":3,"featured_media":0,"parent":5710,"menu_order":0,"comment_status":"closed","ping_status":"closed","template":"","meta":{"_acf_changed":false,"_et_pb_use_builder":"on","_et_pb_old_content":"","_et_gb_content_width":"","inline_featured_image":false,"footnotes":""},"seus":[],"eixos":[],"class_list":["post-5754","page","type-page","status-publish","hentry"],"acf":[],"yoast_head":"<!-- This site is optimized with the Yoast SEO plugin v27.4 - https:\/\/yoast.com\/product\/yoast-seo-wordpress\/ -->\n<title>Protecci\u00f3n a ni\u00f1os, ni\u00f1as y adolescentes | Casal dels Infants<\/title>\n<meta name=\"description\" content=\"La fundaci\u00f3n ofrece ayudas a los ni\u00f1os, ni\u00f1as y adolescentes. Inf\u00f3rmate sobre la orientaci\u00f3n laboral a j\u00f3venes y el comedor escolar.\" \/>\n<meta name=\"robots\" content=\"index, follow, max-snippet:-1, max-image-preview:large, max-video-preview:-1\" \/>\n<link rel=\"canonical\" href=\"https:\/\/www.casaldelsinfants.org\/es\/que-hacemos\/ayudar-a-la-infancia-y-adolescencia\/\" \/>\n<meta property=\"og:locale\" content=\"es_ES\" \/>\n<meta property=\"og:type\" content=\"article\" \/>\n<meta property=\"og:title\" content=\"Protecci\u00f3n a ni\u00f1os, ni\u00f1as y adolescentes | Casal dels Infants\" \/>\n<meta property=\"og:description\" content=\"La fundaci\u00f3n ofrece ayudas a los ni\u00f1os, ni\u00f1as y adolescentes. Inf\u00f3rmate sobre la orientaci\u00f3n laboral a j\u00f3venes y el comedor escolar.\" \/>\n<meta property=\"og:url\" content=\"https:\/\/www.casaldelsinfants.org\/es\/que-hacemos\/ayudar-a-la-infancia-y-adolescencia\/\" \/>\n<meta property=\"og:site_name\" content=\"Casal dels Infants\" \/>\n<meta property=\"article:publisher\" content=\"https:\/\/www.facebook.com\/casalinfants\" \/>\n<meta property=\"article:modified_time\" content=\"2025-06-27T09:39:10+00:00\" \/>\n<meta name=\"twitter:card\" content=\"summary_large_image\" \/>\n<meta name=\"twitter:site\" content=\"@casalinfants\" \/>\n<meta name=\"twitter:label1\" content=\"Tiempo de lectura\" \/>\n\t<meta name=\"twitter:data1\" content=\"17 minutos\" \/>\n<script type=\"application\/ld+json\" class=\"yoast-schema-graph\">{\"@context\":\"https:\\\/\\\/schema.org\",\"@graph\":[{\"@type\":\"WebPage\",\"@id\":\"https:\\\/\\\/www.casaldelsinfants.org\\\/es\\\/que-hacemos\\\/ayudar-a-la-infancia-y-adolescencia\\\/\",\"url\":\"https:\\\/\\\/www.casaldelsinfants.org\\\/es\\\/que-hacemos\\\/ayudar-a-la-infancia-y-adolescencia\\\/\",\"name\":\"Protecci\u00f3n a ni\u00f1os, ni\u00f1as y adolescentes | Casal dels Infants\",\"isPartOf\":{\"@id\":\"https:\\\/\\\/www.casaldelsinfants.org\\\/es\\\/#website\"},\"datePublished\":\"2022-08-03T14:10:46+00:00\",\"dateModified\":\"2025-06-27T09:39:10+00:00\",\"description\":\"La fundaci\u00f3n ofrece ayudas a los ni\u00f1os, ni\u00f1as y adolescentes. Inf\u00f3rmate sobre la orientaci\u00f3n laboral a j\u00f3venes y el comedor escolar.\",\"breadcrumb\":{\"@id\":\"https:\\\/\\\/www.casaldelsinfants.org\\\/es\\\/que-hacemos\\\/ayudar-a-la-infancia-y-adolescencia\\\/#breadcrumb\"},\"inLanguage\":\"es\",\"potentialAction\":[{\"@type\":\"ReadAction\",\"target\":[\"https:\\\/\\\/www.casaldelsinfants.org\\\/es\\\/que-hacemos\\\/ayudar-a-la-infancia-y-adolescencia\\\/\"]}]},{\"@type\":\"BreadcrumbList\",\"@id\":\"https:\\\/\\\/www.casaldelsinfants.org\\\/es\\\/que-hacemos\\\/ayudar-a-la-infancia-y-adolescencia\\\/#breadcrumb\",\"itemListElement\":[{\"@type\":\"ListItem\",\"position\":1,\"name\":\"Inici\",\"item\":\"https:\\\/\\\/www.casaldelsinfants.org\\\/es\\\/\"},{\"@type\":\"ListItem\",\"position\":2,\"name\":\"Qu\u00e9 hacemos\",\"item\":\"https:\\\/\\\/www.casaldelsinfants.org\\\/es\\\/que-hacemos\\\/\"},{\"@type\":\"ListItem\",\"position\":3,\"name\":\"Ayudar a ni\u00f1os y adolescentes\"}]},{\"@type\":\"WebSite\",\"@id\":\"https:\\\/\\\/www.casaldelsinfants.org\\\/es\\\/#website\",\"url\":\"https:\\\/\\\/www.casaldelsinfants.org\\\/es\\\/\",\"name\":\"Casal dels Infants\",\"description\":\"\",\"publisher\":{\"@id\":\"https:\\\/\\\/www.casaldelsinfants.org\\\/es\\\/#organization\"},\"potentialAction\":[{\"@type\":\"SearchAction\",\"target\":{\"@type\":\"EntryPoint\",\"urlTemplate\":\"https:\\\/\\\/www.casaldelsinfants.org\\\/es\\\/?s={search_term_string}\"},\"query-input\":{\"@type\":\"PropertyValueSpecification\",\"valueRequired\":true,\"valueName\":\"search_term_string\"}}],\"inLanguage\":\"es\"},{\"@type\":\"Organization\",\"@id\":\"https:\\\/\\\/www.casaldelsinfants.org\\\/es\\\/#organization\",\"name\":\"Casal dels Infants\",\"url\":\"https:\\\/\\\/www.casaldelsinfants.org\\\/es\\\/\",\"logo\":{\"@type\":\"ImageObject\",\"inLanguage\":\"es\",\"@id\":\"https:\\\/\\\/www.casaldelsinfants.org\\\/es\\\/#\\\/schema\\\/logo\\\/image\\\/\",\"url\":\"https:\\\/\\\/www.casaldelsinfants.org\\\/wp-content\\\/uploads\\\/logo-mail.png\",\"contentUrl\":\"https:\\\/\\\/www.casaldelsinfants.org\\\/wp-content\\\/uploads\\\/logo-mail.png\",\"width\":380,\"height\":158,\"caption\":\"Casal dels Infants\"},\"image\":{\"@id\":\"https:\\\/\\\/www.casaldelsinfants.org\\\/es\\\/#\\\/schema\\\/logo\\\/image\\\/\"},\"sameAs\":[\"https:\\\/\\\/www.facebook.com\\\/casalinfants\",\"https:\\\/\\\/x.com\\\/casalinfants\",\"https:\\\/\\\/www.youtube.com\\\/user\\\/CasaldelsInfants1\",\"https:\\\/\\\/www.instagram.com\\\/casalinfants\\\/\",\"https:\\\/\\\/www.linkedin.com\\\/company\\\/casaldelsinfants?trk=organization-update_share-update_actor-text\"]}]}<\/script>\n<!-- \/ Yoast SEO plugin. -->","yoast_head_json":{"title":"Protecci\u00f3n a ni\u00f1os, ni\u00f1as y adolescentes | Casal dels Infants","description":"La fundaci\u00f3n ofrece ayudas a los ni\u00f1os, ni\u00f1as y adolescentes. Inf\u00f3rmate sobre la orientaci\u00f3n laboral a j\u00f3venes y el comedor escolar.","robots":{"index":"index","follow":"follow","max-snippet":"max-snippet:-1","max-image-preview":"max-image-preview:large","max-video-preview":"max-video-preview:-1"},"canonical":"https:\/\/www.casaldelsinfants.org\/es\/que-hacemos\/ayudar-a-la-infancia-y-adolescencia\/","og_locale":"es_ES","og_type":"article","og_title":"Protecci\u00f3n a ni\u00f1os, ni\u00f1as y adolescentes | Casal dels Infants","og_description":"La fundaci\u00f3n ofrece ayudas a los ni\u00f1os, ni\u00f1as y adolescentes. Inf\u00f3rmate sobre la orientaci\u00f3n laboral a j\u00f3venes y el comedor escolar.","og_url":"https:\/\/www.casaldelsinfants.org\/es\/que-hacemos\/ayudar-a-la-infancia-y-adolescencia\/","og_site_name":"Casal dels Infants","article_publisher":"https:\/\/www.facebook.com\/casalinfants","article_modified_time":"2025-06-27T09:39:10+00:00","twitter_card":"summary_large_image","twitter_site":"@casalinfants","twitter_misc":{"Tiempo de lectura":"17 minutos"},"schema":{"@context":"https:\/\/schema.org","@graph":[{"@type":"WebPage","@id":"https:\/\/www.casaldelsinfants.org\/es\/que-hacemos\/ayudar-a-la-infancia-y-adolescencia\/","url":"https:\/\/www.casaldelsinfants.org\/es\/que-hacemos\/ayudar-a-la-infancia-y-adolescencia\/","name":"Protecci\u00f3n a ni\u00f1os, ni\u00f1as y adolescentes | Casal dels Infants","isPartOf":{"@id":"https:\/\/www.casaldelsinfants.org\/es\/#website"},"datePublished":"2022-08-03T14:10:46+00:00","dateModified":"2025-06-27T09:39:10+00:00","description":"La fundaci\u00f3n ofrece ayudas a los ni\u00f1os, ni\u00f1as y adolescentes. Inf\u00f3rmate sobre la orientaci\u00f3n laboral a j\u00f3venes y el comedor escolar.","breadcrumb":{"@id":"https:\/\/www.casaldelsinfants.org\/es\/que-hacemos\/ayudar-a-la-infancia-y-adolescencia\/#breadcrumb"},"inLanguage":"es","potentialAction":[{"@type":"ReadAction","target":["https:\/\/www.casaldelsinfants.org\/es\/que-hacemos\/ayudar-a-la-infancia-y-adolescencia\/"]}]},{"@type":"BreadcrumbList","@id":"https:\/\/www.casaldelsinfants.org\/es\/que-hacemos\/ayudar-a-la-infancia-y-adolescencia\/#breadcrumb","itemListElement":[{"@type":"ListItem","position":1,"name":"Inici","item":"https:\/\/www.casaldelsinfants.org\/es\/"},{"@type":"ListItem","position":2,"name":"Qu\u00e9 hacemos","item":"https:\/\/www.casaldelsinfants.org\/es\/que-hacemos\/"},{"@type":"ListItem","position":3,"name":"Ayudar a ni\u00f1os y adolescentes"}]},{"@type":"WebSite","@id":"https:\/\/www.casaldelsinfants.org\/es\/#website","url":"https:\/\/www.casaldelsinfants.org\/es\/","name":"Casal dels Infants","description":"","publisher":{"@id":"https:\/\/www.casaldelsinfants.org\/es\/#organization"},"potentialAction":[{"@type":"SearchAction","target":{"@type":"EntryPoint","urlTemplate":"https:\/\/www.casaldelsinfants.org\/es\/?s={search_term_string}"},"query-input":{"@type":"PropertyValueSpecification","valueRequired":true,"valueName":"search_term_string"}}],"inLanguage":"es"},{"@type":"Organization","@id":"https:\/\/www.casaldelsinfants.org\/es\/#organization","name":"Casal dels Infants","url":"https:\/\/www.casaldelsinfants.org\/es\/","logo":{"@type":"ImageObject","inLanguage":"es","@id":"https:\/\/www.casaldelsinfants.org\/es\/#\/schema\/logo\/image\/","url":"https:\/\/www.casaldelsinfants.org\/wp-content\/uploads\/logo-mail.png","contentUrl":"https:\/\/www.casaldelsinfants.org\/wp-content\/uploads\/logo-mail.png","width":380,"height":158,"caption":"Casal dels Infants"},"image":{"@id":"https:\/\/www.casaldelsinfants.org\/es\/#\/schema\/logo\/image\/"},"sameAs":["https:\/\/www.facebook.com\/casalinfants","https:\/\/x.com\/casalinfants","https:\/\/www.youtube.com\/user\/CasaldelsInfants1","https:\/\/www.instagram.com\/casalinfants\/","https:\/\/www.linkedin.com\/company\/casaldelsinfants?trk=organization-update_share-update_actor-text"]}]}},"publishpress_future_action":{"enabled":false,"date":"2026-05-08 09:09:26","action":"change-status","newStatus":"draft","terms":[],"taxonomy":"translation_priority","extraData":[]},"publishpress_future_workflow_manual_trigger":{"enabledWorkflows":[]},"_links":{"self":[{"href":"https:\/\/www.casaldelsinfants.org\/es\/wp-json\/wp\/v2\/pages\/5754","targetHints":{"allow":["GET"]}}],"collection":[{"href":"https:\/\/www.casaldelsinfants.org\/es\/wp-json\/wp\/v2\/pages"}],"about":[{"href":"https:\/\/www.casaldelsinfants.org\/es\/wp-json\/wp\/v2\/types\/page"}],"author":[{"embeddable":true,"href":"https:\/\/www.casaldelsinfants.org\/es\/wp-json\/wp\/v2\/users\/3"}],"replies":[{"embeddable":true,"href":"https:\/\/www.casaldelsinfants.org\/es\/wp-json\/wp\/v2\/comments?post=5754"}],"version-history":[{"count":42,"href":"https:\/\/www.casaldelsinfants.org\/es\/wp-json\/wp\/v2\/pages\/5754\/revisions"}],"predecessor-version":[{"id":38007,"href":"https:\/\/www.casaldelsinfants.org\/es\/wp-json\/wp\/v2\/pages\/5754\/revisions\/38007"}],"up":[{"embeddable":true,"href":"https:\/\/www.casaldelsinfants.org\/es\/wp-json\/wp\/v2\/pages\/5710"}],"wp:attachment":[{"href":"https:\/\/www.casaldelsinfants.org\/es\/wp-json\/wp\/v2\/media?parent=5754"}],"wp:term":[{"taxonomy":"seus","embeddable":true,"href":"https:\/\/www.casaldelsinfants.org\/es\/wp-json\/wp\/v2\/seus?post=5754"},{"taxonomy":"eixos","embeddable":true,"href":"https:\/\/www.casaldelsinfants.org\/es\/wp-json\/wp\/v2\/eixos?post=5754"}],"curies":[{"name":"wp","href":"https:\/\/api.w.org\/{rel}","templated":true}]}}