{"id":5902,"date":"2022-08-04T17:15:01","date_gmt":"2022-08-04T15:15:01","guid":{"rendered":"https:\/\/casal.puntzero.cat\/que-puedes-hacer-tu\/ofertas-de-trabajo\/"},"modified":"2025-09-08T08:10:18","modified_gmt":"2025-09-08T06:10:18","slug":"ofertas-de-empleo","status":"publish","type":"page","link":"https:\/\/www.casaldelsinfants.org\/es\/trabaja-con-nosotros\/","title":{"rendered":"Trabaja con nosotros"},"content":{"rendered":"<p>[et_pb_section fb_built=\u00bb1&#8243; disabled_on=\u00bbon|on|on\u00bb _builder_version=\u00bb4.25.1&#8243; _module_preset=\u00bbdefault\u00bb background_color=\u00bbgcid-1ceede91-71be-464b-930c-ee204c722893&#8243; custom_padding=\u00bb34px||37px|||\u00bb da_disable_devices=\u00bboff|off|off\u00bb disabled=\u00bbon\u00bb collapsed=\u00bbon\u00bb global_colors_info=\u00bb{%22gcid-1ceede91-71be-464b-930c-ee204c722893%22:%91%22background_color%22%93}\u00bb da_is_popup=\u00bboff\u00bb da_exit_intent=\u00bboff\u00bb da_has_close=\u00bbon\u00bb da_alt_close=\u00bboff\u00bb da_dark_close=\u00bboff\u00bb da_not_modal=\u00bbon\u00bb da_is_singular=\u00bboff\u00bb da_with_loader=\u00bboff\u00bb da_has_shadow=\u00bbon\u00bb][et_pb_row _builder_version=\u00bb4.17.4&#8243; _module_preset=\u00bbdefault\u00bb global_colors_info=\u00bb{}\u00bb][et_pb_column type=\u00bb4_4&#8243; _builder_version=\u00bb4.17.4&#8243; _module_preset=\u00bbdefault\u00bb global_colors_info=\u00bb{}\u00bb][et_pb_text _builder_version=\u00bb4.25.1&#8243; _module_preset=\u00bbdefault\u00bb text_text_color=\u00bb#006450&#8243; header_font=\u00bb&#8211;et_global_body_font||||||||\u00bb header_text_color=\u00bb#006450&#8243; global_colors_info=\u00bb{}\u00bb]<\/p>\n<p class=\"title-principal text-center\" style=\"text-align: center;\">\u00bfNo encuentras lo que buscas?<span style=\"color: #000000;\"><\/span><\/p>\n<p>[\/et_pb_text][et_pb_text _builder_version=\u00bb4.25.1&#8243; _module_preset=\u00bbdefault\u00bb text_font=\u00bbMyriadPro Regular||||||||\u00bb text_text_color=\u00bb#000000&#8243; text_font_size=\u00bb24px\u00bb text_orientation=\u00bbcenter\u00bb global_colors_info=\u00bb{}\u00bb]<\/p>\n<p>D\u00e9janos tu autocandidatura para futuras ofertas<\/p>\n<p>[\/et_pb_text][et_pb_button button_url=\u00bb@ET-DC@eyJkeW5hbWljIjp0cnVlLCJjb250ZW50IjoicG9zdF9saW5rX3VybF9wYWdlIiwic2V0dGluZ3MiOnsicG9zdF9pZCI6IjUyMjYifX0=@\u00bb button_text=\u00bbENVIA TU AUTOCANDIDATURA\u00bb button_alignment=\u00bbcenter\u00bb _builder_version=\u00bb4.25.1&#8243; _dynamic_attributes=\u00bbbutton_url\u00bb _module_preset=\u00bbdefault\u00bb custom_button=\u00bbon\u00bb button_text_size=\u00bb16px\u00bb button_text_color=\u00bb#FFFFFF\u00bb button_bg_color=\u00bb#F8AC00&#8243; button_border_color=\u00bb#F8AC00&#8243; global_colors_info=\u00bb{}\u00bb button_text_color__hover_enabled=\u00bbon|hover\u00bb button_text_color__hover=\u00bb#F8AC00&#8243; button_bg_color__hover_enabled=\u00bbon|desktop\u00bb button_bg_color__hover=\u00bb#FFFFFF\u00bb button_bg_enable_color__hover=\u00bbon\u00bb button_border_color__hover_enabled=\u00bbon|desktop\u00bb button_border_color__hover=\u00bbRGBA(255,255,255,0)\u00bb][\/et_pb_button][\/et_pb_column][\/et_pb_row][\/et_pb_section][et_pb_section fb_built=\u00bb1&#8243; _builder_version=\u00bb4.17.6&#8243; _module_preset=\u00bbdefault\u00bb custom_padding=\u00bb||31px|||\u00bb da_disable_devices=\u00bboff|off|off\u00bb collapsed=\u00bbon\u00bb global_colors_info=\u00bb{}\u00bb da_is_popup=\u00bboff\u00bb da_exit_intent=\u00bboff\u00bb da_has_close=\u00bbon\u00bb da_alt_close=\u00bboff\u00bb da_dark_close=\u00bboff\u00bb da_not_modal=\u00bbon\u00bb da_is_singular=\u00bboff\u00bb da_with_loader=\u00bboff\u00bb da_has_shadow=\u00bbon\u00bb][et_pb_row _builder_version=\u00bb4.17.6&#8243; _module_preset=\u00bbdefault\u00bb custom_margin=\u00bb||||false|false\u00bb custom_margin_tablet=\u00bb100px||||false|false\u00bb custom_margin_phone=\u00bb100px||||false|false\u00bb custom_margin_last_edited=\u00bbon|tablet\u00bb global_colors_info=\u00bb{}\u00bb][et_pb_column type=\u00bb4_4&#8243; _builder_version=\u00bb4.17.4&#8243; _module_preset=\u00bbdefault\u00bb global_colors_info=\u00bb{}\u00bb][et_pb_text _builder_version=\u00bb4.25.1&#8243; _module_preset=\u00bbdefault\u00bb text_font=\u00bbMyriadPro Semibold||||||||\u00bb text_text_color=\u00bb#006450&#8243; text_font_size=\u00bb36px\u00bb text_orientation=\u00bbcenter\u00bb custom_padding=\u00bb13px||13px||true|false\u00bb global_colors_info=\u00bb{}\u00bb]<\/p>\n<p>\u00a1\u00danete a nuestro equipo!<\/p>\n<p>[\/et_pb_text][et_pb_text _builder_version=\u00bb4.25.1&#8243; _module_preset=\u00bbdefault\u00bb text_font=\u00bbMyriadPro Regular||||||||\u00bb text_text_color=\u00bb#000000&#8243; header_text_color=\u00bb#000000&#8243; header_3_font=\u00bbMyriadPro Semibold||||||||\u00bb header_3_text_color=\u00bb#000000&#8243; header_3_font_size=\u00bb24px\u00bb global_colors_info=\u00bb{}\u00bb]<\/p>\n<p>El Casal dels Infants est\u00e1 formado por un equipo de personas que, con su profesionalidad y compromiso con la misi\u00f3n y los valores de la entidad, hace posible salir adelante los retos que a\u00f1o tras a\u00f1o nos marcamos para hacer efectiva la igualdad de oportunidad para todos los ni\u00f1os, j\u00f3venes y familias de los barrios donde trabajamos.<\/p>\n<p><strong>Nuestro activo m\u00e1s importante son las personas.<\/strong> Si quieres formar parte, consulta nuestras ofertas de trabajo actuales.<\/p>\n<p>[\/et_pb_text][et_pb_text _builder_version=\u00bb4.25.1&#8243; _module_preset=\u00bbdefault\u00bb text_font=\u00bbMyriadPro Regular||||||||\u00bb text_text_color=\u00bb#000000&#8243; header_text_color=\u00bb#000000&#8243; header_3_font=\u00bbMyriadPro Semibold||||||||\u00bb header_3_text_color=\u00bb#000000&#8243; header_3_font_size=\u00bb24px\u00bb background_image=\u00bbhttps:\/\/www.casaldelsinfants.org\/wp-content\/uploads\/DSC09095sense-mascareta-scaled-1.webp\u00bb background_position=\u00bbtop_center\u00bb background_vertical_offset=\u00bb39%\u00bb module_alignment=\u00bbcenter\u00bb height=\u00bb334px\u00bb global_colors_info=\u00bb{}\u00bb][\/et_pb_text][et_pb_text _builder_version=\u00bb4.25.1&#8243; _module_preset=\u00bbdefault\u00bb header_2_font=\u00bbMyriadPro Bold||||||||\u00bb header_2_text_color=\u00bb#006450&#8243; header_2_font_size=\u00bb28px\u00bb custom_margin=\u00bb||15px|||\u00bb custom_padding=\u00bb40px||||false|false\u00bb global_colors_info=\u00bb{}\u00bb]<\/p>\n<h2 class=\"block-title\">Consulta nuestras ofertas de trabajo<\/h2>\n<p>[\/et_pb_text][et_pb_blog_extras post_type=\u00bboferta-treball\u00bb posts_number=\u00bb100&#8243; blog_layout=\u00bbbox_extended\u00bb show_thumbnail=\u00bboff\u00bb excerpt_length=\u00bb0&#8243; show_more=\u00bboff\u00bb show_author=\u00bboff\u00bb show_date=\u00bboff\u00bb show_comments=\u00bboff\u00bb content_color=\u00bb#000000&#8243; module_class=\u00bbofertes-de-feina\u00bb _builder_version=\u00bb4.25.1&#8243; _module_preset=\u00bbdefault\u00bb header_font=\u00bbMyriadPro Bold|||on|||||\u00bb header_text_align=\u00bbleft\u00bb header_text_color=\u00bb#006450&#8243; header_font_size=\u00bb17px\u00bb header_line_height=\u00bb1em\u00bb background_color=\u00bbRGBA(255,255,255,0)\u00bb width=\u00bb100%\u00bb width_tablet=\u00bb90%\u00bb width_phone=\u00bb90%\u00bb width_last_edited=\u00bbon|tablet\u00bb max_width=\u00bb100%\u00bb custom_padding=\u00bb10px||10px||true|false\u00bb global_colors_info=\u00bb{}\u00bb][\/et_pb_blog_extras][\/et_pb_column][\/et_pb_row][\/et_pb_section][et_pb_section fb_built=\u00bb1&#8243; _builder_version=\u00bb4.25.1&#8243; _module_preset=\u00bbdefault\u00bb background_color=\u00bbRGBA(255,255,255,0)\u00bb custom_padding=\u00bb30px|||||\u00bb da_disable_devices=\u00bboff|off|off\u00bb global_colors_info=\u00bb{}\u00bb da_is_popup=\u00bboff\u00bb da_exit_intent=\u00bboff\u00bb da_has_close=\u00bbon\u00bb da_alt_close=\u00bboff\u00bb da_dark_close=\u00bboff\u00bb da_not_modal=\u00bbon\u00bb da_is_singular=\u00bboff\u00bb da_with_loader=\u00bboff\u00bb da_has_shadow=\u00bbon\u00bb][et_pb_row _builder_version=\u00bb4.25.1&#8243; _module_preset=\u00bbdefault\u00bb custom_padding=\u00bb||14px|||\u00bb global_colors_info=\u00bb{}\u00bb][et_pb_column type=\u00bb4_4&#8243; _builder_version=\u00bb4.25.1&#8243; _module_preset=\u00bbdefault\u00bb global_colors_info=\u00bb{}\u00bb][et_pb_divider color=\u00bbgcid-de749df5-82d7-4bad-ba2b-a56855f698d2&#8243; divider_weight=\u00bb2px\u00bb _builder_version=\u00bb4.25.1&#8243; _module_preset=\u00bbdefault\u00bb global_colors_info=\u00bb{%22gcid-de749df5-82d7-4bad-ba2b-a56855f698d2%22:%91%22color%22%93}\u00bb][\/et_pb_divider][\/et_pb_column][\/et_pb_row][et_pb_row _builder_version=\u00bb4.17.4&#8243; _module_preset=\u00bbdefault\u00bb global_colors_info=\u00bb{}\u00bb][et_pb_column type=\u00bb4_4&#8243; _builder_version=\u00bb4.17.4&#8243; _module_preset=\u00bbdefault\u00bb global_colors_info=\u00bb{}\u00bb][et_pb_text _builder_version=\u00bb4.25.1&#8243; _module_preset=\u00bbdefault\u00bb text_text_color=\u00bb#006450&#8243; header_font=\u00bb&#8211;et_global_body_font||||||||\u00bb header_text_color=\u00bb#006450&#8243; global_colors_info=\u00bb{}\u00bb]<\/p>\n<p class=\"title-principal text-center\" style=\"text-align: center;\">\u00bfNo encuentras lo que buscas?<span style=\"color: #000000;\"><\/span><\/p>\n<p>[\/et_pb_text][et_pb_text _builder_version=\u00bb4.25.1&#8243; _module_preset=\u00bbdefault\u00bb text_font=\u00bbMyriadPro Regular||||||||\u00bb text_text_color=\u00bb#000000&#8243; text_font_size=\u00bb24px\u00bb text_orientation=\u00bbcenter\u00bb global_colors_info=\u00bb{}\u00bb]<\/p>\n<p>D\u00e9janos tu autocandidatura para futuras ofertas<\/p>\n<p>[\/et_pb_text][et_pb_button button_url=\u00bb@ET-DC@eyJkeW5hbWljIjp0cnVlLCJjb250ZW50IjoicG9zdF9saW5rX3VybF9wYWdlIiwic2V0dGluZ3MiOnsicG9zdF9pZCI6IjUyMjYifX0=@\u00bb button_text=\u00bbENVIA TU AUTOCANDIDATURA\u00bb button_alignment=\u00bbcenter\u00bb _builder_version=\u00bb4.25.1&#8243; _dynamic_attributes=\u00bbbutton_url\u00bb _module_preset=\u00bbdefault\u00bb custom_button=\u00bbon\u00bb button_text_size=\u00bb16px\u00bb button_text_color=\u00bb#FFFFFF\u00bb button_bg_color=\u00bb#F8AC00&#8243; button_border_color=\u00bb#F8AC00&#8243; global_colors_info=\u00bb{}\u00bb button_text_color__hover_enabled=\u00bbon|hover\u00bb button_text_color__hover=\u00bb#F8AC00&#8243; button_bg_color__hover_enabled=\u00bbon|desktop\u00bb button_bg_color__hover=\u00bb#FFFFFF\u00bb button_bg_enable_color__hover=\u00bbon\u00bb button_border_color__hover_enabled=\u00bbon|desktop\u00bb button_border_color__hover=\u00bbRGBA(255,255,255,0)\u00bb][\/et_pb_button][\/et_pb_column][\/et_pb_row][\/et_pb_section]<\/p>\n","protected":false},"excerpt":{"rendered":"<p>\u00bfNo encuentras lo que buscas?D\u00e9janos tu autocandidatura para futuras ofertas\u00a1\u00danete a nuestro equipo!El Casal dels Infants est\u00e1 formado por un equipo de personas que, con su profesionalidad y compromiso con la misi\u00f3n y los valores de la entidad, hace posible salir adelante los retos que a\u00f1o tras a\u00f1o nos marcamos para hacer efectiva la igualdad [&hellip;]<\/p>\n","protected":false},"author":3,"featured_media":0,"parent":0,"menu_order":0,"comment_status":"closed","ping_status":"closed","template":"","meta":{"_acf_changed":false,"_et_pb_use_builder":"on","_et_pb_old_content":"","_et_gb_content_width":"","inline_featured_image":false,"footnotes":""},"seus":[],"eixos":[],"class_list":["post-5902","page","type-page","status-publish","hentry"],"acf":[],"yoast_head":"<!-- This site is optimized with the Yoast SEO plugin v27.4 - https:\/\/yoast.com\/product\/yoast-seo-wordpress\/ -->\n<title>Trabaja con nosotros | Casal dels Infants<\/title>\n<meta name=\"description\" content=\"Si est\u00e1s interesado en trabajar con nosotros, no dudes y env\u00edanos tu candidatura.\" \/>\n<meta name=\"robots\" content=\"index, follow, max-snippet:-1, max-image-preview:large, max-video-preview:-1\" \/>\n<link rel=\"canonical\" href=\"https:\/\/www.casaldelsinfants.org\/es\/trabaja-con-nosotros\/\" \/>\n<meta property=\"og:locale\" content=\"es_ES\" \/>\n<meta property=\"og:type\" content=\"article\" \/>\n<meta property=\"og:title\" content=\"Trabaja con nosotros | Casal dels Infants\" \/>\n<meta property=\"og:description\" content=\"Si est\u00e1s interesado en trabajar con nosotros, no dudes y env\u00edanos tu candidatura.\" \/>\n<meta property=\"og:url\" content=\"https:\/\/www.casaldelsinfants.org\/es\/trabaja-con-nosotros\/\" \/>\n<meta property=\"og:site_name\" content=\"Casal dels Infants\" \/>\n<meta property=\"article:publisher\" content=\"https:\/\/www.facebook.com\/casalinfants\" \/>\n<meta property=\"article:modified_time\" content=\"2025-09-08T06:10:18+00:00\" \/>\n<meta name=\"twitter:card\" content=\"summary_large_image\" \/>\n<meta name=\"twitter:title\" content=\"Trabaja con nosotros | Casal dels Infants\" \/>\n<meta name=\"twitter:description\" content=\"Si est\u00e1s interesado en trabajar con nosotros, no dudes y env\u00edanos tu candidatura.\" \/>\n<meta name=\"twitter:site\" content=\"@casalinfants\" \/>\n<meta name=\"twitter:label1\" content=\"Tiempo de lectura\" \/>\n\t<meta name=\"twitter:data1\" content=\"1 minuto\" \/>\n<script type=\"application\/ld+json\" class=\"yoast-schema-graph\">{\"@context\":\"https:\\\/\\\/schema.org\",\"@graph\":[{\"@type\":\"WebPage\",\"@id\":\"https:\\\/\\\/www.casaldelsinfants.org\\\/es\\\/trabaja-con-nosotros\\\/\",\"url\":\"https:\\\/\\\/www.casaldelsinfants.org\\\/es\\\/trabaja-con-nosotros\\\/\",\"name\":\"Trabaja con nosotros | Casal dels Infants\",\"isPartOf\":{\"@id\":\"https:\\\/\\\/www.casaldelsinfants.org\\\/es\\\/#website\"},\"datePublished\":\"2022-08-04T15:15:01+00:00\",\"dateModified\":\"2025-09-08T06:10:18+00:00\",\"description\":\"Si est\u00e1s interesado en trabajar con nosotros, no dudes y env\u00edanos tu candidatura.\",\"breadcrumb\":{\"@id\":\"https:\\\/\\\/www.casaldelsinfants.org\\\/es\\\/trabaja-con-nosotros\\\/#breadcrumb\"},\"inLanguage\":\"es\",\"potentialAction\":[{\"@type\":\"ReadAction\",\"target\":[\"https:\\\/\\\/www.casaldelsinfants.org\\\/es\\\/trabaja-con-nosotros\\\/\"]}]},{\"@type\":\"BreadcrumbList\",\"@id\":\"https:\\\/\\\/www.casaldelsinfants.org\\\/es\\\/trabaja-con-nosotros\\\/#breadcrumb\",\"itemListElement\":[{\"@type\":\"ListItem\",\"position\":1,\"name\":\"Inici\",\"item\":\"https:\\\/\\\/www.casaldelsinfants.org\\\/es\\\/\"},{\"@type\":\"ListItem\",\"position\":2,\"name\":\"Trabaja con nosotros\"}]},{\"@type\":\"WebSite\",\"@id\":\"https:\\\/\\\/www.casaldelsinfants.org\\\/es\\\/#website\",\"url\":\"https:\\\/\\\/www.casaldelsinfants.org\\\/es\\\/\",\"name\":\"Casal dels Infants\",\"description\":\"\",\"publisher\":{\"@id\":\"https:\\\/\\\/www.casaldelsinfants.org\\\/es\\\/#organization\"},\"potentialAction\":[{\"@type\":\"SearchAction\",\"target\":{\"@type\":\"EntryPoint\",\"urlTemplate\":\"https:\\\/\\\/www.casaldelsinfants.org\\\/es\\\/?s={search_term_string}\"},\"query-input\":{\"@type\":\"PropertyValueSpecification\",\"valueRequired\":true,\"valueName\":\"search_term_string\"}}],\"inLanguage\":\"es\"},{\"@type\":\"Organization\",\"@id\":\"https:\\\/\\\/www.casaldelsinfants.org\\\/es\\\/#organization\",\"name\":\"Casal dels Infants\",\"url\":\"https:\\\/\\\/www.casaldelsinfants.org\\\/es\\\/\",\"logo\":{\"@type\":\"ImageObject\",\"inLanguage\":\"es\",\"@id\":\"https:\\\/\\\/www.casaldelsinfants.org\\\/es\\\/#\\\/schema\\\/logo\\\/image\\\/\",\"url\":\"https:\\\/\\\/www.casaldelsinfants.org\\\/wp-content\\\/uploads\\\/logo-mail.png\",\"contentUrl\":\"https:\\\/\\\/www.casaldelsinfants.org\\\/wp-content\\\/uploads\\\/logo-mail.png\",\"width\":380,\"height\":158,\"caption\":\"Casal dels Infants\"},\"image\":{\"@id\":\"https:\\\/\\\/www.casaldelsinfants.org\\\/es\\\/#\\\/schema\\\/logo\\\/image\\\/\"},\"sameAs\":[\"https:\\\/\\\/www.facebook.com\\\/casalinfants\",\"https:\\\/\\\/x.com\\\/casalinfants\",\"https:\\\/\\\/www.youtube.com\\\/user\\\/CasaldelsInfants1\",\"https:\\\/\\\/www.instagram.com\\\/casalinfants\\\/\",\"https:\\\/\\\/www.linkedin.com\\\/company\\\/casaldelsinfants?trk=organization-update_share-update_actor-text\"]}]}<\/script>\n<!-- \/ Yoast SEO plugin. -->","yoast_head_json":{"title":"Trabaja con nosotros | Casal dels Infants","description":"Si est\u00e1s interesado en trabajar con nosotros, no dudes y env\u00edanos tu candidatura.","robots":{"index":"index","follow":"follow","max-snippet":"max-snippet:-1","max-image-preview":"max-image-preview:large","max-video-preview":"max-video-preview:-1"},"canonical":"https:\/\/www.casaldelsinfants.org\/es\/trabaja-con-nosotros\/","og_locale":"es_ES","og_type":"article","og_title":"Trabaja con nosotros | Casal dels Infants","og_description":"Si est\u00e1s interesado en trabajar con nosotros, no dudes y env\u00edanos tu candidatura.","og_url":"https:\/\/www.casaldelsinfants.org\/es\/trabaja-con-nosotros\/","og_site_name":"Casal dels Infants","article_publisher":"https:\/\/www.facebook.com\/casalinfants","article_modified_time":"2025-09-08T06:10:18+00:00","twitter_card":"summary_large_image","twitter_title":"Trabaja con nosotros | Casal dels Infants","twitter_description":"Si est\u00e1s interesado en trabajar con nosotros, no dudes y env\u00edanos tu candidatura.","twitter_site":"@casalinfants","twitter_misc":{"Tiempo de lectura":"1 minuto"},"schema":{"@context":"https:\/\/schema.org","@graph":[{"@type":"WebPage","@id":"https:\/\/www.casaldelsinfants.org\/es\/trabaja-con-nosotros\/","url":"https:\/\/www.casaldelsinfants.org\/es\/trabaja-con-nosotros\/","name":"Trabaja con nosotros | Casal dels Infants","isPartOf":{"@id":"https:\/\/www.casaldelsinfants.org\/es\/#website"},"datePublished":"2022-08-04T15:15:01+00:00","dateModified":"2025-09-08T06:10:18+00:00","description":"Si est\u00e1s interesado en trabajar con nosotros, no dudes y env\u00edanos tu candidatura.","breadcrumb":{"@id":"https:\/\/www.casaldelsinfants.org\/es\/trabaja-con-nosotros\/#breadcrumb"},"inLanguage":"es","potentialAction":[{"@type":"ReadAction","target":["https:\/\/www.casaldelsinfants.org\/es\/trabaja-con-nosotros\/"]}]},{"@type":"BreadcrumbList","@id":"https:\/\/www.casaldelsinfants.org\/es\/trabaja-con-nosotros\/#breadcrumb","itemListElement":[{"@type":"ListItem","position":1,"name":"Inici","item":"https:\/\/www.casaldelsinfants.org\/es\/"},{"@type":"ListItem","position":2,"name":"Trabaja con nosotros"}]},{"@type":"WebSite","@id":"https:\/\/www.casaldelsinfants.org\/es\/#website","url":"https:\/\/www.casaldelsinfants.org\/es\/","name":"Casal dels Infants","description":"","publisher":{"@id":"https:\/\/www.casaldelsinfants.org\/es\/#organization"},"potentialAction":[{"@type":"SearchAction","target":{"@type":"EntryPoint","urlTemplate":"https:\/\/www.casaldelsinfants.org\/es\/?s={search_term_string}"},"query-input":{"@type":"PropertyValueSpecification","valueRequired":true,"valueName":"search_term_string"}}],"inLanguage":"es"},{"@type":"Organization","@id":"https:\/\/www.casaldelsinfants.org\/es\/#organization","name":"Casal dels Infants","url":"https:\/\/www.casaldelsinfants.org\/es\/","logo":{"@type":"ImageObject","inLanguage":"es","@id":"https:\/\/www.casaldelsinfants.org\/es\/#\/schema\/logo\/image\/","url":"https:\/\/www.casaldelsinfants.org\/wp-content\/uploads\/logo-mail.png","contentUrl":"https:\/\/www.casaldelsinfants.org\/wp-content\/uploads\/logo-mail.png","width":380,"height":158,"caption":"Casal dels Infants"},"image":{"@id":"https:\/\/www.casaldelsinfants.org\/es\/#\/schema\/logo\/image\/"},"sameAs":["https:\/\/www.facebook.com\/casalinfants","https:\/\/x.com\/casalinfants","https:\/\/www.youtube.com\/user\/CasaldelsInfants1","https:\/\/www.instagram.com\/casalinfants\/","https:\/\/www.linkedin.com\/company\/casaldelsinfants?trk=organization-update_share-update_actor-text"]}]}},"publishpress_future_action":{"enabled":false,"date":"2026-05-08 21:25:27","action":"change-status","newStatus":"draft","terms":[],"taxonomy":"translation_priority","extraData":[]},"publishpress_future_workflow_manual_trigger":{"enabledWorkflows":[]},"_links":{"self":[{"href":"https:\/\/www.casaldelsinfants.org\/es\/wp-json\/wp\/v2\/pages\/5902","targetHints":{"allow":["GET"]}}],"collection":[{"href":"https:\/\/www.casaldelsinfants.org\/es\/wp-json\/wp\/v2\/pages"}],"about":[{"href":"https:\/\/www.casaldelsinfants.org\/es\/wp-json\/wp\/v2\/types\/page"}],"author":[{"embeddable":true,"href":"https:\/\/www.casaldelsinfants.org\/es\/wp-json\/wp\/v2\/users\/3"}],"replies":[{"embeddable":true,"href":"https:\/\/www.casaldelsinfants.org\/es\/wp-json\/wp\/v2\/comments?post=5902"}],"version-history":[{"count":30,"href":"https:\/\/www.casaldelsinfants.org\/es\/wp-json\/wp\/v2\/pages\/5902\/revisions"}],"predecessor-version":[{"id":40803,"href":"https:\/\/www.casaldelsinfants.org\/es\/wp-json\/wp\/v2\/pages\/5902\/revisions\/40803"}],"wp:attachment":[{"href":"https:\/\/www.casaldelsinfants.org\/es\/wp-json\/wp\/v2\/media?parent=5902"}],"wp:term":[{"taxonomy":"seus","embeddable":true,"href":"https:\/\/www.casaldelsinfants.org\/es\/wp-json\/wp\/v2\/seus?post=5902"},{"taxonomy":"eixos","embeddable":true,"href":"https:\/\/www.casaldelsinfants.org\/es\/wp-json\/wp\/v2\/eixos?post=5902"}],"curies":[{"name":"wp","href":"https:\/\/api.w.org\/{rel}","templated":true}]}}