{"id":5940,"date":"2022-08-05T07:19:28","date_gmt":"2022-08-05T05:19:28","guid":{"rendered":"https:\/\/casal.puntzero.cat\/faqs\/"},"modified":"2025-01-22T13:22:38","modified_gmt":"2025-01-22T11:22:38","slug":"faqs","status":"publish","type":"page","link":"https:\/\/www.casaldelsinfants.org\/es\/quienes-somos\/preguntas-frecuentes\/","title":{"rendered":"Preguntas frecuentes"},"content":{"rendered":"<p>[et_pb_section fb_built=\u00bb1&#8243; _builder_version=\u00bb4.17.4&#8243; _module_preset=\u00bbdefault\u00bb custom_padding=\u00bb100px||||false|false\u00bb da_disable_devices=\u00bboff|off|off\u00bb global_colors_info=\u00bb{}\u00bb da_is_popup=\u00bboff\u00bb da_exit_intent=\u00bboff\u00bb da_has_close=\u00bbon\u00bb da_alt_close=\u00bboff\u00bb da_dark_close=\u00bboff\u00bb da_not_modal=\u00bbon\u00bb da_is_singular=\u00bboff\u00bb da_with_loader=\u00bboff\u00bb da_has_shadow=\u00bbon\u00bb][et_pb_row _builder_version=\u00bb4.27.3&#8243; _module_preset=\u00bbdefault\u00bb hover_enabled=\u00bb0&#8243; global_colors_info=\u00bb{}\u00bb custom_padding=\u00bb70px||||false|false\u00bb sticky_enabled=\u00bb0&#8243;][et_pb_column type=\u00bb4_4&#8243; _builder_version=\u00bb4.17.4&#8243; _module_preset=\u00bbdefault\u00bb global_colors_info=\u00bb{}\u00bb][et_pb_text _builder_version=\u00bb4.27.3&#8243; _module_preset=\u00bbdefault\u00bb header_font_size=\u00bb36px\u00bb hover_enabled=\u00bb0&#8243; border_color_bottom=\u00bb#efefef\u00bb global_colors_info=\u00bb{}\u00bb sticky_enabled=\u00bb0&#8243;]<\/p>\n<h1 class=\"page-header\" style=\"text-align: center;\">PREGUNTAS FRECUENTES<\/h1>\n<p>[\/et_pb_text][\/et_pb_column][\/et_pb_row][et_pb_row _builder_version=\u00bb4.25.1&#8243; _module_preset=\u00bbdefault\u00bb global_colors_info=\u00bb{}\u00bb][et_pb_column type=\u00bb4_4&#8243; _builder_version=\u00bb4.25.1&#8243; _module_preset=\u00bbdefault\u00bb global_colors_info=\u00bb{}\u00bb][et_pb_accordion open_toggle_background_color=\u00bbRGBA(255,255,255,0)\u00bb closed_toggle_background_color=\u00bb#F8AC00&#8243; toggle_icon=\u00bb&#x3b;||divi||400&#8243; icon_color=\u00bb#000000&#8243; use_icon_font_size=\u00bbon\u00bb module_class=\u00bbacordion-faqs\u00bb _builder_version=\u00bb4.27.3&#8243; _module_preset=\u00bbdefault\u00bb hover_enabled=\u00bb0&#8243; global_colors_info=\u00bb{}\u00bb sticky_enabled=\u00bb0&#8243;][et_pb_accordion_item title=\u00bbQuiero contactar con el Casal dels Infants\u00bb open=\u00bbon\u00bb open_toggle_text_color=\u00bb#FFFFFF\u00bb closed_toggle_background_color=\u00bbRGBA(255,255,255,0)\u00bb icon_color=\u00bb#F8AC00&#8243; toggle_icon=\u00bb&#x3b;||divi||400&#8243; content_tablet=\u00bb<\/p>\n<p>Pots contactar amb nosaltres des de la p\u00e0gina de <a class=%22groc%22 href=%22https:\/\/www.casaldelsinfants.org\/form\/contact%22>contacte<\/a>, o b\u00e9 trucant a la seu central 93 317 00 13.<\/p>\n<p>Tamb\u00e9 pots contactar amb les diferents seus dels barris en els que el Casal dels Infants actua.<\/p>\n<\/p>\n<table border=%221%22 cellspacing=%221%22 cellpadding=%2210%22>\n<tbody>\n<tr>\n<td>SEU CENTRAL &#8211; BARCELONA CIUTAT<\/td>\n<td>Tel. 933 170 013<\/td>\n<td><a class=%22groc%22 href=%22mailto:info@casaldelsinfants.org%22>info@casaldelsinfants.org<\/a><\/td>\n<\/tr>\n<tr>\n<td>SEU EL RAVAL &#8211; BARCELONA CIUTAT<\/td>\n<td>Tel. 931 990 801<\/td>\n<td><a class=%22groc%22 href=%22mailto:elraval@casaldelsinfants.org%22>elraval@casaldelsinfants.org<\/a><\/td>\n<\/tr>\n<tr>\n<td>SEU BADALONA %22BETSAIDA%22<\/td>\n<td>Tel. 931 990 390<\/td>\n<td><a class=%22groc%22 href=%22mailto:badalona@casaldelsinfants.org%22>badalona@casaldelsinfants.org<\/a><\/td>\n<\/tr>\n<tr>\n<td>SEU SANTA COLOMA DE GRAMENET<\/td>\n<td>Tel. 931 980 716<\/td>\n<td><a class=%22groc%22 href=%22mailto:santacolomag@casaldelsinfants.org%22>santacolomag@casaldelsinfants.org<\/a><\/td>\n<\/tr>\n<tr>\n<td>SEU BES\u00d2S &#8211; LA MINA<\/td>\n<td>Tel. 931 990 740<\/td>\n<td><\/td>\n<\/tr>\n<tr>\n<td>SEU SALT<\/td>\n<td>Tel. 856 094 500<\/td>\n<td><a class=%22groc%22 href=%22mailto:salt@casaldelsinfants.org%22>salt@casaldelsinfants.org<\/a><\/td>\n<\/tr>\n<\/tbody>\n<\/table>\n<p>\u00bb content_phone=\u00bbPots contactar amb nosaltres des de la p\u00e0gina de <a class=%22groc%22 href=%22https:\/\/www.casaldelsinfants.org\/form\/contact%22>contacte<\/a>, o b\u00e9 trucant a la seu central 93 317 00 13.<\/p>\n<p>Tamb\u00e9 pots contactar amb les diferents seus dels barris en els que el Casal dels Infants actua.<\/p>\n<p>SEU CENTRAL &#8211; BARCELONA CIUTAT<br \/>\nTel. 933 170 013<br \/>\n<a class=%22groc%22 href=%22mailto:info@casaldelsinfants.org%22>info@casaldelsinfants.org<\/a><\/p>\n<p>SEU EL RAVAL &#8211; BARCELONA CIUTAT<br \/>\nTel. 931 990 801<br \/>\n<a class=%22groc%22 href=%22mailto:elraval@casaldelsinfants.org%22>elraval@casaldelsinfants.org<\/a><\/p>\n<p>SEU BADALONA %22BETSAIDA%22<br \/>\nTel. 931 990 390<br \/>\n<a class=%22groc%22 href=%22mailto:badalona@casaldelsinfants.org%22>badalona@casaldelsinfants.org<\/a><\/p>\n<p>SEU SANTA COLOMA DE GRAMENET<br \/>\nTel. 931 980 716<br \/>\n<a class=%22groc%22 href=%22mailto:santacolomag@casaldelsinfants.org%22>santacolomag@casaldelsinfants.org<\/a><\/p>\n<p>SEU BES\u00d2S &#8211; LA MINA<br \/>\nTel. 931 990 740<br \/>\nSEU SALT<br \/>\nTel. 856 094 500<br \/>\n<a class=%22groc%22 href=%22mailto:salt@casaldelsinfants.org%22>salt@casaldelsinfants.org<\/a><br \/>\n\u00bb content_last_edited=\u00bbon|phone\u00bb _builder_version=\u00bb4.25.1&#8243; _module_preset=\u00bbdefault\u00bb border_width_all=\u00bb0px\u00bb border_width_bottom=\u00bb2px\u00bb border_color_bottom=\u00bb#F8AC00&#8243; global_colors_info=\u00bb{}\u00bb toggle_text_color=\u00bb#006450&#8243; toggle_font=\u00bbMyriadPro Regular||||||||\u00bb toggle_font_size=\u00bb20px\u00bb]<\/p>\n<p>Puedes contactar con nosotros desde la p\u00e1gina de <a class=\"groc\" href=\"https:\/\/www.casaldelsinfants.org\/contacte-amb-nosaltres\/\">contacto<\/a>, o bien llamando a la sede central 93 317 00 13.<\/p>\n<p>Tambi\u00e9n puedes contactar con las diferentes sedes de los barrios en los que el Casal dels Infants act\u00faa.<\/p>\n<p>&nbsp;<\/p>\n<table border=\"1\" cellspacing=\"1\" cellpadding=\"10\">\n<tbody>\n<tr>\n<td>SEDE CENTRAL &#8211; BARCELONA CIUTAT<\/td>\n<td>Tel. 933 170 013<\/td>\n<td><a class=\"groc\" href=\"mailto:info@casaldelsinfants.org\">info@casaldelsinfants.org<\/a><\/td>\n<\/tr>\n<tr>\n<td>SEDE EL RAVAL &#8211; BARCELONA CIUTAT<\/td>\n<td>Tel. 931 990 801<\/td>\n<td><a class=\"groc\" href=\"mailto:elraval@casaldelsinfants.org\">elraval@casaldelsinfants.org<\/a><\/td>\n<\/tr>\n<tr>\n<td>SEDE BADALONA \u00abBETSAIDA\u00bb<\/td>\n<td>Tel. 931 990 390<\/td>\n<td><a class=\"groc\" href=\"mailto:badalona@casaldelsinfants.org\">badalona@casaldelsinfants.org<\/a><\/td>\n<\/tr>\n<tr>\n<td>SEDE SANTA COLOMA DE GRAMENET<\/td>\n<td>Tel. 931 980 716<\/td>\n<td><a class=\"groc\" href=\"mailto:santacolomag@casaldelsinfants.org\">santacolomag@casaldelsinfants.org<\/a><\/td>\n<\/tr>\n<tr>\n<td>SEDE BES\u00d2S &#8211; LA MINA<\/td>\n<td>Tel. 931 990 740<\/td>\n<td><a class=\"groc\" href=\"mailto:minabesos@casaldelsinfants.org\">minabesos@casaldelsinfants.org<\/a><a href=\"mailto:besos_lamina@casaldelsinfants.org\"> <\/a><\/td>\n<\/tr>\n<tr>\n<td>SEDE SALT<\/td>\n<td>Tel. 856 094 500<\/td>\n<td><a class=\"groc\" href=\"mailto:salt@casaldelsinfants.org\">salt@casaldelsinfants.org<\/a><\/td>\n<\/tr>\n<\/tbody>\n<\/table>\n<p>[\/et_pb_accordion_item][et_pb_accordion_item title=\u00bb\u00bfC\u00f3mo puedo hacerme socio\/a o hacer un donativo al Casal dels Infants?\u00bb open_toggle_text_color=\u00bb#FFFFFF\u00bb closed_toggle_background_color=\u00bbRGBA(255,255,255,0)\u00bb icon_color=\u00bb#F8AC00&#8243; toggle_icon=\u00bb&#x3b;||divi||400&#8243; _builder_version=\u00bb4.27.3&#8243; _module_preset=\u00bbdefault\u00bb hover_enabled=\u00bb0&#8243; border_width_all=\u00bb0px\u00bb border_width_bottom=\u00bb2px\u00bb border_color_bottom=\u00bb#F8AC00&#8243; global_colors_info=\u00bb{}\u00bb toggle_text_color=\u00bb#006450&#8243; toggle_font=\u00bbMyriadPro Regular||||||||\u00bb toggle_font_size=\u00bb20px\u00bb open=\u00bboff\u00bb sticky_enabled=\u00bb0&#8243;]<\/p>\n<p>Si quieres formar parte del Casal dels Infants como socio o socia, o realizar un donativo puntual, puedes hacerlo a trav\u00e9s de:<\/p>\n<p>Nuestro <a class=\"groc\" href=\"https:\/\/www.casaldelsinfants.org\/es\/dona-ahora\/\">formulario<\/a>online, que encontrar\u00e1s en nuestra p\u00e1gina web.<\/p>\n<p>Por tel\u00e9fono, llam\u00e1ndonos al 93 317 00 13.<\/p>\n<p>A trav\u00e9s de una transferencia a cualquiera de las siguientes cuentas bancarias: ES20 2100 3001 6225 0002 7076 \/ ES31 0182 4212 1602 0222 2876<\/p>\n<p>Inf\u00f3rmate <a class=\"groc\" href=\"https:\/\/www.casaldelsinfants.org\/es\/que-puedes-hacer-tu\/ventajas-fiscales\/\">aqu\u00ed<\/a>sobre las ventajas de desgravaci\u00f3n fiscal a las que podr\u00e1s acceder.<\/p>\n<p>[\/et_pb_accordion_item][et_pb_accordion_item title=\u00bb\u00bfPuedo desgravar mis donativos y\/o aportaciones peri\u00f3dicas al Casal dels Infants en la declaraci\u00f3n de IRPF?\u00bb open_toggle_text_color=\u00bb#FFFFFF\u00bb closed_toggle_background_color=\u00bbRGBA(255,255,255,0)\u00bb icon_color=\u00bb#F8AC00&#8243; toggle_icon=\u00bb&#x3b;||divi||400&#8243; _builder_version=\u00bb4.17.4&#8243; _module_preset=\u00bbdefault\u00bb border_width_all=\u00bb0px\u00bb border_width_bottom=\u00bb2px\u00bb border_color_bottom=\u00bb#F8AC00&#8243; global_colors_info=\u00bb{}\u00bb toggle_text_color=\u00bb#006450&#8243; toggle_font=\u00bbMyriadPro Regular||||||||\u00bb toggle_font_size=\u00bb20px\u00bb open=\u00bboff\u00bb]Puedes desgravar hasta el 95% de tu donativo en la declaraci\u00f3n de la renta en funci\u00f3n de la cantidad aportada y de los a\u00f1os que lleves realizando la misma colaboraci\u00f3n. Puedes consultar los beneficios fiscales <a class=\"groc\" href=\"https:\/\/www.casaldelsinfants.org\/es\/que-puedes-hacer-tu\/ventajas-fiscales\/\">aqu\u00ed<\/a>.<\/p>\n<p>Anualmente te enviaremos el certificado de tu aportaci\u00f3n a la direcci\u00f3n postal o correo electr\u00f3nico que nos hayas facilitado con este fin. Recuerda que para poder emitirlo es imprescindible que tengamos tu NIF\/CIF, adem\u00e1s de tus datos personales actualizados y tu c\u00f3digo postal.<\/p>\n<p>Si necesitas rectificar o verificar tus datos, por favor, ll\u00e1manos al 93 317 00 13, o env\u00edanos un mensaje de correo electr\u00f3nico a <a class=\"groc\" href=\"mailto:donatius@casaldelsinfants.org\">donatius@casaldelsinfants.org<\/a>.[\/et_pb_accordion_item][et_pb_accordion_item title=\u00bb\u00bfC\u00f3mo puedo informarme sobre las opciones de voluntariado o pr\u00e1cticas en el Casal dels Infants?\u00bb open_toggle_text_color=\u00bb#FFFFFF\u00bb closed_toggle_background_color=\u00bbRGBA(255,255,255,0)\u00bb icon_color=\u00bb#FFFFFF\u00bb toggle_icon=\u00bb&#x3b;||divi||400&#8243; use_icon_font_size=\u00bbon\u00bb icon_font_size=\u00bb13px\u00bb _builder_version=\u00bb4.25.1&#8243; _module_preset=\u00bbdefault\u00bb border_width_all=\u00bb0px\u00bb border_width_bottom=\u00bb2px\u00bb border_color_bottom=\u00bb#F8AC00&#8243; global_colors_info=\u00bb{}\u00bb toggle_text_color=\u00bb#006450&#8243; toggle_font=\u00bbMyriadPro Regular||||||||\u00bb toggle_font_size=\u00bb20px\u00bb open=\u00bboff\u00bb]<\/p>\n<p>Si quieres formar parte de las m\u00e1s de 1.000 personas voluntarias que hacen posible nuestros servicios socioeducativos, puedes apuntarte a una de las sesiones informativas que se organizan en nuestros distintos locales a trav\u00e9s del siguiente <a class=\"groc\" href=\"https:\/\/www.casaldelsinfants.org\/es\/que-puedes-hacer-tu\/voluntariado\/\">formulario<\/a>de inscripci\u00f3n.<\/p>\n<p>Si tienes inter\u00e9s en realizar pr\u00e1cticas en el Casal dels Infants, contacta con nosotros a trav\u00e9s de <a class=\"groc\" href=\"mailto:voluntariat@casaldelsinfants.org\">voluntariat@casaldelsinfants.org<\/a>.<\/p>\n<p>[\/et_pb_accordion_item][et_pb_accordion_item title=\u00bbTengo material de puericultura que querr\u00eda donar al Casal dels Infants.\u00bb open_toggle_text_color=\u00bb#FFFFFF\u00bb closed_toggle_background_color=\u00bbRGBA(255,255,255,0)\u00bb icon_color=\u00bb#F8AC00&#8243; toggle_icon=\u00bb&#x3b;||divi||400&#8243; _builder_version=\u00bb4.17.4&#8243; _module_preset=\u00bbdefault\u00bb border_width_all=\u00bb0px\u00bb border_width_bottom=\u00bb2px\u00bb border_color_bottom=\u00bb#F8AC00&#8243; global_colors_info=\u00bb{}\u00bb toggle_text_color=\u00bb#006450&#8243; toggle_font=\u00bbMyriadPro Regular||||||||\u00bb toggle_font_size=\u00bb20px\u00bb open=\u00bboff\u00bb]En nuestros servicios materno-infantiles participan madres con gran necesidad de material de puericultura y cuidado diario de sus beb\u00e9s. Material de uso muy corto y que representa un gasto muy alto que no se pueden permitir.<\/p>\n<p>Es por esto que aceptamos la donaci\u00f3n de todo tipo de material de puericultura, ropa y juguetes para beb\u00e9s de 0-3 a\u00f1os, siempre y cuando est\u00e9n en perfecto estado de conservaci\u00f3n y limpieza.<\/p>\n<p><u>Lugar de recepci\u00f3n<\/u>: c. C\/Junta de Comer\u00e7, 16, bajos &#8211; 08001 Barcelona<\/p>\n<p><u>Horario<\/u>: de lunes a jueves de 9.30h. a 14h. y de 15.30h. a 19h | Viernes de 9.30h. a 14h. y de 15.30h. a 18h.<\/p>\n<p>Por favor, contacta previamente con nosotros al 93 317 0013 o a trav\u00e9s de nuestro formulario de <a class=\"groc\" href=\"https:\/\/www.casaldelsinfants.org\/es\/form\/contact\">contacto<\/a>.<\/p>\n<p>Si eres una empresa, fundaci\u00f3n o una escuela y tienes una donaci\u00f3n de un volumen que requiera transporte, por favor contacta con nosotros previamente para coordinar los detalles de la recogida.[\/et_pb_accordion_item][et_pb_accordion_item title=\u00bbQuiero donar libros, material escolar, material deportivo y para actividades l\u00fadicas.\u00bb open_toggle_text_color=\u00bb#FFFFFF\u00bb closed_toggle_background_color=\u00bbRGBA(255,255,255,0)\u00bb icon_color=\u00bb#F8AC00&#8243; toggle_icon=\u00bb&#x3b;||divi||400&#8243; _builder_version=\u00bb4.17.4&#8243; _module_preset=\u00bbdefault\u00bb border_width_all=\u00bb0px\u00bb border_width_bottom=\u00bb2px\u00bb border_color_bottom=\u00bb#F8AC00&#8243; global_colors_info=\u00bb{}\u00bb toggle_text_color=\u00bb#006450&#8243; toggle_font=\u00bbMyriadPro Regular||||||||\u00bb toggle_font_size=\u00bb20px\u00bb open=\u00bboff\u00bb]Si tienes material educativo en buen estado que puedan ser de utilidad a nuestros servicios socioeducativos, como:<\/p>\n<p><strong>LIBROS ESCOLARES<\/strong>:<\/p>\n<ul>\n<li><strong>Libros de texto<\/strong> de todos los niveles escolares. En buen estado, no escritos y de una antig\u00fcedad m\u00e1xima de 2 a\u00f1os.<\/li>\n<li><strong>Cuentos infantiles<\/strong><\/li>\n<li><strong>Diccionarios<\/strong>de catal\u00e1n, castellano, ingl\u00e9s, u otras lenguas.<\/li>\n<li><strong>Atlas del mundo<\/strong><\/li>\n<\/ul>\n<p><strong>MATERIAL ESCOLAR<\/strong>:<\/p>\n<ul>\n<li>Bol\u00edgrafos, l\u00e1pices, gomas, maquinetas, tijeras<\/li>\n<li>Calculadoras, compases, reglas<\/li>\n<li>Libretas grandes y peque\u00f1as<\/li>\n<\/ul>\n<p><strong>MATERIAL L\u00daDICO<\/strong>:<\/p>\n<ul>\n<li>Material deportivo (pelotas, redes de voley, &#8230;)<\/li>\n<li>Material de excursi\u00f3n (mochilas, sacos de dormir, linternas&#8230;)<\/li>\n<\/ul>\n<p>Estaremos muy agradecidos de recibir tu donaci\u00f3n a:<\/p>\n<p><u>Lugar de recepci\u00f3n<\/u>: c. Junta de Comer\u00e7, 16, baixos &#8211; 08001 Barcelona<\/p>\n<p><u>Horario<\/u>: de lunes a jueves de 9.30h. a 14h. y de 15.30h. a 19h | Viernes de 9.30h. a 14h. y de 15.30h. a 18h.<\/p>\n<p>Si dispones de este tipo de material, por favor, contacta previamente con nosotros al 93 317 0013 o a trav\u00e9s de nuestro <a class=\"groc\" href=\"https:\/\/www.casaldelsinfants.org\/es\/form\/contact\">formulario<\/a>.<\/p>\n<p>Si eres una empresa, fundaci\u00f3n o una escuela y tienes una donaci\u00f3n de un volumen que requiera transporte, por favor contacta con nosotros previamente para coordinar los detalles de la recogida.[\/et_pb_accordion_item][et_pb_accordion_item title=\u00bbQuiero donar juguetes, ropa, alimentos, y\/o medicamentos.\u00bb open_toggle_text_color=\u00bb#FFFFFF\u00bb closed_toggle_background_color=\u00bbRGBA(255,255,255,0)\u00bb icon_color=\u00bb#F8AC00&#8243; toggle_icon=\u00bb&#x3b;||divi||400&#8243; _builder_version=\u00bb4.17.4&#8243; _module_preset=\u00bbdefault\u00bb border_width_all=\u00bb0px\u00bb border_width_bottom=\u00bb2px\u00bb border_color_bottom=\u00bb#F8AC00&#8243; global_colors_info=\u00bb{}\u00bb toggle_text_color=\u00bb#006450&#8243; toggle_font=\u00bbMyriadPro Regular||||||||\u00bb toggle_font_size=\u00bb20px\u00bb open=\u00bboff\u00bb]Desde hace bastante tiempo, y para evitar una acumulaci\u00f3n excesiva de material did\u00e1ctico que nos es imposible de almacenar, s\u00f3lo recogemos juguetes nuevos y durante la campa\u00f1a de Navidad (durante noviembre, diciembre y primera quincena de enero). Para nosotros es el mejor momento del a\u00f1o para renovar las ludotecas de los m\u00e1s peque\u00f1os, organizar las aulas y los locales y adecuarlos con las donaciones que nos llegan.<\/p>\n<p>En Navidad, tenemos una lista de juguetes y materiales did\u00e1cticos que los proyectos necesitan especialmente y que te podemos enviar por e-mail.<\/p>\n<p>Durante el resto del a\u00f1o nos vemos obligados a derivar las donaciones de juguetes a entidades que quiz\u00e1s pueden recibir continuadamente y que pueden hacer un buen uso. Si no pudieras esperar a realizar la donaci\u00f3n en diciembre, podr\u00edas probar con CARITAS (Crist\u00f3bal de Mora, 12 Tel. 93 303 41 00).<\/p>\n<p>Ante la imposibilidad de liberar el \u00fanico medio de transporte que tenemos en el Casal dels Infants, no hacemos recogida de donaciones.<\/p>\n<p>Si puedes acercarte a la Navidad, estamos en la c. de la Junta de Comer\u00e7, 16, bajos. Nuestro horario de atenci\u00f3n al p\u00fablico es de lunes a jueves de 9.30 ha 14 hy de 15.30 ha 19 hy viernes 9.30 ha 14 hy de 15.30 ha 18 h.<\/p>\n<p>Te agradeceremos que nos confirmes si, finalmente, decides llevarnos el donativo y no dudes en consultarnos cualquier otra cuesti\u00f3n.<br \/>\n[\/et_pb_accordion_item][et_pb_accordion_item title=\u00bbQuiero dar alimentos, ropa y\/o medicamentos.\u00bb open_toggle_text_color=\u00bb#FFFFFF\u00bb closed_toggle_background_color=\u00bbRGBA(255,255,255,0)\u00bb icon_color=\u00bb#000000&#8243; toggle_icon=\u00bb&#x3b;||divi||400&#8243; _builder_version=\u00bb4.25.1&#8243; _module_preset=\u00bbdefault\u00bb border_width_all=\u00bb0px\u00bb border_width_bottom=\u00bb2px\u00bb border_color_bottom=\u00bb#F8AC00&#8243; global_colors_info=\u00bb{}\u00bb toggle_text_color=\u00bb#006450&#8243; toggle_font=\u00bbMyriadPro Regular||||||||\u00bb toggle_font_size=\u00bb20px\u00bb open=\u00bboff\u00bb]<\/p>\n<p>Para evitar duplicaci\u00f3n de servicios en los barrios y en la ciudad, derivamos las donaciones de alimentos, ropa y\/o medicamentos a entidades que se dedican espec\u00edficamente a este tipo de servicio para las personas.<\/p>\n<p>Le recomendamos que se ponga en contacto con las entidades de su barrio que se dediquen a recoger este tipo de material y que puedan hacer un buen uso.<\/p>\n<p>[\/et_pb_accordion_item][\/et_pb_accordion][\/et_pb_column][\/et_pb_row][\/et_pb_section]<\/p>\n","protected":false},"excerpt":{"rendered":"<p>PREGUNTAS FRECUENTESPuedes contactar con nosotros desde la p\u00e1gina de contacto, o bien llamando a la sede central 93 317 00 13. Tambi\u00e9n puedes contactar con las diferentes sedes de los barrios en los que el Casal dels Infants act\u00faa. &nbsp; SEDE CENTRAL &#8211; BARCELONA CIUTAT Tel. 933 170 013 info@casaldelsinfants.org SEDE EL RAVAL &#8211; BARCELONA [&hellip;]<\/p>\n","protected":false},"author":3,"featured_media":0,"parent":5692,"menu_order":0,"comment_status":"closed","ping_status":"closed","template":"","meta":{"_acf_changed":false,"_et_pb_use_builder":"on","_et_pb_old_content":"","_et_gb_content_width":"","inline_featured_image":false,"footnotes":""},"seus":[],"eixos":[],"class_list":["post-5940","page","type-page","status-publish","hentry"],"acf":[],"yoast_head":"<!-- This site is optimized with the Yoast SEO plugin v27.4 - https:\/\/yoast.com\/product\/yoast-seo-wordpress\/ -->\n<title>Preguntas frecuentes | Casal dels Infants<\/title>\n<meta name=\"description\" content=\"Consulta nuestro apartado de Preguntas Frecuentes para conocer los tipos de donaci\u00f3n y los beneficios del voluntariado.\" \/>\n<meta name=\"robots\" content=\"index, follow, max-snippet:-1, max-image-preview:large, max-video-preview:-1\" \/>\n<link rel=\"canonical\" href=\"https:\/\/www.casaldelsinfants.org\/es\/quienes-somos\/preguntas-frecuentes\/\" \/>\n<meta property=\"og:locale\" content=\"es_ES\" \/>\n<meta property=\"og:type\" content=\"article\" \/>\n<meta property=\"og:title\" content=\"Preguntas frecuentes | Casal dels Infants\" \/>\n<meta property=\"og:description\" content=\"Consulta nuestro apartado de Preguntas Frecuentes para conocer los tipos de donaci\u00f3n y los beneficios del voluntariado.\" \/>\n<meta property=\"og:url\" content=\"https:\/\/www.casaldelsinfants.org\/es\/quienes-somos\/preguntas-frecuentes\/\" \/>\n<meta property=\"og:site_name\" content=\"Casal dels Infants\" \/>\n<meta property=\"article:publisher\" content=\"https:\/\/www.facebook.com\/casalinfants\" \/>\n<meta property=\"article:modified_time\" content=\"2025-01-22T11:22:38+00:00\" \/>\n<meta name=\"twitter:card\" content=\"summary_large_image\" \/>\n<meta name=\"twitter:site\" content=\"@casalinfants\" \/>\n<meta name=\"twitter:label1\" content=\"Tiempo de lectura\" \/>\n\t<meta name=\"twitter:data1\" content=\"8 minutos\" \/>\n<script type=\"application\/ld+json\" class=\"yoast-schema-graph\">{\"@context\":\"https:\\\/\\\/schema.org\",\"@graph\":[{\"@type\":\"WebPage\",\"@id\":\"https:\\\/\\\/www.casaldelsinfants.org\\\/es\\\/quienes-somos\\\/preguntas-frecuentes\\\/\",\"url\":\"https:\\\/\\\/www.casaldelsinfants.org\\\/es\\\/quienes-somos\\\/preguntas-frecuentes\\\/\",\"name\":\"Preguntas frecuentes | Casal dels Infants\",\"isPartOf\":{\"@id\":\"https:\\\/\\\/www.casaldelsinfants.org\\\/es\\\/#website\"},\"datePublished\":\"2022-08-05T05:19:28+00:00\",\"dateModified\":\"2025-01-22T11:22:38+00:00\",\"description\":\"Consulta nuestro apartado de Preguntas Frecuentes para conocer los tipos de donaci\u00f3n y los beneficios del voluntariado.\",\"breadcrumb\":{\"@id\":\"https:\\\/\\\/www.casaldelsinfants.org\\\/es\\\/quienes-somos\\\/preguntas-frecuentes\\\/#breadcrumb\"},\"inLanguage\":\"es\",\"potentialAction\":[{\"@type\":\"ReadAction\",\"target\":[\"https:\\\/\\\/www.casaldelsinfants.org\\\/es\\\/quienes-somos\\\/preguntas-frecuentes\\\/\"]}]},{\"@type\":\"BreadcrumbList\",\"@id\":\"https:\\\/\\\/www.casaldelsinfants.org\\\/es\\\/quienes-somos\\\/preguntas-frecuentes\\\/#breadcrumb\",\"itemListElement\":[{\"@type\":\"ListItem\",\"position\":1,\"name\":\"Inici\",\"item\":\"https:\\\/\\\/www.casaldelsinfants.org\\\/es\\\/\"},{\"@type\":\"ListItem\",\"position\":2,\"name\":\"Qui\u00e9nes somos\",\"item\":\"https:\\\/\\\/www.casaldelsinfants.org\\\/es\\\/quienes-somos\\\/\"},{\"@type\":\"ListItem\",\"position\":3,\"name\":\"Preguntas frecuentes\"}]},{\"@type\":\"WebSite\",\"@id\":\"https:\\\/\\\/www.casaldelsinfants.org\\\/es\\\/#website\",\"url\":\"https:\\\/\\\/www.casaldelsinfants.org\\\/es\\\/\",\"name\":\"Casal dels Infants\",\"description\":\"\",\"publisher\":{\"@id\":\"https:\\\/\\\/www.casaldelsinfants.org\\\/es\\\/#organization\"},\"potentialAction\":[{\"@type\":\"SearchAction\",\"target\":{\"@type\":\"EntryPoint\",\"urlTemplate\":\"https:\\\/\\\/www.casaldelsinfants.org\\\/es\\\/?s={search_term_string}\"},\"query-input\":{\"@type\":\"PropertyValueSpecification\",\"valueRequired\":true,\"valueName\":\"search_term_string\"}}],\"inLanguage\":\"es\"},{\"@type\":\"Organization\",\"@id\":\"https:\\\/\\\/www.casaldelsinfants.org\\\/es\\\/#organization\",\"name\":\"Casal dels Infants\",\"url\":\"https:\\\/\\\/www.casaldelsinfants.org\\\/es\\\/\",\"logo\":{\"@type\":\"ImageObject\",\"inLanguage\":\"es\",\"@id\":\"https:\\\/\\\/www.casaldelsinfants.org\\\/es\\\/#\\\/schema\\\/logo\\\/image\\\/\",\"url\":\"https:\\\/\\\/www.casaldelsinfants.org\\\/wp-content\\\/uploads\\\/logo-mail.png\",\"contentUrl\":\"https:\\\/\\\/www.casaldelsinfants.org\\\/wp-content\\\/uploads\\\/logo-mail.png\",\"width\":380,\"height\":158,\"caption\":\"Casal dels Infants\"},\"image\":{\"@id\":\"https:\\\/\\\/www.casaldelsinfants.org\\\/es\\\/#\\\/schema\\\/logo\\\/image\\\/\"},\"sameAs\":[\"https:\\\/\\\/www.facebook.com\\\/casalinfants\",\"https:\\\/\\\/x.com\\\/casalinfants\",\"https:\\\/\\\/www.youtube.com\\\/user\\\/CasaldelsInfants1\",\"https:\\\/\\\/www.instagram.com\\\/casalinfants\\\/\",\"https:\\\/\\\/www.linkedin.com\\\/company\\\/casaldelsinfants?trk=organization-update_share-update_actor-text\"]}]}<\/script>\n<!-- \/ Yoast SEO plugin. -->","yoast_head_json":{"title":"Preguntas frecuentes | Casal dels Infants","description":"Consulta nuestro apartado de Preguntas Frecuentes para conocer los tipos de donaci\u00f3n y los beneficios del voluntariado.","robots":{"index":"index","follow":"follow","max-snippet":"max-snippet:-1","max-image-preview":"max-image-preview:large","max-video-preview":"max-video-preview:-1"},"canonical":"https:\/\/www.casaldelsinfants.org\/es\/quienes-somos\/preguntas-frecuentes\/","og_locale":"es_ES","og_type":"article","og_title":"Preguntas frecuentes | Casal dels Infants","og_description":"Consulta nuestro apartado de Preguntas Frecuentes para conocer los tipos de donaci\u00f3n y los beneficios del voluntariado.","og_url":"https:\/\/www.casaldelsinfants.org\/es\/quienes-somos\/preguntas-frecuentes\/","og_site_name":"Casal dels Infants","article_publisher":"https:\/\/www.facebook.com\/casalinfants","article_modified_time":"2025-01-22T11:22:38+00:00","twitter_card":"summary_large_image","twitter_site":"@casalinfants","twitter_misc":{"Tiempo de lectura":"8 minutos"},"schema":{"@context":"https:\/\/schema.org","@graph":[{"@type":"WebPage","@id":"https:\/\/www.casaldelsinfants.org\/es\/quienes-somos\/preguntas-frecuentes\/","url":"https:\/\/www.casaldelsinfants.org\/es\/quienes-somos\/preguntas-frecuentes\/","name":"Preguntas frecuentes | Casal dels Infants","isPartOf":{"@id":"https:\/\/www.casaldelsinfants.org\/es\/#website"},"datePublished":"2022-08-05T05:19:28+00:00","dateModified":"2025-01-22T11:22:38+00:00","description":"Consulta nuestro apartado de Preguntas Frecuentes para conocer los tipos de donaci\u00f3n y los beneficios del voluntariado.","breadcrumb":{"@id":"https:\/\/www.casaldelsinfants.org\/es\/quienes-somos\/preguntas-frecuentes\/#breadcrumb"},"inLanguage":"es","potentialAction":[{"@type":"ReadAction","target":["https:\/\/www.casaldelsinfants.org\/es\/quienes-somos\/preguntas-frecuentes\/"]}]},{"@type":"BreadcrumbList","@id":"https:\/\/www.casaldelsinfants.org\/es\/quienes-somos\/preguntas-frecuentes\/#breadcrumb","itemListElement":[{"@type":"ListItem","position":1,"name":"Inici","item":"https:\/\/www.casaldelsinfants.org\/es\/"},{"@type":"ListItem","position":2,"name":"Qui\u00e9nes somos","item":"https:\/\/www.casaldelsinfants.org\/es\/quienes-somos\/"},{"@type":"ListItem","position":3,"name":"Preguntas frecuentes"}]},{"@type":"WebSite","@id":"https:\/\/www.casaldelsinfants.org\/es\/#website","url":"https:\/\/www.casaldelsinfants.org\/es\/","name":"Casal dels Infants","description":"","publisher":{"@id":"https:\/\/www.casaldelsinfants.org\/es\/#organization"},"potentialAction":[{"@type":"SearchAction","target":{"@type":"EntryPoint","urlTemplate":"https:\/\/www.casaldelsinfants.org\/es\/?s={search_term_string}"},"query-input":{"@type":"PropertyValueSpecification","valueRequired":true,"valueName":"search_term_string"}}],"inLanguage":"es"},{"@type":"Organization","@id":"https:\/\/www.casaldelsinfants.org\/es\/#organization","name":"Casal dels Infants","url":"https:\/\/www.casaldelsinfants.org\/es\/","logo":{"@type":"ImageObject","inLanguage":"es","@id":"https:\/\/www.casaldelsinfants.org\/es\/#\/schema\/logo\/image\/","url":"https:\/\/www.casaldelsinfants.org\/wp-content\/uploads\/logo-mail.png","contentUrl":"https:\/\/www.casaldelsinfants.org\/wp-content\/uploads\/logo-mail.png","width":380,"height":158,"caption":"Casal dels Infants"},"image":{"@id":"https:\/\/www.casaldelsinfants.org\/es\/#\/schema\/logo\/image\/"},"sameAs":["https:\/\/www.facebook.com\/casalinfants","https:\/\/x.com\/casalinfants","https:\/\/www.youtube.com\/user\/CasaldelsInfants1","https:\/\/www.instagram.com\/casalinfants\/","https:\/\/www.linkedin.com\/company\/casaldelsinfants?trk=organization-update_share-update_actor-text"]}]}},"publishpress_future_action":{"enabled":false,"date":"2026-05-08 21:26:26","action":"change-status","newStatus":"draft","terms":[],"taxonomy":"translation_priority","extraData":[]},"publishpress_future_workflow_manual_trigger":{"enabledWorkflows":[]},"_links":{"self":[{"href":"https:\/\/www.casaldelsinfants.org\/es\/wp-json\/wp\/v2\/pages\/5940","targetHints":{"allow":["GET"]}}],"collection":[{"href":"https:\/\/www.casaldelsinfants.org\/es\/wp-json\/wp\/v2\/pages"}],"about":[{"href":"https:\/\/www.casaldelsinfants.org\/es\/wp-json\/wp\/v2\/types\/page"}],"author":[{"embeddable":true,"href":"https:\/\/www.casaldelsinfants.org\/es\/wp-json\/wp\/v2\/users\/3"}],"replies":[{"embeddable":true,"href":"https:\/\/www.casaldelsinfants.org\/es\/wp-json\/wp\/v2\/comments?post=5940"}],"version-history":[{"count":26,"href":"https:\/\/www.casaldelsinfants.org\/es\/wp-json\/wp\/v2\/pages\/5940\/revisions"}],"predecessor-version":[{"id":31606,"href":"https:\/\/www.casaldelsinfants.org\/es\/wp-json\/wp\/v2\/pages\/5940\/revisions\/31606"}],"up":[{"embeddable":true,"href":"https:\/\/www.casaldelsinfants.org\/es\/wp-json\/wp\/v2\/pages\/5692"}],"wp:attachment":[{"href":"https:\/\/www.casaldelsinfants.org\/es\/wp-json\/wp\/v2\/media?parent=5940"}],"wp:term":[{"taxonomy":"seus","embeddable":true,"href":"https:\/\/www.casaldelsinfants.org\/es\/wp-json\/wp\/v2\/seus?post=5940"},{"taxonomy":"eixos","embeddable":true,"href":"https:\/\/www.casaldelsinfants.org\/es\/wp-json\/wp\/v2\/eixos?post=5940"}],"curies":[{"name":"wp","href":"https:\/\/api.w.org\/{rel}","templated":true}]}}