{"id":5944,"date":"2022-08-05T07:33:40","date_gmt":"2022-08-05T05:33:40","guid":{"rendered":"https:\/\/casal.puntzero.cat\/que-puedes-hacer-tu\/empresas-y-organizaciones\/"},"modified":"2025-11-03T12:35:51","modified_gmt":"2025-11-03T10:35:51","slug":"empresas-y-organizaciones","status":"publish","type":"page","link":"https:\/\/www.casaldelsinfants.org\/es\/que-puedes-hacer-tu\/empresas-y-organizaciones\/","title":{"rendered":"Como empresa o fundaci\u00f3n"},"content":{"rendered":"<p>[et_pb_section fb_built=\u00bb1&#8243; custom_padding_last_edited=\u00bboff|desktop\u00bb _builder_version=\u00bb4.17.6&#8243; _module_preset=\u00bbdefault\u00bb background_enable_image=\u00bboff\u00bb custom_margin=\u00bb0px||||false|false\u00bb custom_margin_tablet=\u00bb\u00bb custom_margin_phone=\u00bb||0px||false|false\u00bb custom_margin_last_edited=\u00bbon|desktop\u00bb custom_padding=\u00bb0px||||false|false\u00bb custom_padding_phone=\u00bb0px||0px||false|false\u00bb da_disable_devices=\u00bboff|off|off\u00bb collapsed=\u00bbon\u00bb global_colors_info=\u00bb{}\u00bb da_is_popup=\u00bboff\u00bb da_exit_intent=\u00bboff\u00bb da_has_close=\u00bbon\u00bb da_alt_close=\u00bboff\u00bb da_dark_close=\u00bboff\u00bb da_not_modal=\u00bbon\u00bb da_is_singular=\u00bboff\u00bb da_with_loader=\u00bboff\u00bb da_has_shadow=\u00bbon\u00bb][et_pb_row admin_label=\u00bbRow\u00bb _builder_version=\u00bb4.17.6&#8243; _module_preset=\u00bbdefault\u00bb background_image=\u00bbhttps:\/\/casaldelsinfants.org\/wp-content\/uploads\/empreses-cab.png\u00bb width=\u00bb100%\u00bb width_tablet=\u00bb100%\u00bb width_phone=\u00bb100%\u00bb width_last_edited=\u00bbon|desktop\u00bb max_width=\u00bb1440px\u00bb max_width_tablet=\u00bb2500px\u00bb max_width_phone=\u00bb2500px\u00bb max_width_last_edited=\u00bbon|tablet\u00bb height=\u00bb470px\u00bb height_tablet=\u00bb300px\u00bb height_phone=\u00bb300px\u00bb height_last_edited=\u00bbon|phone\u00bb custom_margin=\u00bb0px||||false|false\u00bb custom_margin_tablet=\u00bb-25px||||false|false\u00bb custom_margin_phone=\u00bb0px||0px||false|false\u00bb custom_margin_last_edited=\u00bbon|tablet\u00bb custom_padding=\u00bb0px||0px||true|false\u00bb background_last_edited=\u00bbon|phone\u00bb background_size_tablet=\u00bbcontain\u00bb global_colors_info=\u00bb{}\u00bb][et_pb_column type=\u00bb4_4&#8243; _builder_version=\u00bb4.17.4&#8243; _module_preset=\u00bbdefault\u00bb global_colors_info=\u00bb{}\u00bb][et_pb_text disabled_on=\u00bbon|off|off\u00bb _builder_version=\u00bb4.17.4&#8243; _module_preset=\u00bbdefault\u00bb text_text_color=\u00bb#FFFFFF\u00bb text_font_size=\u00bb32px\u00bb custom_margin=\u00bb150px||||false|false\u00bb global_colors_info=\u00bb{}\u00bb]<\/p>\n<p class=\"text-sombra\" style=\"text-align: center;\">EMPRESAS Y ORGANIZACIONES<\/p>\n<p class=\"text-sombra\" style=\"text-align: center;\">Descubrid c\u00f3mo pod\u00e9is colaborar<\/p>\n<p>[\/et_pb_text][et_pb_text disabled_on=\u00bboff|on|on\u00bb _builder_version=\u00bb4.17.6&#8243; _module_preset=\u00bbdefault\u00bb text_text_color=\u00bb#FFFFFF\u00bb text_font_size=\u00bb20px\u00bb custom_margin=\u00bb130px||||false|false\u00bb global_colors_info=\u00bb{}\u00bb]<\/p>\n<p class=\"text-sombra\" style=\"text-align: center;\">EMPRESAS Y ORGANIZACIONES<\/p>\n<p>[\/et_pb_text][\/et_pb_column][\/et_pb_row][\/et_pb_section][et_pb_section fb_built=\u00bb1&#8243; _builder_version=\u00bb4.17.4&#8243; _module_preset=\u00bbdefault\u00bb custom_padding=\u00bb0px||0px|||\u00bb da_disable_devices=\u00bboff|off|off\u00bb collapsed=\u00bboff\u00bb global_colors_info=\u00bb{}\u00bb da_is_popup=\u00bboff\u00bb da_exit_intent=\u00bboff\u00bb da_has_close=\u00bbon\u00bb da_alt_close=\u00bboff\u00bb da_dark_close=\u00bboff\u00bb da_not_modal=\u00bbon\u00bb da_is_singular=\u00bboff\u00bb da_with_loader=\u00bboff\u00bb da_has_shadow=\u00bbon\u00bb][et_pb_row column_structure=\u00bb3_4,1_4&#8243; _builder_version=\u00bb4.17.6&#8243; _module_preset=\u00bbdefault\u00bb custom_margin_tablet=\u00bb\u00bb custom_margin_phone=\u00bb0px||0px||false|false\u00bb custom_margin_last_edited=\u00bbon|phone\u00bb custom_padding=\u00bb0px||0px||false|false\u00bb global_colors_info=\u00bb{}\u00bb][et_pb_column type=\u00bb3_4&#8243; _builder_version=\u00bb4.17.4&#8243; _module_preset=\u00bbdefault\u00bb global_colors_info=\u00bb{}\u00bb][et_pb_text _builder_version=\u00bb4.27.3&#8243; _module_preset=\u00bbdefault\u00bb text_font=\u00bbMyriadPro Regular||||||||\u00bb text_text_color=\u00bb#006450&#8243; header_2_font=\u00bbMyriadPro Light||||||||\u00bb header_2_text_color=\u00bb#006450&#8243; header_2_font_size=\u00bb36px\u00bb custom_margin=\u00bb||2px|||\u00bb hover_enabled=\u00bb0&#8243; global_colors_info=\u00bb{}\u00bb sticky_enabled=\u00bb0&#8243;]<\/p>\n<h2 class=\"title-principal groc\">BUSCAMOS ALIANZAS QUE SUMEN<\/h2>\n<p>&nbsp;<\/p>\n<p>Gracias a la implicaci\u00f3n de empresas y organizaciones, que suman sus esfuerzos a los nuestros, somos capaces de llevar a cabo gran parte de nuestro trabajo. Gracias a vuestra colaboraci\u00f3n, desde diferentes \u00e1mbitos, hac\u00e9is posible la continuidad de muchos programas educativos, y el impulso de nuevas iniciativas que dan respuesta a muchas familias, que necesitan una mano para poder ayudar, a sus hijos e hijas, a salir adelante.<\/p>\n<p>Por todo esto aix\u00f2, en el Casal dels Infants nos esforzamos para construir alianzas duraderas basadas en los principios de equidad, transparencia y de beneficio mutuo. Alianzas que puedan ampliarse y generar sinergias entre ambas organizaciones. Os invitamos a formar parte de nuestra Red de Empresas Ciudadanas.  <\/p>\n<p><strong>Contactad con nosotros:<\/strong><br \/>Cristina Savin | <a href=\"mailto:empreses@casaldelsinfants.org\">empreses@casaldelsinfants.org<\/a><br \/><a href=\"tel:+34%20933170013\">Telf. 933 170 013<\/a><\/p>\n<p>[\/et_pb_text][\/et_pb_column][et_pb_column type=\u00bb1_4&#8243; disabled_on=\u00bbon|off|off\u00bb _builder_version=\u00bb4.17.6&#8243; _module_preset=\u00bbdefault\u00bb global_colors_info=\u00bb{}\u00bb][et_pb_image src=\u00bbhttps:\/\/casaldelsinfants.org\/wp-content\/uploads\/xarxa-empreses.png\u00bb title_text=\u00bbxarxa-empreses\u00bb _builder_version=\u00bb4.17.4&#8243; _module_preset=\u00bbdefault\u00bb global_colors_info=\u00bb{}\u00bb][\/et_pb_image][et_pb_text _builder_version=\u00bb4.20.2&#8243; _module_preset=\u00bbdefault\u00bb header_3_font=\u00bbMyriadPro Regular||||||||\u00bb header_3_text_align=\u00bbcenter\u00bb header_3_font_size=\u00bb23px\u00bb header_4_font=\u00bbMyriadPro Regular||||||||\u00bb header_4_text_color=\u00bb#006450&#8243; header_4_font_size=\u00bb21px\u00bb custom_margin=\u00bb||18px|||\u00bb global_colors_info=\u00bb{}\u00bb]<\/p>\n<h4 class=\"\">Formad parte de nuestra<\/h4>\n<h3><a class=\"groc hover-verd\" href=\"https:\/\/www.casaldelsinfants.org\/es\/nuestros-colaboradores\/\">RED DE EMPRESAS CIUDADANAS<\/a><\/h3>\n<p>[\/et_pb_text][et_pb_text module_class=\u00bbboto-lateral-empreses\u00bb _builder_version=\u00bb4.27.3&#8243; _module_preset=\u00bbdefault\u00bb header_3_font=\u00bbMyriadPro Regular||||||||\u00bb header_3_text_color=\u00bb#FFFFFF\u00bb header_3_font_size=\u00bb23px\u00bb header_4_font=\u00bbMyriadPro Regular||||||||\u00bb header_4_text_color=\u00bb#FFFFFF\u00bb background_color=\u00bb#006450&#8243; custom_margin=\u00bb||11px|||\u00bb custom_padding=\u00bb15px||5px||false|false\u00bb hover_enabled=\u00bb0&#8243; locked=\u00bboff\u00bb global_colors_info=\u00bb{}\u00bb header_3_text_color__hover_enabled=\u00bbon|hover\u00bb header_3_text_color__hover=\u00bb#FFFFFF\u00bb header_4_text_color__hover_enabled=\u00bbon|hover\u00bb header_4_text_color__hover=\u00bb#FFFFFF\u00bb background__hover_enabled=\u00bbon|desktop\u00bb background_color__hover=\u00bb#FFFFFF\u00bb background_enable_color__hover=\u00bbon\u00bb sticky_enabled=\u00bb0&#8243;]<\/p>\n<h4 class=\"\" style=\"text-align: center;\"><a href=\"es\/que-puedes-hacer-tu\/ventajas-fiscales\/\">INFORMAROS SOBRE LAS<\/a><\/h4>\n<h3 style=\"text-align: center;\"><a href=\"https:\/\/www.casaldelsinfants.org\/es\/que-puedes-hacer-tu\/ventajas-fiscales\/\">VENTAJAS FISCALES<\/a><\/h3>\n<p>[\/et_pb_text][et_pb_text _builder_version=\u00bb4.27.3&#8243; _module_preset=\u00bbdefault\u00bb text_font=\u00bbMyriadPro Regular||||||||\u00bb background_color=\u00bb#fde1ab\u00bb custom_padding=\u00bb15px||11px||false|false\u00bb hover_enabled=\u00bb0&#8243; global_colors_info=\u00bb{}\u00bb locked=\u00bboff\u00bb custom_margin=\u00bb||12px||false|false\u00bb custom_margin_last_edited=\u00bbon|desktop\u00bb custom_padding_last_edited=\u00bbon|desktop\u00bb sticky_enabled=\u00bb0&#8243; custom_margin_tablet=\u00bb||12px||false|false\u00bb custom_margin_phone=\u00bb||12px||false|false\u00bb custom_padding_tablet=\u00bb15px||11px||false|false\u00bb custom_padding_phone=\u00bb15px||11px||false|false\u00bb]<\/p>\n<p class=\"verd\" style=\"text-align: center;\"><strong>CONTACTA CON<br \/>NOSOTROS<\/strong><\/p>\n<div style=\"text-align: center;\">\n<p class=\"groc\"><a href=\"mailto:empreses@casaldelsinfants.org\">empreses@casaldelsinfants.org<\/a><\/p>\n<\/div>\n<p style=\"text-align: center;\"><a href=\"tel:+34%20933170013\">Telf. 933 170 013<\/a><\/p>\n<p>[\/et_pb_text][et_pb_text module_class=\u00bbbtn-seguiu-nos\u00bb _builder_version=\u00bb4.27.3&#8243; _module_preset=\u00bbdefault\u00bb header_4_font=\u00bbMyriadPro Semibold||||||||\u00bb header_4_text_color=\u00bb#FFFFFF\u00bb header_4_font_size=\u00bb26px\u00bb background_color=\u00bb#F8AC00&#8243; custom_margin=\u00bb||||false|false\u00bb custom_padding=\u00bb10px|||20px|false|false\u00bb hover_enabled=\u00bb0&#8243; global_colors_info=\u00bb{}\u00bb header_4_text_color__hover_enabled=\u00bbon|desktop\u00bb header_4_text_color__hover=\u00bb#F8AC00&#8243; background__hover_enabled=\u00bbon|desktop\u00bb background_color__hover=\u00bb#FFFFFF\u00bb background_enable_color__hover=\u00bbon\u00bb link_option_url=\u00bbhttps:\/\/www.linkedin.com\/company\/casaldelsinfants\u00bb link_option_url_new_window=\u00bbon\u00bb sticky_enabled=\u00bb0&#8243; locked=\u00bboff\u00bb]<\/p>\n<div style=\"display: flex;\">\n<p><a href=\"https:\/\/www.linkedin.com\/company\/casaldelsinfants\"><img decoding=\"async\" style=\"width: 44px; margin-right: 15px;\" src=\"https:\/\/www.casaldelsinfants.org\/wp-content\/uploads\/linked-in-1.webp\" alt=\"S\u00edguenos\"><\/a><\/p>\n<p>&nbsp;<\/p>\n<h4 class=\"title\" style=\"margin-top: 10px;\"><a href=\"https:\/\/www.linkedin.com\/company\/casaldelsinfants\"> S\u00edguenos <\/a><\/h4>\n<p><a class=\"btn-theme\" href=\"https:\/\/www.linkedin.com\/company\/casaldelsinfants\"><\/a><\/p>\n<\/div>\n<p>[\/et_pb_text][\/et_pb_column][\/et_pb_row][\/et_pb_section][et_pb_section fb_built=\u00bb1&#8243; _builder_version=\u00bb4.17.4&#8243; _module_preset=\u00bbdefault\u00bb custom_padding=\u00bb3px|||||\u00bb da_disable_devices=\u00bboff|off|off\u00bb collapsed=\u00bboff\u00bb global_colors_info=\u00bb{}\u00bb da_is_popup=\u00bboff\u00bb da_exit_intent=\u00bboff\u00bb da_has_close=\u00bbon\u00bb da_alt_close=\u00bboff\u00bb da_dark_close=\u00bboff\u00bb da_not_modal=\u00bbon\u00bb da_is_singular=\u00bboff\u00bb da_with_loader=\u00bboff\u00bb da_has_shadow=\u00bbon\u00bb][et_pb_row _builder_version=\u00bb4.17.4&#8243; _module_preset=\u00bbdefault\u00bb collapsed=\u00bbon\u00bb global_colors_info=\u00bb{}\u00bb][et_pb_column type=\u00bb4_4&#8243; _builder_version=\u00bb4.17.4&#8243; _module_preset=\u00bbdefault\u00bb global_colors_info=\u00bb{}\u00bb][et_pb_text _builder_version=\u00bb4.17.4&#8243; _module_preset=\u00bbdefault\u00bb header_font=\u00bbMyriadPro Light||||||||\u00bb header_font_size=\u00bb38px\u00bb header_2_font_size=\u00bb38px\u00bb global_colors_info=\u00bb{}\u00bb]<\/p>\n<h2 class=\"title\"><span class=\"\">Descubrid c\u00f3mo pod\u00e9is colaborar como empresa<\/span><\/h2>\n<p>[\/et_pb_text][\/et_pb_column][\/et_pb_row][et_pb_row column_structure=\u00bb1_4,1_4,1_4,1_4&#8243; use_custom_gutter=\u00bbon\u00bb gutter_width=\u00bb2&#8243; make_equal=\u00bbon\u00bb _builder_version=\u00bb4.17.6&#8243; _module_preset=\u00bbdefault\u00bb global_colors_info=\u00bb{}\u00bb][et_pb_column type=\u00bb1_4&#8243; module_class=\u00bbempreses-i-organitzacions-hover\u00bb _builder_version=\u00bb4.17.6&#8243; _dynamic_attributes=\u00bblink_option_url\u00bb _module_preset=\u00bbdefault\u00bb background_color=\u00bb#fde1ab\u00bb custom_padding=\u00bb||||false|false\u00bb link_option_url=\u00bb@ET-DC@eyJkeW5hbWljIjp0cnVlLCJjb250ZW50IjoicG9zdF9saW5rX3VybF9wYWdlIiwic2V0dGluZ3MiOnsicG9zdF9pZCI6IjE2NjAiLCJlbmFibGVfaHRtbCI6Im9mZiJ9fQ==@\u00bb global_colors_info=\u00bb{}\u00bb background__hover_enabled=\u00bbon|desktop\u00bb background_color__hover=\u00bb#F8AC00&#8243; background_enable_color__hover=\u00bbon\u00bb][et_pb_text _builder_version=\u00bb4.17.6&#8243; _module_preset=\u00bbdefault\u00bb text_font=\u00bbMyriadPro Bold||||||||\u00bb text_text_color=\u00bb#006450&#8243; text_font_size=\u00bb20px\u00bb custom_margin=\u00bb||12px|||\u00bb custom_padding=\u00bb11px|10px||10px|false|true\u00bb global_colors_info=\u00bb{}\u00bb text_text_color__hover_enabled=\u00bbon|hover\u00bb text_text_color__hover=\u00bb#FFFFFF\u00bb]<\/p>\n<p style=\"text-align: center;\"><span>APOYO A LOS PROGRAMAS EDUCATIVOS<\/span><\/p>\n<p>[\/et_pb_text][et_pb_image src=\u00bbhttps:\/\/casaldelsinfants.org\/wp-content\/uploads\/programe-educatius.jpg\u00bb title_text=\u00bbprogramas-educativos\u00bb _builder_version=\u00bb4.17.4&#8243; _module_preset=\u00bbdefault\u00bb custom_margin=\u00bb||12px|||\u00bb global_colors_info=\u00bb{}\u00bb][\/et_pb_image][et_pb_text _builder_version=\u00bb4.17.4&#8243; _module_preset=\u00bbdefault\u00bb text_font=\u00bbMyriadPro Regular||||||||\u00bb text_text_color=\u00bb#006450&#8243; custom_padding=\u00bb|15px|15px|15px|false|true\u00bb global_colors_info=\u00bb{}\u00bb]<\/p>\n<p><span><strong>Colaborad financiando nuestros programas educativos<\/strong> <span>dirigidos a la peque\u00f1a infancia, ni\u00f1os, ni\u00f1as, adolescentes y j\u00f3venes, en los que encontrar\u00e1n el impulso que necesitan para salir adelante.<\/span><\/span><\/p>\n<p>[\/et_pb_text][\/et_pb_column][et_pb_column type=\u00bb1_4&#8243; module_class=\u00bbempreses-i-organitzacions-hover\u00bb _builder_version=\u00bb4.17.6&#8243; _dynamic_attributes=\u00bblink_option_url\u00bb _module_preset=\u00bbdefault\u00bb background_color=\u00bb#fde1ab\u00bb custom_padding=\u00bb||||false|false\u00bb link_option_url=\u00bb@ET-DC@eyJkeW5hbWljIjp0cnVlLCJjb250ZW50IjoicG9zdF9saW5rX3VybF9wYWdlIiwic2V0dGluZ3MiOnsicG9zdF9pZCI6IjE2NzQiLCJlbmFibGVfaHRtbCI6Im9mZiJ9fQ==@\u00bb global_colors_info=\u00bb{}\u00bb background_color__hover=\u00bb#F8AC00&#8243; background_enable_color__hover=\u00bbon\u00bb background__hover_enabled=\u00bbon|hover\u00bb][et_pb_text _builder_version=\u00bb4.17.6&#8243; _module_preset=\u00bbdefault\u00bb text_font=\u00bbMyriadPro Bold||||||||\u00bb text_text_color=\u00bb#006450&#8243; text_font_size=\u00bb20px\u00bb custom_margin=\u00bb||12px|||\u00bb custom_padding=\u00bb11px|10px||10px|false|true\u00bb global_colors_info=\u00bb{}\u00bb text_text_color__hover=\u00bb#FFFFFF\u00bb text_text_color__hover_enabled=\u00bbon|hover\u00bb]<\/p>\n<p style=\"text-align: center;\"><span>APOYO A LA FORMACI\u00d3N E INSERCI\u00d3N<\/span><\/p>\n<p>[\/et_pb_text][et_pb_image src=\u00bbhttps:\/\/casaldelsinfants.org\/wp-content\/uploads\/formacio.jpg\u00bb title_text=\u00bbprogramas-educativos\u00bb _builder_version=\u00bb4.17.4&#8243; _module_preset=\u00bbdefault\u00bb custom_margin=\u00bb||12px|||\u00bb global_colors_info=\u00bb{}\u00bb][\/et_pb_image][et_pb_text _builder_version=\u00bb4.17.4&#8243; _module_preset=\u00bbdefault\u00bb text_font=\u00bbMyriadPro Regular||||||||\u00bb text_text_color=\u00bb#006450&#8243; custom_padding=\u00bb|15px|15px|15px|false|true\u00bb global_colors_info=\u00bb{}\u00bb]<\/p>\n<p><span>Colaborad facilitando la<\/span><strong><span> <\/span>formaci\u00f3n pr\u00e1ctica<\/strong><span> en vuestra empresa, <\/span><strong>compartiendo vuestro conocimiento<\/strong><span> profesional o<\/span><strong><span> <\/span>financiando cursos<\/strong><span> de formaci\u00f3n.<\/span><\/p>\n<p>[\/et_pb_text][\/et_pb_column][et_pb_column type=\u00bb1_4&#8243; module_class=\u00bbempreses-i-organitzacions-hover\u00bb _builder_version=\u00bb4.17.6&#8243; _dynamic_attributes=\u00bblink_option_url\u00bb _module_preset=\u00bbdefault\u00bb background_color=\u00bb#fde1ab\u00bb custom_padding=\u00bb||||false|false\u00bb link_option_url=\u00bb@ET-DC@eyJkeW5hbWljIjp0cnVlLCJjb250ZW50IjoicG9zdF9saW5rX3VybF9wYWdlIiwic2V0dGluZ3MiOnsicG9zdF9pZCI6IjE3MjQiLCJlbmFibGVfaHRtbCI6Im9mZiJ9fQ==@\u00bb global_colors_info=\u00bb{}\u00bb background_color__hover=\u00bb#F8AC00&#8243; background_enable_color__hover=\u00bbon\u00bb background__hover_enabled=\u00bbon|desktop\u00bb][et_pb_text _builder_version=\u00bb4.17.6&#8243; _module_preset=\u00bbdefault\u00bb text_font=\u00bbMyriadPro Bold||||||||\u00bb text_text_color=\u00bb#006450&#8243; text_font_size=\u00bb20px\u00bb custom_margin=\u00bb||12px|||\u00bb custom_padding=\u00bb11px|10px||10px|false|true\u00bb global_colors_info=\u00bb{}\u00bb text_text_color__hover=\u00bb#FFFFFF\u00bb text_text_color__hover_enabled=\u00bbon|hover\u00bb]<\/p>\n<p style=\"text-align: center;\"><span>INICIATIVAS DE MARKETING CON CAUSA<\/span><\/p>\n<p>[\/et_pb_text][et_pb_image src=\u00bbhttps:\/\/casaldelsinfants.org\/wp-content\/uploads\/marketing.jpg\u00bb title_text=\u00bbprogramas-educativos\u00bb _builder_version=\u00bb4.17.4&#8243; _module_preset=\u00bbdefault\u00bb custom_margin=\u00bb||12px|||\u00bb global_colors_info=\u00bb{}\u00bb][\/et_pb_image][et_pb_text _builder_version=\u00bb4.17.4&#8243; _module_preset=\u00bbdefault\u00bb text_font=\u00bbMyriadPro Regular||||||||\u00bb text_text_color=\u00bb#006450&#8243; custom_padding=\u00bb|15px|15px|15px|false|true\u00bb global_colors_info=\u00bb{}\u00bb]<\/p>\n<p><span>A trav\u00e9s de <\/span><strong>campa\u00f1as <span> <\/span><\/strong><span>o<\/span><strong><span> <\/span>acciones diversas de marketing con causa<\/strong><span> o<\/span><strong><span> <\/span>co-branding,<\/strong><span>, compartid vuestro compromiso.<\/span><\/p>\n<p>[\/et_pb_text][\/et_pb_column][et_pb_column type=\u00bb1_4&#8243; module_class=\u00bbempreses-i-organitzacions-hover\u00bb _builder_version=\u00bb4.17.6&#8243; _dynamic_attributes=\u00bblink_option_url\u00bb _module_preset=\u00bbdefault\u00bb background_color=\u00bb#fde1ab\u00bb custom_padding=\u00bb||||false|false\u00bb link_option_url=\u00bb@ET-DC@eyJkeW5hbWljIjp0cnVlLCJjb250ZW50IjoicG9zdF9saW5rX3VybF9wYWdlIiwic2V0dGluZ3MiOnsicG9zdF9pZCI6IjE3MDciLCJlbmFibGVfaHRtbCI6Im9mZiJ9fQ==@\u00bb global_colors_info=\u00bb{}\u00bb background_color__hover=\u00bb#F8AC00&#8243; background_enable_color__hover=\u00bbon\u00bb background__hover_enabled=\u00bbon|desktop\u00bb][et_pb_text _builder_version=\u00bb4.17.6&#8243; _module_preset=\u00bbdefault\u00bb text_font=\u00bbMyriadPro Bold||||||||\u00bb text_text_color=\u00bb#006450&#8243; text_font_size=\u00bb20px\u00bb custom_margin=\u00bb||12px|||\u00bb custom_padding=\u00bb11px|10px||10px|false|true\u00bb global_colors_info=\u00bb{}\u00bb text_text_color__hover=\u00bb#FFFFFF\u00bb text_text_color__hover_enabled=\u00bbon|hover\u00bb]<\/p>\n<p style=\"text-align: center;\"><span>HACED EQUIPO, COLABORAD EN EQUIPO<\/span><\/p>\n<p>[\/et_pb_text][et_pb_image src=\u00bbhttps:\/\/casaldelsinfants.org\/wp-content\/uploads\/fes-equip.jpg\u00bb title_text=\u00bbprogramas-educativos\u00bb _builder_version=\u00bb4.17.4&#8243; _module_preset=\u00bbdefault\u00bb custom_margin=\u00bb||12px|||\u00bb global_colors_info=\u00bb{}\u00bb][\/et_pb_image][et_pb_text _builder_version=\u00bb4.17.4&#8243; _module_preset=\u00bbdefault\u00bb text_font=\u00bbMyriadPro Regular||||||||\u00bb text_text_color=\u00bb#006450&#8243; custom_padding=\u00bb|15px|15px|15px|false|true\u00bb global_colors_info=\u00bb{}\u00bb]<\/p>\n<p><span>Organizad en equipo campa\u00f1as de <\/span><strong>microdonaciones <\/strong><span> o otras acciones de<\/span><strong>teaming<\/strong><span> con las que, como equipo, puede hacer grandes cosas.<\/span><\/p>\n<p>[\/et_pb_text][\/et_pb_column][\/et_pb_row][\/et_pb_section]<\/p>\n","protected":false},"excerpt":{"rendered":"<p>EMPRESAS Y ORGANIZACIONES Descubrid c\u00f3mo pod\u00e9is colaborarEMPRESAS Y ORGANIZACIONESBUSCAMOS ALIANZAS QUE SUMEN &nbsp; Gracias a la implicaci\u00f3n de empresas y organizaciones, que suman sus esfuerzos a los nuestros, somos capaces de llevar a cabo gran parte de nuestro trabajo. Gracias a vuestra colaboraci\u00f3n, desde diferentes \u00e1mbitos, hac\u00e9is posible la continuidad de muchos programas educativos, y [&hellip;]<\/p>\n","protected":false},"author":3,"featured_media":0,"parent":8671,"menu_order":0,"comment_status":"closed","ping_status":"closed","template":"","meta":{"_acf_changed":false,"_et_pb_use_builder":"on","_et_pb_old_content":"","_et_gb_content_width":"","inline_featured_image":false,"footnotes":""},"seus":[],"eixos":[],"class_list":["post-5944","page","type-page","status-publish","hentry"],"acf":[],"yoast_head":"<!-- This site is optimized with the Yoast SEO plugin v27.4 - https:\/\/yoast.com\/product\/yoast-seo-wordpress\/ -->\n<title>Empresas donantes | Casal dels Infants<\/title>\n<meta name=\"description\" content=\"Puedes formar parte de las empresas que colaboran con el Casal y apoyar a ni\u00f1os, ni\u00f1as, j\u00f3venes y familias en riesgo de exclusi\u00f3n social.\" \/>\n<meta name=\"robots\" content=\"index, follow, max-snippet:-1, max-image-preview:large, max-video-preview:-1\" \/>\n<link rel=\"canonical\" href=\"https:\/\/www.casaldelsinfants.org\/es\/que-puedes-hacer-tu\/empresas-y-organizaciones\/\" \/>\n<meta property=\"og:locale\" content=\"es_ES\" \/>\n<meta property=\"og:type\" content=\"article\" \/>\n<meta property=\"og:title\" content=\"Empresas donantes para fundaciones | Casal dels Infants\" \/>\n<meta property=\"og:description\" content=\"Puedes formar parte de las empresas que colaboran con fundaciones y apoyar a las personas en riesgo de exclusi\u00f3n social.\" \/>\n<meta property=\"og:url\" content=\"https:\/\/www.casaldelsinfants.org\/es\/que-puedes-hacer-tu\/empresas-y-organizaciones\/\" \/>\n<meta property=\"og:site_name\" content=\"Casal dels Infants\" \/>\n<meta property=\"article:publisher\" content=\"https:\/\/www.facebook.com\/casalinfants\" \/>\n<meta property=\"article:modified_time\" content=\"2025-11-03T10:35:51+00:00\" \/>\n<meta property=\"og:image\" content=\"https:\/\/www.casaldelsinfants.org\/wp-content\/uploads\/linked-in-1.webp\" \/>\n<meta name=\"twitter:card\" content=\"summary_large_image\" \/>\n<meta name=\"twitter:title\" content=\"Empresas donantes para fundaciones | Casal dels Infants\" \/>\n<meta name=\"twitter:description\" content=\"Puedes formar parte de las empresas que colaboran con fundaciones y apoyar a las personas en riesgo de exclusi\u00f3n social.\" \/>\n<meta name=\"twitter:site\" content=\"@casalinfants\" \/>\n<meta name=\"twitter:label1\" content=\"Tiempo de lectura\" \/>\n\t<meta name=\"twitter:data1\" content=\"4 minutos\" \/>\n<script type=\"application\/ld+json\" class=\"yoast-schema-graph\">{\"@context\":\"https:\\\/\\\/schema.org\",\"@graph\":[{\"@type\":\"WebPage\",\"@id\":\"https:\\\/\\\/www.casaldelsinfants.org\\\/es\\\/que-puedes-hacer-tu\\\/empresas-y-organizaciones\\\/\",\"url\":\"https:\\\/\\\/www.casaldelsinfants.org\\\/es\\\/que-puedes-hacer-tu\\\/empresas-y-organizaciones\\\/\",\"name\":\"Empresas donantes | Casal dels Infants\",\"isPartOf\":{\"@id\":\"https:\\\/\\\/www.casaldelsinfants.org\\\/es\\\/#website\"},\"primaryImageOfPage\":{\"@id\":\"https:\\\/\\\/www.casaldelsinfants.org\\\/es\\\/que-puedes-hacer-tu\\\/empresas-y-organizaciones\\\/#primaryimage\"},\"image\":{\"@id\":\"https:\\\/\\\/www.casaldelsinfants.org\\\/es\\\/que-puedes-hacer-tu\\\/empresas-y-organizaciones\\\/#primaryimage\"},\"thumbnailUrl\":\"https:\\\/\\\/www.casaldelsinfants.org\\\/wp-content\\\/uploads\\\/linked-in-1.webp\",\"datePublished\":\"2022-08-05T05:33:40+00:00\",\"dateModified\":\"2025-11-03T10:35:51+00:00\",\"description\":\"Puedes formar parte de las empresas que colaboran con el Casal y apoyar a ni\u00f1os, ni\u00f1as, j\u00f3venes y familias en riesgo de exclusi\u00f3n social.\",\"breadcrumb\":{\"@id\":\"https:\\\/\\\/www.casaldelsinfants.org\\\/es\\\/que-puedes-hacer-tu\\\/empresas-y-organizaciones\\\/#breadcrumb\"},\"inLanguage\":\"es\",\"potentialAction\":[{\"@type\":\"ReadAction\",\"target\":[\"https:\\\/\\\/www.casaldelsinfants.org\\\/es\\\/que-puedes-hacer-tu\\\/empresas-y-organizaciones\\\/\"]}]},{\"@type\":\"ImageObject\",\"inLanguage\":\"es\",\"@id\":\"https:\\\/\\\/www.casaldelsinfants.org\\\/es\\\/que-puedes-hacer-tu\\\/empresas-y-organizaciones\\\/#primaryimage\",\"url\":\"https:\\\/\\\/www.casaldelsinfants.org\\\/wp-content\\\/uploads\\\/linked-in-1.webp\",\"contentUrl\":\"https:\\\/\\\/www.casaldelsinfants.org\\\/wp-content\\\/uploads\\\/linked-in-1.webp\"},{\"@type\":\"BreadcrumbList\",\"@id\":\"https:\\\/\\\/www.casaldelsinfants.org\\\/es\\\/que-puedes-hacer-tu\\\/empresas-y-organizaciones\\\/#breadcrumb\",\"itemListElement\":[{\"@type\":\"ListItem\",\"position\":1,\"name\":\"Inici\",\"item\":\"https:\\\/\\\/www.casaldelsinfants.org\\\/es\\\/\"},{\"@type\":\"ListItem\",\"position\":2,\"name\":\"Qu\u00e9 puedes hacer t\u00fa\",\"item\":\"https:\\\/\\\/www.casaldelsinfants.org\\\/es\\\/que-puedes-hacer-tu\\\/\"},{\"@type\":\"ListItem\",\"position\":3,\"name\":\"Como empresa o fundaci\u00f3n\"}]},{\"@type\":\"WebSite\",\"@id\":\"https:\\\/\\\/www.casaldelsinfants.org\\\/es\\\/#website\",\"url\":\"https:\\\/\\\/www.casaldelsinfants.org\\\/es\\\/\",\"name\":\"Casal dels Infants\",\"description\":\"\",\"publisher\":{\"@id\":\"https:\\\/\\\/www.casaldelsinfants.org\\\/es\\\/#organization\"},\"potentialAction\":[{\"@type\":\"SearchAction\",\"target\":{\"@type\":\"EntryPoint\",\"urlTemplate\":\"https:\\\/\\\/www.casaldelsinfants.org\\\/es\\\/?s={search_term_string}\"},\"query-input\":{\"@type\":\"PropertyValueSpecification\",\"valueRequired\":true,\"valueName\":\"search_term_string\"}}],\"inLanguage\":\"es\"},{\"@type\":\"Organization\",\"@id\":\"https:\\\/\\\/www.casaldelsinfants.org\\\/es\\\/#organization\",\"name\":\"Casal dels Infants\",\"url\":\"https:\\\/\\\/www.casaldelsinfants.org\\\/es\\\/\",\"logo\":{\"@type\":\"ImageObject\",\"inLanguage\":\"es\",\"@id\":\"https:\\\/\\\/www.casaldelsinfants.org\\\/es\\\/#\\\/schema\\\/logo\\\/image\\\/\",\"url\":\"https:\\\/\\\/www.casaldelsinfants.org\\\/wp-content\\\/uploads\\\/logo-mail.png\",\"contentUrl\":\"https:\\\/\\\/www.casaldelsinfants.org\\\/wp-content\\\/uploads\\\/logo-mail.png\",\"width\":380,\"height\":158,\"caption\":\"Casal dels Infants\"},\"image\":{\"@id\":\"https:\\\/\\\/www.casaldelsinfants.org\\\/es\\\/#\\\/schema\\\/logo\\\/image\\\/\"},\"sameAs\":[\"https:\\\/\\\/www.facebook.com\\\/casalinfants\",\"https:\\\/\\\/x.com\\\/casalinfants\",\"https:\\\/\\\/www.youtube.com\\\/user\\\/CasaldelsInfants1\",\"https:\\\/\\\/www.instagram.com\\\/casalinfants\\\/\",\"https:\\\/\\\/www.linkedin.com\\\/company\\\/casaldelsinfants?trk=organization-update_share-update_actor-text\"]}]}<\/script>\n<!-- \/ Yoast SEO plugin. -->","yoast_head_json":{"title":"Empresas donantes | Casal dels Infants","description":"Puedes formar parte de las empresas que colaboran con el Casal y apoyar a ni\u00f1os, ni\u00f1as, j\u00f3venes y familias en riesgo de exclusi\u00f3n social.","robots":{"index":"index","follow":"follow","max-snippet":"max-snippet:-1","max-image-preview":"max-image-preview:large","max-video-preview":"max-video-preview:-1"},"canonical":"https:\/\/www.casaldelsinfants.org\/es\/que-puedes-hacer-tu\/empresas-y-organizaciones\/","og_locale":"es_ES","og_type":"article","og_title":"Empresas donantes para fundaciones | Casal dels Infants","og_description":"Puedes formar parte de las empresas que colaboran con fundaciones y apoyar a las personas en riesgo de exclusi\u00f3n social.","og_url":"https:\/\/www.casaldelsinfants.org\/es\/que-puedes-hacer-tu\/empresas-y-organizaciones\/","og_site_name":"Casal dels Infants","article_publisher":"https:\/\/www.facebook.com\/casalinfants","article_modified_time":"2025-11-03T10:35:51+00:00","og_image":[{"url":"https:\/\/www.casaldelsinfants.org\/wp-content\/uploads\/linked-in-1.webp","type":"","width":"","height":""}],"twitter_card":"summary_large_image","twitter_title":"Empresas donantes para fundaciones | Casal dels Infants","twitter_description":"Puedes formar parte de las empresas que colaboran con fundaciones y apoyar a las personas en riesgo de exclusi\u00f3n social.","twitter_site":"@casalinfants","twitter_misc":{"Tiempo de lectura":"4 minutos"},"schema":{"@context":"https:\/\/schema.org","@graph":[{"@type":"WebPage","@id":"https:\/\/www.casaldelsinfants.org\/es\/que-puedes-hacer-tu\/empresas-y-organizaciones\/","url":"https:\/\/www.casaldelsinfants.org\/es\/que-puedes-hacer-tu\/empresas-y-organizaciones\/","name":"Empresas donantes | Casal dels Infants","isPartOf":{"@id":"https:\/\/www.casaldelsinfants.org\/es\/#website"},"primaryImageOfPage":{"@id":"https:\/\/www.casaldelsinfants.org\/es\/que-puedes-hacer-tu\/empresas-y-organizaciones\/#primaryimage"},"image":{"@id":"https:\/\/www.casaldelsinfants.org\/es\/que-puedes-hacer-tu\/empresas-y-organizaciones\/#primaryimage"},"thumbnailUrl":"https:\/\/www.casaldelsinfants.org\/wp-content\/uploads\/linked-in-1.webp","datePublished":"2022-08-05T05:33:40+00:00","dateModified":"2025-11-03T10:35:51+00:00","description":"Puedes formar parte de las empresas que colaboran con el Casal y apoyar a ni\u00f1os, ni\u00f1as, j\u00f3venes y familias en riesgo de exclusi\u00f3n social.","breadcrumb":{"@id":"https:\/\/www.casaldelsinfants.org\/es\/que-puedes-hacer-tu\/empresas-y-organizaciones\/#breadcrumb"},"inLanguage":"es","potentialAction":[{"@type":"ReadAction","target":["https:\/\/www.casaldelsinfants.org\/es\/que-puedes-hacer-tu\/empresas-y-organizaciones\/"]}]},{"@type":"ImageObject","inLanguage":"es","@id":"https:\/\/www.casaldelsinfants.org\/es\/que-puedes-hacer-tu\/empresas-y-organizaciones\/#primaryimage","url":"https:\/\/www.casaldelsinfants.org\/wp-content\/uploads\/linked-in-1.webp","contentUrl":"https:\/\/www.casaldelsinfants.org\/wp-content\/uploads\/linked-in-1.webp"},{"@type":"BreadcrumbList","@id":"https:\/\/www.casaldelsinfants.org\/es\/que-puedes-hacer-tu\/empresas-y-organizaciones\/#breadcrumb","itemListElement":[{"@type":"ListItem","position":1,"name":"Inici","item":"https:\/\/www.casaldelsinfants.org\/es\/"},{"@type":"ListItem","position":2,"name":"Qu\u00e9 puedes hacer t\u00fa","item":"https:\/\/www.casaldelsinfants.org\/es\/que-puedes-hacer-tu\/"},{"@type":"ListItem","position":3,"name":"Como empresa o fundaci\u00f3n"}]},{"@type":"WebSite","@id":"https:\/\/www.casaldelsinfants.org\/es\/#website","url":"https:\/\/www.casaldelsinfants.org\/es\/","name":"Casal dels Infants","description":"","publisher":{"@id":"https:\/\/www.casaldelsinfants.org\/es\/#organization"},"potentialAction":[{"@type":"SearchAction","target":{"@type":"EntryPoint","urlTemplate":"https:\/\/www.casaldelsinfants.org\/es\/?s={search_term_string}"},"query-input":{"@type":"PropertyValueSpecification","valueRequired":true,"valueName":"search_term_string"}}],"inLanguage":"es"},{"@type":"Organization","@id":"https:\/\/www.casaldelsinfants.org\/es\/#organization","name":"Casal dels Infants","url":"https:\/\/www.casaldelsinfants.org\/es\/","logo":{"@type":"ImageObject","inLanguage":"es","@id":"https:\/\/www.casaldelsinfants.org\/es\/#\/schema\/logo\/image\/","url":"https:\/\/www.casaldelsinfants.org\/wp-content\/uploads\/logo-mail.png","contentUrl":"https:\/\/www.casaldelsinfants.org\/wp-content\/uploads\/logo-mail.png","width":380,"height":158,"caption":"Casal dels Infants"},"image":{"@id":"https:\/\/www.casaldelsinfants.org\/es\/#\/schema\/logo\/image\/"},"sameAs":["https:\/\/www.facebook.com\/casalinfants","https:\/\/x.com\/casalinfants","https:\/\/www.youtube.com\/user\/CasaldelsInfants1","https:\/\/www.instagram.com\/casalinfants\/","https:\/\/www.linkedin.com\/company\/casaldelsinfants?trk=organization-update_share-update_actor-text"]}]}},"publishpress_future_action":{"enabled":false,"date":"2026-05-07 10:37:55","action":"change-status","newStatus":"draft","terms":[],"taxonomy":"translation_priority","extraData":[]},"publishpress_future_workflow_manual_trigger":{"enabledWorkflows":[]},"_links":{"self":[{"href":"https:\/\/www.casaldelsinfants.org\/es\/wp-json\/wp\/v2\/pages\/5944","targetHints":{"allow":["GET"]}}],"collection":[{"href":"https:\/\/www.casaldelsinfants.org\/es\/wp-json\/wp\/v2\/pages"}],"about":[{"href":"https:\/\/www.casaldelsinfants.org\/es\/wp-json\/wp\/v2\/types\/page"}],"author":[{"embeddable":true,"href":"https:\/\/www.casaldelsinfants.org\/es\/wp-json\/wp\/v2\/users\/3"}],"replies":[{"embeddable":true,"href":"https:\/\/www.casaldelsinfants.org\/es\/wp-json\/wp\/v2\/comments?post=5944"}],"version-history":[{"count":31,"href":"https:\/\/www.casaldelsinfants.org\/es\/wp-json\/wp\/v2\/pages\/5944\/revisions"}],"predecessor-version":[{"id":43587,"href":"https:\/\/www.casaldelsinfants.org\/es\/wp-json\/wp\/v2\/pages\/5944\/revisions\/43587"}],"up":[{"embeddable":true,"href":"https:\/\/www.casaldelsinfants.org\/es\/wp-json\/wp\/v2\/pages\/8671"}],"wp:attachment":[{"href":"https:\/\/www.casaldelsinfants.org\/es\/wp-json\/wp\/v2\/media?parent=5944"}],"wp:term":[{"taxonomy":"seus","embeddable":true,"href":"https:\/\/www.casaldelsinfants.org\/es\/wp-json\/wp\/v2\/seus?post=5944"},{"taxonomy":"eixos","embeddable":true,"href":"https:\/\/www.casaldelsinfants.org\/es\/wp-json\/wp\/v2\/eixos?post=5944"}],"curies":[{"name":"wp","href":"https:\/\/api.w.org\/{rel}","templated":true}]}}