{"id":6112,"date":"2022-08-05T17:04:14","date_gmt":"2022-08-05T15:04:14","guid":{"rendered":"https:\/\/casal.puntzero.cat\/nuestros-colaboradores\/"},"modified":"2026-02-17T13:19:55","modified_gmt":"2026-02-17T11:19:55","slug":"nuestros-colaboradores","status":"publish","type":"page","link":"https:\/\/www.casaldelsinfants.org\/es\/nuestros-colaboradores\/","title":{"rendered":"Nuestros colaboradores"},"content":{"rendered":"<p>[et_pb_section fb_built=\u00bb1&#8243; admin_label=\u00bbIntroducci\u00f3\u00bb _builder_version=\u00bb4.17.6&#8243; _module_preset=\u00bbdefault\u00bb custom_padding=\u00bb||30px|||\u00bb da_disable_devices=\u00bboff|off|off\u00bb collapsed=\u00bbon\u00bb global_colors_info=\u00bb{}\u00bb da_is_popup=\u00bboff\u00bb da_exit_intent=\u00bboff\u00bb da_has_close=\u00bbon\u00bb da_alt_close=\u00bboff\u00bb da_dark_close=\u00bboff\u00bb da_not_modal=\u00bbon\u00bb da_is_singular=\u00bboff\u00bb da_with_loader=\u00bboff\u00bb da_has_shadow=\u00bbon\u00bb][et_pb_row _builder_version=\u00bb4.17.6&#8243; _module_preset=\u00bbdefault\u00bb custom_padding=\u00bb||0px|||\u00bb global_colors_info=\u00bb{}\u00bb][et_pb_column type=\u00bb4_4&#8243; _builder_version=\u00bb4.17.6&#8243; _module_preset=\u00bbdefault\u00bb global_colors_info=\u00bb{}\u00bb][et_pb_text admin_label=\u00bbtitol\u00bb _builder_version=\u00bb4.17.6&#8243; _module_preset=\u00bbdefault\u00bb global_colors_info=\u00bb{}\u00bb]<\/p>\n<h1 class=\"groc\" style=\"text-align: center;\">NUESTROS COLABORADORES<\/h1>\n<p>[\/et_pb_text][et_pb_text admin_label=\u00bbAliances que sumen\u00bb _builder_version=\u00bb4.17.6&#8243; _module_preset=\u00bbdefault\u00bb text_font=\u00bbMyriadPro Semibold||||||||\u00bb text_text_color=\u00bb#006450&#8243; text_font_size=\u00bb24px\u00bb global_colors_info=\u00bb{}\u00bb]<\/p>\n<p style=\"text-align: center;\">Alianzas que suman<\/p>\n<p>[\/et_pb_text][et_pb_text admin_label=\u00bbintro\u00bb _builder_version=\u00bb4.17.6&#8243; _module_preset=\u00bbdefault\u00bb text_font=\u00bbMyriadPro Regular||||||||\u00bb text_text_color=\u00bb#006450&#8243; text_font_size=\u00bb22px\u00bb custom_margin=\u00bb30px||40px||false|false\u00bb global_colors_info=\u00bb{}\u00bb]<\/p>\n<p class=\"text-center\" style=\"text-align: left;\"><span>Para hacer posible nuestra acci\u00f3n social, sumamos compromisos con todos los actores implicados en ofrecer oportunidades educativas y sociales a las personas con m\u00e1s riesgo de exclusi\u00f3n. Responsabilidad que compartimos con todos ellos. Gracias a su compromiso y apoyo podemos trabajar por la igualdad de oportunidades de todos los ni\u00f1os y j\u00f3venes.<\/span><\/p>\n<p>[\/et_pb_text][\/et_pb_column][\/et_pb_row][et_pb_row column_structure=\u00bb1_2,1_2&#8243; disabled_on=\u00bboff|off|off\u00bb _builder_version=\u00bb4.17.6&#8243; _module_preset=\u00bbdefault\u00bb custom_margin=\u00bb30px||40px||false|false\u00bb custom_padding=\u00bb0px||0px|||\u00bb global_colors_info=\u00bb{}\u00bb][et_pb_column type=\u00bb1_2&#8243; _builder_version=\u00bb4.17.6&#8243; _module_preset=\u00bbdefault\u00bb global_colors_info=\u00bb{}\u00bb][et_pb_text content_tablet=\u00bb<\/p>\n<p style=%22text-align: center;%22>COLABORADORES PRIVADOS<\/p>\n<p>\u00bb content_phone=\u00bb<\/p>\n<p style=%22text-align: center;%22>COLABORADORES PRIVADOS<\/p>\n<p>\u00bb content_last_edited=\u00bbon|phone\u00bb _builder_version=\u00bb4.27.4&#8243; _module_preset=\u00bbdefault\u00bb text_font=\u00bbMyriadPro Regular||||||||\u00bb text_text_color=\u00bb#006450&#8243; text_font_size=\u00bb22px\u00bb custom_margin=\u00bb||30px||false|false\u00bb custom_margin_tablet=\u00bb||30px||false|false\u00bb custom_margin_phone=\u00bb||30px||false|false\u00bb custom_margin_last_edited=\u00bbon|tablet\u00bb link_option_url=\u00bb#privats\u00bb global_colors_info=\u00bb{}\u00bb]<\/p>\n<p style=\"text-align: right;\">COLABORADORES PRIVADOS<\/p>\n<p>[\/et_pb_text][\/et_pb_column][et_pb_column type=\u00bb1_2&#8243; _builder_version=\u00bb4.27.4&#8243; _module_preset=\u00bbdefault\u00bb global_colors_info=\u00bb{}\u00bb][et_pb_text content_tablet=\u00bb<\/p>\n<p style=%22text-align: center;%22>COLABORADORES P\u00daBLICOS<\/p>\n<p>\u00bb content_phone=\u00bb<\/p>\n<p style=%22text-align: center;%22>COLABORADORES P\u00daBLICOS<\/p>\n<p>\u00bb content_last_edited=\u00bbon|desktop\u00bb _builder_version=\u00bb4.27.4&#8243; _module_preset=\u00bbdefault\u00bb text_font=\u00bbMyriadPro Regular||||||||\u00bb text_text_color=\u00bb#006450&#8243; text_font_size=\u00bb22px\u00bb custom_margin=\u00bb||30px||false|false\u00bb link_option_url=\u00bb#publics\u00bb global_colors_info=\u00bb{}\u00bb]<\/p>\n<p style=\"text-align: left;\">COLABORADORES P\u00daBLICOS<\/p>\n<p>[\/et_pb_text][\/et_pb_column][\/et_pb_row][et_pb_row _builder_version=\u00bb4.17.6&#8243; _module_preset=\u00bbdefault\u00bb global_colors_info=\u00bb{}\u00bb][et_pb_column type=\u00bb4_4&#8243; _builder_version=\u00bb4.17.6&#8243; _module_preset=\u00bbdefault\u00bb global_colors_info=\u00bb{}\u00bb][et_pb_text _builder_version=\u00bb4.17.6&#8243; _module_preset=\u00bbdefault\u00bb text_font=\u00bbMyriadPro Regular||||||||\u00bb text_text_color=\u00bb#006450&#8243; global_colors_info=\u00bb{}\u00bb]<\/p>\n<p style=\"text-align: center;\"><span>con el apoyo de<\/span><\/p>\n<p>[\/et_pb_text][et_pb_image src=\u00bbhttps:\/\/casaldelsinfants.org\/wp-content\/uploads\/caixa-proinfancia-nou.jpg\u00bb title_text=\u00bbcaixa-proinfancia-nou\u00bb align=\u00bbcenter\u00bb _builder_version=\u00bb4.17.6&#8243; _module_preset=\u00bbdefault\u00bb max_width=\u00bb570px\u00bb global_colors_info=\u00bb{}\u00bb][\/et_pb_image][et_pb_text _builder_version=\u00bb4.27.4&#8243; _module_preset=\u00bbdefault\u00bb text_font=\u00bbMyriadPro Regular||||||||\u00bb text_text_color=\u00bb#006450&#8243; global_colors_info=\u00bb{}\u00bb]<\/p>\n<p>La obra Social de la Caixa es uno de nuestros grandes aliados en el acompa\u00f1amiento diario de los ni\u00f1os y ni\u00f1as de 0 a 16 a\u00f1os y en la formaci\u00f3n e inserci\u00f3n laboral de los j\u00f3venes.<br \/>El programa CaixaProinf\u00e0ncia impulsa el desarrollo de los m\u00e1s peque\u00f1os, facilit\u00e1ndolos el acceso a entornos educativos que los aporten referentes s\u00f3lidos para el futuro. Su colaboraci\u00f3n hace posible el refuerzo educativo; plazas en centros abiertos; campamentos y actividades de verano; y los servicios materno-infantiles y talleres de parentalidad positiva. As\u00ed tambi\u00e9n, el programa Proinfancia apoya a las familias para que puedan garantizar un nivel de bienestar f\u00edsico y ps\u00edquico \u00f3ptimo para sus hijos e hijas, a trav\u00e9s del refuerzo en temas relacionados con la alimentaci\u00f3n e higiene infantil, apoyo psicol\u00f3gico y proporcionando gafas y aud\u00edfonos, en caso de necesidad.<\/p>\n<p>Durante el 2025, hemos gestionado ayudas para 8.644 ni\u00f1os, ni\u00f1as, j\u00f3venes y familias de los barrios del Raval y el Bes\u00f2s-Maresme (Barcelona), de Santa Coloma, Badalona, Salt (Girona) y San Adri\u00e0 del Bes\u00f2s. Gran parte de estas ayudas se concentran en plazas de acompa\u00f1amiento diario en centros abiertos, de refuerzo escolar, de casal de verano y colonias. <\/p>\n<p>[\/et_pb_text][\/et_pb_column][\/et_pb_row][\/et_pb_section][et_pb_section fb_built=\u00bb1&#8243; admin_label=\u00bbPrivats\u00bb module_id=\u00bbprivats\u00bb module_class=\u00bbprivats\u00bb _builder_version=\u00bb4.27.4&#8243; _module_preset=\u00bbdefault\u00bb custom_padding=\u00bb57px||14px|||\u00bb da_disable_devices=\u00bboff|off|off\u00bb collapsed=\u00bboff\u00bb global_colors_info=\u00bb{}\u00bb da_is_popup=\u00bboff\u00bb da_exit_intent=\u00bboff\u00bb da_has_close=\u00bbon\u00bb da_alt_close=\u00bboff\u00bb da_dark_close=\u00bboff\u00bb da_not_modal=\u00bbon\u00bb da_is_singular=\u00bboff\u00bb da_with_loader=\u00bboff\u00bb da_has_shadow=\u00bbon\u00bb][et_pb_row _builder_version=\u00bb4.27.4&#8243; _module_preset=\u00bbdefault\u00bb locked=\u00bboff\u00bb collapsed=\u00bbon\u00bb global_colors_info=\u00bb{}\u00bb][et_pb_column type=\u00bb4_4&#8243; _builder_version=\u00bb4.17.6&#8243; _module_preset=\u00bbdefault\u00bb global_colors_info=\u00bb{}\u00bb][et_pb_text admin_label=\u00bbCol\u00b7laboradors p\u00fablics\u00bb module_id=\u00bbprivats\u00bb _builder_version=\u00bb4.27.4&#8243; _module_preset=\u00bbdefault\u00bb header_2_font=\u00bbMyriadPro Regular||||||||\u00bb header_2_text_color=\u00bb#006450&#8243; header_2_font_size=\u00bb28px\u00bb header_2_line_height=\u00bb32px\u00bb border_color_bottom=\u00bb#F8AC00&#8243; global_colors_info=\u00bb{}\u00bb]<\/p>\n<h2>Colaboradores privados<\/h2>\n<p>[\/et_pb_text][\/et_pb_column][\/et_pb_row][et_pb_row column_structure=\u00bb1_6,1_6,1_6,1_6,1_6,1_6&#8243; use_custom_gutter=\u00bbon\u00bb make_equal=\u00bbon\u00bb _builder_version=\u00bb4.27.4&#8243; _module_preset=\u00bbdefault\u00bb custom_margin=\u00bb11px||11px||true|false\u00bb border_color_top=\u00bb#FFAE00&#8243; collapsed=\u00bbon\u00bb global_colors_info=\u00bb{}\u00bb][et_pb_column type=\u00bb1_6&#8243; _builder_version=\u00bb4.27.0&#8243; _module_preset=\u00bbdefault\u00bb global_colors_info=\u00bb{}\u00bb][et_pb_image src=\u00bbhttps:\/\/www.casaldelsinfants.org\/wp-content\/uploads\/medichem-logo.webp\u00bb alt=\u00bbLogo medichem\u00bb title_text=\u00bbmedichem-logo\u00bb show_bottom_space=\u00bboff\u00bb align=\u00bbcenter\u00bb _builder_version=\u00bb4.27.4&#8243; _module_preset=\u00bbdefault\u00bb custom_margin=\u00bb15px||15px||true|false\u00bb custom_margin_tablet=\u00bb15px||15px||true|false\u00bb custom_margin_phone=\u00bb15px||15px||true|false\u00bb custom_margin_last_edited=\u00bbon|desktop\u00bb global_colors_info=\u00bb{}\u00bb][\/et_pb_image][\/et_pb_column][et_pb_column type=\u00bb1_6&#8243; _builder_version=\u00bb4.27.0&#8243; _module_preset=\u00bbdefault\u00bb global_colors_info=\u00bb{}\u00bb][et_pb_image src=\u00bbhttps:\/\/www.casaldelsinfants.org\/wp-content\/uploads\/BoschAymerich-1.webp\u00bb _builder_version=\u00bb4.27.4&#8243; _module_preset=\u00bbdefault\u00bb global_colors_info=\u00bb{}\u00bb][\/et_pb_image][\/et_pb_column][et_pb_column type=\u00bb1_6&#8243; _builder_version=\u00bb4.27.0&#8243; _module_preset=\u00bbdefault\u00bb global_colors_info=\u00bb{}\u00bb][et_pb_image src=\u00bbhttps:\/\/www.casaldelsinfants.org\/wp-content\/uploads\/logo-fundacion-manuel-lao.webp\u00bb align=\u00bbcenter\u00bb _builder_version=\u00bb4.27.4&#8243; _module_preset=\u00bbdefault\u00bb custom_margin=\u00bb15px||15px||true|false\u00bb custom_margin_tablet=\u00bb15px||15px||true|false\u00bb custom_margin_phone=\u00bb15px||15px||true|false\u00bb custom_margin_last_edited=\u00bbon|desktop\u00bb global_colors_info=\u00bb{}\u00bb][\/et_pb_image][\/et_pb_column][et_pb_column type=\u00bb1_6&#8243; _builder_version=\u00bb4.27.0&#8243; _module_preset=\u00bbdefault\u00bb global_colors_info=\u00bb{}\u00bb][et_pb_text _builder_version=\u00bb4.27.4&#8243; _module_preset=\u00bbdefault\u00bb text_font=\u00bbMyriadPro Regular||||||||\u00bb text_font_size=\u00bb19px\u00bb text_orientation=\u00bbcenter\u00bb custom_margin=\u00bb24px||24px||true|false\u00bb custom_margin_tablet=\u00bb24px||24px||true|false\u00bb custom_margin_phone=\u00bb24px||24px||true|false\u00bb custom_margin_last_edited=\u00bbon|desktop\u00bb global_colors_info=\u00bb{}\u00bb]<\/p>\n<p>NAVINA S.L.<\/p>\n<p>[\/et_pb_text][\/et_pb_column][et_pb_column type=\u00bb1_6&#8243; _builder_version=\u00bb4.27.0&#8243; _module_preset=\u00bbdefault\u00bb global_colors_info=\u00bb{}\u00bb][et_pb_image src=\u00bbhttps:\/\/www.casaldelsinfants.org\/wp-content\/uploads\/MariaTeresaRodo-1.webp\u00bb align=\u00bbcenter\u00bb _builder_version=\u00bb4.27.4&#8243; _module_preset=\u00bbdefault\u00bb global_colors_info=\u00bb{}\u00bb][\/et_pb_image][\/et_pb_column][et_pb_column type=\u00bb1_6&#8243; _builder_version=\u00bb4.27.0&#8243; _module_preset=\u00bbdefault\u00bb global_colors_info=\u00bb{}\u00bb][et_pb_image src=\u00bbhttps:\/\/www.casaldelsinfants.org\/wp-content\/uploads\/logo-hermes-png.webp\u00bb title_text=\u00bbHermes\u00bb align=\u00bbcenter\u00bb _builder_version=\u00bb4.27.4&#8243; _module_preset=\u00bbdefault\u00bb custom_margin=\u00bb10px||10px||true|false\u00bb custom_margin_tablet=\u00bb10px||10px||true|false\u00bb custom_margin_phone=\u00bb10px||10px||true|false\u00bb custom_margin_last_edited=\u00bbon|desktop\u00bb global_colors_info=\u00bb{}\u00bb][\/et_pb_image][\/et_pb_column][\/et_pb_row][et_pb_row column_structure=\u00bb1_6,1_6,1_6,1_6,1_6,1_6&#8243; use_custom_gutter=\u00bbon\u00bb make_equal=\u00bbon\u00bb _builder_version=\u00bb4.27.4&#8243; _module_preset=\u00bbdefault\u00bb custom_margin=\u00bb||||false|false\u00bb border_width_top=\u00bb2px\u00bb border_color_top=\u00bb#FFAE00&#8243; collapsed=\u00bbon\u00bb global_colors_info=\u00bb{}\u00bb][et_pb_column type=\u00bb1_6&#8243; _builder_version=\u00bb4.27.0&#8243; _module_preset=\u00bbdefault\u00bb global_colors_info=\u00bb{}\u00bb][et_pb_image src=\u00bbhttps:\/\/www.casaldelsinfants.org\/wp-content\/uploads\/logo-restaurant-lapoma-png.webp\u00bb _builder_version=\u00bb4.27.4&#8243; _module_preset=\u00bbdefault\u00bb global_colors_info=\u00bb{}\u00bb][\/et_pb_image][\/et_pb_column][et_pb_column type=\u00bb1_6&#8243; _builder_version=\u00bb4.27.0&#8243; _module_preset=\u00bbdefault\u00bb global_colors_info=\u00bb{}\u00bb][et_pb_image src=\u00bbhttps:\/\/www.casaldelsinfants.org\/wp-content\/uploads\/Casino-1.webp\u00bb alt=\u00bbLogo medichem\u00bb title_text=\u00bbCasino\u00bb align=\u00bbcenter\u00bb _builder_version=\u00bb4.27.4&#8243; _module_preset=\u00bbdefault\u00bb global_colors_info=\u00bb{}\u00bb][\/et_pb_image][\/et_pb_column][et_pb_column type=\u00bb1_6&#8243; _builder_version=\u00bb4.27.0&#8243; _module_preset=\u00bbdefault\u00bb global_colors_info=\u00bb{}\u00bb][et_pb_image src=\u00bbhttps:\/\/www.casaldelsinfants.org\/wp-content\/uploads\/logo-wallapop-png.webp\u00bb title_text=\u00bbetnia-fundacio-barcelona-logo\u00bb show_bottom_space=\u00bboff\u00bb align=\u00bbcenter\u00bb _builder_version=\u00bb4.27.4&#8243; _module_preset=\u00bbdefault\u00bb custom_margin=\u00bb19px||19px||true|false\u00bb custom_margin_tablet=\u00bb19px||19px||true|false\u00bb custom_margin_phone=\u00bb19px||19px||true|false\u00bb custom_margin_last_edited=\u00bbon|desktop\u00bb global_colors_info=\u00bb{}\u00bb][\/et_pb_image][\/et_pb_column][et_pb_column type=\u00bb1_6&#8243; _builder_version=\u00bb4.27.0&#8243; _module_preset=\u00bbdefault\u00bb global_colors_info=\u00bb{}\u00bb][et_pb_image src=\u00bbhttps:\/\/www.casaldelsinfants.org\/wp-content\/uploads\/learning-in-harmony-trust-logo.webp\u00bb show_bottom_space=\u00bboff\u00bb align=\u00bbcenter\u00bb _builder_version=\u00bb4.27.4&#8243; _module_preset=\u00bbdefault\u00bb custom_margin=\u00bb15px||15px||true|false\u00bb custom_margin_tablet=\u00bb15px||15px||true|false\u00bb custom_margin_phone=\u00bb15px||15px||true|false\u00bb custom_margin_last_edited=\u00bbon|desktop\u00bb global_colors_info=\u00bb{}\u00bb][\/et_pb_image][\/et_pb_column][et_pb_column type=\u00bb1_6&#8243; _builder_version=\u00bb4.27.0&#8243; _module_preset=\u00bbdefault\u00bb global_colors_info=\u00bb{}\u00bb][et_pb_image src=\u00bbhttps:\/\/www.casaldelsinfants.org\/wp-content\/uploads\/flamboyant-1.webp\u00bb title_text=\u00bbflamboyant\u00bb _builder_version=\u00bb4.27.0&#8243; _module_preset=\u00bbdefault\u00bb global_colors_info=\u00bb{}\u00bb][\/et_pb_image][\/et_pb_column][et_pb_column type=\u00bb1_6&#8243; _builder_version=\u00bb4.27.0&#8243; _module_preset=\u00bbdefault\u00bb global_colors_info=\u00bb{}\u00bb][et_pb_image src=\u00bbhttps:\/\/www.casaldelsinfants.org\/wp-content\/uploads\/Dynatrace-1.webp\u00bb title_text=\u00bbDynatrace\u00bb _builder_version=\u00bb4.27.0&#8243; _module_preset=\u00bbdefault\u00bb global_colors_info=\u00bb{}\u00bb][\/et_pb_image][\/et_pb_column][\/et_pb_row][et_pb_row column_structure=\u00bb1_6,1_6,1_6,1_6,1_6,1_6&#8243; use_custom_gutter=\u00bbon\u00bb make_equal=\u00bbon\u00bb _builder_version=\u00bb4.27.4&#8243; _module_preset=\u00bbdefault\u00bb custom_margin=\u00bb11px||11px||true|false\u00bb border_width_top=\u00bb2px\u00bb border_color_top=\u00bb#FFAE00&#8243; collapsed=\u00bbon\u00bb global_colors_info=\u00bb{}\u00bb][et_pb_column type=\u00bb1_6&#8243; _builder_version=\u00bb4.27.0&#8243; _module_preset=\u00bbdefault\u00bb global_colors_info=\u00bb{}\u00bb][\/et_pb_column][et_pb_column type=\u00bb1_6&#8243; _builder_version=\u00bb4.27.0&#8243; _module_preset=\u00bbdefault\u00bb global_colors_info=\u00bb{}\u00bb][et_pb_text _builder_version=\u00bb4.27.4&#8243; _module_preset=\u00bbdefault\u00bb text_font=\u00bbMyriadPro Regular||||||||\u00bb text_orientation=\u00bbcenter\u00bb global_colors_info=\u00bb{}\u00bb]<\/p>\n<p>FUNDACI\u00d3 MERCEDES ARMENGOU RIERA<\/p>\n<p>[\/et_pb_text][\/et_pb_column][et_pb_column type=\u00bb1_6&#8243; _builder_version=\u00bb4.27.0&#8243; _module_preset=\u00bbdefault\u00bb global_colors_info=\u00bb{}\u00bb][et_pb_image src=\u00bbhttps:\/\/www.casaldelsinfants.org\/wp-content\/uploads\/Caixa-1.webp\u00bb _builder_version=\u00bb4.27.4&#8243; _module_preset=\u00bbdefault\u00bb global_colors_info=\u00bb{}\u00bb][\/et_pb_image][\/et_pb_column][et_pb_column type=\u00bb1_6&#8243; _builder_version=\u00bb4.27.0&#8243; _module_preset=\u00bbdefault\u00bb global_colors_info=\u00bb{}\u00bb][et_pb_image src=\u00bbhttps:\/\/www.casaldelsinfants.org\/wp-content\/uploads\/logo-nous-cims.webp\u00bb alt=\u00bbLogo Nous Cims\u00bb title_text=\u00bblogo-nous-cims\u00bb align=\u00bbcenter\u00bb _builder_version=\u00bb4.27.4&#8243; _module_preset=\u00bbdefault\u00bb width=\u00bb90%\u00bb width_tablet=\u00bb90%\u00bb width_phone=\u00bb90%\u00bb width_last_edited=\u00bbon|desktop\u00bb global_colors_info=\u00bb{}\u00bb][\/et_pb_image][\/et_pb_column][et_pb_column type=\u00bb1_6&#8243; _builder_version=\u00bb4.27.0&#8243; _module_preset=\u00bbdefault\u00bb global_colors_info=\u00bb{}\u00bb][et_pb_image src=\u00bbhttps:\/\/www.casaldelsinfants.org\/wp-content\/uploads\/logo-felix-llobet-1.webp\u00bb title_text=\u00bblogo-felix-llobet\u00bb align=\u00bbcenter\u00bb _builder_version=\u00bb4.27.0&#8243; _module_preset=\u00bbdefault\u00bb width=\u00bb80%\u00bb global_colors_info=\u00bb{}\u00bb][\/et_pb_image][\/et_pb_column][et_pb_column type=\u00bb1_6&#8243; _builder_version=\u00bb4.27.0&#8243; _module_preset=\u00bbdefault\u00bb global_colors_info=\u00bb{}\u00bb][\/et_pb_column][\/et_pb_row][et_pb_row _builder_version=\u00bb4.27.4&#8243; _module_preset=\u00bbdefault\u00bb custom_margin=\u00bb30px||30px||true|false\u00bb custom_margin_tablet=\u00bb30px||30px||true|false\u00bb custom_margin_phone=\u00bb30px||30px||true|false\u00bb custom_margin_last_edited=\u00bbon|desktop\u00bb collapsed=\u00bbon\u00bb global_colors_info=\u00bb{}\u00bb][et_pb_column type=\u00bb4_4&#8243; _builder_version=\u00bb4.27.4&#8243; _module_preset=\u00bbdefault\u00bb global_colors_info=\u00bb{}\u00bb][gs_logo_slider shortcode=\u00bb3&#8243; _builder_version=\u00bb4.27.4&#8243; _module_preset=\u00bbdefault\u00bb global_colors_info=\u00bb{}\u00bb][\/gs_logo_slider][\/et_pb_column][\/et_pb_row][et_pb_row column_structure=\u00bb1_5,1_5,1_5,1_5,1_5&#8243; use_custom_gutter=\u00bbon\u00bb gutter_width=\u00bb1&#8243; _builder_version=\u00bb4.17.6&#8243; _module_preset=\u00bbdefault\u00bb width=\u00bb100%\u00bb collapsed=\u00bboff\u00bb global_colors_info=\u00bb{}\u00bb][et_pb_column type=\u00bb1_5&#8243; _builder_version=\u00bb4.17.6&#8243; _module_preset=\u00bbdefault\u00bb border_width_left=\u00bb1px\u00bb border_color_left=\u00bb#F8AC00&#8243; global_colors_info=\u00bb{}\u00bb][et_pb_text admin_label=\u00bbText\u00bb _builder_version=\u00bb4.27.4&#8243; _module_preset=\u00bbdefault\u00bb text_font=\u00bbMyriadPro Regular||||||||\u00bb text_font_size=\u00bb13px\u00bb text_line_height=\u00bb1.1em\u00bb min_height=\u00bb35px\u00bb custom_margin=\u00bb5px||5px||true|false\u00bb custom_padding=\u00bb|10px||10px|false|true\u00bb custom_css_main_element=\u00bbtext-transform: uppercase;\u00bb global_colors_info=\u00bb{}\u00bb]<\/p>\n<p><a href=\"https:\/\/www.across-spain.es\/es\/\" target=\"_blank\" rel=\"noopener\">ACROSS SPAIN, S.L.<\/a><\/p>\n<p>[\/et_pb_text][et_pb_text admin_label=\u00bbText\u00bb _builder_version=\u00bb4.27.4&#8243; _module_preset=\u00bbdefault\u00bb text_font=\u00bbMyriadPro Regular||||||||\u00bb text_font_size=\u00bb13px\u00bb text_line_height=\u00bb1.1em\u00bb min_height=\u00bb35px\u00bb custom_margin=\u00bb5px||5px||true|false\u00bb custom_padding=\u00bb|10px||10px|false|true\u00bb custom_css_main_element=\u00bbtext-transform: uppercase;\u00bb global_colors_info=\u00bb{}\u00bb]<\/p>\n<p><a href=\"https:\/\/www.escolalavet.net\/afa\/\" target=\"_blank\" rel=\"noopener\">AFA ESCOLA L&#8217;AVET<\/a><\/p>\n<p>[\/et_pb_text][et_pb_text admin_label=\u00bbText\u00bb _builder_version=\u00bb4.27.4&#8243; _module_preset=\u00bbdefault\u00bb text_font=\u00bbMyriadPro Regular||||||||\u00bb text_font_size=\u00bb13px\u00bb text_line_height=\u00bb1.1em\u00bb min_height=\u00bb35px\u00bb custom_margin=\u00bb5px||5px||true|false\u00bb custom_padding=\u00bb|10px||10px|false|true\u00bb custom_css_main_element=\u00bbtext-transform: uppercase;\u00bb global_colors_info=\u00bb{}\u00bb]<\/p>\n<p>ALFERAL, S.L.<\/p>\n<p>[\/et_pb_text][et_pb_text admin_label=\u00bbText\u00bb _builder_version=\u00bb4.27.4&#8243; _module_preset=\u00bbdefault\u00bb text_font=\u00bbMyriadPro Regular||||||||\u00bb text_font_size=\u00bb13px\u00bb text_line_height=\u00bb1.1em\u00bb min_height=\u00bb35px\u00bb custom_margin=\u00bb5px||5px||true|false\u00bb custom_padding=\u00bb|10px||10px|false|true\u00bb hover_enabled=\u00bb0&#8243; custom_css_main_element=\u00bbtext-transform: uppercase;\u00bb global_colors_info=\u00bb{}\u00bb sticky_enabled=\u00bb0&#8243;]<\/p>\n<p>ANDURIL INV, S.L.<\/p>\n<p>[\/et_pb_text][et_pb_text admin_label=\u00bbText\u00bb _builder_version=\u00bb4.27.4&#8243; _module_preset=\u00bbdefault\u00bb text_font=\u00bbMyriadPro Regular||||||||\u00bb text_font_size=\u00bb13px\u00bb text_line_height=\u00bb1.1em\u00bb min_height=\u00bb35px\u00bb custom_margin=\u00bb5px||5px||true|false\u00bb custom_padding=\u00bb|10px||10px|false|true\u00bb custom_css_main_element=\u00bbtext-transform: uppercase;\u00bb global_colors_info=\u00bb{}\u00bb]<\/p>\n<p><a href=\"https:\/\/angloeducational.com\/privacy-policy\/\" target=\"_blank\" rel=\"noopener\">ANGLO AMERICAN EDUCATIONAL SERVICES<\/a><\/p>\n<p>[\/et_pb_text][et_pb_text admin_label=\u00bbText\u00bb _builder_version=\u00bb4.27.4&#8243; _module_preset=\u00bbdefault\u00bb text_font=\u00bbMyriadPro Regular||||||||\u00bb text_font_size=\u00bb13px\u00bb text_line_height=\u00bb1.1em\u00bb min_height=\u00bb35px\u00bb custom_margin=\u00bb5px||5px||true|false\u00bb custom_padding=\u00bb|10px||10px|false|true\u00bb custom_css_main_element=\u00bbtext-transform: uppercase;\u00bb global_colors_info=\u00bb{}\u00bb]<\/p>\n<p><a href=\"https:\/\/www.aproperties.es\/ca\">APROPERTIES<\/a><\/p>\n<p>[\/et_pb_text][et_pb_text admin_label=\u00bbText\u00bb _builder_version=\u00bb4.27.0&#8243; _module_preset=\u00bbdefault\u00bb text_font=\u00bbMyriadPro Regular||||||||\u00bb text_font_size=\u00bb13px\u00bb text_line_height=\u00bb1.1em\u00bb min_height=\u00bb35px\u00bb custom_margin=\u00bb5px||5px||true|false\u00bb custom_padding=\u00bb|10px||10px|false|true\u00bb custom_css_main_element=\u00bbtext-transform: uppercase;\u00bb global_colors_info=\u00bb{}\u00bb]<\/p>\n<p><a href=\"https:\/\/www.arnall.cat\/es\/\">ARNALL EMPORD\u00c0, S.L.<\/a><\/p>\n<p>[\/et_pb_text][et_pb_text admin_label=\u00bbText\u00bb _builder_version=\u00bb4.27.4&#8243; _module_preset=\u00bbdefault\u00bb text_font=\u00bbMyriadPro Regular||||||||\u00bb text_font_size=\u00bb13px\u00bb text_line_height=\u00bb1.1em\u00bb min_height=\u00bb35px\u00bb custom_margin=\u00bb5px||5px||true|false\u00bb custom_padding=\u00bb|10px||10px|false|true\u00bb custom_css_main_element=\u00bbtext-transform: uppercase;\u00bb global_colors_info=\u00bb{}\u00bb]<\/p>\n<p><a href=\"https:\/\/www.arnall.cat\/es\/\" target=\"_blank\" rel=\"noopener\"><span>ARNALL CARNISSERS-XARCUTERS<\/span><\/a><\/p>\n<p>[\/et_pb_text][et_pb_text admin_label=\u00bbText\u00bb _builder_version=\u00bb4.27.4&#8243; _module_preset=\u00bbdefault\u00bb text_font=\u00bbMyriadPro Regular||||||||\u00bb text_font_size=\u00bb13px\u00bb text_line_height=\u00bb1.1em\u00bb min_height=\u00bb35px\u00bb custom_margin=\u00bb5px||5px||true|false\u00bb custom_padding=\u00bb|10px||10px|false|true\u00bb custom_css_main_element=\u00bbtext-transform: uppercase;\u00bb global_colors_info=\u00bb{}\u00bb]<\/p>\n<p><a href=\"https:\/\/artico-os.com\/\" target=\"_blank\" rel=\"noopener\">ARTICO<\/a><\/p>\n<p>[\/et_pb_text][et_pb_text admin_label=\u00bbText\u00bb _builder_version=\u00bb4.27.4&#8243; _module_preset=\u00bbdefault\u00bb text_font=\u00bbMyriadPro Regular||||||||\u00bb text_font_size=\u00bb13px\u00bb text_line_height=\u00bb1.1em\u00bb min_height=\u00bb35px\u00bb custom_margin=\u00bb5px||5px||true|false\u00bb custom_padding=\u00bb|10px||10px|false|true\u00bb hover_enabled=\u00bb0&#8243; custom_css_main_element=\u00bbtext-transform: uppercase;\u00bb global_colors_info=\u00bb{}\u00bb sticky_enabled=\u00bb0&#8243;]<\/p>\n<p>ASSOC. CULTURAL ANDALUZA REAL COFRAD\u00cdA VIRGEN DE LA CABEZA <\/p>\n<p>[\/et_pb_text][et_pb_text admin_label=\u00bbText\u00bb _builder_version=\u00bb4.27.4&#8243; _module_preset=\u00bbdefault\u00bb text_font=\u00bbMyriadPro Regular||||||||\u00bb text_font_size=\u00bb13px\u00bb text_line_height=\u00bb1.1em\u00bb min_height=\u00bb35px\u00bb custom_margin=\u00bb5px||5px||true|false\u00bb custom_padding=\u00bb|10px||10px|false|true\u00bb custom_css_main_element=\u00bbtext-transform: uppercase;\u00bb global_colors_info=\u00bb{}\u00bb]<\/p>\n<p><a href=\"https:\/\/www.castellcir.cat\/el-municipi\/guia-del-municipi\/associacions-i-entitats\/castellcir-amb-tothom.html\" target=\"_blank\" rel=\"noopener\">ASSOCIACI\u00d3 CASTELLCIR AMB TOTHOM<\/a><\/p>\n<p>[\/et_pb_text][et_pb_text admin_label=\u00bbText\u00bb _builder_version=\u00bb4.27.4&#8243; _module_preset=\u00bbdefault\u00bb text_font=\u00bbMyriadPro Regular||||||||\u00bb text_font_size=\u00bb13px\u00bb text_line_height=\u00bb1.1em\u00bb min_height=\u00bb35px\u00bb custom_margin=\u00bb5px||5px||true|false\u00bb custom_padding=\u00bb|10px||10px|false|true\u00bb custom_css_main_element=\u00bbtext-transform: uppercase;\u00bb global_colors_info=\u00bb{}\u00bb]<\/p>\n<p><a href=\"https:\/\/www.instagram.com\/barlafederica\/?hl=es\" target=\"_blank\" rel=\"noopener\">BAR LA FEDERICA<\/a><\/p>\n<p>[\/et_pb_text][et_pb_text admin_label=\u00bbText\u00bb _builder_version=\u00bb4.27.4&#8243; _module_preset=\u00bbdefault\u00bb text_font=\u00bbMyriadPro Regular||||||||\u00bb text_font_size=\u00bb13px\u00bb text_line_height=\u00bb1.1em\u00bb min_height=\u00bb35px\u00bb custom_margin=\u00bb5px||5px||true|false\u00bb custom_padding=\u00bb|10px||10px|false|true\u00bb custom_css_main_element=\u00bbtext-transform: uppercase;\u00bb global_colors_info=\u00bb{}\u00bb]<\/p>\n<p><a href=\"https:\/\/www.barcelonasae.com\/\" target=\"_blank\" rel=\"noopener\">BARCELONA SAE<\/a><\/p>\n<p>[\/et_pb_text][et_pb_text admin_label=\u00bbText\u00bb _builder_version=\u00bb4.27.4&#8243; _module_preset=\u00bbdefault\u00bb text_font=\u00bbMyriadPro Regular||||||||\u00bb text_font_size=\u00bb13px\u00bb text_line_height=\u00bb1.1em\u00bb min_height=\u00bb35px\u00bb custom_margin=\u00bb5px||5px||true|false\u00bb custom_padding=\u00bb|10px||10px|false|true\u00bb custom_css_main_element=\u00bbtext-transform: uppercase;\u00bb global_colors_info=\u00bb{}\u00bb]<\/p>\n<p><a href=\"https:\/\/www.brown-forman.com\/\" target=\"_blank\" rel=\"noopener\">BROWN-FORMAN SPAIN<\/a><\/p>\n<p>[\/et_pb_text][et_pb_text admin_label=\u00bbText\u00bb _builder_version=\u00bb4.27.4&#8243; _module_preset=\u00bbdefault\u00bb text_font=\u00bbMyriadPro Regular||||||||\u00bb text_font_size=\u00bb13px\u00bb text_line_height=\u00bb1.1em\u00bb min_height=\u00bb35px\u00bb custom_margin=\u00bb5px||5px||true|false\u00bb custom_padding=\u00bb|10px||10px|false|true\u00bb custom_css_main_element=\u00bbtext-transform: uppercase;\u00bb global_colors_info=\u00bb{}\u00bb]<\/p>\n<p>CAN XIOL, S.L.<\/p>\n<p>[\/et_pb_text][et_pb_text admin_label=\u00bbText\u00bb _builder_version=\u00bb4.27.4&#8243; _module_preset=\u00bbdefault\u00bb text_font=\u00bbMyriadPro Regular||||||||\u00bb text_font_size=\u00bb13px\u00bb text_line_height=\u00bb1.1em\u00bb min_height=\u00bb35px\u00bb custom_margin=\u00bb5px||5px||true|false\u00bb custom_padding=\u00bb|10px||10px|false|true\u00bb hover_enabled=\u00bb0&#8243; custom_css_main_element=\u00bbtext-transform: uppercase;\u00bb global_colors_info=\u00bb{}\u00bb sticky_enabled=\u00bb0&#8243;]<\/p>\n<p>CARLESER, S.L.<\/p>\n<p>[\/et_pb_text][et_pb_text admin_label=\u00bbText\u00bb _builder_version=\u00bb4.27.4&#8243; _module_preset=\u00bbdefault\u00bb text_font=\u00bbMyriadPro Regular||||||||\u00bb text_font_size=\u00bb13px\u00bb text_line_height=\u00bb1.1em\u00bb min_height=\u00bb35px\u00bb custom_margin=\u00bb5px||5px||true|false\u00bb custom_padding=\u00bb|10px||10px|false|true\u00bb custom_css_main_element=\u00bbtext-transform: uppercase;\u00bb global_colors_info=\u00bb{}\u00bb]<\/p>\n<p><a href=\"https:\/\/ceir-arco.com\/\" target=\"_blank\" rel=\"noopener\"><span>CEIR-ARCO Arag\u00f3<\/span><\/a><\/p>\n<p>[\/et_pb_text][et_pb_text admin_label=\u00bbText\u00bb _builder_version=\u00bb4.27.4&#8243; _module_preset=\u00bbdefault\u00bb text_font=\u00bbMyriadPro Regular||||||||\u00bb text_font_size=\u00bb13px\u00bb text_line_height=\u00bb1.1em\u00bb min_height=\u00bb35px\u00bb custom_margin=\u00bb5px||5px||true|false\u00bb custom_padding=\u00bb|10px||10px|false|true\u00bb custom_css_main_element=\u00bbtext-transform: uppercase;\u00bb global_colors_info=\u00bb{}\u00bb]<\/p>\n<p><a href=\"https:\/\/www.collonut.com\/es\/\" target=\"_blank\" rel=\"noopener\">COLLONUT<\/a><\/p>\n<p>[\/et_pb_text][et_pb_text admin_label=\u00bbText\u00bb _builder_version=\u00bb4.27.4&#8243; _module_preset=\u00bbdefault\u00bb text_font=\u00bbMyriadPro Regular||||||||\u00bb text_font_size=\u00bb13px\u00bb text_line_height=\u00bb1.1em\u00bb min_height=\u00bb35px\u00bb custom_margin=\u00bb5px||5px||true|false\u00bb custom_padding=\u00bb|10px||10px|false|true\u00bb custom_css_main_element=\u00bbtext-transform: uppercase;\u00bb global_colors_info=\u00bb{}\u00bb]<\/p>\n<p><a href=\"https:\/\/www.teambuildingconcept.com\/\" target=\"_blank\" rel=\"noopener\">CONCEP-T<\/a><\/p>\n<p>[\/et_pb_text][et_pb_text admin_label=\u00bbText\u00bb _builder_version=\u00bb4.27.4&#8243; _module_preset=\u00bbdefault\u00bb text_font=\u00bbMyriadPro Regular||||||||\u00bb text_font_size=\u00bb13px\u00bb text_line_height=\u00bb1.1em\u00bb min_height=\u00bb35px\u00bb custom_margin=\u00bb5px||5px||true|false\u00bb custom_padding=\u00bb|10px||10px|false|true\u00bb custom_css_main_element=\u00bbtext-transform: uppercase;\u00bb global_colors_info=\u00bb{}\u00bb]<\/p>\n<p><a href=\"https:\/\/contank.com\/\" target=\"_blank\" rel=\"noopener\">CONTANK<\/a><\/p>\n<p>[\/et_pb_text][\/et_pb_column][et_pb_column type=\u00bb1_5&#8243; _builder_version=\u00bb4.17.6&#8243; _module_preset=\u00bbdefault\u00bb border_width_left=\u00bb1px\u00bb border_color_left=\u00bb#F8AC00&#8243; global_colors_info=\u00bb{}\u00bb][et_pb_text admin_label=\u00bbText\u00bb _builder_version=\u00bb4.27.4&#8243; _module_preset=\u00bbdefault\u00bb text_font=\u00bbMyriadPro Regular||||||||\u00bb text_font_size=\u00bb13px\u00bb text_line_height=\u00bb1.1em\u00bb min_height=\u00bb35px\u00bb custom_margin=\u00bb5px||5px||true|false\u00bb custom_padding=\u00bb|10px||10px|false|true\u00bb custom_css_main_element=\u00bbtext-transform: uppercase;\u00bb global_colors_info=\u00bb{}\u00bb]<\/p>\n<p><a href=\"https:\/\/cristalljoia.com\/es\/\" target=\"_blank\" rel=\"noopener\">CRISTALLS JOIA<\/a><\/p>\n<p>[\/et_pb_text][et_pb_text admin_label=\u00bbText\u00bb _builder_version=\u00bb4.27.4&#8243; _module_preset=\u00bbdefault\u00bb text_font=\u00bbMyriadPro Regular||||||||\u00bb text_font_size=\u00bb13px\u00bb text_line_height=\u00bb1.1em\u00bb min_height=\u00bb35px\u00bb custom_margin=\u00bb5px||5px||true|false\u00bb custom_padding=\u00bb|10px||10px|false|true\u00bb custom_css_main_element=\u00bbtext-transform: uppercase;\u00bb global_colors_info=\u00bb{}\u00bb]<\/p>\n<p><a href=\"https:\/\/www.decoapartmentsbarcelona.com\/\" target=\"_blank\" rel=\"noopener\">DECO APARTMENTS BARCELONA<\/a><\/p>\n<p>[\/et_pb_text][et_pb_text admin_label=\u00bbText\u00bb _builder_version=\u00bb4.27.4&#8243; _module_preset=\u00bbdefault\u00bb text_font=\u00bbMyriadPro Regular||||||||\u00bb text_font_size=\u00bb13px\u00bb text_line_height=\u00bb1.1em\u00bb min_height=\u00bb35px\u00bb custom_margin=\u00bb5px||5px||true|false\u00bb custom_padding=\u00bb|10px||10px|false|true\u00bb custom_css_main_element=\u00bbtext-transform: uppercase;\u00bb global_colors_info=\u00bb{}\u00bb]<\/p>\n<p><a href=\"https:\/\/www.dentsu.com\/es\/es\" target=\"_blank\" rel=\"noopener\">DENTSU<\/a><\/p>\n<p>[\/et_pb_text][et_pb_text admin_label=\u00bbText\u00bb _builder_version=\u00bb4.27.4&#8243; _module_preset=\u00bbdefault\u00bb text_font=\u00bbMyriadPro Regular||||||||\u00bb text_font_size=\u00bb13px\u00bb text_line_height=\u00bb1.1em\u00bb min_height=\u00bb35px\u00bb custom_margin=\u00bb5px||5px||true|false\u00bb custom_padding=\u00bb|10px||10px|false|true\u00bb custom_css_main_element=\u00bbtext-transform: uppercase;\u00bb global_colors_info=\u00bb{}\u00bb]<\/p>\n<p><a href=\"https:\/\/deventerconsulting.com\/\" target=\"_blank\" rel=\"noopener\">DEVENTER CONSULTING<\/a><\/p>\n<p>[\/et_pb_text][et_pb_text admin_label=\u00bbText \u00bb _builder_version=\u00bb4.27.4&#8243; _module_preset=\u00bbdefault\u00bb text_font=\u00bbMyriadPro Regular||||||||\u00bb text_font_size=\u00bb13px\u00bb text_line_height=\u00bb1.1em\u00bb min_height=\u00bb35px\u00bb custom_margin=\u00bb5px||5px||true|false\u00bb custom_padding=\u00bb|10px||10px|false|true\u00bb custom_css_main_element=\u00bbtext-transform: uppercase;\u00bb global_colors_info=\u00bb{}\u00bb]<\/p>\n<p><a href=\"https:\/\/www.ara.cat\/\" target=\"_blank\" rel=\"noopener\">DIARI ARA<\/a><\/p>\n<p>[\/et_pb_text][et_pb_text admin_label=\u00bbText \u00bb _builder_version=\u00bb4.27.4&#8243; _module_preset=\u00bbdefault\u00bb text_font=\u00bbMyriadPro Regular||||||||\u00bb text_font_size=\u00bb13px\u00bb text_line_height=\u00bb1.1em\u00bb min_height=\u00bb35px\u00bb custom_margin=\u00bb5px||5px||true|false\u00bb custom_padding=\u00bb|10px||10px|false|true\u00bb custom_css_main_element=\u00bbtext-transform: uppercase;\u00bb global_colors_info=\u00bb{}\u00bb]<\/p>\n<p><a href=\"https:\/\/ekmangroup.com\/\" target=\"_blank\" rel=\"noopener\">EKMAN<\/a><\/p>\n<p>[\/et_pb_text][et_pb_text admin_label=\u00bbText\u00bb _builder_version=\u00bb4.27.4&#8243; _module_preset=\u00bbdefault\u00bb text_font=\u00bbMyriadPro Regular||||||||\u00bb text_font_size=\u00bb13px\u00bb text_line_height=\u00bb1.1em\u00bb min_height=\u00bb35px\u00bb custom_margin=\u00bb5px||5px||true|false\u00bb custom_padding=\u00bb|10px||10px|false|true\u00bb custom_css_main_element=\u00bbtext-transform: uppercase;\u00bb global_colors_info=\u00bb{}\u00bb]<\/p>\n<p><a href=\"https:\/\/www.mireiace.net\/\" target=\"_blank\" rel=\"noopener\">ESCOLA MIREIA<\/a><\/p>\n<p>[\/et_pb_text][et_pb_text admin_label=\u00bbText\u00bb _builder_version=\u00bb4.27.4&#8243; _module_preset=\u00bbdefault\u00bb text_font=\u00bbMyriadPro Regular||||||||\u00bb text_font_size=\u00bb13px\u00bb text_line_height=\u00bb1.1em\u00bb min_height=\u00bb35px\u00bb custom_margin=\u00bb5px||5px||true|false\u00bb custom_padding=\u00bb|10px||10px|false|true\u00bb custom_css_main_element=\u00bbtext-transform: uppercase;\u00bb global_colors_info=\u00bb{}\u00bb]<\/p>\n<p><a href=\"https:\/\/escolapissarria.cat\/\" target=\"_blank\" rel=\"noopener\">ESCOLA PIA DE SARRIA<\/a><\/p>\n<p>[\/et_pb_text][et_pb_text admin_label=\u00bbText\u00bb _builder_version=\u00bb4.27.4&#8243; _module_preset=\u00bbdefault\u00bb text_font=\u00bbMyriadPro Regular||||||||\u00bb text_font_size=\u00bb13px\u00bb text_line_height=\u00bb1.1em\u00bb min_height=\u00bb35px\u00bb custom_margin=\u00bb5px||5px||true|false\u00bb custom_padding=\u00bb|10px||10px|false|true\u00bb custom_css_main_element=\u00bbtext-transform: uppercase;\u00bb global_colors_info=\u00bb{}\u00bb]<\/p>\n<p><a href=\"https:\/\/sabadell.escolapia.cat\/\" target=\"_blank\" rel=\"noopener\">ESCOLA PIA SABADELL<\/a><\/p>\n<p>[\/et_pb_text][et_pb_text admin_label=\u00bbText\u00bb _builder_version=\u00bb4.27.4&#8243; _module_preset=\u00bbdefault\u00bb text_font=\u00bbMyriadPro Regular||||||||\u00bb text_font_size=\u00bb13px\u00bb text_line_height=\u00bb1.1em\u00bb min_height=\u00bb35px\u00bb custom_margin=\u00bb5px||5px||true|false\u00bb custom_padding=\u00bb|10px||10px|false|true\u00bb custom_css_main_element=\u00bbtext-transform: uppercase;\u00bb global_colors_info=\u00bb{}\u00bb]<\/p>\n<p><a href=\"https:\/\/santantoni.escolapia.cat\/\" target=\"_blank\" rel=\"noopener\">ESCOLA PIA SANT ANTONI<\/a><\/p>\n<p>[\/et_pb_text][et_pb_text admin_label=\u00bbText\u00bb _builder_version=\u00bb4.27.4&#8243; _module_preset=\u00bbdefault\u00bb text_font=\u00bbMyriadPro Regular||||||||\u00bb text_font_size=\u00bb13px\u00bb text_line_height=\u00bb1.1em\u00bb min_height=\u00bb35px\u00bb custom_margin=\u00bb5px||5px||true|false\u00bb custom_padding=\u00bb|10px||10px|false|true\u00bb custom_css_main_element=\u00bbtext-transform: uppercase;\u00bb global_colors_info=\u00bb{}\u00bb]<\/p>\n<p><a href=\"https:\/\/deventerconsulting.com\/\" target=\"_blank\" rel=\"noopener\">DEVENTER CONSULTING<\/a><\/p>\n<p>[\/et_pb_text][et_pb_text admin_label=\u00bbText\u00bb _builder_version=\u00bb4.27.4&#8243; _module_preset=\u00bbdefault\u00bb text_font=\u00bbMyriadPro Regular||||||||\u00bb text_font_size=\u00bb13px\u00bb text_line_height=\u00bb1.1em\u00bb min_height=\u00bb35px\u00bb custom_margin=\u00bb5px||5px||true|false\u00bb custom_padding=\u00bb|10px||10px|false|true\u00bb custom_css_main_element=\u00bbtext-transform: uppercase;\u00bb global_colors_info=\u00bb{}\u00bb]<\/p>\n<p><a href=\"https:\/\/www.efs.es\/\" target=\"_blank\" rel=\"noopener\">ESTUDI FERRAN SENDRA<\/a><\/p>\n<p>[\/et_pb_text][et_pb_text admin_label=\u00bbText\u00bb _builder_version=\u00bb4.27.4&#8243; _module_preset=\u00bbdefault\u00bb text_font=\u00bbMyriadPro Regular||||||||\u00bb text_font_size=\u00bb13px\u00bb text_line_height=\u00bb1.1em\u00bb min_height=\u00bb35px\u00bb custom_margin=\u00bb5px||5px||true|false\u00bb custom_padding=\u00bb|10px||10px|false|true\u00bb custom_css_main_element=\u00bbtext-transform: uppercase;\u00bb global_colors_info=\u00bb{}\u00bb]<\/p>\n<p><a href=\"https:\/\/faitemplus.com\/\" target=\"_blank\" rel=\"noopener\">FAITEM PLUS PROMOCIONES<\/a><\/p>\n<p>[\/et_pb_text][et_pb_text admin_label=\u00bbText\u00bb _builder_version=\u00bb4.27.4&#8243; _module_preset=\u00bbdefault\u00bb text_font=\u00bbMyriadPro Regular||||||||\u00bb text_font_size=\u00bb13px\u00bb text_line_height=\u00bb1.1em\u00bb min_height=\u00bb35px\u00bb custom_margin=\u00bb5px||5px||true|false\u00bb custom_padding=\u00bb|10px||10px|false|true\u00bb hover_enabled=\u00bb0&#8243; custom_css_main_element=\u00bbtext-transform: uppercase;\u00bb global_colors_info=\u00bb{}\u00bb sticky_enabled=\u00bb0&#8243;]<\/p>\n<p><a href=\"https:\/\/www.ferreteriacolell.es\/\">FERRETERIA COLELL<\/a><\/p>\n<p>[\/et_pb_text][et_pb_text admin_label=\u00bbText\u00bb _builder_version=\u00bb4.27.4&#8243; _module_preset=\u00bbdefault\u00bb text_font=\u00bbMyriadPro Regular||||||||\u00bb text_font_size=\u00bb13px\u00bb text_line_height=\u00bb1.1em\u00bb min_height=\u00bb35px\u00bb custom_margin=\u00bb5px||5px||true|false\u00bb custom_padding=\u00bb|10px||10px|false|true\u00bb custom_css_main_element=\u00bbtext-transform: uppercase;\u00bb global_colors_info=\u00bb{}\u00bb]<\/p>\n<p><a href=\"https:\/\/filateliatrafalgar.com\/\" target=\"_blank\" rel=\"noopener\">FILAT\u00c8LIA trafalgar<\/a><\/p>\n<p>[\/et_pb_text][et_pb_text admin_label=\u00bbText\u00bb _builder_version=\u00bb4.27.4&#8243; _module_preset=\u00bbdefault\u00bb text_font=\u00bbMyriadPro Regular||||||||\u00bb text_font_size=\u00bb13px\u00bb text_line_height=\u00bb1.1em\u00bb min_height=\u00bb35px\u00bb custom_margin=\u00bb5px||5px||true|false\u00bb custom_padding=\u00bb|10px||10px|false|true\u00bb custom_css_main_element=\u00bbtext-transform: uppercase;\u00bb global_colors_info=\u00bb{}\u00bb]<\/p>\n<p><a href=\"https:\/\/flaixfm.cat\/\" target=\"_blank\" rel=\"noopener\">FLAIX FM<\/a><\/p>\n<p>[\/et_pb_text][et_pb_text admin_label=\u00bbText\u00bb _builder_version=\u00bb4.27.4&#8243; _module_preset=\u00bbdefault\u00bb text_font=\u00bbMyriadPro Regular||||||||\u00bb text_font_size=\u00bb13px\u00bb text_line_height=\u00bb1.1em\u00bb min_height=\u00bb35px\u00bb custom_margin=\u00bb5px||5px||true|false\u00bb custom_padding=\u00bb|10px||10px|false|true\u00bb custom_css_main_element=\u00bbtext-transform: uppercase;\u00bb global_colors_info=\u00bb{}\u00bb]<\/p>\n<p><a href=\"https:\/\/fotocopies.com\/\" target=\"_blank\" rel=\"noopener\">FOTOC\u00d2PIES DIAGONAL<\/a><\/p>\n<p>[\/et_pb_text][et_pb_text admin_label=\u00bbText\u00bb _builder_version=\u00bb4.27.4&#8243; _module_preset=\u00bbdefault\u00bb text_font=\u00bbMyriadPro Regular||||||||\u00bb text_font_size=\u00bb13px\u00bb text_line_height=\u00bb1.1em\u00bb min_height=\u00bb35px\u00bb custom_margin=\u00bb5px||5px||true|false\u00bb custom_padding=\u00bb|10px||10px|false|true\u00bb custom_css_main_element=\u00bbtext-transform: uppercase;\u00bb global_colors_info=\u00bb{}\u00bb]<\/p>\n<p><a href=\"https:\/\/fhflores.com\/es\" target=\"_blank\" rel=\"noopener\">FRUTAS Y HORTALIZAS FLORES<\/a><\/p>\n<p>[\/et_pb_text][et_pb_text admin_label=\u00bbText\u00bb _builder_version=\u00bb4.27.4&#8243; _module_preset=\u00bbdefault\u00bb text_font=\u00bbMyriadPro Regular||||||||\u00bb text_font_size=\u00bb13px\u00bb text_line_height=\u00bb1.1em\u00bb min_height=\u00bb35px\u00bb custom_margin=\u00bb5px||5px||true|false\u00bb custom_padding=\u00bb|10px||10px|false|true\u00bb custom_css_main_element=\u00bbtext-transform: uppercase;\u00bb global_colors_info=\u00bb{}\u00bb]<\/p>\n<p><a href=\"https:\/\/www.blanquerna.edu\/ca\/\" target=\"_blank\" rel=\"noopener\">FUNDACI\u00d3 BLANQUERNA<\/a><\/p>\n<p>[\/et_pb_text][et_pb_text admin_label=\u00bbText\u00bb _builder_version=\u00bb4.27.4&#8243; _module_preset=\u00bbdefault\u00bb text_font=\u00bbMyriadPro Regular||||||||\u00bb text_font_size=\u00bb13px\u00bb text_line_height=\u00bb1.1em\u00bb min_height=\u00bb35px\u00bb custom_margin=\u00bb5px||5px||true|false\u00bb custom_padding=\u00bb|10px||10px|false|true\u00bb custom_css_main_element=\u00bbtext-transform: uppercase;\u00bb global_colors_info=\u00bb{}\u00bb]<\/p>\n<p><a href=\"https:\/\/www.fundaciocollserola.cat\/\" target=\"_blank\" rel=\"noopener\">FUNDACI\u00d3 COLLSEROLA<\/a><\/p>\n<p>[\/et_pb_text][\/et_pb_column][et_pb_column type=\u00bb1_5&#8243; _builder_version=\u00bb4.17.6&#8243; _module_preset=\u00bbdefault\u00bb border_width_left=\u00bb1px\u00bb border_color_left=\u00bb#F8AC00&#8243; global_colors_info=\u00bb{}\u00bb][et_pb_text admin_label=\u00bbText\u00bb _builder_version=\u00bb4.27.4&#8243; _module_preset=\u00bbdefault\u00bb text_font=\u00bbMyriadPro Regular||||||||\u00bb text_font_size=\u00bb13px\u00bb text_line_height=\u00bb1.1em\u00bb min_height=\u00bb35px\u00bb custom_margin=\u00bb5px||5px||true|false\u00bb custom_padding=\u00bb|10px||10px|false|true\u00bb custom_css_main_element=\u00bbtext-transform: uppercase;\u00bb global_colors_info=\u00bb{}\u00bb]<\/p>\n<p><a href=\"https:\/\/escolanausica.cat\/fundacion-nausica\/\" target=\"_blank\" rel=\"noopener\">FUNDACI\u00d3 NAUSICA <\/a><\/p>\n<p>[\/et_pb_text][et_pb_text admin_label=\u00bbText\u00bb _builder_version=\u00bb4.27.4&#8243; _module_preset=\u00bbdefault\u00bb text_font=\u00bbMyriadPro Regular||||||||\u00bb text_font_size=\u00bb13px\u00bb text_line_height=\u00bb1.1em\u00bb min_height=\u00bb35px\u00bb custom_margin=\u00bb5px||5px||true|false\u00bb custom_padding=\u00bb|10px||10px|false|true\u00bb custom_css_main_element=\u00bbtext-transform: uppercase;\u00bb global_colors_info=\u00bb{}\u00bb]<\/p>\n<p><a href=\"https:\/\/vedruna.cat\/fundacio\/#vedrunacatalunyaeducacio\" target=\"_blank\" rel=\"noopener\">FUNDACI\u00d3 EDUCATIVA VEDRUNA<\/a><\/p>\n<p>[\/et_pb_text][et_pb_text admin_label=\u00bbText\u00bb _builder_version=\u00bb4.27.4&#8243; _module_preset=\u00bbdefault\u00bb text_font=\u00bbMyriadPro Regular||||||||\u00bb text_font_size=\u00bb13px\u00bb text_line_height=\u00bb1.1em\u00bb min_height=\u00bb35px\u00bb custom_margin=\u00bb5px||5px||true|false\u00bb custom_padding=\u00bb|10px||10px|false|true\u00bb custom_css_main_element=\u00bbtext-transform: uppercase;\u00bb global_colors_info=\u00bb{}\u00bb]<\/p>\n<p>FUSTALVET, S.L.U.<\/p>\n<p>[\/et_pb_text][et_pb_text admin_label=\u00bbText\u00bb _builder_version=\u00bb4.27.4&#8243; _module_preset=\u00bbdefault\u00bb text_font=\u00bbMyriadPro Regular||||||||\u00bb text_font_size=\u00bb13px\u00bb text_line_height=\u00bb1.1em\u00bb min_height=\u00bb35px\u00bb custom_margin=\u00bb5px||5px||true|false\u00bb custom_padding=\u00bb|10px||10px|false|true\u00bb custom_css_main_element=\u00bbtext-transform: uppercase;\u00bb global_colors_info=\u00bb{}\u00bb]<\/p>\n<p><a href=\"https:\/\/www.germark.com\/\" target=\"_blank\" rel=\"noopener\">GERMARK, S.A.<\/a><\/p>\n<p>[\/et_pb_text][et_pb_text admin_label=\u00bbText\u00bb _builder_version=\u00bb4.27.4&#8243; _module_preset=\u00bbdefault\u00bb text_font=\u00bbMyriadPro Regular||||||||\u00bb text_font_size=\u00bb13px\u00bb text_line_height=\u00bb1.1em\u00bb min_height=\u00bb35px\u00bb custom_margin=\u00bb5px||5px||true|false\u00bb custom_padding=\u00bb|10px||10px|false|true\u00bb custom_css_main_element=\u00bbtext-transform: uppercase;\u00bb global_colors_info=\u00bb{}\u00bb]<\/p>\n<p>GESBIO, S.L.<\/p>\n<p>[\/et_pb_text][et_pb_text admin_label=\u00bbText\u00bb _builder_version=\u00bb4.27.4&#8243; _module_preset=\u00bbdefault\u00bb text_font=\u00bbMyriadPro Regular||||||||\u00bb text_font_size=\u00bb13px\u00bb text_line_height=\u00bb1.1em\u00bb min_height=\u00bb35px\u00bb custom_margin=\u00bb5px||5px||true|false\u00bb custom_padding=\u00bb|10px||10px|false|true\u00bb custom_css_main_element=\u00bbtext-transform: uppercase;\u00bb global_colors_info=\u00bb{}\u00bb]<\/p>\n<p><a href=\"https:\/\/granjaelena.com\/es\/home\/\" target=\"_blank\" rel=\"noopener\">GRANJA ELENA<\/a><\/p>\n<p>[\/et_pb_text][et_pb_text admin_label=\u00bbText\u00bb _builder_version=\u00bb4.27.4&#8243; _module_preset=\u00bbdefault\u00bb text_font=\u00bbMyriadPro Regular||||||||\u00bb text_font_size=\u00bb13px\u00bb text_line_height=\u00bb1.1em\u00bb min_height=\u00bb35px\u00bb custom_margin=\u00bb5px||5px||true|false\u00bb custom_padding=\u00bb|10px||10px|false|true\u00bb custom_css_main_element=\u00bbtext-transform: uppercase;\u00bb global_colors_info=\u00bb{}\u00bb]<\/p>\n<p><a href=\"https:\/\/www.instagram.com\/grupdefestesdecanserra\/\" target=\"_blank\" rel=\"noopener\">GRUP DE FESTES DE CAN SERRA<\/a><\/p>\n<p>[\/et_pb_text][et_pb_text admin_label=\u00bbText\u00bb _builder_version=\u00bb4.27.4&#8243; _module_preset=\u00bbdefault\u00bb text_font=\u00bbMyriadPro Regular||||||||\u00bb text_font_size=\u00bb13px\u00bb text_line_height=\u00bb1.1em\u00bb min_height=\u00bb35px\u00bb custom_margin=\u00bb5px||5px||true|false\u00bb custom_padding=\u00bb|10px||10px|false|true\u00bb custom_css_main_element=\u00bbtext-transform: uppercase;\u00bb global_colors_info=\u00bb{}\u00bb]<\/p>\n<p><a href=\"https:\/\/www.flaix.com\/\" target=\"_blank\" rel=\"noopener\">GRUP FLAIX<\/a><\/p>\n<p>[\/et_pb_text][et_pb_text admin_label=\u00bbText\u00bb _builder_version=\u00bb4.27.4&#8243; _module_preset=\u00bbdefault\u00bb text_font=\u00bbMyriadPro Regular||||||||\u00bb text_font_size=\u00bb13px\u00bb text_line_height=\u00bb1.1em\u00bb min_height=\u00bb35px\u00bb custom_margin=\u00bb5px||5px||true|false\u00bb custom_padding=\u00bb|10px||10px|false|true\u00bb hover_enabled=\u00bb0&#8243; custom_css_main_element=\u00bbtext-transform: uppercase;\u00bb global_colors_info=\u00bb{}\u00bb sticky_enabled=\u00bb0&#8243;]<\/p>\n<p><a href=\"https:\/\/www.instagram.com\/hermandadhospitalet\/\">HERMANDAD ROCIERA ANDALUZA DE HOSPITALET<\/a><\/p>\n<p>[\/et_pb_text][et_pb_text admin_label=\u00bbText\u00bb _builder_version=\u00bb4.27.4&#8243; _module_preset=\u00bbdefault\u00bb text_font=\u00bbMyriadPro Regular||||||||\u00bb text_font_size=\u00bb13px\u00bb text_line_height=\u00bb1.1em\u00bb min_height=\u00bb35px\u00bb custom_margin=\u00bb5px||5px||true|false\u00bb custom_padding=\u00bb|10px||10px|false|true\u00bb hover_enabled=\u00bb0&#8243; custom_css_main_element=\u00bbtext-transform: uppercase;\u00bb global_colors_info=\u00bb{}\u00bb sticky_enabled=\u00bb0&#8243;]<\/p>\n<p>HERMANDAD ROCIERA RECR.-CULT.ANDAL.BCN CENTRE PASTORA ALMONTE\u00d1A<\/p>\n<p>[\/et_pb_text][et_pb_text admin_label=\u00bbText\u00bb _builder_version=\u00bb4.27.4&#8243; _module_preset=\u00bbdefault\u00bb text_font=\u00bbMyriadPro Regular||||||||\u00bb text_font_size=\u00bb13px\u00bb text_line_height=\u00bb1.1em\u00bb min_height=\u00bb35px\u00bb custom_margin=\u00bb5px||5px||true|false\u00bb custom_padding=\u00bb|10px||10px|false|true\u00bb custom_css_main_element=\u00bbtext-transform: uppercase;\u00bb global_colors_info=\u00bb{}\u00bb]<\/p>\n<p><a href=\"https:\/\/www.honda.es\/\" target=\"_blank\" rel=\"noopener\">HONDA<\/a><\/p>\n<p>[\/et_pb_text][et_pb_text admin_label=\u00bbText\u00bb _builder_version=\u00bb4.27.4&#8243; _module_preset=\u00bbdefault\u00bb text_font=\u00bbMyriadPro Regular||||||||\u00bb text_font_size=\u00bb13px\u00bb text_line_height=\u00bb1.1em\u00bb min_height=\u00bb35px\u00bb custom_margin=\u00bb5px||5px||true|false\u00bb custom_padding=\u00bb|10px||10px|false|true\u00bb custom_css_main_element=\u00bbtext-transform: uppercase;\u00bb global_colors_info=\u00bb{}\u00bb]<\/p>\n<p><a href=\"https:\/\/www.od-hotels.com\/hotel-espana-ramblas\/\" target=\"_blank\" rel=\"noopener\">HOTEL ESPA\u00d1A OCEAN DRIVE<\/a><\/p>\n<p>[\/et_pb_text][et_pb_text admin_label=\u00bbText\u00bb _builder_version=\u00bb4.27.4&#8243; _module_preset=\u00bbdefault\u00bb text_font=\u00bbMyriadPro Regular||||||||\u00bb text_font_size=\u00bb13px\u00bb text_line_height=\u00bb1.1em\u00bb min_height=\u00bb35px\u00bb custom_margin=\u00bb5px||5px||true|false\u00bb custom_padding=\u00bb|10px||10px|false|true\u00bb custom_css_main_element=\u00bbtext-transform: uppercase;\u00bb global_colors_info=\u00bb{}\u00bb]<\/p>\n<p><a href=\"https:\/\/www.instagram.com\/idealcocktailbar\/\" target=\"_blank\" rel=\"noopener\"><span>IDEAL COCKTAIL BAR<\/span><\/a><\/p>\n<p>[\/et_pb_text][et_pb_text admin_label=\u00bbText\u00bb _builder_version=\u00bb4.27.4&#8243; _module_preset=\u00bbdefault\u00bb text_font=\u00bbMyriadPro Regular||||||||\u00bb text_font_size=\u00bb13px\u00bb text_line_height=\u00bb1.1em\u00bb min_height=\u00bb35px\u00bb custom_margin=\u00bb5px||5px||true|false\u00bb custom_padding=\u00bb|10px||10px|false|true\u00bb custom_css_main_element=\u00bbtext-transform: uppercase;\u00bb global_colors_info=\u00bb{}\u00bb]<\/p>\n<p><a href=\"https:\/\/icrcat.com\/ca\/\" target=\"_blank\" rel=\"noopener\">INSTITUT CATALA DE RETINA<\/a><\/p>\n<p>[\/et_pb_text][et_pb_text admin_label=\u00bbText\u00bb _builder_version=\u00bb4.27.0&#8243; _module_preset=\u00bbdefault\u00bb text_font=\u00bbMyriadPro Regular||||||||\u00bb text_font_size=\u00bb13px\u00bb text_line_height=\u00bb1.1em\u00bb min_height=\u00bb35px\u00bb custom_margin=\u00bb5px||5px||true|false\u00bb custom_padding=\u00bb|10px||10px|false|true\u00bb custom_css_main_element=\u00bbtext-transform: uppercase;\u00bb global_colors_info=\u00bb{}\u00bb]<\/p>\n<p><a href=\"https:\/\/www.icerda.org\/ca\/\">INSTITUT ILDEFONS CERD\u00c0<\/a><\/p>\n<p>[\/et_pb_text][et_pb_text admin_label=\u00bbText\u00bb _builder_version=\u00bb4.27.4&#8243; _module_preset=\u00bbdefault\u00bb text_font=\u00bbMyriadPro Regular||||||||\u00bb text_font_size=\u00bb13px\u00bb text_line_height=\u00bb1.1em\u00bb min_height=\u00bb35px\u00bb custom_margin=\u00bb5px||5px||true|false\u00bb custom_padding=\u00bb|10px||10px|false|true\u00bb custom_css_main_element=\u00bbtext-transform: uppercase;\u00bb global_colors_info=\u00bb{}\u00bb]<\/p>\n<p><a href=\"https:\/\/www.institutnataliaribe.com\/\">INSTITUT NATALIA RIB\u00c9<\/a><\/p>\n<p>[\/et_pb_text][et_pb_text admin_label=\u00bbText\u00bb _builder_version=\u00bb4.27.4&#8243; _module_preset=\u00bbdefault\u00bb text_font=\u00bbMyriadPro Regular||||||||\u00bb text_font_size=\u00bb13px\u00bb text_line_height=\u00bb1.1em\u00bb min_height=\u00bb35px\u00bb custom_margin=\u00bb5px||5px||true|false\u00bb custom_padding=\u00bb|10px||10px|false|true\u00bb custom_css_main_element=\u00bbtext-transform: uppercase;\u00bb global_colors_info=\u00bb{}\u00bb]<\/p>\n<p><a href=\"https:\/\/www.intertransit.com\/\">INTERTRANSIT<\/a><\/p>\n<p>[\/et_pb_text][et_pb_text admin_label=\u00bbText\u00bb _builder_version=\u00bb4.27.4&#8243; _module_preset=\u00bbdefault\u00bb text_font=\u00bbMyriadPro Regular||||||||\u00bb text_font_size=\u00bb13px\u00bb text_line_height=\u00bb1.1em\u00bb min_height=\u00bb35px\u00bb custom_margin=\u00bb5px||5px||true|false\u00bb custom_padding=\u00bb|10px||10px|false|true\u00bb custom_css_main_element=\u00bbtext-transform: uppercase;\u00bb global_colors_info=\u00bb{}\u00bb]<\/p>\n<p><a href=\"https:\/\/ithinkupc.com\/es\/\" target=\"_blank\" rel=\"noopener\">I Think UPC<\/a><\/p>\n<p>[\/et_pb_text][et_pb_text admin_label=\u00bbText\u00bb _builder_version=\u00bb4.27.4&#8243; _module_preset=\u00bbdefault\u00bb text_font=\u00bbMyriadPro Regular||||||||\u00bb text_font_size=\u00bb13px\u00bb text_line_height=\u00bb1.1em\u00bb min_height=\u00bb35px\u00bb custom_margin=\u00bb5px||5px||true|false\u00bb custom_padding=\u00bb|10px||10px|false|true\u00bb custom_css_main_element=\u00bbtext-transform: uppercase;\u00bb global_colors_info=\u00bb{}\u00bb]<\/p>\n<p><a href=\"https:\/\/jelliby.com\/\" target=\"_blank\" rel=\"noopener\">JELLIBY<\/a><\/p>\n<p>[\/et_pb_text][et_pb_text admin_label=\u00bbText\u00bb _builder_version=\u00bb4.27.4&#8243; _module_preset=\u00bbdefault\u00bb text_font=\u00bbMyriadPro Regular||||||||\u00bb text_font_size=\u00bb13px\u00bb text_line_height=\u00bb1.1em\u00bb min_height=\u00bb35px\u00bb custom_margin=\u00bb5px||5px||true|false\u00bb custom_padding=\u00bb|10px||10px|false|true\u00bb custom_css_main_element=\u00bbtext-transform: uppercase;\u00bb global_colors_info=\u00bb{}\u00bb]<\/p>\n<p><a href=\"https:\/\/www.byly.com\/\">BYLY<\/a><\/p>\n<p>[\/et_pb_text][\/et_pb_column][et_pb_column type=\u00bb1_5&#8243; _builder_version=\u00bb4.17.6&#8243; _module_preset=\u00bbdefault\u00bb border_width_left=\u00bb1px\u00bb border_color_left=\u00bb#F8AC00&#8243; global_colors_info=\u00bb{}\u00bb][et_pb_text admin_label=\u00bbText\u00bb _builder_version=\u00bb4.27.4&#8243; _module_preset=\u00bbdefault\u00bb text_font=\u00bbMyriadPro Regular||||||||\u00bb text_font_size=\u00bb13px\u00bb text_line_height=\u00bb1.1em\u00bb min_height=\u00bb35px\u00bb custom_margin=\u00bb5px||5px||true|false\u00bb custom_padding=\u00bb|10px||10px|false|true\u00bb hover_enabled=\u00bb0&#8243; custom_css_main_element=\u00bbtext-transform: uppercase;\u00bb global_colors_info=\u00bb{}\u00bb sticky_enabled=\u00bb0&#8243;]<\/p>\n<p>LA SETA PELUDA, S.L.<\/p>\n<p>[\/et_pb_text][et_pb_text admin_label=\u00bbText\u00bb _builder_version=\u00bb4.27.4&#8243; _module_preset=\u00bbdefault\u00bb text_font=\u00bbMyriadPro Regular||||||||\u00bb text_font_size=\u00bb13px\u00bb text_line_height=\u00bb1.1em\u00bb min_height=\u00bb35px\u00bb custom_margin=\u00bb5px||5px||true|false\u00bb custom_padding=\u00bb|10px||10px|false|true\u00bb custom_css_main_element=\u00bbtext-transform: uppercase;\u00bb global_colors_info=\u00bb{}\u00bb]<\/p>\n<p><a href=\"https:\/\/www.lamarsalada.cat\/\" target=\"_blank\" rel=\"noopener\">LA MAR SALADA<\/a><\/p>\n<p>[\/et_pb_text][et_pb_text admin_label=\u00bbText\u00bb _builder_version=\u00bb4.27.4&#8243; _module_preset=\u00bbdefault\u00bb text_font=\u00bbMyriadPro Regular||||||||\u00bb text_font_size=\u00bb13px\u00bb text_line_height=\u00bb1.1em\u00bb min_height=\u00bb35px\u00bb custom_margin=\u00bb5px||5px||true|false\u00bb custom_padding=\u00bb|10px||10px|false|true\u00bb custom_css_main_element=\u00bbtext-transform: uppercase;\u00bb global_colors_info=\u00bb{}\u00bb]<\/p>\n<p><a href=\"https:\/\/restaurantelapoma.com\/\" target=\"_blank\" rel=\"noopener\">LA POMA RESTAURANT<\/a><\/p>\n<p>[\/et_pb_text][et_pb_text admin_label=\u00bbText\u00bb _builder_version=\u00bb4.27.4&#8243; _module_preset=\u00bbdefault\u00bb text_font=\u00bbMyriadPro Regular||||||||\u00bb text_font_size=\u00bb13px\u00bb text_line_height=\u00bb1.1em\u00bb min_height=\u00bb35px\u00bb custom_margin=\u00bb5px||5px||true|false\u00bb custom_padding=\u00bb|10px||10px|false|true\u00bb custom_css_main_element=\u00bbtext-transform: uppercase;\u00bb global_colors_info=\u00bb{}\u00bb]<\/p>\n<p><a href=\"https:\/\/www.llagurt.com\/\" target=\"_blank\" rel=\"noopener\">LLAGURT<\/a><\/p>\n<p>[\/et_pb_text][et_pb_text admin_label=\u00bbText\u00bb _builder_version=\u00bb4.27.4&#8243; _module_preset=\u00bbdefault\u00bb text_font=\u00bbMyriadPro Regular||||||||\u00bb text_font_size=\u00bb13px\u00bb text_line_height=\u00bb1.1em\u00bb min_height=\u00bb35px\u00bb custom_margin=\u00bb5px||5px||true|false\u00bb custom_padding=\u00bb|10px||10px|false|true\u00bb custom_css_main_element=\u00bbtext-transform: uppercase;\u00bb global_colors_info=\u00bb{}\u00bb]<\/p>\n<p><a href=\"https:\/\/www.lucasfox.es\/\" target=\"_blank\" rel=\"noopener\">LUCAS TRADING, S.L.<\/a><\/p>\n<p>[\/et_pb_text][et_pb_text admin_label=\u00bbText\u00bb _builder_version=\u00bb4.27.4&#8243; _module_preset=\u00bbdefault\u00bb text_font=\u00bbMyriadPro Regular||||||||\u00bb text_font_size=\u00bb13px\u00bb text_line_height=\u00bb1.1em\u00bb min_height=\u00bb35px\u00bb custom_margin=\u00bb5px||5px||true|false\u00bb custom_padding=\u00bb|10px||10px|false|true\u00bb custom_css_main_element=\u00bbtext-transform: uppercase;\u00bb global_colors_info=\u00bb{}\u00bb]<\/p>\n<p><a href=\"https:\/\/www.lugaris.com\/\" target=\"_blank\" rel=\"noopener\">LUGARIS<\/a><\/p>\n<p>[\/et_pb_text][et_pb_text admin_label=\u00bbText\u00bb _builder_version=\u00bb4.27.4&#8243; _module_preset=\u00bbdefault\u00bb text_font=\u00bbMyriadPro Regular||||||||\u00bb text_font_size=\u00bb13px\u00bb text_line_height=\u00bb1.1em\u00bb min_height=\u00bb35px\u00bb custom_margin=\u00bb5px||5px||true|false\u00bb custom_padding=\u00bb|10px||10px|false|true\u00bb custom_css_main_element=\u00bbtext-transform: uppercase;\u00bb global_colors_info=\u00bb{}\u00bb]<\/p>\n<p><a href=\"https:\/\/www.lourocgb.com\/\" target=\"_blank\" rel=\"noopener\">LOURO<\/a><\/p>\n<p>[\/et_pb_text][et_pb_text admin_label=\u00bbText\u00bb _builder_version=\u00bb4.27.4&#8243; _module_preset=\u00bbdefault\u00bb text_font=\u00bbMyriadPro Regular||||||||\u00bb text_font_size=\u00bb13px\u00bb text_line_height=\u00bb1.1em\u00bb min_height=\u00bb35px\u00bb custom_margin=\u00bb5px||5px||true|false\u00bb custom_padding=\u00bb|10px||10px|false|true\u00bb custom_css_main_element=\u00bbtext-transform: uppercase;\u00bb global_colors_info=\u00bb{}\u00bb]<\/p>\n<p><a href=\"https:\/\/marinebusiness.net\/\">MARINE BUSINESS<\/a><\/p>\n<p>[\/et_pb_text][et_pb_text admin_label=\u00bbText\u00bb _builder_version=\u00bb4.27.4&#8243; _module_preset=\u00bbdefault\u00bb text_font=\u00bbMyriadPro Regular||||||||\u00bb text_font_size=\u00bb13px\u00bb text_line_height=\u00bb1.1em\u00bb min_height=\u00bb35px\u00bb custom_margin=\u00bb5px||5px||true|false\u00bb custom_padding=\u00bb|10px||10px|false|true\u00bb custom_css_main_element=\u00bbtext-transform: uppercase;\u00bb global_colors_info=\u00bb{}\u00bb]<\/p>\n<p><a href=\"https:\/\/www.miraknet.net\/\">MIRA K NET<\/a><\/p>\n<p>[\/et_pb_text][et_pb_text admin_label=\u00bbText\u00bb _builder_version=\u00bb4.27.4&#8243; _module_preset=\u00bbdefault\u00bb text_font=\u00bbMyriadPro Regular||||||||\u00bb text_font_size=\u00bb13px\u00bb text_line_height=\u00bb1.1em\u00bb min_height=\u00bb35px\u00bb custom_margin=\u00bb5px||5px||true|false\u00bb custom_padding=\u00bb|10px||10px|false|true\u00bb custom_css_main_element=\u00bbtext-transform: uppercase;\u00bb global_colors_info=\u00bb{}\u00bb]<\/p>\n<p><a href=\"https:\/\/www.molimat.com\/\" target=\"_blank\" rel=\"noopener\">MOLIMAT CAPITOLI<\/a><\/p>\n<p>[\/et_pb_text][et_pb_text admin_label=\u00bbText\u00bb _builder_version=\u00bb4.27.4&#8243; _module_preset=\u00bbdefault\u00bb text_font=\u00bbMyriadPro Regular||||||||\u00bb text_font_size=\u00bb13px\u00bb text_line_height=\u00bb1.1em\u00bb min_height=\u00bb35px\u00bb custom_margin=\u00bb5px||5px||true|false\u00bb custom_padding=\u00bb|10px||10px|false|true\u00bb hover_enabled=\u00bb0&#8243; custom_css_main_element=\u00bbtext-transform: uppercase;\u00bb global_colors_info=\u00bb{}\u00bb sticky_enabled=\u00bb0&#8243;]<\/p>\n<p>MOLINS TRES, S.L<\/p>\n<p>[\/et_pb_text][et_pb_text admin_label=\u00bbText\u00bb _builder_version=\u00bb4.27.4&#8243; _module_preset=\u00bbdefault\u00bb text_font=\u00bbMyriadPro Regular||||||||\u00bb text_font_size=\u00bb13px\u00bb text_line_height=\u00bb1.1em\u00bb min_height=\u00bb35px\u00bb custom_margin=\u00bb5px||5px||true|false\u00bb custom_padding=\u00bb|10px||10px|false|true\u00bb custom_css_main_element=\u00bbtext-transform: uppercase;\u00bb global_colors_info=\u00bb{}\u00bb]<\/p>\n<p><a href=\"https:\/\/nude-project.com\/es\" target=\"_blank\" rel=\"noopener\">NUDE PROJECT<\/a><\/p>\n<p>[\/et_pb_text][et_pb_text admin_label=\u00bbText\u00bb _builder_version=\u00bb4.27.4&#8243; _module_preset=\u00bbdefault\u00bb text_font=\u00bbMyriadPro Regular||||||||\u00bb text_font_size=\u00bb13px\u00bb text_line_height=\u00bb1.1em\u00bb min_height=\u00bb35px\u00bb custom_margin=\u00bb5px||5px||true|false\u00bb custom_padding=\u00bb|10px||10px|false|true\u00bb hover_enabled=\u00bb0&#8243; custom_css_main_element=\u00bbtext-transform: uppercase;\u00bb global_colors_info=\u00bb{}\u00bb sticky_enabled=\u00bb0&#8243;]<\/p>\n<p>OCTAGON COMMUNICATION, S.L.<\/p>\n<p>[\/et_pb_text][et_pb_text admin_label=\u00bbText\u00bb _builder_version=\u00bb4.27.4&#8243; _module_preset=\u00bbdefault\u00bb text_font=\u00bbMyriadPro Regular||||||||\u00bb text_font_size=\u00bb13px\u00bb text_line_height=\u00bb1.1em\u00bb min_height=\u00bb35px\u00bb custom_margin=\u00bb5px||5px||true|false\u00bb custom_padding=\u00bb|10px||10px|false|true\u00bb custom_css_main_element=\u00bbtext-transform: uppercase;\u00bb global_colors_info=\u00bb{}\u00bb]<\/p>\n<p><a href=\"https:\/\/pinotxobar.com\/\" target=\"_blank\" rel=\"noopener\">PINOTXO BAR<\/a><\/p>\n<p>[\/et_pb_text][et_pb_text admin_label=\u00bbText\u00bb _builder_version=\u00bb4.27.4&#8243; _module_preset=\u00bbdefault\u00bb text_font=\u00bbMyriadPro Regular||||||||\u00bb text_font_size=\u00bb13px\u00bb text_line_height=\u00bb1.1em\u00bb min_height=\u00bb35px\u00bb custom_margin=\u00bb5px||5px||true|false\u00bb custom_padding=\u00bb|10px||10px|false|true\u00bb custom_css_main_element=\u00bbtext-transform: uppercase;\u00bb global_colors_info=\u00bb{}\u00bb]<\/p>\n<p><a href=\"https:\/\/www.pirotecniaigual.com\/\" target=\"_blank\" rel=\"noopener\">PIROTECNIA IGUAL<\/a><\/p>\n<p>[\/et_pb_text][et_pb_text admin_label=\u00bbText\u00bb _builder_version=\u00bb4.27.4&#8243; _module_preset=\u00bbdefault\u00bb text_font=\u00bbMyriadPro Regular||||||||\u00bb text_font_size=\u00bb13px\u00bb text_line_height=\u00bb1.1em\u00bb min_height=\u00bb35px\u00bb custom_margin=\u00bb5px||5px||true|false\u00bb custom_padding=\u00bb|10px||10px|false|true\u00bb custom_css_main_element=\u00bbtext-transform: uppercase;\u00bb global_colors_info=\u00bb{}\u00bb]<\/p>\n<p><a href=\"https:\/\/www.quadpack.com\/\" target=\"_blank\" rel=\"noopener\">QUADPACK<\/a><\/p>\n<p>[\/et_pb_text][et_pb_text admin_label=\u00bbText\u00bb _builder_version=\u00bb4.27.4&#8243; _module_preset=\u00bbdefault\u00bb text_font=\u00bbMyriadPro Regular||||||||\u00bb text_font_size=\u00bb13px\u00bb text_line_height=\u00bb1.1em\u00bb min_height=\u00bb35px\u00bb custom_margin=\u00bb5px||5px||true|false\u00bb custom_padding=\u00bb|10px||10px|false|true\u00bb custom_css_main_element=\u00bbtext-transform: uppercase;\u00bb global_colors_info=\u00bb{}\u00bb]<\/p>\n<p><a href=\"https:\/\/www.ramrostrading.com\/\" target=\"_blank\" rel=\"noopener\">RAMROS TRADING<\/a><\/p>\n<p>[\/et_pb_text][et_pb_text admin_label=\u00bbText\u00bb _builder_version=\u00bb4.27.4&#8243; _module_preset=\u00bbdefault\u00bb text_font=\u00bbMyriadPro Regular||||||||\u00bb text_font_size=\u00bb13px\u00bb min_height=\u00bb35px\u00bb custom_margin=\u00bb5px||5px||true|false\u00bb custom_padding=\u00bb|10px||10px|false|true\u00bb custom_css_main_element=\u00bbtext-transform: uppercase;\u00bb global_colors_info=\u00bb{}\u00bb text_line_height=\u00bb1.1em\u00bb]<\/p>\n<p><a href=\"https:\/\/bcn.restaurantgaig.com\/es\/\" target=\"_blank\" rel=\"noopener\">RESTAURANT GAIG<\/a><\/p>\n<p>[\/et_pb_text][et_pb_text admin_label=\u00bbText\u00bb _builder_version=\u00bb4.27.4&#8243; _module_preset=\u00bbdefault\u00bb text_font=\u00bbMyriadPro Regular||||||||\u00bb text_font_size=\u00bb13px\u00bb text_line_height=\u00bb1.1em\u00bb min_height=\u00bb35px\u00bb custom_margin=\u00bb5px||5px||true|false\u00bb custom_padding=\u00bb|10px||10px|false|true\u00bb custom_css_main_element=\u00bbtext-transform: uppercase;\u00bb global_colors_info=\u00bb{}\u00bb]<\/p>\n<p><a href=\"https:\/\/www.ribafarre.com\/\" target=\"_blank\" rel=\"noopener\">RIBA FARR\u00c9<\/a><\/p>\n<p>[\/et_pb_text][et_pb_text admin_label=\u00bbText\u00bb _builder_version=\u00bb4.27.4&#8243; _module_preset=\u00bbdefault\u00bb text_font=\u00bbMyriadPro Regular||||||||\u00bb text_font_size=\u00bb13px\u00bb text_line_height=\u00bb1.1em\u00bb min_height=\u00bb35px\u00bb custom_margin=\u00bb5px||5px||true|false\u00bb custom_padding=\u00bb|10px||10px|false|true\u00bb custom_css_main_element=\u00bbtext-transform: uppercase;\u00bb global_colors_info=\u00bb{}\u00bb]<\/p>\n<p><a href=\"https:\/\/www.rmmcia.es\/\" target=\"_blank\" rel=\"noopener\">RMMCIA<\/a><\/p>\n<p>[\/et_pb_text][\/et_pb_column][et_pb_column type=\u00bb1_5&#8243; _builder_version=\u00bb4.17.6&#8243; _module_preset=\u00bbdefault\u00bb border_width_right=\u00bb1px\u00bb border_color_right=\u00bb#F8AC00&#8243; border_width_left=\u00bb1px\u00bb border_color_left=\u00bb#F8AC00&#8243; global_colors_info=\u00bb{}\u00bb][et_pb_text admin_label=\u00bbText\u00bb _builder_version=\u00bb4.27.4&#8243; _module_preset=\u00bbdefault\u00bb text_font=\u00bbMyriadPro Regular||||||||\u00bb text_font_size=\u00bb13px\u00bb text_line_height=\u00bb1.1em\u00bb min_height=\u00bb35px\u00bb custom_margin=\u00bb5px||5px||true|false\u00bb custom_padding=\u00bb|10px||10px|false|true\u00bb custom_css_main_element=\u00bbtext-transform: uppercase;\u00bb global_colors_info=\u00bb{}\u00bb]<\/p>\n<p><a href=\"https:\/\/www.rojointegrations.com\/\" target=\"_blank\" rel=\"noopener\">ROJO INTEGRACION<\/a><\/p>\n<p>[\/et_pb_text][et_pb_text admin_label=\u00bbText\u00bb _builder_version=\u00bb4.27.4&#8243; _module_preset=\u00bbdefault\u00bb text_font=\u00bbMyriadPro Regular||||||||\u00bb text_font_size=\u00bb13px\u00bb text_line_height=\u00bb1.1em\u00bb min_height=\u00bb35px\u00bb custom_margin=\u00bb5px||5px||true|false\u00bb custom_padding=\u00bb|10px||10px|false|true\u00bb custom_css_main_element=\u00bbtext-transform: uppercase;\u00bb global_colors_info=\u00bb{}\u00bb]<\/p>\n<p><a href=\"https:\/\/www.royalpasseigdegraciahotel.com\/es\/\" target=\"_blank\" rel=\"noopener\">ROYAL HOTELS<\/a><\/p>\n<p>[\/et_pb_text][et_pb_text admin_label=\u00bbText\u00bb _builder_version=\u00bb4.27.4&#8243; _module_preset=\u00bbdefault\u00bb text_font=\u00bbMyriadPro Regular||||||||\u00bb text_font_size=\u00bb13px\u00bb text_line_height=\u00bb1.1em\u00bb min_height=\u00bb35px\u00bb custom_margin=\u00bb5px||5px||true|false\u00bb custom_padding=\u00bb|10px||10px|false|true\u00bb custom_css_main_element=\u00bbtext-transform: uppercase;\u00bb global_colors_info=\u00bb{}\u00bb]<\/p>\n<p><a href=\"https:\/\/sagittertraining.com\/en\/\" target=\"_blank\" rel=\"noopener\">SAGITTER TRAINING<\/a><\/p>\n<p>[\/et_pb_text][et_pb_text admin_label=\u00bbText\u00bb _builder_version=\u00bb4.27.4&#8243; _module_preset=\u00bbdefault\u00bb text_font=\u00bbMyriadPro Regular||||||||\u00bb text_font_size=\u00bb13px\u00bb text_line_height=\u00bb1.1em\u00bb min_height=\u00bb35px\u00bb custom_margin=\u00bb5px||5px||true|false\u00bb custom_padding=\u00bb|10px||10px|false|true\u00bb custom_css_main_element=\u00bbtext-transform: uppercase;\u00bb global_colors_info=\u00bb{}\u00bb]<\/p>\n<p><a href=\"https:\/\/www.sallo.es\/\" target=\"_blank\" rel=\"noopener\">SALL\u00d3<\/a><\/p>\n<p>[\/et_pb_text][et_pb_text admin_label=\u00bbText\u00bb _builder_version=\u00bb4.27.4&#8243; _module_preset=\u00bbdefault\u00bb text_font=\u00bbMyriadPro Regular||||||||\u00bb text_font_size=\u00bb13px\u00bb text_line_height=\u00bb1.1em\u00bb min_height=\u00bb35px\u00bb custom_margin=\u00bb5px||5px||true|false\u00bb custom_padding=\u00bb|10px||10px|false|true\u00bb custom_css_main_element=\u00bbtext-transform: uppercase;\u00bb global_colors_info=\u00bb{}\u00bb]<\/p>\n<p><a href=\"https:\/\/www.salvadorescoda.com\/\">SALVADOR ESCODA<\/a><\/p>\n<p>[\/et_pb_text][et_pb_text admin_label=\u00bbText\u00bb _builder_version=\u00bb4.27.4&#8243; _module_preset=\u00bbdefault\u00bb text_font=\u00bbMyriadPro Regular||||||||\u00bb text_font_size=\u00bb13px\u00bb text_line_height=\u00bb1.1em\u00bb min_height=\u00bb35px\u00bb custom_margin=\u00bb5px||5px||true|false\u00bb custom_padding=\u00bb|10px||10px|false|true\u00bb hover_enabled=\u00bb0&#8243; custom_css_main_element=\u00bbtext-transform: uppercase;\u00bb global_colors_info=\u00bb{}\u00bb sticky_enabled=\u00bb0&#8243;]<\/p>\n<p>SANT ANTONI EST, S.L.U.<\/p>\n<p>[\/et_pb_text][et_pb_text admin_label=\u00bbText\u00bb _builder_version=\u00bb4.27.4&#8243; _module_preset=\u00bbdefault\u00bb text_font=\u00bbMyriadPro Regular||||||||\u00bb text_font_size=\u00bb13px\u00bb text_line_height=\u00bb1.1em\u00bb min_height=\u00bb35px\u00bb custom_margin=\u00bb5px||5px||true|false\u00bb custom_padding=\u00bb|10px||10px|false|true\u00bb custom_css_main_element=\u00bbtext-transform: uppercase;\u00bb global_colors_info=\u00bb{}\u00bb]<\/p>\n<p>SEGU ADVOCATS, S.L.<\/p>\n<p>[\/et_pb_text][et_pb_text admin_label=\u00bbText\u00bb _builder_version=\u00bb4.27.4&#8243; _module_preset=\u00bbdefault\u00bb text_font=\u00bbMyriadPro Regular||||||||\u00bb text_font_size=\u00bb13px\u00bb text_line_height=\u00bb1.1em\u00bb min_height=\u00bb35px\u00bb custom_margin=\u00bb5px||5px||true|false\u00bb custom_padding=\u00bb|10px||10px|false|true\u00bb hover_enabled=\u00bb0&#8243; custom_css_main_element=\u00bbtext-transform: uppercase;\u00bb global_colors_info=\u00bb{}\u00bb sticky_enabled=\u00bb0&#8243;]<\/p>\n<p>SEGUCOM EUROPE, S.L.<\/p>\n<p>[\/et_pb_text][et_pb_text admin_label=\u00bbText\u00bb _builder_version=\u00bb4.27.4&#8243; _module_preset=\u00bbdefault\u00bb text_font=\u00bbMyriadPro Regular||||||||\u00bb text_font_size=\u00bb13px\u00bb text_line_height=\u00bb1.1em\u00bb min_height=\u00bb35px\u00bb custom_margin=\u00bb5px||5px||true|false\u00bb custom_padding=\u00bb|10px||10px|false|true\u00bb custom_css_main_element=\u00bbtext-transform: uppercase;\u00bb global_colors_info=\u00bb{}\u00bb]<\/p>\n<p><a href=\"https:\/\/serafi.net\/\">SERAF\u00cd<\/a><\/p>\n<p>[\/et_pb_text][et_pb_text admin_label=\u00bbText\u00bb _builder_version=\u00bb4.27.4&#8243; _module_preset=\u00bbdefault\u00bb text_font=\u00bbMyriadPro Regular||||||||\u00bb text_font_size=\u00bb13px\u00bb text_line_height=\u00bb1.1em\u00bb min_height=\u00bb35px\u00bb custom_margin=\u00bb5px||5px||true|false\u00bb custom_padding=\u00bb|10px||10px|false|true\u00bb hover_enabled=\u00bb0&#8243; custom_css_main_element=\u00bbtext-transform: uppercase;\u00bb global_colors_info=\u00bb{}\u00bb sticky_enabled=\u00bb0&#8243;]<\/p>\n<p>SESABIR GESTION, S.L.<\/p>\n<p>[\/et_pb_text][et_pb_text admin_label=\u00bbText\u00bb _builder_version=\u00bb4.27.4&#8243; _module_preset=\u00bbdefault\u00bb text_font=\u00bbMyriadPro Regular||||||||\u00bb text_font_size=\u00bb13px\u00bb text_line_height=\u00bb1.1em\u00bb min_height=\u00bb35px\u00bb custom_margin=\u00bb5px||5px||true|false\u00bb custom_padding=\u00bb|10px||10px|false|true\u00bb custom_css_main_element=\u00bbtext-transform: uppercase;\u00bb global_colors_info=\u00bb{}\u00bb]<\/p>\n<p><a href=\"https:\/\/www.sohohouse.com\/es\/houses\/soho-house-barcelona\" target=\"_blank\" rel=\"noopener\">SOHO HOUSE BARCELONA<\/a><\/p>\n<p>[\/et_pb_text][et_pb_text admin_label=\u00bbText\u00bb _builder_version=\u00bb4.27.4&#8243; _module_preset=\u00bbdefault\u00bb text_font=\u00bbMyriadPro Regular||||||||\u00bb text_font_size=\u00bb13px\u00bb text_line_height=\u00bb1.1em\u00bb min_height=\u00bb35px\u00bb custom_margin=\u00bb5px||5px||true|false\u00bb custom_padding=\u00bb|10px||10px|false|true\u00bb custom_css_main_element=\u00bbtext-transform: uppercase;\u00bb global_colors_info=\u00bb{}\u00bb]<\/p>\n<p><a href=\"https:\/\/tapas24.es\/\" target=\"_blank\" rel=\"noopener\">TAPAS 24<\/a><\/p>\n<p>[\/et_pb_text][et_pb_text admin_label=\u00bbText\u00bb _builder_version=\u00bb4.27.4&#8243; _module_preset=\u00bbdefault\u00bb text_font=\u00bbMyriadPro Regular||||||||\u00bb text_font_size=\u00bb13px\u00bb text_line_height=\u00bb1.1em\u00bb min_height=\u00bb35px\u00bb custom_margin=\u00bb5px||5px||true|false\u00bb custom_padding=\u00bb|10px||10px|false|true\u00bb custom_css_main_element=\u00bbtext-transform: uppercase;\u00bb global_colors_info=\u00bb{}\u00bb]<\/p>\n<p><a href=\"https:\/\/www.ukogf.org\/\" target=\"_blank\" rel=\"noopener\">THE UK ONLINE GIVING FOUNDATION<\/a><\/p>\n<p>[\/et_pb_text][et_pb_text admin_label=\u00bbText\u00bb _builder_version=\u00bb4.27.4&#8243; _module_preset=\u00bbdefault\u00bb text_font=\u00bbMyriadPro Regular||||||||\u00bb text_font_size=\u00bb13px\u00bb text_line_height=\u00bb1.1em\u00bb min_height=\u00bb35px\u00bb custom_margin=\u00bb5px||5px||true|false\u00bb custom_padding=\u00bb|10px||10px|false|true\u00bb custom_css_main_element=\u00bbtext-transform: uppercase;\u00bb global_colors_info=\u00bb{}\u00bb]<\/p>\n<p><a href=\"https:\/\/www.upcnet.es\/ca\" target=\"_blank\" rel=\"noopener\">UPC net<\/a><\/p>\n<p>[\/et_pb_text][et_pb_text admin_label=\u00bbText\u00bb _builder_version=\u00bb4.27.4&#8243; _module_preset=\u00bbdefault\u00bb text_font=\u00bbMyriadPro Regular||||||||\u00bb text_font_size=\u00bb13px\u00bb text_line_height=\u00bb1.1em\u00bb min_height=\u00bb35px\u00bb custom_margin=\u00bb5px||5px||true|false\u00bb custom_padding=\u00bb|10px||10px|false|true\u00bb hover_enabled=\u00bb0&#8243; custom_css_main_element=\u00bbtext-transform: uppercase;\u00bb global_colors_info=\u00bb{}\u00bb sticky_enabled=\u00bb0&#8243;]<\/p>\n<p>VENTAYOLA, S.L<\/p>\n<p>[\/et_pb_text][et_pb_text admin_label=\u00bbText\u00bb _builder_version=\u00bb4.27.4&#8243; _module_preset=\u00bbdefault\u00bb text_font=\u00bbMyriadPro Regular||||||||\u00bb text_font_size=\u00bb13px\u00bb text_line_height=\u00bb1.1em\u00bb min_height=\u00bb35px\u00bb custom_margin=\u00bb5px||5px||true|false\u00bb custom_padding=\u00bb|10px||10px|false|true\u00bb custom_css_main_element=\u00bbtext-transform: uppercase;\u00bb global_colors_info=\u00bb{}\u00bb]<\/p>\n<p><a href=\"https:\/\/wecamp.net\/destinos\/cala-montgo\" target=\"_blank\" rel=\"noopener\">WECAMP CALA MONTG\u00d3<\/a><\/p>\n<p>[\/et_pb_text][et_pb_text admin_label=\u00bbText\u00bb _builder_version=\u00bb4.27.4&#8243; _module_preset=\u00bbdefault\u00bb text_font=\u00bbMyriadPro Regular||||||||\u00bb text_font_size=\u00bb13px\u00bb text_line_height=\u00bb1.1em\u00bb min_height=\u00bb35px\u00bb custom_margin=\u00bb5px||5px||true|false\u00bb custom_padding=\u00bb|10px||10px|false|true\u00bb custom_css_main_element=\u00bbtext-transform: uppercase;\u00bb global_colors_info=\u00bb{}\u00bb]<\/p>\n<p><a href=\"https:\/\/www.vidaliporta.cat\/es\/home-es\/\">VIDAL I PORTA<\/a><\/p>\n<p>[\/et_pb_text][et_pb_text admin_label=\u00bbText\u00bb _builder_version=\u00bb4.27.4&#8243; _module_preset=\u00bbdefault\u00bb text_font=\u00bbMyriadPro Regular||||||||\u00bb text_font_size=\u00bb13px\u00bb text_line_height=\u00bb1.1em\u00bb min_height=\u00bb35px\u00bb custom_margin=\u00bb5px||5px||true|false\u00bb custom_padding=\u00bb|10px||10px|false|true\u00bb hover_enabled=\u00bb0&#8243; custom_css_main_element=\u00bbtext-transform: uppercase;\u00bb global_colors_info=\u00bb{}\u00bb sticky_enabled=\u00bb0&#8243;]<\/p>\n<p><a href=\"https:\/\/www.vitrum.es\/esp\">VITRUM<\/a><\/p>\n<p>[\/et_pb_text][et_pb_text admin_label=\u00bbText\u00bb _builder_version=\u00bb4.27.4&#8243; _module_preset=\u00bbdefault\u00bb text_font=\u00bbMyriadPro Regular||||||||\u00bb text_font_size=\u00bb13px\u00bb text_line_height=\u00bb1.1em\u00bb min_height=\u00bb35px\u00bb custom_margin=\u00bb5px||5px||true|false\u00bb custom_padding=\u00bb|10px||10px|false|true\u00bb custom_css_main_element=\u00bbtext-transform: uppercase;\u00bb global_colors_info=\u00bb{}\u00bb]<\/p>\n<p><span>WAVIP GROUP<\/span><\/p>\n<p>[\/et_pb_text][et_pb_text admin_label=\u00bbText\u00bb _builder_version=\u00bb4.27.4&#8243; _module_preset=\u00bbdefault\u00bb text_font=\u00bbMyriadPro Regular||||||||\u00bb text_font_size=\u00bb13px\u00bb text_line_height=\u00bb1.1em\u00bb min_height=\u00bb35px\u00bb custom_margin=\u00bb5px||5px||true|false\u00bb custom_padding=\u00bb|10px||10px|false|true\u00bb link_option_url=\u00bbWORLDSENSING, S.L.\u00bb link_option_url_new_window=\u00bbon\u00bb custom_css_main_element=\u00bbtext-transform: uppercase;\u00bb global_colors_info=\u00bb{}\u00bb]<\/p>\n<p><a href=\"https:\/\/www.worldsensing.com\/es\/\" target=\"_blank\" rel=\"noopener\">WORLD SENSING<\/a><\/p>\n<p>[\/et_pb_text][et_pb_text admin_label=\u00bbText\u00bb _builder_version=\u00bb4.27.4&#8243; _module_preset=\u00bbdefault\u00bb text_font=\u00bbMyriadPro Regular||||||||\u00bb text_font_size=\u00bb13px\u00bb text_line_height=\u00bb1.1em\u00bb min_height=\u00bb35px\u00bb custom_margin=\u00bb5px||5px||true|false\u00bb custom_padding=\u00bb|10px||10px|false|true\u00bb custom_css_main_element=\u00bbtext-transform: uppercase;\u00bb global_colors_info=\u00bb{}\u00bb]<\/p>\n<p><a href=\"https:\/\/www.zambonpharma.com\/es\/es\/\">ZAMBON<\/a><\/p>\n<p>[\/et_pb_text][\/et_pb_column][\/et_pb_row][\/et_pb_section][et_pb_section fb_built=\u00bb1&#8243; admin_label=\u00bbP\u00fablics\u00bb module_id=\u00bbpublics\u00bb module_class=\u00bbpublics\u00bb _builder_version=\u00bb4.27.4&#8243; _module_preset=\u00bbdefault\u00bb da_disable_devices=\u00bboff|off|off\u00bb collapsed=\u00bbon\u00bb global_colors_info=\u00bb{}\u00bb da_is_popup=\u00bboff\u00bb da_exit_intent=\u00bboff\u00bb da_has_close=\u00bbon\u00bb da_alt_close=\u00bboff\u00bb da_dark_close=\u00bboff\u00bb da_not_modal=\u00bbon\u00bb da_is_singular=\u00bboff\u00bb da_with_loader=\u00bboff\u00bb da_has_shadow=\u00bbon\u00bb][et_pb_row _builder_version=\u00bb4.27.4&#8243; _module_preset=\u00bbdefault\u00bb collapsed=\u00bbon\u00bb global_colors_info=\u00bb{}\u00bb][et_pb_column type=\u00bb4_4&#8243; _builder_version=\u00bb4.17.6&#8243; _module_preset=\u00bbdefault\u00bb global_colors_info=\u00bb{}\u00bb][et_pb_text admin_label=\u00bbCol\u00b7laboradors p\u00fablics\u00bb module_id=\u00bbpublics\u00bb _builder_version=\u00bb4.27.0&#8243; _module_preset=\u00bbdefault\u00bb header_2_font=\u00bbMyriadPro Regular||||||||\u00bb header_2_text_color=\u00bb#006450&#8243; header_2_font_size=\u00bb28px\u00bb header_2_line_height=\u00bb32px\u00bb border_color_bottom=\u00bb#F8AC00&#8243; global_colors_info=\u00bb{}\u00bb]<\/p>\n<h2 id=\"publics\">Colaboradores p\u00fablicos<\/h2>\n<p>[\/et_pb_text][\/et_pb_column][\/et_pb_row][et_pb_row column_structure=\u00bb1_5,1_5,1_5,1_5,1_5&#8243; use_custom_gutter=\u00bbon\u00bb make_equal=\u00bbon\u00bb _builder_version=\u00bb4.27.4&#8243; _module_preset=\u00bbdefault\u00bb custom_margin=\u00bb11px||11px||true|false\u00bb collapsed=\u00bbon\u00bb global_colors_info=\u00bb{}\u00bb][et_pb_column type=\u00bb1_5&#8243; _builder_version=\u00bb4.27.0&#8243; _module_preset=\u00bbdefault\u00bb global_colors_info=\u00bb{}\u00bb][et_pb_image src=\u00bbhttps:\/\/www.casaldelsinfants.org\/wp-content\/uploads\/Logo-Aj-Barcelona-scaled.webp\u00bb title_text=\u00bbLogo-Aj-Barcelona\u00bb _builder_version=\u00bb4.27.3&#8243; _module_preset=\u00bbdefault\u00bb global_colors_info=\u00bb{}\u00bb][\/et_pb_image][\/et_pb_column][et_pb_column type=\u00bb1_5&#8243; _builder_version=\u00bb4.27.0&#8243; _module_preset=\u00bbdefault\u00bb global_colors_info=\u00bb{}\u00bb][et_pb_image src=\u00bbhttps:\/\/www.casaldelsinfants.org\/wp-content\/uploads\/logo-ajuntament-badalona.webp\u00bb alt=\u00bbLogo Ajuntament de Badalona\u00bb title_text=\u00bbAjuntament de Badalona\u00bb _builder_version=\u00bb4.27.0&#8243; _module_preset=\u00bbdefault\u00bb global_colors_info=\u00bb{}\u00bb][\/et_pb_image][\/et_pb_column][et_pb_column type=\u00bb1_5&#8243; _builder_version=\u00bb4.27.0&#8243; _module_preset=\u00bbdefault\u00bb global_colors_info=\u00bb{}\u00bb][et_pb_image src=\u00bbhttps:\/\/www.casaldelsinfants.org\/wp-content\/uploads\/logo-ajuntament-santacoloma.webp\u00bb title_text=\u00bblogoajuntament-APLICACIONES\u00bb align=\u00bbcenter\u00bb _builder_version=\u00bb4.27.0&#8243; _module_preset=\u00bbdefault\u00bb width=\u00bb93%\u00bb global_colors_info=\u00bb{}\u00bb][\/et_pb_image][\/et_pb_column][et_pb_column type=\u00bb1_5&#8243; _builder_version=\u00bb4.27.0&#8243; _module_preset=\u00bbdefault\u00bb global_colors_info=\u00bb{}\u00bb][et_pb_image src=\u00bbhttps:\/\/www.casaldelsinfants.org\/wp-content\/uploads\/logo-ajuntament-salt.webp\u00bb alt=\u00bbLogo Ajuntament de Salt\u00bb title_text=\u00bblogo-ajuntament-salt\u00bb align=\u00bbcenter\u00bb _builder_version=\u00bb4.27.0&#8243; _module_preset=\u00bbdefault\u00bb width=\u00bb72%\u00bb global_colors_info=\u00bb{}\u00bb][\/et_pb_image][\/et_pb_column][et_pb_column type=\u00bb1_5&#8243; _builder_version=\u00bb4.27.0&#8243; _module_preset=\u00bbdefault\u00bb global_colors_info=\u00bb{}\u00bb][et_pb_image src=\u00bbhttps:\/\/www.casaldelsinfants.org\/wp-content\/uploads\/logo-ajuntament-sant-adria-besos.webp\u00bb alt=\u00bbLogo Ajuntament de Sant Adri\u00e0 de Bes\u00f2s\u00bb title_text=\u00bbAjuntament de Sant Adri\u00e0 de Bes\u00f2s\u00bb _builder_version=\u00bb4.27.0&#8243; _module_preset=\u00bbdefault\u00bb global_colors_info=\u00bb{}\u00bb][\/et_pb_image][\/et_pb_column][\/et_pb_row][et_pb_row column_structure=\u00bb1_5,1_5,1_5,1_5,1_5&#8243; use_custom_gutter=\u00bbon\u00bb make_equal=\u00bbon\u00bb _builder_version=\u00bb4.27.3&#8243; _module_preset=\u00bbdefault\u00bb custom_margin=\u00bb11px||11px||true|false\u00bb border_width_top=\u00bb2px\u00bb border_color_top=\u00bb#FFAE00&#8243; global_colors_info=\u00bb{}\u00bb][et_pb_column type=\u00bb1_5&#8243; _builder_version=\u00bb4.27.0&#8243; _module_preset=\u00bbdefault\u00bb global_colors_info=\u00bb{}\u00bb][et_pb_image src=\u00bbhttps:\/\/www.casaldelsinfants.org\/wp-content\/uploads\/logo-labora.webp\u00bb title_text=\u00bblogo-labora\u00bb align=\u00bbcenter\u00bb _builder_version=\u00bb4.27.0&#8243; _module_preset=\u00bbdefault\u00bb width=\u00bb86%\u00bb global_colors_info=\u00bb{}\u00bb][\/et_pb_image][\/et_pb_column][et_pb_column type=\u00bb1_5&#8243; _builder_version=\u00bb4.27.0&#8243; _module_preset=\u00bbdefault\u00bb global_colors_info=\u00bb{}\u00bb][et_pb_image src=\u00bbhttps:\/\/www.casaldelsinfants.org\/wp-content\/uploads\/logo-consorci-barri-mina.webp\u00bb title_text=\u00bblogo-consorci-barri-mina\u00bb align=\u00bbcenter\u00bb _builder_version=\u00bb4.27.0&#8243; _module_preset=\u00bbdefault\u00bb width=\u00bb70%\u00bb global_colors_info=\u00bb{}\u00bb][\/et_pb_image][\/et_pb_column][et_pb_column type=\u00bb1_5&#8243; _builder_version=\u00bb4.27.0&#8243; _module_preset=\u00bbdefault\u00bb global_colors_info=\u00bb{}\u00bb][et_pb_image src=\u00bbhttps:\/\/www.casaldelsinfants.org\/wp-content\/uploads\/logo-consorci-educacio-barcelona.webp\u00bb title_text=\u00bblogo-consorci-educacio-barcelona\u00bb _builder_version=\u00bb4.27.0&#8243; _module_preset=\u00bbdefault\u00bb global_colors_info=\u00bb{}\u00bb][\/et_pb_image][\/et_pb_column][et_pb_column type=\u00bb1_5&#8243; _builder_version=\u00bb4.27.0&#8243; _module_preset=\u00bbdefault\u00bb global_colors_info=\u00bb{}\u00bb][et_pb_image src=\u00bbhttps:\/\/www.casaldelsinfants.org\/wp-content\/uploads\/logo-dipsalut-girona.webp\u00bb alt=\u00bbLogo Dipsalut Organisme de Salut P\u00fablica de la Diputaci\u00f3 de Girona\u00bb title_text=\u00bblogo-dipsalut-girona\u00bb _builder_version=\u00bb4.27.0&#8243; _module_preset=\u00bbdefault\u00bb global_colors_info=\u00bb{}\u00bb][\/et_pb_image][\/et_pb_column][et_pb_column type=\u00bb1_5&#8243; _builder_version=\u00bb4.27.0&#8243; _module_preset=\u00bbdefault\u00bb global_colors_info=\u00bb{}\u00bb][et_pb_image src=\u00bbhttps:\/\/www.casaldelsinfants.org\/wp-content\/uploads\/logo-diputacio-barcelona.webp\u00bb alt=\u00bbLogo Diputaci\u00f3 Barcelona\u00bb title_text=\u00bbDiputaci\u00f3 Barcelona\u00bb align=\u00bbcenter\u00bb _builder_version=\u00bb4.27.0&#8243; _module_preset=\u00bbdefault\u00bb width=\u00bb86%\u00bb global_colors_info=\u00bb{}\u00bb][\/et_pb_image][\/et_pb_column][\/et_pb_row][et_pb_row column_structure=\u00bb1_5,1_5,1_5,1_5,1_5&#8243; _builder_version=\u00bb4.27.0&#8243; _module_preset=\u00bbdefault\u00bb custom_margin=\u00bb11px||11px||true|false\u00bb border_width_top=\u00bb2px\u00bb border_color_top=\u00bb#FFAE00&#8243; global_colors_info=\u00bb{}\u00bb][et_pb_column type=\u00bb1_5&#8243; _builder_version=\u00bb4.27.0&#8243; _module_preset=\u00bbdefault\u00bb global_colors_info=\u00bb{}\u00bb][et_pb_image src=\u00bbhttps:\/\/www.casaldelsinfants.org\/wp-content\/uploads\/logo-drets-socials-gencat.webp\u00bb title_text=\u00bblogo-drets-socials-gencat\u00bb align=\u00bbcenter\u00bb _builder_version=\u00bb4.27.0&#8243; _module_preset=\u00bbdefault\u00bb width=\u00bb92%\u00bb global_colors_info=\u00bb{}\u00bb][\/et_pb_image][\/et_pb_column][et_pb_column type=\u00bb1_5&#8243; _builder_version=\u00bb4.27.0&#8243; _module_preset=\u00bbdefault\u00bb global_colors_info=\u00bb{}\u00bb][et_pb_image src=\u00bbhttps:\/\/www.casaldelsinfants.org\/wp-content\/uploads\/logo-igualtat-feminisme-gencat.webp\u00bb title_text=\u00bblogo-igualtat-feminisme-gencat\u00bb align=\u00bbcenter\u00bb _builder_version=\u00bb4.27.0&#8243; _module_preset=\u00bbdefault\u00bb width=\u00bb80%\u00bb global_colors_info=\u00bb{}\u00bb][\/et_pb_image][\/et_pb_column][et_pb_column type=\u00bb1_5&#8243; _builder_version=\u00bb4.27.0&#8243; _module_preset=\u00bbdefault\u00bb global_colors_info=\u00bb{}\u00bb][et_pb_image src=\u00bbhttps:\/\/www.casaldelsinfants.org\/wp-content\/uploads\/logo-departament-salut-gencat.webp\u00bb title_text=\u00bblogo-departament-salut-gencat\u00bb align=\u00bbcenter\u00bb _builder_version=\u00bb4.27.0&#8243; _module_preset=\u00bbdefault\u00bb width=\u00bb82%\u00bb global_colors_info=\u00bb{}\u00bb][\/et_pb_image][\/et_pb_column][et_pb_column type=\u00bb1_5&#8243; _builder_version=\u00bb4.27.0&#8243; _module_preset=\u00bbdefault\u00bb global_colors_info=\u00bb{}\u00bb][et_pb_image src=\u00bbhttps:\/\/www.casaldelsinfants.org\/wp-content\/uploads\/logo-departament-cultura-gencat.webp\u00bb title_text=\u00bblogo-departament-cultura-gencat\u00bb align=\u00bbcenter\u00bb _builder_version=\u00bb4.27.0&#8243; _module_preset=\u00bbdefault\u00bb width=\u00bb80%\u00bb global_colors_info=\u00bb{}\u00bb][\/et_pb_image][\/et_pb_column][et_pb_column type=\u00bb1_5&#8243; _builder_version=\u00bb4.27.0&#8243; _module_preset=\u00bbdefault\u00bb global_colors_info=\u00bb{}\u00bb][et_pb_image src=\u00bbhttps:\/\/www.casaldelsinfants.org\/wp-content\/uploads\/logo-empresa-treball-gencat-1.webp\u00bb title_text=\u00bblogo-empresa-treball-gencat\u00bb align=\u00bbcenter\u00bb _builder_version=\u00bb4.27.0&#8243; _module_preset=\u00bbdefault\u00bb global_colors_info=\u00bb{}\u00bb][\/et_pb_image][\/et_pb_column][\/et_pb_row][et_pb_row column_structure=\u00bb1_5,1_5,1_5,1_5,1_5&#8243; _builder_version=\u00bb4.27.0&#8243; _module_preset=\u00bbdefault\u00bb custom_margin=\u00bb11px||11px||true|false\u00bb border_width_top=\u00bb2px\u00bb border_color_top=\u00bb#FFAE00&#8243; global_colors_info=\u00bb{}\u00bb][et_pb_column type=\u00bb1_5&#8243; _builder_version=\u00bb4.27.0&#8243; _module_preset=\u00bbdefault\u00bb global_colors_info=\u00bb{}\u00bb][et_pb_image src=\u00bbhttps:\/\/www.casaldelsinfants.org\/wp-content\/uploads\/logo-soc-catalunya.webp\u00bb title_text=\u00bblogo-soc-catalunya\u00bb _builder_version=\u00bb4.27.0&#8243; _module_preset=\u00bbdefault\u00bb global_colors_info=\u00bb{}\u00bb][\/et_pb_image][\/et_pb_column][et_pb_column type=\u00bb1_5&#8243; _builder_version=\u00bb4.27.0&#8243; _module_preset=\u00bbdefault\u00bb global_colors_info=\u00bb{}\u00bb][et_pb_image src=\u00bbhttps:\/\/www.casaldelsinfants.org\/wp-content\/uploads\/logo-ministerio-trabajo-economia-social-sepe.webp\u00bb title_text=\u00bblogo-ministerio-trabajo-economia-social-sepe\u00bb align=\u00bbcenter\u00bb _builder_version=\u00bb4.27.0&#8243; _module_preset=\u00bbdefault\u00bb global_colors_info=\u00bb{}\u00bb][\/et_pb_image][\/et_pb_column][et_pb_column type=\u00bb1_5&#8243; _builder_version=\u00bb4.27.0&#8243; _module_preset=\u00bbdefault\u00bb global_colors_info=\u00bb{}\u00bb][et_pb_image src=\u00bbhttps:\/\/www.casaldelsinfants.org\/wp-content\/uploads\/logo-cofinancat-unio-europea-1.webp\u00bb title_text=\u00bblogo-cofinancat-unio-europea\u00bb _builder_version=\u00bb4.27.0&#8243; _module_preset=\u00bbdefault\u00bb global_colors_info=\u00bb{}\u00bb][\/et_pb_image][\/et_pb_column][et_pb_column type=\u00bb1_5&#8243; _builder_version=\u00bb4.27.0&#8243; _module_preset=\u00bbdefault\u00bb global_colors_info=\u00bb{}\u00bb][et_pb_image src=\u00bbhttps:\/\/www.casaldelsinfants.org\/wp-content\/uploads\/agencia-habitatge-catalana.webp\u00bb title_text=\u00bbagencia-habitatge-catalana\u00bb _builder_version=\u00bb4.27.0&#8243; _module_preset=\u00bbdefault\u00bb global_colors_info=\u00bb{}\u00bb][\/et_pb_image][\/et_pb_column][et_pb_column type=\u00bb1_5&#8243; _builder_version=\u00bb4.27.0&#8243; _module_preset=\u00bbdefault\u00bb global_colors_info=\u00bb{}\u00bb][et_pb_image src=\u00bbhttps:\/\/www.casaldelsinfants.org\/wp-content\/uploads\/logo-agencia-catalana-cooperacio-desenvolupament.webp\u00bb title_text=\u00bblogo-agencia-catalana-cooperacio-desenvolupament\u00bb _builder_version=\u00bb4.27.0&#8243; _module_preset=\u00bbdefault\u00bb global_colors_info=\u00bb{}\u00bb][\/et_pb_image][\/et_pb_column][\/et_pb_row][et_pb_row column_structure=\u00bb1_5,1_5,1_5,1_5,1_5&#8243; use_custom_gutter=\u00bbon\u00bb make_equal=\u00bbon\u00bb _builder_version=\u00bb4.27.4&#8243; _module_preset=\u00bbdefault\u00bb custom_margin=\u00bb11px||11px||true|false\u00bb border_width_top=\u00bb2px\u00bb border_color_top=\u00bb#FFAE00&#8243; global_colors_info=\u00bb{}\u00bb][et_pb_column type=\u00bb1_5&#8243; _builder_version=\u00bb4.27.0&#8243; _module_preset=\u00bbdefault\u00bb global_colors_info=\u00bb{}\u00bb][et_pb_image src=\u00bbhttps:\/\/www.casaldelsinfants.org\/wp-content\/uploads\/ministerio-direccion-general-migraciones-png.webp\u00bb _builder_version=\u00bb4.27.4&#8243; _module_preset=\u00bbdefault\u00bb global_colors_info=\u00bb{}\u00bb][\/et_pb_image][\/et_pb_column][et_pb_column type=\u00bb1_5&#8243; _builder_version=\u00bb4.27.0&#8243; _module_preset=\u00bbdefault\u00bb global_colors_info=\u00bb{}\u00bb][et_pb_image src=\u00bbhttps:\/\/www.casaldelsinfants.org\/wp-content\/uploads\/Logo-Ministerio-Inmigracion-1.webp\u00bb title_text=\u00bbLogo-Ministerio-Inmigracion\u00bb _builder_version=\u00bb4.27.0&#8243; _module_preset=\u00bbdefault\u00bb global_colors_info=\u00bb{}\u00bb][\/et_pb_image][\/et_pb_column][et_pb_column type=\u00bb1_5&#8243; _builder_version=\u00bb4.27.0&#8243; _module_preset=\u00bbdefault\u00bb global_colors_info=\u00bb{}\u00bb][et_pb_image src=\u00bbhttps:\/\/www.casaldelsinfants.org\/wp-content\/uploads\/logo-ministerio-exteriores-cooperacion-aecid-scaled.webp\u00bb title_text=\u00bblogo-ministerio-exteriores-cooperacion-aecid\u00bb _builder_version=\u00bb4.27.0&#8243; _module_preset=\u00bbdefault\u00bb global_colors_info=\u00bb{}\u00bb][\/et_pb_image][\/et_pb_column][et_pb_column type=\u00bb1_5&#8243; _builder_version=\u00bb4.27.0&#8243; _module_preset=\u00bbdefault\u00bb global_colors_info=\u00bb{}\u00bb][et_pb_image src=\u00bbhttps:\/\/www.casaldelsinfants.org\/wp-content\/uploads\/Logo-Comision-Europea.webp\u00bb title_text=\u00bbLogo-Comision-Europea\u00bb align=\u00bbcenter\u00bb _builder_version=\u00bb4.27.3&#8243; _module_preset=\u00bbdefault\u00bb width=\u00bb70%\u00bb global_colors_info=\u00bb{}\u00bb][\/et_pb_image][\/et_pb_column][et_pb_column type=\u00bb1_5&#8243; _builder_version=\u00bb4.27.0&#8243; _module_preset=\u00bbdefault\u00bb global_colors_info=\u00bb{}\u00bb][\/et_pb_column][\/et_pb_row][\/et_pb_section]<\/p>\n","protected":false},"excerpt":{"rendered":"<p>NUESTROS COLABORADORESAlianzas que sumanPara hacer posible nuestra acci\u00f3n social, sumamos compromisos con todos los actores implicados en ofrecer oportunidades educativas y sociales a las personas con m\u00e1s riesgo de exclusi\u00f3n. Responsabilidad que compartimos con todos ellos. Gracias a su compromiso y apoyo podemos trabajar por la igualdad de oportunidades de todos los ni\u00f1os y j\u00f3venes.COLABORADORES [&hellip;]<\/p>\n","protected":false},"author":3,"featured_media":44495,"parent":0,"menu_order":0,"comment_status":"closed","ping_status":"closed","template":"","meta":{"_acf_changed":false,"_et_pb_use_builder":"on","_et_pb_old_content":"","_et_gb_content_width":"","inline_featured_image":false,"footnotes":""},"seus":[],"eixos":[],"class_list":["post-6112","page","type-page","status-publish","has-post-thumbnail","hentry"],"acf":[],"yoast_head":"<!-- This site is optimized with the Yoast SEO plugin v27.4 - https:\/\/yoast.com\/product\/yoast-seo-wordpress\/ -->\n<title>Nuestros colaboradores | Casal dels Infants<\/title>\n<meta name=\"description\" content=\"Combatimos la desigualdad social sumando compromisos y colaboraciones que nos ayuden a seguir adelante. Descubre nuestras alianzas.\" \/>\n<meta name=\"robots\" content=\"index, follow, max-snippet:-1, max-image-preview:large, max-video-preview:-1\" \/>\n<link rel=\"canonical\" href=\"https:\/\/www.casaldelsinfants.org\/es\/nuestros-colaboradores\/\" \/>\n<meta property=\"og:locale\" content=\"es_ES\" \/>\n<meta property=\"og:type\" content=\"article\" \/>\n<meta property=\"og:title\" content=\"Nuestros colaboradores | Casal dels Infants\" \/>\n<meta property=\"og:description\" content=\"Combatimos la desigualdad social sumando compromisos y colaboraciones que nos ayuden a seguir adelante. Descubre nuestras alianzas.\" \/>\n<meta property=\"og:url\" content=\"https:\/\/www.casaldelsinfants.org\/es\/nuestros-colaboradores\/\" \/>\n<meta property=\"og:site_name\" content=\"Casal dels Infants\" \/>\n<meta property=\"article:publisher\" content=\"https:\/\/www.facebook.com\/casalinfants\" \/>\n<meta property=\"article:modified_time\" content=\"2026-02-17T11:19:55+00:00\" \/>\n<meta property=\"og:image\" content=\"https:\/\/www.casaldelsinfants.org\/wp-content\/uploads\/imatge-destacada-home-casal-jpg.webp\" \/>\n\t<meta property=\"og:image:width\" content=\"1200\" \/>\n\t<meta property=\"og:image:height\" content=\"630\" \/>\n\t<meta property=\"og:image:type\" content=\"image\/jpeg\" \/>\n<meta name=\"twitter:card\" content=\"summary_large_image\" \/>\n<meta name=\"twitter:title\" content=\"Nuestros colaboradores | Casal dels Infants\" \/>\n<meta name=\"twitter:description\" content=\"Combatimos la desigualdad social sumando compromisos y colaboraciones que nos ayuden a seguir adelante. Descubre nuestras alianzas.\" \/>\n<meta name=\"twitter:site\" content=\"@casalinfants\" \/>\n<meta name=\"twitter:label1\" content=\"Tiempo de lectura\" \/>\n\t<meta name=\"twitter:data1\" content=\"47 minutos\" \/>\n<script type=\"application\/ld+json\" class=\"yoast-schema-graph\">{\"@context\":\"https:\\\/\\\/schema.org\",\"@graph\":[{\"@type\":\"WebPage\",\"@id\":\"https:\\\/\\\/www.casaldelsinfants.org\\\/es\\\/nuestros-colaboradores\\\/\",\"url\":\"https:\\\/\\\/www.casaldelsinfants.org\\\/es\\\/nuestros-colaboradores\\\/\",\"name\":\"Nuestros colaboradores | Casal dels Infants\",\"isPartOf\":{\"@id\":\"https:\\\/\\\/www.casaldelsinfants.org\\\/es\\\/#website\"},\"primaryImageOfPage\":{\"@id\":\"https:\\\/\\\/www.casaldelsinfants.org\\\/es\\\/nuestros-colaboradores\\\/#primaryimage\"},\"image\":{\"@id\":\"https:\\\/\\\/www.casaldelsinfants.org\\\/es\\\/nuestros-colaboradores\\\/#primaryimage\"},\"thumbnailUrl\":\"https:\\\/\\\/www.casaldelsinfants.org\\\/wp-content\\\/uploads\\\/imatge-destacada-home-casal-jpg.webp\",\"datePublished\":\"2022-08-05T15:04:14+00:00\",\"dateModified\":\"2026-02-17T11:19:55+00:00\",\"description\":\"Combatimos la desigualdad social sumando compromisos y colaboraciones que nos ayuden a seguir adelante. Descubre nuestras alianzas.\",\"breadcrumb\":{\"@id\":\"https:\\\/\\\/www.casaldelsinfants.org\\\/es\\\/nuestros-colaboradores\\\/#breadcrumb\"},\"inLanguage\":\"es\",\"potentialAction\":[{\"@type\":\"ReadAction\",\"target\":[\"https:\\\/\\\/www.casaldelsinfants.org\\\/es\\\/nuestros-colaboradores\\\/\"]}]},{\"@type\":\"ImageObject\",\"inLanguage\":\"es\",\"@id\":\"https:\\\/\\\/www.casaldelsinfants.org\\\/es\\\/nuestros-colaboradores\\\/#primaryimage\",\"url\":\"https:\\\/\\\/www.casaldelsinfants.org\\\/wp-content\\\/uploads\\\/imatge-destacada-home-casal-jpg.webp\",\"contentUrl\":\"https:\\\/\\\/www.casaldelsinfants.org\\\/wp-content\\\/uploads\\\/imatge-destacada-home-casal-jpg.webp\",\"width\":1200,\"height\":630,\"caption\":\"El logo de Casal dels Infants\"},{\"@type\":\"BreadcrumbList\",\"@id\":\"https:\\\/\\\/www.casaldelsinfants.org\\\/es\\\/nuestros-colaboradores\\\/#breadcrumb\",\"itemListElement\":[{\"@type\":\"ListItem\",\"position\":1,\"name\":\"Inici\",\"item\":\"https:\\\/\\\/www.casaldelsinfants.org\\\/es\\\/\"},{\"@type\":\"ListItem\",\"position\":2,\"name\":\"Nuestros colaboradores\"}]},{\"@type\":\"WebSite\",\"@id\":\"https:\\\/\\\/www.casaldelsinfants.org\\\/es\\\/#website\",\"url\":\"https:\\\/\\\/www.casaldelsinfants.org\\\/es\\\/\",\"name\":\"Casal dels Infants\",\"description\":\"\",\"publisher\":{\"@id\":\"https:\\\/\\\/www.casaldelsinfants.org\\\/es\\\/#organization\"},\"potentialAction\":[{\"@type\":\"SearchAction\",\"target\":{\"@type\":\"EntryPoint\",\"urlTemplate\":\"https:\\\/\\\/www.casaldelsinfants.org\\\/es\\\/?s={search_term_string}\"},\"query-input\":{\"@type\":\"PropertyValueSpecification\",\"valueRequired\":true,\"valueName\":\"search_term_string\"}}],\"inLanguage\":\"es\"},{\"@type\":\"Organization\",\"@id\":\"https:\\\/\\\/www.casaldelsinfants.org\\\/es\\\/#organization\",\"name\":\"Casal dels Infants\",\"url\":\"https:\\\/\\\/www.casaldelsinfants.org\\\/es\\\/\",\"logo\":{\"@type\":\"ImageObject\",\"inLanguage\":\"es\",\"@id\":\"https:\\\/\\\/www.casaldelsinfants.org\\\/es\\\/#\\\/schema\\\/logo\\\/image\\\/\",\"url\":\"https:\\\/\\\/www.casaldelsinfants.org\\\/wp-content\\\/uploads\\\/logo-mail.png\",\"contentUrl\":\"https:\\\/\\\/www.casaldelsinfants.org\\\/wp-content\\\/uploads\\\/logo-mail.png\",\"width\":380,\"height\":158,\"caption\":\"Casal dels Infants\"},\"image\":{\"@id\":\"https:\\\/\\\/www.casaldelsinfants.org\\\/es\\\/#\\\/schema\\\/logo\\\/image\\\/\"},\"sameAs\":[\"https:\\\/\\\/www.facebook.com\\\/casalinfants\",\"https:\\\/\\\/x.com\\\/casalinfants\",\"https:\\\/\\\/www.youtube.com\\\/user\\\/CasaldelsInfants1\",\"https:\\\/\\\/www.instagram.com\\\/casalinfants\\\/\",\"https:\\\/\\\/www.linkedin.com\\\/company\\\/casaldelsinfants?trk=organization-update_share-update_actor-text\"]}]}<\/script>\n<!-- \/ Yoast SEO plugin. -->","yoast_head_json":{"title":"Nuestros colaboradores | Casal dels Infants","description":"Combatimos la desigualdad social sumando compromisos y colaboraciones que nos ayuden a seguir adelante. Descubre nuestras alianzas.","robots":{"index":"index","follow":"follow","max-snippet":"max-snippet:-1","max-image-preview":"max-image-preview:large","max-video-preview":"max-video-preview:-1"},"canonical":"https:\/\/www.casaldelsinfants.org\/es\/nuestros-colaboradores\/","og_locale":"es_ES","og_type":"article","og_title":"Nuestros colaboradores | Casal dels Infants","og_description":"Combatimos la desigualdad social sumando compromisos y colaboraciones que nos ayuden a seguir adelante. Descubre nuestras alianzas.","og_url":"https:\/\/www.casaldelsinfants.org\/es\/nuestros-colaboradores\/","og_site_name":"Casal dels Infants","article_publisher":"https:\/\/www.facebook.com\/casalinfants","article_modified_time":"2026-02-17T11:19:55+00:00","og_image":[{"width":1200,"height":630,"url":"https:\/\/www.casaldelsinfants.org\/wp-content\/uploads\/imatge-destacada-home-casal-jpg.webp","type":"image\/jpeg"}],"twitter_card":"summary_large_image","twitter_title":"Nuestros colaboradores | Casal dels Infants","twitter_description":"Combatimos la desigualdad social sumando compromisos y colaboraciones que nos ayuden a seguir adelante. Descubre nuestras alianzas.","twitter_site":"@casalinfants","twitter_misc":{"Tiempo de lectura":"47 minutos"},"schema":{"@context":"https:\/\/schema.org","@graph":[{"@type":"WebPage","@id":"https:\/\/www.casaldelsinfants.org\/es\/nuestros-colaboradores\/","url":"https:\/\/www.casaldelsinfants.org\/es\/nuestros-colaboradores\/","name":"Nuestros colaboradores | Casal dels Infants","isPartOf":{"@id":"https:\/\/www.casaldelsinfants.org\/es\/#website"},"primaryImageOfPage":{"@id":"https:\/\/www.casaldelsinfants.org\/es\/nuestros-colaboradores\/#primaryimage"},"image":{"@id":"https:\/\/www.casaldelsinfants.org\/es\/nuestros-colaboradores\/#primaryimage"},"thumbnailUrl":"https:\/\/www.casaldelsinfants.org\/wp-content\/uploads\/imatge-destacada-home-casal-jpg.webp","datePublished":"2022-08-05T15:04:14+00:00","dateModified":"2026-02-17T11:19:55+00:00","description":"Combatimos la desigualdad social sumando compromisos y colaboraciones que nos ayuden a seguir adelante. Descubre nuestras alianzas.","breadcrumb":{"@id":"https:\/\/www.casaldelsinfants.org\/es\/nuestros-colaboradores\/#breadcrumb"},"inLanguage":"es","potentialAction":[{"@type":"ReadAction","target":["https:\/\/www.casaldelsinfants.org\/es\/nuestros-colaboradores\/"]}]},{"@type":"ImageObject","inLanguage":"es","@id":"https:\/\/www.casaldelsinfants.org\/es\/nuestros-colaboradores\/#primaryimage","url":"https:\/\/www.casaldelsinfants.org\/wp-content\/uploads\/imatge-destacada-home-casal-jpg.webp","contentUrl":"https:\/\/www.casaldelsinfants.org\/wp-content\/uploads\/imatge-destacada-home-casal-jpg.webp","width":1200,"height":630,"caption":"El logo de Casal dels Infants"},{"@type":"BreadcrumbList","@id":"https:\/\/www.casaldelsinfants.org\/es\/nuestros-colaboradores\/#breadcrumb","itemListElement":[{"@type":"ListItem","position":1,"name":"Inici","item":"https:\/\/www.casaldelsinfants.org\/es\/"},{"@type":"ListItem","position":2,"name":"Nuestros colaboradores"}]},{"@type":"WebSite","@id":"https:\/\/www.casaldelsinfants.org\/es\/#website","url":"https:\/\/www.casaldelsinfants.org\/es\/","name":"Casal dels Infants","description":"","publisher":{"@id":"https:\/\/www.casaldelsinfants.org\/es\/#organization"},"potentialAction":[{"@type":"SearchAction","target":{"@type":"EntryPoint","urlTemplate":"https:\/\/www.casaldelsinfants.org\/es\/?s={search_term_string}"},"query-input":{"@type":"PropertyValueSpecification","valueRequired":true,"valueName":"search_term_string"}}],"inLanguage":"es"},{"@type":"Organization","@id":"https:\/\/www.casaldelsinfants.org\/es\/#organization","name":"Casal dels Infants","url":"https:\/\/www.casaldelsinfants.org\/es\/","logo":{"@type":"ImageObject","inLanguage":"es","@id":"https:\/\/www.casaldelsinfants.org\/es\/#\/schema\/logo\/image\/","url":"https:\/\/www.casaldelsinfants.org\/wp-content\/uploads\/logo-mail.png","contentUrl":"https:\/\/www.casaldelsinfants.org\/wp-content\/uploads\/logo-mail.png","width":380,"height":158,"caption":"Casal dels Infants"},"image":{"@id":"https:\/\/www.casaldelsinfants.org\/es\/#\/schema\/logo\/image\/"},"sameAs":["https:\/\/www.facebook.com\/casalinfants","https:\/\/x.com\/casalinfants","https:\/\/www.youtube.com\/user\/CasaldelsInfants1","https:\/\/www.instagram.com\/casalinfants\/","https:\/\/www.linkedin.com\/company\/casaldelsinfants?trk=organization-update_share-update_actor-text"]}]}},"publishpress_future_action":{"enabled":false,"date":"2026-05-07 18:30:29","action":"change-status","newStatus":"draft","terms":[],"taxonomy":"translation_priority","extraData":[]},"publishpress_future_workflow_manual_trigger":{"enabledWorkflows":[]},"_links":{"self":[{"href":"https:\/\/www.casaldelsinfants.org\/es\/wp-json\/wp\/v2\/pages\/6112","targetHints":{"allow":["GET"]}}],"collection":[{"href":"https:\/\/www.casaldelsinfants.org\/es\/wp-json\/wp\/v2\/pages"}],"about":[{"href":"https:\/\/www.casaldelsinfants.org\/es\/wp-json\/wp\/v2\/types\/page"}],"author":[{"embeddable":true,"href":"https:\/\/www.casaldelsinfants.org\/es\/wp-json\/wp\/v2\/users\/3"}],"replies":[{"embeddable":true,"href":"https:\/\/www.casaldelsinfants.org\/es\/wp-json\/wp\/v2\/comments?post=6112"}],"version-history":[{"count":81,"href":"https:\/\/www.casaldelsinfants.org\/es\/wp-json\/wp\/v2\/pages\/6112\/revisions"}],"predecessor-version":[{"id":47627,"href":"https:\/\/www.casaldelsinfants.org\/es\/wp-json\/wp\/v2\/pages\/6112\/revisions\/47627"}],"wp:featuredmedia":[{"embeddable":true,"href":"https:\/\/www.casaldelsinfants.org\/es\/wp-json\/wp\/v2\/media\/44495"}],"wp:attachment":[{"href":"https:\/\/www.casaldelsinfants.org\/es\/wp-json\/wp\/v2\/media?parent=6112"}],"wp:term":[{"taxonomy":"seus","embeddable":true,"href":"https:\/\/www.casaldelsinfants.org\/es\/wp-json\/wp\/v2\/seus?post=6112"},{"taxonomy":"eixos","embeddable":true,"href":"https:\/\/www.casaldelsinfants.org\/es\/wp-json\/wp\/v2\/eixos?post=6112"}],"curies":[{"name":"wp","href":"https:\/\/api.w.org\/{rel}","templated":true}]}}